{"id":5779,"date":"2023-08-10T17:16:37","date_gmt":"2023-08-10T15:16:37","guid":{"rendered":"https:\/\/www.laresidenceabano.it\/offer\/wohlfuehlaufenthalt\/"},"modified":"2025-03-26T20:09:40","modified_gmt":"2025-03-26T19:09:40","slug":"wohlfuehlaufenthalt","status":"publish","type":"offer","link":"https:\/\/www.laresidenceabano.it\/de\/offer\/wohlfuehlaufenthalt\/","title":{"rendered":"Wohlf\u00fchlaufenthalt"},"content":{"rendered":"<div  class=\"grids-section grids-is-advanced alignwide\" style=\"--_gs-gap-desktop:0px 0px;--_gs-m-desktop:0 0 0 0;--_gs-p-desktop:0 0 0 0;--_gs-bg-desktop:transparent none;--_gs-bg-xp-desktop:0px;--_gs-zi-desktop:auto;--_gs-d-desktop:block;--_gs-mw-desktop:calc(100% - 0 - 0);--_gs-gap-tablet:0px 0px;--_gs-m-tablet:0 0 0 0;--_gs-p-tablet:0 0 0 0;--_gs-bg-tablet:transparent none;--_gs-bg-xp-tablet:0px;--_gs-zi-tablet:auto;--_gs-d-tablet:block;--_gs-mw-tablet:calc(100% - 0 - 0);--_gs-gap-mobile:0px 0px;--_gs-m-mobile:0 0 0 0;--_gs-p-mobile:0 0 0 0;--_gs-bg-mobile:transparent none;--_gs-bg-xp-mobile:0px;--_gs-zi-mobile:auto;--_gs-d-mobile:block;--_gs-mw-mobile:calc(100% - 0 - 0);--_gs-columns:12;--_gs-rows:6\"><div class=\"grids-s-w_i\">\n<div class=\"grids-area\" style=\"--_ga-column:1\/13;--_ga-row:1\/7;--_ga-m-desktop:0 0 0 0;--_ga-p-desktop:0 0 0 0;--_ga-bg-desktop:transparent none;--_ga-zi-desktop:auto;--_ga-d-desktop:flex;--_ga-mw-desktop:calc(100% - 0 - 0);--_ga-m-tablet:0 0 0 0;--_ga-p-tablet:0 0 0 0;--_ga-bg-tablet:transparent none;--_ga-zi-tablet:auto;--_ga-d-tablet:flex;--_ga-mw-tablet:calc(100% - 0 - 0);--_ga-m-mobile:0 0 0 0;--_ga-p-mobile:0 0 0 0;--_ga-bg-mobile:transparent none;--_ga-zi-mobile:auto;--_ga-d-mobile:flex;--_ga-mw-mobile:calc(100% - 0 - 0)\">\n\n<p>Der Urlaub f\u00fcr K\u00f6rper und Geist. Die vielen Vorteile des Thermalwassers werden hier mit totaler Entspannung verbunden. Das Gourmet-Restaurant wird Sie auf einzigartige gastronomische Touren f\u00fchren und wir w\u00fcnschen Ihnen bei einem reichhaltigen Fr\u00fchst\u00fcck guten Morgen.<\/p>\n\n\n\n<p><strong>Da 55\u20ac a persona in camera e colazione<\/strong><br\/><strong>Da 89\u20ac a persona in pensione completa<\/strong><\/p>\n\n\n\n<div class=\"wp-block-buttons is-layout-flex wp-block-buttons-is-layout-flex\">\n<div class=\"wp-block-button\"><a class=\"wp-block-button__link wp-element-button\" href=\"Tel: +390498665800\">Rufen Sie jetzt an<\/a><\/div>\n<\/div>\n\n<\/div>\n<\/div><\/div>","protected":false},"excerpt":{"rendered":"<p>Ab 55 \u20ac pro Person<\/p>\n","protected":false},"author":1,"featured_media":3693,"template":"","meta":{"_acf_changed":false,"advgb_blocks_editor_width":"","advgb_blocks_columns_visual_guide":"","footnotes":""},"offer_categories":[],"class_list":["post-5779","offer","type-offer","status-publish","has-post-thumbnail","hentry","entry"],"acf":[],"yoast_head":"<!-- This site is optimized with the Yoast SEO plugin v25.6 - https:\/\/yoast.com\/wordpress\/plugins\/seo\/ -->\n<title>Wohlf\u00fchlaufenthalt - Hotel La Residence<\/title>\n<meta name=\"description\" content=\"Entdecken Sie das allen gewidmete Angebot f\u00fcr einen Wohlf\u00fchlaufenthalt im Hotel La Residence in Abano Terme.\" \/>\n<meta name=\"robots\" content=\"index, follow, max-snippet:-1, max-image-preview:large, max-video-preview:-1\" \/>\n<link rel=\"canonical\" href=\"https:\/\/www.laresidenceabano.it\/de\/offer\/wohlfuehlaufenthalt\/\" \/>\n<meta property=\"og:locale\" content=\"de_DE\" \/>\n<meta property=\"og:type\" content=\"article\" \/>\n<meta property=\"og:title\" content=\"Wohlf\u00fchlaufenthalt - Hotel La Residence\" \/>\n<meta property=\"og:description\" content=\"Entdecken Sie das allen gewidmete Angebot f\u00fcr einen Wohlf\u00fchlaufenthalt im Hotel La Residence in Abano Terme.\" \/>\n<meta property=\"og:url\" content=\"https:\/\/www.laresidenceabano.it\/de\/offer\/wohlfuehlaufenthalt\/\" \/>\n<meta property=\"og:site_name\" content=\"Hotel La Residence\" \/>\n<meta property=\"article:modified_time\" content=\"2025-03-26T19:09:40+00:00\" \/>\n<meta property=\"og:image\" content=\"https:\/\/www.laresidenceabano.it\/wp-content\/uploads\/2023\/06\/Soggiorno-di-benessere.jpg\" \/>\n\t<meta property=\"og:image:width\" content=\"680\" \/>\n\t<meta property=\"og:image:height\" content=\"450\" \/>\n\t<meta property=\"og:image:type\" content=\"image\/jpeg\" \/>\n<meta name=\"twitter:card\" content=\"summary_large_image\" \/>\n<meta name=\"twitter:label1\" content=\"Gesch\u00e4tzte Lesezeit\" \/>\n\t<meta name=\"twitter:data1\" content=\"1\u00a0Minute\" \/>\n<script type=\"application\/ld+json\" class=\"yoast-schema-graph\">{\"@context\":\"https:\/\/schema.org\",\"@graph\":[{\"@type\":\"WebPage\",\"@id\":\"https:\/\/www.laresidenceabano.it\/de\/offer\/wohlfuehlaufenthalt\/\",\"url\":\"https:\/\/www.laresidenceabano.it\/de\/offer\/wohlfuehlaufenthalt\/\",\"name\":\"Wohlf\u00fchlaufenthalt - Hotel La Residence\",\"isPartOf\":{\"@id\":\"https:\/\/www.laresidenceabano.it\/de\/#website\"},\"primaryImageOfPage\":{\"@id\":\"https:\/\/www.laresidenceabano.it\/de\/offer\/wohlfuehlaufenthalt\/#primaryimage\"},\"image\":{\"@id\":\"https:\/\/www.laresidenceabano.it\/de\/offer\/wohlfuehlaufenthalt\/#primaryimage\"},\"thumbnailUrl\":\"https:\/\/www.laresidenceabano.it\/wp-content\/uploads\/2023\/06\/Soggiorno-di-benessere.jpg\",\"datePublished\":\"2023-08-10T15:16:37+00:00\",\"dateModified\":\"2025-03-26T19:09:40+00:00\",\"description\":\"Entdecken Sie das allen gewidmete Angebot f\u00fcr einen Wohlf\u00fchlaufenthalt im Hotel La Residence in Abano Terme.\",\"breadcrumb\":{\"@id\":\"https:\/\/www.laresidenceabano.it\/de\/offer\/wohlfuehlaufenthalt\/#breadcrumb\"},\"inLanguage\":\"de\",\"potentialAction\":[{\"@type\":\"ReadAction\",\"target\":[\"https:\/\/www.laresidenceabano.it\/de\/offer\/wohlfuehlaufenthalt\/\"]}]},{\"@type\":\"ImageObject\",\"inLanguage\":\"de\",\"@id\":\"https:\/\/www.laresidenceabano.it\/de\/offer\/wohlfuehlaufenthalt\/#primaryimage\",\"url\":\"https:\/\/www.laresidenceabano.it\/wp-content\/uploads\/2023\/06\/Soggiorno-di-benessere.jpg\",\"contentUrl\":\"https:\/\/www.laresidenceabano.it\/wp-content\/uploads\/2023\/06\/Soggiorno-di-benessere.jpg\",\"width\":680,\"height\":450,\"caption\":\"coppia che fa colazione in accappatoio nella zona piscine\"},{\"@type\":\"BreadcrumbList\",\"@id\":\"https:\/\/www.laresidenceabano.it\/de\/offer\/wohlfuehlaufenthalt\/#breadcrumb\",\"itemListElement\":[{\"@type\":\"ListItem\",\"position\":1,\"name\":\"Home\",\"item\":\"https:\/\/www.laresidenceabano.it\/de\/\"},{\"@type\":\"ListItem\",\"position\":2,\"name\":\"Wohlf\u00fchlaufenthalt\"}]},{\"@type\":\"WebSite\",\"@id\":\"https:\/\/www.laresidenceabano.it\/de\/#website\",\"url\":\"https:\/\/www.laresidenceabano.it\/de\/\",\"name\":\"Hotel La Residence\",\"description\":\"\",\"publisher\":{\"@id\":\"https:\/\/www.laresidenceabano.it\/de\/#organization\"},\"potentialAction\":[{\"@type\":\"SearchAction\",\"target\":{\"@type\":\"EntryPoint\",\"urlTemplate\":\"https:\/\/www.laresidenceabano.it\/de\/?s={search_term_string}\"},\"query-input\":{\"@type\":\"PropertyValueSpecification\",\"valueRequired\":true,\"valueName\":\"search_term_string\"}}],\"inLanguage\":\"de\"},{\"@type\":\"Organization\",\"@id\":\"https:\/\/www.laresidenceabano.it\/de\/#organization\",\"name\":\"Hotel La Residence\",\"url\":\"https:\/\/www.laresidenceabano.it\/de\/\",\"logo\":{\"@type\":\"ImageObject\",\"inLanguage\":\"de\",\"@id\":\"https:\/\/www.laresidenceabano.it\/de\/#\/schema\/logo\/image\/\",\"url\":\"https:\/\/www.laresidenceabano.it\/wp-content\/uploads\/2023\/07\/Logo-hotel-la-residence.svg\",\"contentUrl\":\"https:\/\/www.laresidenceabano.it\/wp-content\/uploads\/2023\/07\/Logo-hotel-la-residence.svg\",\"caption\":\"Hotel La Residence\"},\"image\":{\"@id\":\"https:\/\/www.laresidenceabano.it\/de\/#\/schema\/logo\/image\/\"}}]}<\/script>\n<!-- \/ Yoast SEO plugin. -->","yoast_head_json":{"title":"Wohlf\u00fchlaufenthalt - Hotel La Residence","description":"Entdecken Sie das allen gewidmete Angebot f\u00fcr einen Wohlf\u00fchlaufenthalt im Hotel La Residence in Abano Terme.","robots":{"index":"index","follow":"follow","max-snippet":"max-snippet:-1","max-image-preview":"max-image-preview:large","max-video-preview":"max-video-preview:-1"},"canonical":"https:\/\/www.laresidenceabano.it\/de\/offer\/wohlfuehlaufenthalt\/","og_locale":"de_DE","og_type":"article","og_title":"Wohlf\u00fchlaufenthalt - Hotel La Residence","og_description":"Entdecken Sie das allen gewidmete Angebot f\u00fcr einen Wohlf\u00fchlaufenthalt im Hotel La Residence in Abano Terme.","og_url":"https:\/\/www.laresidenceabano.it\/de\/offer\/wohlfuehlaufenthalt\/","og_site_name":"Hotel La Residence","article_modified_time":"2025-03-26T19:09:40+00:00","og_image":[{"width":680,"height":450,"url":"https:\/\/www.laresidenceabano.it\/wp-content\/uploads\/2023\/06\/Soggiorno-di-benessere.jpg","type":"image\/jpeg"}],"twitter_card":"summary_large_image","twitter_misc":{"Gesch\u00e4tzte Lesezeit":"1\u00a0Minute"},"schema":{"@context":"https:\/\/schema.org","@graph":[{"@type":"WebPage","@id":"https:\/\/www.laresidenceabano.it\/de\/offer\/wohlfuehlaufenthalt\/","url":"https:\/\/www.laresidenceabano.it\/de\/offer\/wohlfuehlaufenthalt\/","name":"Wohlf\u00fchlaufenthalt - Hotel La Residence","isPartOf":{"@id":"https:\/\/www.laresidenceabano.it\/de\/#website"},"primaryImageOfPage":{"@id":"https:\/\/www.laresidenceabano.it\/de\/offer\/wohlfuehlaufenthalt\/#primaryimage"},"image":{"@id":"https:\/\/www.laresidenceabano.it\/de\/offer\/wohlfuehlaufenthalt\/#primaryimage"},"thumbnailUrl":"https:\/\/www.laresidenceabano.it\/wp-content\/uploads\/2023\/06\/Soggiorno-di-benessere.jpg","datePublished":"2023-08-10T15:16:37+00:00","dateModified":"2025-03-26T19:09:40+00:00","description":"Entdecken Sie das allen gewidmete Angebot f\u00fcr einen Wohlf\u00fchlaufenthalt im Hotel La Residence in Abano Terme.","breadcrumb":{"@id":"https:\/\/www.laresidenceabano.it\/de\/offer\/wohlfuehlaufenthalt\/#breadcrumb"},"inLanguage":"de","potentialAction":[{"@type":"ReadAction","target":["https:\/\/www.laresidenceabano.it\/de\/offer\/wohlfuehlaufenthalt\/"]}]},{"@type":"ImageObject","inLanguage":"de","@id":"https:\/\/www.laresidenceabano.it\/de\/offer\/wohlfuehlaufenthalt\/#primaryimage","url":"https:\/\/www.laresidenceabano.it\/wp-content\/uploads\/2023\/06\/Soggiorno-di-benessere.jpg","contentUrl":"https:\/\/www.laresidenceabano.it\/wp-content\/uploads\/2023\/06\/Soggiorno-di-benessere.jpg","width":680,"height":450,"caption":"coppia che fa colazione in accappatoio nella zona piscine"},{"@type":"BreadcrumbList","@id":"https:\/\/www.laresidenceabano.it\/de\/offer\/wohlfuehlaufenthalt\/#breadcrumb","itemListElement":[{"@type":"ListItem","position":1,"name":"Home","item":"https:\/\/www.laresidenceabano.it\/de\/"},{"@type":"ListItem","position":2,"name":"Wohlf\u00fchlaufenthalt"}]},{"@type":"WebSite","@id":"https:\/\/www.laresidenceabano.it\/de\/#website","url":"https:\/\/www.laresidenceabano.it\/de\/","name":"Hotel La Residence","description":"","publisher":{"@id":"https:\/\/www.laresidenceabano.it\/de\/#organization"},"potentialAction":[{"@type":"SearchAction","target":{"@type":"EntryPoint","urlTemplate":"https:\/\/www.laresidenceabano.it\/de\/?s={search_term_string}"},"query-input":{"@type":"PropertyValueSpecification","valueRequired":true,"valueName":"search_term_string"}}],"inLanguage":"de"},{"@type":"Organization","@id":"https:\/\/www.laresidenceabano.it\/de\/#organization","name":"Hotel La Residence","url":"https:\/\/www.laresidenceabano.it\/de\/","logo":{"@type":"ImageObject","inLanguage":"de","@id":"https:\/\/www.laresidenceabano.it\/de\/#\/schema\/logo\/image\/","url":"https:\/\/www.laresidenceabano.it\/wp-content\/uploads\/2023\/07\/Logo-hotel-la-residence.svg","contentUrl":"https:\/\/www.laresidenceabano.it\/wp-content\/uploads\/2023\/07\/Logo-hotel-la-residence.svg","caption":"Hotel La Residence"},"image":{"@id":"https:\/\/www.laresidenceabano.it\/de\/#\/schema\/logo\/image\/"}}]}},"featured_img":"https:\/\/www.laresidenceabano.it\/wp-content\/uploads\/2023\/06\/Soggiorno-di-benessere.jpg","coauthors":[],"author_meta":{"author_link":"https:\/\/www.laresidenceabano.it\/de\/author\/jampaa\/","display_name":"Jampaa"},"relative_dates":{"created":"Posted 3\u00a0Jahren ago","modified":"Updated 1\u00a0Jahr ago"},"absolute_dates":{"created":"Posted on 10\/08\/2023","modified":"Updated on 26\/03\/2025"},"absolute_dates_time":{"created":"Posted on 10\/08\/2023 17:16","modified":"Updated on 26\/03\/2025 20:09"},"featured_img_caption":"","tax_additional":{"offer_categories":{"linked":[],"unlinked":[],"slug":"offer_categories","name":"Kategorien"},"translation_priority":{"linked":["<a href=\"https:\/\/www.laresidenceabano.it\/de\/?taxonomy=translation_priority&#038;term=optional-de\" class=\"advgb-post-tax-term\">Optional<\/a>"],"unlinked":["<span class=\"advgb-post-tax-term\">Optional<\/span>"],"slug":"translation_priority","name":"\u00dcbersetzungspriorit\u00e4ten"}},"series_order":"","_links":{"self":[{"href":"https:\/\/www.laresidenceabano.it\/de\/wp-json\/wp\/v2\/offer\/5779","targetHints":{"allow":["GET"]}}],"collection":[{"href":"https:\/\/www.laresidenceabano.it\/de\/wp-json\/wp\/v2\/offer"}],"about":[{"href":"https:\/\/www.laresidenceabano.it\/de\/wp-json\/wp\/v2\/types\/offer"}],"author":[{"embeddable":true,"href":"https:\/\/www.laresidenceabano.it\/de\/wp-json\/wp\/v2\/users\/1"}],"version-history":[{"count":10,"href":"https:\/\/www.laresidenceabano.it\/de\/wp-json\/wp\/v2\/offer\/5779\/revisions"}],"predecessor-version":[{"id":7937,"href":"https:\/\/www.laresidenceabano.it\/de\/wp-json\/wp\/v2\/offer\/5779\/revisions\/7937"}],"wp:featuredmedia":[{"embeddable":true,"href":"https:\/\/www.laresidenceabano.it\/de\/wp-json\/wp\/v2\/media\/3693"}],"wp:attachment":[{"href":"https:\/\/www.laresidenceabano.it\/de\/wp-json\/wp\/v2\/media?parent=5779"}],"wp:term":[{"taxonomy":"offer_categories","embeddable":true,"href":"https:\/\/www.laresidenceabano.it\/de\/wp-json\/wp\/v2\/offer_categories?post=5779"}],"curies":[{"name":"wp","href":"https:\/\/api.w.org\/{rel}","templated":true}]}}