{"id":5891,"date":"2023-08-12T18:47:06","date_gmt":"2023-08-12T16:47:06","guid":{"rendered":"https:\/\/www.laresidenceabano.it\/offer\/day-spa-ihr-tag-im-thermalbad\/"},"modified":"2025-03-08T10:36:34","modified_gmt":"2025-03-08T09:36:34","slug":"day-spa-ihr-tag-im-thermalbad","status":"publish","type":"offer","link":"https:\/\/www.laresidenceabano.it\/de\/offer\/day-spa-ihr-tag-im-thermalbad\/","title":{"rendered":"Day Spa: Ihr Tag im Thermalbad"},"content":{"rendered":"<div  class=\"grids-section grids-is-advanced alignwide\" style=\"--_gs-gap-desktop:0px 0px;--_gs-m-desktop:0 0 0 0;--_gs-p-desktop:0 0 0 0;--_gs-bg-desktop:transparent none;--_gs-bg-xp-desktop:0px;--_gs-zi-desktop:auto;--_gs-d-desktop:block;--_gs-mw-desktop:calc(100% - 0 - 0);--_gs-gap-tablet:0px 0px;--_gs-m-tablet:0 0 0 0;--_gs-p-tablet:0 0 0 0;--_gs-bg-tablet:transparent none;--_gs-bg-xp-tablet:0px;--_gs-zi-tablet:auto;--_gs-d-tablet:block;--_gs-mw-tablet:calc(100% - 0 - 0);--_gs-gap-mobile:0px 0px;--_gs-m-mobile:0 0 0 0;--_gs-p-mobile:0 0 0 0;--_gs-bg-mobile:transparent none;--_gs-bg-xp-mobile:0px;--_gs-zi-mobile:auto;--_gs-d-mobile:block;--_gs-mw-mobile:calc(100% - 0 - 0);--_gs-columns:12;--_gs-rows:6\"><div class=\"grids-s-w_i\">\n<div class=\"grids-area\" style=\"--_ga-column:1\/13;--_ga-row:1\/7;--_ga-m-desktop:0 0 0 0;--_ga-p-desktop:0 0 0 0;--_ga-bg-desktop:transparent none;--_ga-zi-desktop:auto;--_ga-d-desktop:flex;--_ga-mw-desktop:calc(100% - 0 - 0);--_ga-m-tablet:0 0 0 0;--_ga-p-tablet:0 0 0 0;--_ga-bg-tablet:transparent none;--_ga-zi-tablet:auto;--_ga-d-tablet:flex;--_ga-mw-tablet:calc(100% - 0 - 0);--_ga-m-mobile:0 0 0 0;--_ga-p-mobile:0 0 0 0;--_ga-bg-mobile:transparent none;--_ga-zi-mobile:auto;--_ga-d-mobile:flex;--_ga-mw-mobile:calc(100% - 0 - 0)\">\n\n<p>Der perfekte Sommertag mit Schwimmen im Pool und Sonnenbaden. Wir haben verschiedene Angebote, um Ihren Bed\u00fcrfnissen gerecht zu werden: Smart mit Schlie\u00dffach oder Comfort mit Zimmernutzung. Je nach L\u00f6sung und Willkommenspaket liegen die Preise <strong>zwischen 50 \u20ac und 70 \u20ac pro Person<\/strong>.<\/p>\n\n\n\n<div class=\"wp-block-buttons is-layout-flex wp-block-buttons-is-layout-flex\">\n<div class=\"wp-block-button\"><a class=\"wp-block-button__link wp-element-button\" href=\"Tel: +39 049 8665800\">Rufen Sie jetzt an<\/a><\/div>\n<\/div>\n\n<\/div>\n<\/div><\/div>","protected":false},"excerpt":{"rendered":"<p>Ab 50\u20ac pro Person<\/p>\n","protected":false},"author":12,"featured_media":3672,"template":"","meta":{"_acf_changed":false,"advgb_blocks_editor_width":"","advgb_blocks_columns_visual_guide":"","footnotes":""},"offer_categories":[],"class_list":["post-5891","offer","type-offer","status-publish","has-post-thumbnail","hentry","entry"],"acf":[],"yoast_head":"<!-- This site is optimized with the Yoast SEO plugin v25.6 - https:\/\/yoast.com\/wordpress\/plugins\/seo\/ -->\n<title>Day Spa: Ihr Tag im Thermalbad - Hotel La Residence<\/title>\n<meta name=\"description\" content=\"Thermalschlammbadzyklus mit 6 Behandlungen bei Vollpension, zur St\u00e4rkung der antioxidativen Abwehrkr\u00e4fte. Entdecken Sie unser Angebot!\" \/>\n<meta name=\"robots\" content=\"index, follow, max-snippet:-1, max-image-preview:large, max-video-preview:-1\" \/>\n<link rel=\"canonical\" href=\"https:\/\/www.laresidenceabano.it\/de\/offer\/day-spa-ihr-tag-im-thermalbad\/\" \/>\n<meta property=\"og:locale\" content=\"de_DE\" \/>\n<meta property=\"og:type\" content=\"article\" \/>\n<meta property=\"og:title\" content=\"Day Spa: Ihr Tag im Thermalbad - Hotel La Residence\" \/>\n<meta property=\"og:description\" content=\"Thermalschlammbadzyklus mit 6 Behandlungen bei Vollpension, zur St\u00e4rkung der antioxidativen Abwehrkr\u00e4fte. Entdecken Sie unser Angebot!\" \/>\n<meta property=\"og:url\" content=\"https:\/\/www.laresidenceabano.it\/de\/offer\/day-spa-ihr-tag-im-thermalbad\/\" \/>\n<meta property=\"og:site_name\" content=\"Hotel La Residence\" \/>\n<meta property=\"article:modified_time\" content=\"2025-03-08T09:36:34+00:00\" \/>\n<meta property=\"og:image\" content=\"https:\/\/www.laresidenceabano.it\/wp-content\/uploads\/2023\/06\/Day-Spa.jpg\" \/>\n\t<meta property=\"og:image:width\" content=\"680\" \/>\n\t<meta property=\"og:image:height\" content=\"450\" \/>\n\t<meta property=\"og:image:type\" content=\"image\/jpeg\" \/>\n<meta name=\"twitter:card\" content=\"summary_large_image\" \/>\n<meta name=\"twitter:label1\" content=\"Gesch\u00e4tzte Lesezeit\" \/>\n\t<meta name=\"twitter:data1\" content=\"1\u00a0Minute\" \/>\n<script type=\"application\/ld+json\" class=\"yoast-schema-graph\">{\"@context\":\"https:\/\/schema.org\",\"@graph\":[{\"@type\":\"WebPage\",\"@id\":\"https:\/\/www.laresidenceabano.it\/de\/offer\/day-spa-ihr-tag-im-thermalbad\/\",\"url\":\"https:\/\/www.laresidenceabano.it\/de\/offer\/day-spa-ihr-tag-im-thermalbad\/\",\"name\":\"Day Spa: Ihr Tag im Thermalbad - Hotel La Residence\",\"isPartOf\":{\"@id\":\"https:\/\/www.laresidenceabano.it\/de\/#website\"},\"primaryImageOfPage\":{\"@id\":\"https:\/\/www.laresidenceabano.it\/de\/offer\/day-spa-ihr-tag-im-thermalbad\/#primaryimage\"},\"image\":{\"@id\":\"https:\/\/www.laresidenceabano.it\/de\/offer\/day-spa-ihr-tag-im-thermalbad\/#primaryimage\"},\"thumbnailUrl\":\"https:\/\/www.laresidenceabano.it\/wp-content\/uploads\/2023\/06\/Day-Spa.jpg\",\"datePublished\":\"2023-08-12T16:47:06+00:00\",\"dateModified\":\"2025-03-08T09:36:34+00:00\",\"description\":\"Thermalschlammbadzyklus mit 6 Behandlungen bei Vollpension, zur St\u00e4rkung der antioxidativen Abwehrkr\u00e4fte. Entdecken Sie unser Angebot!\",\"breadcrumb\":{\"@id\":\"https:\/\/www.laresidenceabano.it\/de\/offer\/day-spa-ihr-tag-im-thermalbad\/#breadcrumb\"},\"inLanguage\":\"de\",\"potentialAction\":[{\"@type\":\"ReadAction\",\"target\":[\"https:\/\/www.laresidenceabano.it\/de\/offer\/day-spa-ihr-tag-im-thermalbad\/\"]}]},{\"@type\":\"ImageObject\",\"inLanguage\":\"de\",\"@id\":\"https:\/\/www.laresidenceabano.it\/de\/offer\/day-spa-ihr-tag-im-thermalbad\/#primaryimage\",\"url\":\"https:\/\/www.laresidenceabano.it\/wp-content\/uploads\/2023\/06\/Day-Spa.jpg\",\"contentUrl\":\"https:\/\/www.laresidenceabano.it\/wp-content\/uploads\/2023\/06\/Day-Spa.jpg\",\"width\":680,\"height\":450,\"caption\":\"Day Spa\"},{\"@type\":\"BreadcrumbList\",\"@id\":\"https:\/\/www.laresidenceabano.it\/de\/offer\/day-spa-ihr-tag-im-thermalbad\/#breadcrumb\",\"itemListElement\":[{\"@type\":\"ListItem\",\"position\":1,\"name\":\"Home\",\"item\":\"https:\/\/www.laresidenceabano.it\/de\/\"},{\"@type\":\"ListItem\",\"position\":2,\"name\":\"Day Spa: Ihr Tag im Thermalbad\"}]},{\"@type\":\"WebSite\",\"@id\":\"https:\/\/www.laresidenceabano.it\/de\/#website\",\"url\":\"https:\/\/www.laresidenceabano.it\/de\/\",\"name\":\"Hotel La Residence\",\"description\":\"\",\"publisher\":{\"@id\":\"https:\/\/www.laresidenceabano.it\/de\/#organization\"},\"potentialAction\":[{\"@type\":\"SearchAction\",\"target\":{\"@type\":\"EntryPoint\",\"urlTemplate\":\"https:\/\/www.laresidenceabano.it\/de\/?s={search_term_string}\"},\"query-input\":{\"@type\":\"PropertyValueSpecification\",\"valueRequired\":true,\"valueName\":\"search_term_string\"}}],\"inLanguage\":\"de\"},{\"@type\":\"Organization\",\"@id\":\"https:\/\/www.laresidenceabano.it\/de\/#organization\",\"name\":\"Hotel La Residence\",\"url\":\"https:\/\/www.laresidenceabano.it\/de\/\",\"logo\":{\"@type\":\"ImageObject\",\"inLanguage\":\"de\",\"@id\":\"https:\/\/www.laresidenceabano.it\/de\/#\/schema\/logo\/image\/\",\"url\":\"https:\/\/www.laresidenceabano.it\/wp-content\/uploads\/2023\/07\/Logo-hotel-la-residence.svg\",\"contentUrl\":\"https:\/\/www.laresidenceabano.it\/wp-content\/uploads\/2023\/07\/Logo-hotel-la-residence.svg\",\"caption\":\"Hotel La Residence\"},\"image\":{\"@id\":\"https:\/\/www.laresidenceabano.it\/de\/#\/schema\/logo\/image\/\"}}]}<\/script>\n<!-- \/ Yoast SEO plugin. -->","yoast_head_json":{"title":"Day Spa: Ihr Tag im Thermalbad - Hotel La Residence","description":"Thermalschlammbadzyklus mit 6 Behandlungen bei Vollpension, zur St\u00e4rkung der antioxidativen Abwehrkr\u00e4fte. Entdecken Sie unser Angebot!","robots":{"index":"index","follow":"follow","max-snippet":"max-snippet:-1","max-image-preview":"max-image-preview:large","max-video-preview":"max-video-preview:-1"},"canonical":"https:\/\/www.laresidenceabano.it\/de\/offer\/day-spa-ihr-tag-im-thermalbad\/","og_locale":"de_DE","og_type":"article","og_title":"Day Spa: Ihr Tag im Thermalbad - Hotel La Residence","og_description":"Thermalschlammbadzyklus mit 6 Behandlungen bei Vollpension, zur St\u00e4rkung der antioxidativen Abwehrkr\u00e4fte. Entdecken Sie unser Angebot!","og_url":"https:\/\/www.laresidenceabano.it\/de\/offer\/day-spa-ihr-tag-im-thermalbad\/","og_site_name":"Hotel La Residence","article_modified_time":"2025-03-08T09:36:34+00:00","og_image":[{"width":680,"height":450,"url":"https:\/\/www.laresidenceabano.it\/wp-content\/uploads\/2023\/06\/Day-Spa.jpg","type":"image\/jpeg"}],"twitter_card":"summary_large_image","twitter_misc":{"Gesch\u00e4tzte Lesezeit":"1\u00a0Minute"},"schema":{"@context":"https:\/\/schema.org","@graph":[{"@type":"WebPage","@id":"https:\/\/www.laresidenceabano.it\/de\/offer\/day-spa-ihr-tag-im-thermalbad\/","url":"https:\/\/www.laresidenceabano.it\/de\/offer\/day-spa-ihr-tag-im-thermalbad\/","name":"Day Spa: Ihr Tag im Thermalbad - Hotel La Residence","isPartOf":{"@id":"https:\/\/www.laresidenceabano.it\/de\/#website"},"primaryImageOfPage":{"@id":"https:\/\/www.laresidenceabano.it\/de\/offer\/day-spa-ihr-tag-im-thermalbad\/#primaryimage"},"image":{"@id":"https:\/\/www.laresidenceabano.it\/de\/offer\/day-spa-ihr-tag-im-thermalbad\/#primaryimage"},"thumbnailUrl":"https:\/\/www.laresidenceabano.it\/wp-content\/uploads\/2023\/06\/Day-Spa.jpg","datePublished":"2023-08-12T16:47:06+00:00","dateModified":"2025-03-08T09:36:34+00:00","description":"Thermalschlammbadzyklus mit 6 Behandlungen bei Vollpension, zur St\u00e4rkung der antioxidativen Abwehrkr\u00e4fte. Entdecken Sie unser Angebot!","breadcrumb":{"@id":"https:\/\/www.laresidenceabano.it\/de\/offer\/day-spa-ihr-tag-im-thermalbad\/#breadcrumb"},"inLanguage":"de","potentialAction":[{"@type":"ReadAction","target":["https:\/\/www.laresidenceabano.it\/de\/offer\/day-spa-ihr-tag-im-thermalbad\/"]}]},{"@type":"ImageObject","inLanguage":"de","@id":"https:\/\/www.laresidenceabano.it\/de\/offer\/day-spa-ihr-tag-im-thermalbad\/#primaryimage","url":"https:\/\/www.laresidenceabano.it\/wp-content\/uploads\/2023\/06\/Day-Spa.jpg","contentUrl":"https:\/\/www.laresidenceabano.it\/wp-content\/uploads\/2023\/06\/Day-Spa.jpg","width":680,"height":450,"caption":"Day Spa"},{"@type":"BreadcrumbList","@id":"https:\/\/www.laresidenceabano.it\/de\/offer\/day-spa-ihr-tag-im-thermalbad\/#breadcrumb","itemListElement":[{"@type":"ListItem","position":1,"name":"Home","item":"https:\/\/www.laresidenceabano.it\/de\/"},{"@type":"ListItem","position":2,"name":"Day Spa: Ihr Tag im Thermalbad"}]},{"@type":"WebSite","@id":"https:\/\/www.laresidenceabano.it\/de\/#website","url":"https:\/\/www.laresidenceabano.it\/de\/","name":"Hotel La Residence","description":"","publisher":{"@id":"https:\/\/www.laresidenceabano.it\/de\/#organization"},"potentialAction":[{"@type":"SearchAction","target":{"@type":"EntryPoint","urlTemplate":"https:\/\/www.laresidenceabano.it\/de\/?s={search_term_string}"},"query-input":{"@type":"PropertyValueSpecification","valueRequired":true,"valueName":"search_term_string"}}],"inLanguage":"de"},{"@type":"Organization","@id":"https:\/\/www.laresidenceabano.it\/de\/#organization","name":"Hotel La Residence","url":"https:\/\/www.laresidenceabano.it\/de\/","logo":{"@type":"ImageObject","inLanguage":"de","@id":"https:\/\/www.laresidenceabano.it\/de\/#\/schema\/logo\/image\/","url":"https:\/\/www.laresidenceabano.it\/wp-content\/uploads\/2023\/07\/Logo-hotel-la-residence.svg","contentUrl":"https:\/\/www.laresidenceabano.it\/wp-content\/uploads\/2023\/07\/Logo-hotel-la-residence.svg","caption":"Hotel La Residence"},"image":{"@id":"https:\/\/www.laresidenceabano.it\/de\/#\/schema\/logo\/image\/"}}]}},"featured_img":"https:\/\/www.laresidenceabano.it\/wp-content\/uploads\/2023\/06\/Day-Spa.jpg","coauthors":[],"author_meta":{"author_link":"https:\/\/www.laresidenceabano.it\/de\/author\/marcop\/","display_name":"MarcoP"},"relative_dates":{"created":"Posted 3\u00a0Jahren ago","modified":"Updated 1\u00a0Jahr ago"},"absolute_dates":{"created":"Posted on 12\/08\/2023","modified":"Updated on 08\/03\/2025"},"absolute_dates_time":{"created":"Posted on 12\/08\/2023 18:47","modified":"Updated on 08\/03\/2025 10:36"},"featured_img_caption":"","tax_additional":{"offer_categories":{"linked":[],"unlinked":[],"slug":"offer_categories","name":"Kategorien"},"translation_priority":{"linked":["<a href=\"https:\/\/www.laresidenceabano.it\/de\/?taxonomy=translation_priority&#038;term=optional-de\" class=\"advgb-post-tax-term\">Optional<\/a>"],"unlinked":["<span class=\"advgb-post-tax-term\">Optional<\/span>"],"slug":"translation_priority","name":"\u00dcbersetzungspriorit\u00e4ten"}},"series_order":"","_links":{"self":[{"href":"https:\/\/www.laresidenceabano.it\/de\/wp-json\/wp\/v2\/offer\/5891","targetHints":{"allow":["GET"]}}],"collection":[{"href":"https:\/\/www.laresidenceabano.it\/de\/wp-json\/wp\/v2\/offer"}],"about":[{"href":"https:\/\/www.laresidenceabano.it\/de\/wp-json\/wp\/v2\/types\/offer"}],"author":[{"embeddable":true,"href":"https:\/\/www.laresidenceabano.it\/de\/wp-json\/wp\/v2\/users\/12"}],"version-history":[{"count":9,"href":"https:\/\/www.laresidenceabano.it\/de\/wp-json\/wp\/v2\/offer\/5891\/revisions"}],"predecessor-version":[{"id":7879,"href":"https:\/\/www.laresidenceabano.it\/de\/wp-json\/wp\/v2\/offer\/5891\/revisions\/7879"}],"wp:featuredmedia":[{"embeddable":true,"href":"https:\/\/www.laresidenceabano.it\/de\/wp-json\/wp\/v2\/media\/3672"}],"wp:attachment":[{"href":"https:\/\/www.laresidenceabano.it\/de\/wp-json\/wp\/v2\/media?parent=5891"}],"wp:term":[{"taxonomy":"offer_categories","embeddable":true,"href":"https:\/\/www.laresidenceabano.it\/de\/wp-json\/wp\/v2\/offer_categories?post=5891"}],"curies":[{"name":"wp","href":"https:\/\/api.w.org\/{rel}","templated":true}]}}