{"id":5783,"date":"2023-08-10T17:54:00","date_gmt":"2023-08-10T15:54:00","guid":{"rendered":"https:\/\/www.laresidenceabano.it\/zimmer-suiten\/"},"modified":"2024-04-03T19:12:06","modified_gmt":"2024-04-03T17:12:06","slug":"zimmer-suiten","status":"publish","type":"page","link":"https:\/\/www.laresidenceabano.it\/de\/zimmer-suiten\/","title":{"rendered":"Zimmer &#038; Suiten"},"content":{"rendered":"<div  class=\"grids-section animated fadeInUp grids-is-advanced alignwide\" style=\"--_gs-gap-desktop:0px 0px;--_gs-m-desktop:0 0 0 0;--_gs-p-desktop:0 0 0 0;--_gs-bg-desktop:transparent none;--_gs-bg-xp-desktop:0px;--_gs-zi-desktop:auto;--_gs-d-desktop:block;--_gs-mw-desktop:calc(100% - 0 - 0);--_gs-gap-tablet:0px 0px;--_gs-m-tablet:0 0 0 0;--_gs-p-tablet:0 0 0 0;--_gs-bg-tablet:transparent none;--_gs-bg-xp-tablet:0px;--_gs-zi-tablet:auto;--_gs-d-tablet:block;--_gs-mw-tablet:calc(100% - 0 - 0);--_gs-gap-mobile:0px 0px;--_gs-m-mobile:0 0 0 0;--_gs-p-mobile:0 0 0 0;--_gs-bg-mobile:transparent none;--_gs-bg-xp-mobile:0px;--_gs-zi-mobile:auto;--_gs-d-mobile:block;--_gs-mw-mobile:calc(100% - 0 - 0);--_gs-columns:12;--_gs-rows:6\"><div class=\"grids-s-w_i\">\n<div class=\"grids-area\" style=\"--_ga-column:1\/13;--_ga-row:1\/7;--_ga-m-desktop:0 0 0 0;--_ga-p-desktop:0 0 0 0;--_ga-bg-desktop:transparent none;--_ga-zi-desktop:auto;--_ga-d-desktop:flex;--_ga-mw-desktop:calc(100% - 0 - 0);--_ga-m-tablet:0 0 0 0;--_ga-p-tablet:0 0 0 0;--_ga-bg-tablet:transparent none;--_ga-zi-tablet:auto;--_ga-d-tablet:flex;--_ga-mw-tablet:calc(100% - 0 - 0);--_ga-m-mobile:0 0 0 0;--_ga-p-mobile:0 0 0 0;--_ga-bg-mobile:transparent none;--_ga-zi-mobile:auto;--_ga-d-mobile:flex;--_ga-mw-mobile:calc(100% - 0 - 0)\">\n\n<h2 class=\"wp-block-heading has-text-align-center decorated\">GROSSZ\u00dcGIGE R\u00c4UME, EINZIGARTIGE EMOTIONEN<\/h2>\n\n\n\n<p>Unsere Zimmer und Suiten sind eine Oase des Friedens und der Ruhe, wo Sie den Alltagsstress hinter sich lassen und sich der s\u00fc\u00dfen Umarmung der Erholung hingeben k\u00f6nnen.<\/p>\n\n\n\n<p>Check-in: ab 15:00 Uhr&#13;\nCheck-out: bis 11:00 Uhr<\/p>\n\n<\/div>\n<\/div><\/div><div  class=\"grids-section grids-is-advanced alignwide\" style=\"--_gs-gap-desktop:0px 0px;--_gs-m-desktop:0 0 0 0;--_gs-p-desktop:0 0 0 0;--_gs-bg-desktop:transparent none;--_gs-bg-xp-desktop:0px;--_gs-zi-desktop:auto;--_gs-d-desktop:block;--_gs-mw-desktop:calc(100% - 0 - 0);--_gs-gap-tablet:0px 0px;--_gs-m-tablet:0 0 0 0;--_gs-p-tablet:0 0 0 0;--_gs-bg-tablet:transparent none;--_gs-bg-xp-tablet:0px;--_gs-zi-tablet:auto;--_gs-d-tablet:block;--_gs-mw-tablet:calc(100% - 0 - 0);--_gs-gap-mobile:0px 0px;--_gs-m-mobile:0 0 0 0;--_gs-p-mobile:0 0 0 0;--_gs-bg-mobile:transparent none;--_gs-bg-xp-mobile:0px;--_gs-zi-mobile:auto;--_gs-d-mobile:block;--_gs-mw-mobile:calc(100% - 0 - 0);--_gs-columns:12;--_gs-rows:6\"><div class=\"grids-s-w_i\">\n<div class=\"grids-area\" style=\"--_ga-column:1\/13;--_ga-row:1\/7;--_ga-m-desktop:0 0 0 0;--_ga-p-desktop:0 0 0 0;--_ga-bg-desktop:transparent none;--_ga-zi-desktop:auto;--_ga-d-desktop:flex;--_ga-mw-desktop:calc(100% - 0 - 0);--_ga-m-tablet:0 0 0 0;--_ga-p-tablet:0 0 0 0;--_ga-bg-tablet:transparent none;--_ga-zi-tablet:auto;--_ga-d-tablet:flex;--_ga-mw-tablet:calc(100% - 0 - 0);--_ga-m-mobile:0 0 0 0;--_ga-p-mobile:0 0 0 0;--_ga-bg-mobile:transparent none;--_ga-zi-mobile:auto;--_ga-d-mobile:flex;--_ga-mw-mobile:calc(100% - 0 - 0)\">\n\n<div class=\"rooms-list-container\" id=\"roomsSlider_2\">\n\t\t\t\t<div class=\"rooms-list-container-single animated fadeInLeft\" onclick=\"location.href='https:\/\/www.laresidenceabano.it\/de\/room\/senior-suite\/'\">\n\t\t\t\t\t\t\t\t\t<div class=\"rooms-list-container-single-img\">\n\t\t\t\t\t\t\t\t\t\t\t\t<figure class=\"full-width\">\n\t\t\t\t\t\t\t<img decoding=\"async\" src=\"https:\/\/www.laresidenceabano.it\/wp-content\/uploads\/2023\/07\/1-Senior-Suite-Principale.jpg\" \/>\n\t\t\t\t\t\t<\/figure>\n\t\t\t\t\t<\/div>\n\t\t\t\t\t\t\t\t<div class=\"rooms-list-container-single-content\">\n\n\t\t\t\t\t<h4 class=\"rooms-list-container-single-title\">Senior Suite<\/h4>\n\n\t\t\t\t\t\n\t\t\t\t\t<div class=\"rooms-list-container-single-features\">\n\t\t\t\t\t\t\t\t\t\t\t\t\t\t\t\t\t\t\t\t\t<span class=\"feature-box\">\n\t\t\t\t\t\t\t\t\t<span class=\"material-icons\" title=\"Ausblick Park\">\n\t\t\t\t\t\t\t\t\t\t<span class=\"material-symbols-outlined\"> visibility <\/span>\t\t\t\t\t\t\t\t\t<\/span>\n\t\t\t\t\t\t\t\t\tAusblick Park\t\t\t\t\t\t\t\t<\/span>\n\t\t\t\t\t\t\t\t\t\t\t\t\t\t\t<span class=\"feature-box\">\n\t\t\t\t\t\t\t\t\t<span class=\"material-icons\" title=\"1 Balkon\">\n\t\t\t\t\t\t\t\t\t\t<span class=\"material-symbols-outlined\"> balcony <\/span>\t\t\t\t\t\t\t\t\t<\/span>\n\t\t\t\t\t\t\t\t\t1 Balkon\t\t\t\t\t\t\t\t<\/span>\n\t\t\t\t\t\t\t\t\t\t\t\t\t\t\t\t\t\t\t\t\t\t\t\t\t\t\t\t\t\t\t\t<span class=\"feature-box\">\n\t\t\t\t\t\t\t\t<i class=\"fa-solid fa-user\"><\/i>\n\t\t\t\t\t\t\t\t2-4 G\u00e4ste\t\t\t\t\t\t\t<\/span>\n\t\t\t\t\t\t\t\t\t\t\t\t\t\t\t\t\t<\/div>\n\n\t\t\t\t\t<div class=\"rooms-list-container-single-short-description\">\n\t\t\t\t\t\t<p>Luxuri\u00f6se und ger\u00e4umige Senior Suite in Abano Terme mit Balkon und wunderbarem Ausblick auf den Park und die Schwimmb\u00e4der.<\/p>\n\t\t\t\t\t<\/div>\n\n\t\t\t\t\t<a href=\"https:\/\/www.laresidenceabano.it\/de\/room\/senior-suite\/\" title=\"Senior Suite\" class=\"btn btn-trasp btn-arrow rooms-list-container-single-button\">\n\t\t\t\t\t\tEntdecken Sie den Raum\t\t\t\t\t<\/a>\n\n\t\t\t\t\t\t\t\t\t<\/div>\n\t\t\t<\/div>\n\t\t\t\t\t\t<div class=\"rooms-list-container-single animated fadeInRight\" onclick=\"location.href='https:\/\/www.laresidenceabano.it\/de\/room\/junior-suite-executive\/'\">\n\t\t\t\t\t\t\t\t\t<div class=\"rooms-list-container-single-img\">\n\t\t\t\t\t\t\t\t\t\t\t\t<figure class=\"full-width\">\n\t\t\t\t\t\t\t<img decoding=\"async\" src=\"https:\/\/www.laresidenceabano.it\/wp-content\/uploads\/2023\/07\/1-Junior-Suite-Executive-principale.jpg\" \/>\n\t\t\t\t\t\t<\/figure>\n\t\t\t\t\t<\/div>\n\t\t\t\t\t\t\t\t<div class=\"rooms-list-container-single-content\">\n\n\t\t\t\t\t<h4 class=\"rooms-list-container-single-title\">Junior Suite Executive<\/h4>\n\n\t\t\t\t\t\n\t\t\t\t\t<div class=\"rooms-list-container-single-features\">\n\t\t\t\t\t\t\t\t\t\t\t\t\t\t\t\t\t\t\t\t\t<span class=\"feature-box\">\n\t\t\t\t\t\t\t\t\t<span class=\"material-icons\" title=\"Ausblick Stadt\/Park\">\n\t\t\t\t\t\t\t\t\t\t<span class=\"material-symbols-outlined\"> visibility <\/span>\t\t\t\t\t\t\t\t\t<\/span>\n\t\t\t\t\t\t\t\t\tAusblick Stadt\/Park\t\t\t\t\t\t\t\t<\/span>\n\t\t\t\t\t\t\t\t\t\t\t\t\t\t\t<span class=\"feature-box\">\n\t\t\t\t\t\t\t\t\t<span class=\"material-icons\" title=\"1 Balkon\">\n\t\t\t\t\t\t\t\t\t\t<span class=\"material-symbols-outlined\"> balcony <\/span>\t\t\t\t\t\t\t\t\t<\/span>\n\t\t\t\t\t\t\t\t\t1 Balkon\t\t\t\t\t\t\t\t<\/span>\n\t\t\t\t\t\t\t\t\t\t\t\t\t\t\t\t\t\t\t\t\t\t\t\t\t\t\t\t\t\t\t\t<span class=\"feature-box\">\n\t\t\t\t\t\t\t\t<i class=\"fa-solid fa-user\"><\/i>\n\t\t\t\t\t\t\t\t2-4 G\u00e4ste\t\t\t\t\t\t\t<\/span>\n\t\t\t\t\t\t\t\t\t\t\t\t\t\t\t\t\t<\/div>\n\n\t\t\t\t\t<div class=\"rooms-list-container-single-short-description\">\n\t\t\t\t\t\t<p>Luxuri\u00f6se und ruhige Junior Suite in Abano Terme mit Balkon und Ausblick auf die Thermalschwimmb\u00e4der und die Euganeischen H\u00fcgel.<\/p>\n\t\t\t\t\t<\/div>\n\n\t\t\t\t\t<a href=\"https:\/\/www.laresidenceabano.it\/de\/room\/junior-suite-executive\/\" title=\"Junior Suite Executive\" class=\"btn btn-trasp btn-arrow rooms-list-container-single-button\">\n\t\t\t\t\t\tEntdecken Sie den Raum\t\t\t\t\t<\/a>\n\n\t\t\t\t\t\t\t\t\t<\/div>\n\t\t\t<\/div>\n\t\t\t\t\t\t<div class=\"rooms-list-container-single animated fadeInLeft\" onclick=\"location.href='https:\/\/www.laresidenceabano.it\/de\/room\/junior-suite\/'\">\n\t\t\t\t\t\t\t\t\t<div class=\"rooms-list-container-single-img\">\n\t\t\t\t\t\t\t\t\t\t\t\t\t<span class=\"label\">\n\t\t\t\t\t\t\t\tDie meistgew\u00e4hlte\t\t\t\t\t\t\t<\/span>\n\t\t\t\t\t\t\t\t\t\t\t\t<figure class=\"full-width\">\n\t\t\t\t\t\t\t<img decoding=\"async\" src=\"https:\/\/www.laresidenceabano.it\/wp-content\/uploads\/2023\/07\/1-Junior-Suite-principale.jpg\" \/>\n\t\t\t\t\t\t<\/figure>\n\t\t\t\t\t<\/div>\n\t\t\t\t\t\t\t\t<div class=\"rooms-list-container-single-content\">\n\n\t\t\t\t\t<h4 class=\"rooms-list-container-single-title\">Junior Suite<\/h4>\n\n\t\t\t\t\t\n\t\t\t\t\t<div class=\"rooms-list-container-single-features\">\n\t\t\t\t\t\t\t\t\t\t\t\t\t\t\t\t\t\t\t\t\t<span class=\"feature-box\">\n\t\t\t\t\t\t\t\t\t<span class=\"material-icons\" title=\"Ausblick Stadt\/Park\">\n\t\t\t\t\t\t\t\t\t\t<span class=\"material-symbols-outlined\"> visibility <\/span>\t\t\t\t\t\t\t\t\t<\/span>\n\t\t\t\t\t\t\t\t\tAusblick Stadt\/Park\t\t\t\t\t\t\t\t<\/span>\n\t\t\t\t\t\t\t\t\t\t\t\t\t\t\t<span class=\"feature-box\">\n\t\t\t\t\t\t\t\t\t<span class=\"material-icons\" title=\"1 Balkon\">\n\t\t\t\t\t\t\t\t\t\t<span class=\"material-symbols-outlined\"> balcony <\/span>\t\t\t\t\t\t\t\t\t<\/span>\n\t\t\t\t\t\t\t\t\t1 Balkon\t\t\t\t\t\t\t\t<\/span>\n\t\t\t\t\t\t\t\t\t\t\t\t\t\t\t\t\t\t\t\t\t\t\t\t\t\t\t\t\t\t\t\t<span class=\"feature-box\">\n\t\t\t\t\t\t\t\t<i class=\"fa-solid fa-user\"><\/i>\n\t\t\t\t\t\t\t\t2-4 G\u00e4ste\t\t\t\t\t\t\t<\/span>\n\t\t\t\t\t\t\t\t\t\t\t\t\t\t\t\t\t<\/div>\n\n\t\t\t\t\t<div class=\"rooms-list-container-single-short-description\">\n\t\t\t\t\t\t<p>Elegante Junior Suite in Abano Terme mit Balkon und Ausblick auf die Schwimmb\u00e4der oder die Stadt, je nach Lage.<\/p>\n\t\t\t\t\t<\/div>\n\n\t\t\t\t\t<a href=\"https:\/\/www.laresidenceabano.it\/de\/room\/junior-suite\/\" title=\"Junior Suite\" class=\"btn btn-trasp btn-arrow rooms-list-container-single-button\">\n\t\t\t\t\t\tEntdecken Sie den Raum\t\t\t\t\t<\/a>\n\n\t\t\t\t\t\t\t\t\t<\/div>\n\t\t\t<\/div>\n\t\t\t\t\t\t<div class=\"rooms-list-container-single animated fadeInRight\" onclick=\"location.href='https:\/\/www.laresidenceabano.it\/de\/room\/zimmer-deluxe\/'\">\n\t\t\t\t\t\t\t\t\t<div class=\"rooms-list-container-single-img\">\n\t\t\t\t\t\t\t\t\t\t\t\t<figure class=\"full-width\">\n\t\t\t\t\t\t\t<img decoding=\"async\" src=\"https:\/\/www.laresidenceabano.it\/wp-content\/uploads\/2023\/07\/1-Deluxe-Principale.jpg\" \/>\n\t\t\t\t\t\t<\/figure>\n\t\t\t\t\t<\/div>\n\t\t\t\t\t\t\t\t<div class=\"rooms-list-container-single-content\">\n\n\t\t\t\t\t<h4 class=\"rooms-list-container-single-title\">Zimmer Deluxe<\/h4>\n\n\t\t\t\t\t\n\t\t\t\t\t<div class=\"rooms-list-container-single-features\">\n\t\t\t\t\t\t\t\t\t\t\t\t\t\t\t\t\t\t\t\t\t<span class=\"feature-box\">\n\t\t\t\t\t\t\t\t\t<span class=\"material-icons\" title=\"Ausblick Stadt\/Park\">\n\t\t\t\t\t\t\t\t\t\t<span class=\"material-symbols-outlined\"> visibility <\/span>\t\t\t\t\t\t\t\t\t<\/span>\n\t\t\t\t\t\t\t\t\tAusblick Stadt\/Park\t\t\t\t\t\t\t\t<\/span>\n\t\t\t\t\t\t\t\t\t\t\t\t\t\t\t<span class=\"feature-box\">\n\t\t\t\t\t\t\t\t\t<span class=\"material-icons\" title=\"1 Balkon\">\n\t\t\t\t\t\t\t\t\t\t<span class=\"material-symbols-outlined\"> balcony <\/span>\t\t\t\t\t\t\t\t\t<\/span>\n\t\t\t\t\t\t\t\t\t1 Balkon\t\t\t\t\t\t\t\t<\/span>\n\t\t\t\t\t\t\t\t\t\t\t\t\t\t\t\t\t\t\t\t\t\t\t\t\t\t\t\t\t\t\t\t<span class=\"feature-box\">\n\t\t\t\t\t\t\t\t<i class=\"fa-solid fa-user\"><\/i>\n\t\t\t\t\t\t\t\t2-3 G\u00e4ste\t\t\t\t\t\t\t<\/span>\n\t\t\t\t\t\t\t\t\t\t\t\t\t\t\t\t\t<\/div>\n\n\t\t\t\t\t<div class=\"rooms-list-container-single-short-description\">\n\t\t\t\t\t\t<p>Ger\u00e4umiges und ruhiges Zimmer mit Balkon auf die Schwimmb\u00e4der oder mit Blick auf die Euganeischen H\u00fcgel f\u00fcr einen Urlaub in einem 4-Sterne-Hotel in Abano Terme.<\/p>\n\t\t\t\t\t<\/div>\n\n\t\t\t\t\t<a href=\"https:\/\/www.laresidenceabano.it\/de\/room\/zimmer-deluxe\/\" title=\"Zimmer Deluxe\" class=\"btn btn-trasp btn-arrow rooms-list-container-single-button\">\n\t\t\t\t\t\tEntdecken Sie den Raum\t\t\t\t\t<\/a>\n\n\t\t\t\t\t\t\t\t\t<\/div>\n\t\t\t<\/div>\n\t\t\t\t\t\t<div class=\"rooms-list-container-single animated fadeInLeft\" onclick=\"location.href='https:\/\/www.laresidenceabano.it\/de\/room\/zimmer-classic-panorama\/'\">\n\t\t\t\t\t\t\t\t\t<div class=\"rooms-list-container-single-img\">\n\t\t\t\t\t\t\t\t\t\t\t\t<figure class=\"full-width\">\n\t\t\t\t\t\t\t<img decoding=\"async\" src=\"https:\/\/www.laresidenceabano.it\/wp-content\/uploads\/2023\/07\/1-Classic-Panorama-Principale.jpg\" \/>\n\t\t\t\t\t\t<\/figure>\n\t\t\t\t\t<\/div>\n\t\t\t\t\t\t\t\t<div class=\"rooms-list-container-single-content\">\n\n\t\t\t\t\t<h4 class=\"rooms-list-container-single-title\">Zimmer Classic Panorama<\/h4>\n\n\t\t\t\t\t\n\t\t\t\t\t<div class=\"rooms-list-container-single-features\">\n\t\t\t\t\t\t\t\t\t\t\t\t\t\t\t\t\t\t\t\t\t<span class=\"feature-box\">\n\t\t\t\t\t\t\t\t\t<span class=\"material-icons\" title=\"Ausblick Park\">\n\t\t\t\t\t\t\t\t\t\t<span class=\"material-symbols-outlined\"> visibility <\/span>\t\t\t\t\t\t\t\t\t<\/span>\n\t\t\t\t\t\t\t\t\tAusblick Park\t\t\t\t\t\t\t\t<\/span>\n\t\t\t\t\t\t\t\t\t\t\t\t\t\t\t<span class=\"feature-box\">\n\t\t\t\t\t\t\t\t\t<span class=\"material-icons\" title=\"1 Balkon\">\n\t\t\t\t\t\t\t\t\t\t<span class=\"material-symbols-outlined\"> balcony <\/span>\t\t\t\t\t\t\t\t\t<\/span>\n\t\t\t\t\t\t\t\t\t1 Balkon\t\t\t\t\t\t\t\t<\/span>\n\t\t\t\t\t\t\t\t\t\t\t\t\t\t\t\t\t\t\t\t\t\t\t\t\t\t\t\t\t\t\t\t<span class=\"feature-box\">\n\t\t\t\t\t\t\t\t<i class=\"fa-solid fa-user\"><\/i>\n\t\t\t\t\t\t\t\t2 G\u00e4ste\t\t\t\t\t\t\t<\/span>\n\t\t\t\t\t\t\t\t\t\t\t\t\t\t\t\t\t<\/div>\n\n\t\t\t\t\t<div class=\"rooms-list-container-single-short-description\">\n\t\t\t\t\t\t<p>Ruhiges und komfortables Zimmer mit Balkon und Ausblick auf die Schwimmb\u00e4der oder die Euganeischen H\u00fcgel, ideal f\u00fcr einen Erholungsurlaub in Abano Terme.<\/p>\n\t\t\t\t\t<\/div>\n\n\t\t\t\t\t<a href=\"https:\/\/www.laresidenceabano.it\/de\/room\/zimmer-classic-panorama\/\" title=\"Zimmer Classic Panorama\" class=\"btn btn-trasp btn-arrow rooms-list-container-single-button\">\n\t\t\t\t\t\tEntdecken Sie den Raum\t\t\t\t\t<\/a>\n\n\t\t\t\t\t\t\t\t\t<\/div>\n\t\t\t<\/div>\n\t\t\t\t\t\t<div class=\"rooms-list-container-single animated fadeInRight\" onclick=\"location.href='https:\/\/www.laresidenceabano.it\/de\/room\/classic-zimmer\/'\">\n\t\t\t\t\t\t\t\t\t<div class=\"rooms-list-container-single-img\">\n\t\t\t\t\t\t\t\t\t\t\t\t<figure class=\"full-width\">\n\t\t\t\t\t\t\t<img decoding=\"async\" src=\"https:\/\/www.laresidenceabano.it\/wp-content\/uploads\/2023\/06\/1-Classic-Principale.jpg\" \/>\n\t\t\t\t\t\t<\/figure>\n\t\t\t\t\t<\/div>\n\t\t\t\t\t\t\t\t<div class=\"rooms-list-container-single-content\">\n\n\t\t\t\t\t<h4 class=\"rooms-list-container-single-title\">Zimmer Classic<\/h4>\n\n\t\t\t\t\t\n\t\t\t\t\t<div class=\"rooms-list-container-single-features\">\n\t\t\t\t\t\t\t\t\t\t\t\t\t\t\t\t\t\t\t\t\t<span class=\"feature-box\">\n\t\t\t\t\t\t\t\t\t<span class=\"material-icons\" title=\"Ausblick Stadt\/Park\">\n\t\t\t\t\t\t\t\t\t\t<span class=\"material-symbols-outlined\"> visibility <\/span>\t\t\t\t\t\t\t\t\t<\/span>\n\t\t\t\t\t\t\t\t\tAusblick Stadt\/Park\t\t\t\t\t\t\t\t<\/span>\n\t\t\t\t\t\t\t\t\t\t\t\t\t\t\t<span class=\"feature-box\">\n\t\t\t\t\t\t\t\t\t<span class=\"material-icons\" title=\"1 Balkon\">\n\t\t\t\t\t\t\t\t\t\t<span class=\"material-symbols-outlined\"> balcony <\/span>\t\t\t\t\t\t\t\t\t<\/span>\n\t\t\t\t\t\t\t\t\t1 Balkon\t\t\t\t\t\t\t\t<\/span>\n\t\t\t\t\t\t\t\t\t\t\t\t\t\t\t\t\t\t\t\t\t\t\t\t\t\t\t\t\t\t\t\t<span class=\"feature-box\">\n\t\t\t\t\t\t\t\t<i class=\"fa-solid fa-user\"><\/i>\n\t\t\t\t\t\t\t\t2 G\u00e4ste\t\t\t\t\t\t\t<\/span>\n\t\t\t\t\t\t\t\t\t\t\t\t\t\t\t\t\t<\/div>\n\n\t\t\t\t\t<div class=\"rooms-list-container-single-short-description\">\n\t\t\t\t\t\t<p>F\u00fcr Ihren Thermalurlaub in Abano Terme pr\u00e4sentieren wir Ihnen ein helles Zimmer mit Balkon oder Terrasse.<\/p>\n\t\t\t\t\t<\/div>\n\n\t\t\t\t\t<a href=\"https:\/\/www.laresidenceabano.it\/de\/room\/classic-zimmer\/\" title=\"Zimmer Classic\" class=\"btn btn-trasp btn-arrow rooms-list-container-single-button\">\n\t\t\t\t\t\tEntdecken Sie den Raum\t\t\t\t\t<\/a>\n\n\t\t\t\t\t\t\t\t\t<\/div>\n\t\t\t<\/div>\n\t\t\t\t<\/div>\n\n\n\n<\/div>\n<\/div><\/div><div  class=\"grids-section animated fadeInUp grids-is-advanced alignwide\" style=\"--_gs-gap-desktop:0px 0px;--_gs-m-desktop:0 0 0 0;--_gs-p-desktop:0 0 0 0;--_gs-bg-desktop:transparent none;--_gs-bg-xp-desktop:0px;--_gs-zi-desktop:auto;--_gs-d-desktop:block;--_gs-mw-desktop:calc(100% - 0 - 0);--_gs-gap-tablet:0px 0px;--_gs-m-tablet:0 0 0 0;--_gs-p-tablet:0 0 0 0;--_gs-bg-tablet:transparent none;--_gs-bg-xp-tablet:0px;--_gs-zi-tablet:auto;--_gs-d-tablet:block;--_gs-mw-tablet:calc(100% - 0 - 0);--_gs-gap-mobile:0px 0px;--_gs-m-mobile:0 0 0 0;--_gs-p-mobile:0 0 0 0;--_gs-bg-mobile:transparent none;--_gs-bg-xp-mobile:0px;--_gs-zi-mobile:auto;--_gs-d-mobile:block;--_gs-mw-mobile:calc(100% - 0 - 0);--_gs-columns:12;--_gs-rows:6\"><div class=\"grids-s-w_i\">\n<div class=\"grids-area\" style=\"--_ga-column:1\/13;--_ga-row:1\/7;--_ga-m-desktop:0 0 0 0;--_ga-p-desktop:0 0 0 0;--_ga-bg-desktop:transparent none;--_ga-zi-desktop:auto;--_ga-d-desktop:flex;--_ga-mw-desktop:calc(100% - 0 - 0);--_ga-m-tablet:0 0 0 0;--_ga-p-tablet:0 0 0 0;--_ga-bg-tablet:transparent none;--_ga-zi-tablet:auto;--_ga-d-tablet:flex;--_ga-mw-tablet:calc(100% - 0 - 0);--_ga-m-mobile:0 0 0 0;--_ga-p-mobile:0 0 0 0;--_ga-bg-mobile:transparent none;--_ga-zi-mobile:auto;--_ga-d-mobile:flex;--_ga-mw-mobile:calc(100% - 0 - 0)\">\n\n<h3 class=\"wp-block-heading has-text-align-center decorated\">Informationen anfordern<\/h3>\n\n\n\n<p class=\"has-text-align-center\"><em>Wir sind f\u00fcr Sie da<\/em><\/p>\n\n\n\n<p class=\"has-text-align-center\">Kontaktieren Sie uns jetzt, um mehr \u00fcber unsere Sonderangebote und exklusiven Serviceleistungen zu erfahren und Ihren n\u00e4chsten Urlaub zu buchen.<\/p>\n\n\n\n<div class=\"wp-block-buttons is-content-justification-center is-layout-flex wp-container-core-buttons-is-layout-16018d1d wp-block-buttons-is-layout-flex\">\n<div class=\"wp-block-button\"><a class=\"wp-block-button__link wp-element-button\" href=\"https:\/\/www.laresidenceabano.it\/de\/kontakt\/\">KONTAKTIEREN SIE UNS<\/a><\/div>\n<\/div>\n\n<\/div>\n<\/div><\/div><div  class=\"grids-section grids-is-advanced alignwide\" style=\"--_gs-gap-desktop:0px 0px;--_gs-m-desktop:0 0 0 0;--_gs-p-desktop:0 0 0 0;--_gs-bg-desktop:transparent none;--_gs-bg-xp-desktop:0px;--_gs-zi-desktop:auto;--_gs-d-desktop:block;--_gs-mw-desktop:calc(100% - 0 - 0);--_gs-gap-tablet:0px 0px;--_gs-m-tablet:0 0 0 0;--_gs-p-tablet:0 0 0 0;--_gs-bg-tablet:transparent none;--_gs-bg-xp-tablet:0px;--_gs-zi-tablet:auto;--_gs-d-tablet:block;--_gs-mw-tablet:calc(100% - 0 - 0);--_gs-gap-mobile:0px 0px;--_gs-m-mobile:0 0 0 0;--_gs-p-mobile:0 0 0 0;--_gs-bg-mobile:transparent none;--_gs-bg-xp-mobile:0px;--_gs-zi-mobile:auto;--_gs-d-mobile:block;--_gs-mw-mobile:calc(100% - 0 - 0);--_gs-columns:12;--_gs-rows:6\"><div class=\"grids-s-w_i\">\n<div class=\"grids-area\" style=\"--_ga-column:1\/13;--_ga-row:1\/7;--_ga-m-desktop:0 0 0 0;--_ga-p-desktop:0 0 0 0;--_ga-bg-desktop:transparent none;--_ga-zi-desktop:auto;--_ga-d-desktop:flex;--_ga-mw-desktop:calc(100% - 0 - 0);--_ga-m-tablet:0 0 0 0;--_ga-p-tablet:0 0 0 0;--_ga-bg-tablet:transparent none;--_ga-zi-tablet:auto;--_ga-d-tablet:flex;--_ga-mw-tablet:calc(100% - 0 - 0);--_ga-m-mobile:0 0 0 0;--_ga-p-mobile:0 0 0 0;--_ga-bg-mobile:transparent none;--_ga-zi-mobile:auto;--_ga-d-mobile:flex;--_ga-mw-mobile:calc(100% - 0 - 0)\">\n\n<h3 class=\"wp-block-heading has-text-align-center decorated\">ES K\u00d6NNTE SIE AUCH INTERESSIEREN<\/h3>\n\n\n\n\n\n\n<\/div>\n<\/div><\/div>","protected":false},"excerpt":{"rendered":"","protected":false},"author":1,"featured_media":4835,"parent":0,"menu_order":0,"comment_status":"closed","ping_status":"closed","template":"","meta":{"_acf_changed":false,"advgb_blocks_editor_width":"","advgb_blocks_columns_visual_guide":"","footnotes":""},"class_list":["post-5783","page","type-page","status-publish","has-post-thumbnail","hentry","entry"],"acf":[],"yoast_head":"<!-- This site is optimized with the Yoast SEO plugin v25.6 - https:\/\/yoast.com\/wordpress\/plugins\/seo\/ -->\n<title>Zimmer und Suiten des Hotels La Residence, Abano Terme<\/title>\n<meta name=\"description\" content=\"Die Zimmer und Suiten des Hotels La Residence Terme, ein 4-Sterne-Hotel in Abano Terme, erwarten Sie: Buchen Sie jetzt zu den g\u00fcnstigsten Preisen!\" \/>\n<meta name=\"robots\" content=\"index, follow, max-snippet:-1, max-image-preview:large, max-video-preview:-1\" \/>\n<link rel=\"canonical\" href=\"https:\/\/www.laresidenceabano.it\/de\/zimmer-suiten\/\" \/>\n<meta property=\"og:locale\" content=\"de_DE\" \/>\n<meta property=\"og:type\" content=\"article\" \/>\n<meta property=\"og:title\" content=\"Zimmer und Suiten des Hotels La Residence, Abano Terme\" \/>\n<meta property=\"og:description\" content=\"Die Zimmer und Suiten des Hotels La Residence Terme, ein 4-Sterne-Hotel in Abano Terme, erwarten Sie: Buchen Sie jetzt zu den g\u00fcnstigsten Preisen!\" \/>\n<meta property=\"og:url\" content=\"https:\/\/www.laresidenceabano.it\/de\/zimmer-suiten\/\" \/>\n<meta property=\"og:site_name\" content=\"Hotel La Residence\" \/>\n<meta property=\"article:modified_time\" content=\"2024-04-03T17:12:06+00:00\" \/>\n<meta property=\"og:image\" content=\"https:\/\/www.laresidenceabano.it\/wp-content\/uploads\/2023\/07\/Camere-e-Suites.jpg\" \/>\n\t<meta property=\"og:image:width\" content=\"1500\" \/>\n\t<meta property=\"og:image:height\" content=\"1000\" \/>\n\t<meta property=\"og:image:type\" content=\"image\/jpeg\" \/>\n<meta name=\"twitter:card\" content=\"summary_large_image\" \/>\n<meta name=\"twitter:label1\" content=\"Gesch\u00e4tzte Lesezeit\" \/>\n\t<meta name=\"twitter:data1\" content=\"1\u00a0Minute\" \/>\n<script type=\"application\/ld+json\" class=\"yoast-schema-graph\">{\"@context\":\"https:\/\/schema.org\",\"@graph\":[{\"@type\":\"WebPage\",\"@id\":\"https:\/\/www.laresidenceabano.it\/de\/zimmer-suiten\/\",\"url\":\"https:\/\/www.laresidenceabano.it\/de\/zimmer-suiten\/\",\"name\":\"Zimmer und Suiten des Hotels La Residence, Abano Terme\",\"isPartOf\":{\"@id\":\"https:\/\/www.laresidenceabano.it\/de\/#website\"},\"primaryImageOfPage\":{\"@id\":\"https:\/\/www.laresidenceabano.it\/de\/zimmer-suiten\/#primaryimage\"},\"image\":{\"@id\":\"https:\/\/www.laresidenceabano.it\/de\/zimmer-suiten\/#primaryimage\"},\"thumbnailUrl\":\"https:\/\/www.laresidenceabano.it\/wp-content\/uploads\/2023\/07\/Camere-e-Suites.jpg\",\"datePublished\":\"2023-08-10T15:54:00+00:00\",\"dateModified\":\"2024-04-03T17:12:06+00:00\",\"description\":\"Die Zimmer und Suiten des Hotels La Residence Terme, ein 4-Sterne-Hotel in Abano Terme, erwarten Sie: Buchen Sie jetzt zu den g\u00fcnstigsten Preisen!\",\"breadcrumb\":{\"@id\":\"https:\/\/www.laresidenceabano.it\/de\/zimmer-suiten\/#breadcrumb\"},\"inLanguage\":\"de\",\"potentialAction\":[{\"@type\":\"ReadAction\",\"target\":[\"https:\/\/www.laresidenceabano.it\/de\/zimmer-suiten\/\"]}]},{\"@type\":\"ImageObject\",\"inLanguage\":\"de\",\"@id\":\"https:\/\/www.laresidenceabano.it\/de\/zimmer-suiten\/#primaryimage\",\"url\":\"https:\/\/www.laresidenceabano.it\/wp-content\/uploads\/2023\/07\/Camere-e-Suites.jpg\",\"contentUrl\":\"https:\/\/www.laresidenceabano.it\/wp-content\/uploads\/2023\/07\/Camere-e-Suites.jpg\",\"width\":1500,\"height\":1000,\"caption\":\"Lussuosa e tranquilla Junior Suite Executive\"},{\"@type\":\"BreadcrumbList\",\"@id\":\"https:\/\/www.laresidenceabano.it\/de\/zimmer-suiten\/#breadcrumb\",\"itemListElement\":[{\"@type\":\"ListItem\",\"position\":1,\"name\":\"Home\",\"item\":\"https:\/\/www.laresidenceabano.it\/de\/\"},{\"@type\":\"ListItem\",\"position\":2,\"name\":\"Zimmer &#038; Suiten\"}]},{\"@type\":\"WebSite\",\"@id\":\"https:\/\/www.laresidenceabano.it\/de\/#website\",\"url\":\"https:\/\/www.laresidenceabano.it\/de\/\",\"name\":\"Hotel La Residence\",\"description\":\"\",\"publisher\":{\"@id\":\"https:\/\/www.laresidenceabano.it\/de\/#organization\"},\"potentialAction\":[{\"@type\":\"SearchAction\",\"target\":{\"@type\":\"EntryPoint\",\"urlTemplate\":\"https:\/\/www.laresidenceabano.it\/de\/?s={search_term_string}\"},\"query-input\":{\"@type\":\"PropertyValueSpecification\",\"valueRequired\":true,\"valueName\":\"search_term_string\"}}],\"inLanguage\":\"de\"},{\"@type\":\"Organization\",\"@id\":\"https:\/\/www.laresidenceabano.it\/de\/#organization\",\"name\":\"Hotel La Residence\",\"url\":\"https:\/\/www.laresidenceabano.it\/de\/\",\"logo\":{\"@type\":\"ImageObject\",\"inLanguage\":\"de\",\"@id\":\"https:\/\/www.laresidenceabano.it\/de\/#\/schema\/logo\/image\/\",\"url\":\"https:\/\/www.laresidenceabano.it\/wp-content\/uploads\/2023\/07\/Logo-hotel-la-residence.svg\",\"contentUrl\":\"https:\/\/www.laresidenceabano.it\/wp-content\/uploads\/2023\/07\/Logo-hotel-la-residence.svg\",\"caption\":\"Hotel La Residence\"},\"image\":{\"@id\":\"https:\/\/www.laresidenceabano.it\/de\/#\/schema\/logo\/image\/\"}}]}<\/script>\n<!-- \/ Yoast SEO plugin. -->","yoast_head_json":{"title":"Zimmer und Suiten des Hotels La Residence, Abano Terme","description":"Die Zimmer und Suiten des Hotels La Residence Terme, ein 4-Sterne-Hotel in Abano Terme, erwarten Sie: Buchen Sie jetzt zu den g\u00fcnstigsten Preisen!","robots":{"index":"index","follow":"follow","max-snippet":"max-snippet:-1","max-image-preview":"max-image-preview:large","max-video-preview":"max-video-preview:-1"},"canonical":"https:\/\/www.laresidenceabano.it\/de\/zimmer-suiten\/","og_locale":"de_DE","og_type":"article","og_title":"Zimmer und Suiten des Hotels La Residence, Abano Terme","og_description":"Die Zimmer und Suiten des Hotels La Residence Terme, ein 4-Sterne-Hotel in Abano Terme, erwarten Sie: Buchen Sie jetzt zu den g\u00fcnstigsten Preisen!","og_url":"https:\/\/www.laresidenceabano.it\/de\/zimmer-suiten\/","og_site_name":"Hotel La Residence","article_modified_time":"2024-04-03T17:12:06+00:00","og_image":[{"width":1500,"height":1000,"url":"https:\/\/www.laresidenceabano.it\/wp-content\/uploads\/2023\/07\/Camere-e-Suites.jpg","type":"image\/jpeg"}],"twitter_card":"summary_large_image","twitter_misc":{"Gesch\u00e4tzte Lesezeit":"1\u00a0Minute"},"schema":{"@context":"https:\/\/schema.org","@graph":[{"@type":"WebPage","@id":"https:\/\/www.laresidenceabano.it\/de\/zimmer-suiten\/","url":"https:\/\/www.laresidenceabano.it\/de\/zimmer-suiten\/","name":"Zimmer und Suiten des Hotels La Residence, Abano Terme","isPartOf":{"@id":"https:\/\/www.laresidenceabano.it\/de\/#website"},"primaryImageOfPage":{"@id":"https:\/\/www.laresidenceabano.it\/de\/zimmer-suiten\/#primaryimage"},"image":{"@id":"https:\/\/www.laresidenceabano.it\/de\/zimmer-suiten\/#primaryimage"},"thumbnailUrl":"https:\/\/www.laresidenceabano.it\/wp-content\/uploads\/2023\/07\/Camere-e-Suites.jpg","datePublished":"2023-08-10T15:54:00+00:00","dateModified":"2024-04-03T17:12:06+00:00","description":"Die Zimmer und Suiten des Hotels La Residence Terme, ein 4-Sterne-Hotel in Abano Terme, erwarten Sie: Buchen Sie jetzt zu den g\u00fcnstigsten Preisen!","breadcrumb":{"@id":"https:\/\/www.laresidenceabano.it\/de\/zimmer-suiten\/#breadcrumb"},"inLanguage":"de","potentialAction":[{"@type":"ReadAction","target":["https:\/\/www.laresidenceabano.it\/de\/zimmer-suiten\/"]}]},{"@type":"ImageObject","inLanguage":"de","@id":"https:\/\/www.laresidenceabano.it\/de\/zimmer-suiten\/#primaryimage","url":"https:\/\/www.laresidenceabano.it\/wp-content\/uploads\/2023\/07\/Camere-e-Suites.jpg","contentUrl":"https:\/\/www.laresidenceabano.it\/wp-content\/uploads\/2023\/07\/Camere-e-Suites.jpg","width":1500,"height":1000,"caption":"Lussuosa e tranquilla Junior Suite Executive"},{"@type":"BreadcrumbList","@id":"https:\/\/www.laresidenceabano.it\/de\/zimmer-suiten\/#breadcrumb","itemListElement":[{"@type":"ListItem","position":1,"name":"Home","item":"https:\/\/www.laresidenceabano.it\/de\/"},{"@type":"ListItem","position":2,"name":"Zimmer &#038; Suiten"}]},{"@type":"WebSite","@id":"https:\/\/www.laresidenceabano.it\/de\/#website","url":"https:\/\/www.laresidenceabano.it\/de\/","name":"Hotel La Residence","description":"","publisher":{"@id":"https:\/\/www.laresidenceabano.it\/de\/#organization"},"potentialAction":[{"@type":"SearchAction","target":{"@type":"EntryPoint","urlTemplate":"https:\/\/www.laresidenceabano.it\/de\/?s={search_term_string}"},"query-input":{"@type":"PropertyValueSpecification","valueRequired":true,"valueName":"search_term_string"}}],"inLanguage":"de"},{"@type":"Organization","@id":"https:\/\/www.laresidenceabano.it\/de\/#organization","name":"Hotel La Residence","url":"https:\/\/www.laresidenceabano.it\/de\/","logo":{"@type":"ImageObject","inLanguage":"de","@id":"https:\/\/www.laresidenceabano.it\/de\/#\/schema\/logo\/image\/","url":"https:\/\/www.laresidenceabano.it\/wp-content\/uploads\/2023\/07\/Logo-hotel-la-residence.svg","contentUrl":"https:\/\/www.laresidenceabano.it\/wp-content\/uploads\/2023\/07\/Logo-hotel-la-residence.svg","caption":"Hotel La Residence"},"image":{"@id":"https:\/\/www.laresidenceabano.it\/de\/#\/schema\/logo\/image\/"}}]}},"coauthors":[],"author_meta":{"author_link":"https:\/\/www.laresidenceabano.it\/de\/author\/jampaa\/","display_name":"Jampaa"},"relative_dates":{"created":"Posted 3\u00a0Jahren ago","modified":"Updated 2\u00a0Jahren ago"},"absolute_dates":{"created":"Posted on 10\/08\/2023","modified":"Updated on 03\/04\/2024"},"absolute_dates_time":{"created":"Posted on 10\/08\/2023 17:54","modified":"Updated on 03\/04\/2024 19:12"},"featured_img_caption":"","featured_img":"https:\/\/www.laresidenceabano.it\/wp-content\/uploads\/2023\/07\/Camere-e-Suites.jpg","series_order":"","_links":{"self":[{"href":"https:\/\/www.laresidenceabano.it\/de\/wp-json\/wp\/v2\/pages\/5783","targetHints":{"allow":["GET"]}}],"collection":[{"href":"https:\/\/www.laresidenceabano.it\/de\/wp-json\/wp\/v2\/pages"}],"about":[{"href":"https:\/\/www.laresidenceabano.it\/de\/wp-json\/wp\/v2\/types\/page"}],"author":[{"embeddable":true,"href":"https:\/\/www.laresidenceabano.it\/de\/wp-json\/wp\/v2\/users\/1"}],"replies":[{"embeddable":true,"href":"https:\/\/www.laresidenceabano.it\/de\/wp-json\/wp\/v2\/comments?post=5783"}],"version-history":[{"count":10,"href":"https:\/\/www.laresidenceabano.it\/de\/wp-json\/wp\/v2\/pages\/5783\/revisions"}],"predecessor-version":[{"id":7122,"href":"https:\/\/www.laresidenceabano.it\/de\/wp-json\/wp\/v2\/pages\/5783\/revisions\/7122"}],"wp:featuredmedia":[{"embeddable":true,"href":"https:\/\/www.laresidenceabano.it\/de\/wp-json\/wp\/v2\/media\/4835"}],"wp:attachment":[{"href":"https:\/\/www.laresidenceabano.it\/de\/wp-json\/wp\/v2\/media?parent=5783"}],"curies":[{"name":"wp","href":"https:\/\/api.w.org\/{rel}","templated":true}]}}