{"id":5953,"date":"2023-08-14T10:01:28","date_gmt":"2023-08-14T08:01:28","guid":{"rendered":"https:\/\/www.laresidenceabano.it\/thermalkuren\/"},"modified":"2024-06-10T15:46:21","modified_gmt":"2024-06-10T13:46:21","slug":"thermalkuren","status":"publish","type":"page","link":"https:\/\/www.laresidenceabano.it\/de\/thermalkuren\/","title":{"rendered":"Thermalkuren"},"content":{"rendered":"<div  class=\"grids-section animated fadeInUp grids-is-advanced alignwide\" style=\"--_gs-gap-desktop:0px 0px;--_gs-m-desktop:0 0 0 0;--_gs-p-desktop:0 0 0 0;--_gs-bg-desktop:transparent none;--_gs-bg-xp-desktop:0px;--_gs-zi-desktop:auto;--_gs-d-desktop:block;--_gs-mw-desktop:calc(100% - 0 - 0);--_gs-gap-tablet:0px 0px;--_gs-m-tablet:0 0 0 0;--_gs-p-tablet:0 0 0 0;--_gs-bg-tablet:transparent none;--_gs-bg-xp-tablet:0px;--_gs-zi-tablet:auto;--_gs-d-tablet:block;--_gs-mw-tablet:calc(100% - 0 - 0);--_gs-gap-mobile:0px 0px;--_gs-m-mobile:0 0 0 0;--_gs-p-mobile:0 0 0 0;--_gs-bg-mobile:transparent none;--_gs-bg-xp-mobile:0px;--_gs-zi-mobile:auto;--_gs-d-mobile:block;--_gs-mw-mobile:calc(100% - 0 - 0);--_gs-columns:12;--_gs-rows:6\"><div class=\"grids-s-w_i\">\n<div class=\"grids-area\" style=\"--_ga-column:1\/13;--_ga-row:1\/7;--_ga-m-desktop:0 0 0 0;--_ga-p-desktop:0 0 0 0;--_ga-bg-desktop:transparent none;--_ga-zi-desktop:auto;--_ga-d-desktop:flex;--_ga-mw-desktop:calc(100% - 0 - 0);--_ga-m-tablet:0 0 0 0;--_ga-p-tablet:0 0 0 0;--_ga-bg-tablet:transparent none;--_ga-zi-tablet:auto;--_ga-d-tablet:flex;--_ga-mw-tablet:calc(100% - 0 - 0);--_ga-m-mobile:0 0 0 0;--_ga-p-mobile:0 0 0 0;--_ga-bg-mobile:transparent none;--_ga-zi-mobile:auto;--_ga-d-mobile:flex;--_ga-mw-mobile:calc(100% - 0 - 0)\">\n\n<h2 class=\"wp-block-heading has-text-align-center decorated\">UNSERE THERMALKUREN<\/h2>\n\n\n\n<p class=\"has-text-align-center\">Das <strong>Hotel La Residence<\/strong> ist ein Vier-Sterne-Thermalhotel im Herzen von <strong>Abano Terme<\/strong>. Ein <strong>renommierter Kurort<\/strong>, dessen Wasser einen unsch\u00e4tzbaren therapeutischen Reichtum und einzigartige Vorteile bietet.<\/p>\n\n<\/div>\n<\/div><\/div>\n\n<div  class=\"grids-section animated fadeInUp grids-is-advanced alignwide\" style=\"--_gs-gap-desktop:0px 0px;--_gs-m-desktop:0 0 0 0;--_gs-p-desktop:0 0 0 0;--_gs-bg-desktop:transparent none;--_gs-bg-xp-desktop:0px;--_gs-zi-desktop:auto;--_gs-d-desktop:block;--_gs-mw-desktop:calc(100% - 0 - 0);--_gs-gap-tablet:0px 0px;--_gs-m-tablet:0 0 0 0;--_gs-p-tablet:0 0 0 0;--_gs-bg-tablet:transparent none;--_gs-bg-xp-tablet:0px;--_gs-zi-tablet:auto;--_gs-d-tablet:block;--_gs-mw-tablet:calc(100% - 0 - 0);--_gs-gap-mobile:0px 0px;--_gs-m-mobile:0 0 0 0;--_gs-p-mobile:0 0 0 0;--_gs-bg-mobile:transparent none;--_gs-bg-xp-mobile:0px;--_gs-zi-mobile:auto;--_gs-d-mobile:block;--_gs-mw-mobile:calc(100% - 0 - 0);--_gs-columns:12;--_gs-rows:6\"><div class=\"grids-s-w_i\">\n<div class=\"grids-area\" style=\"--_ga-column:1\/13;--_ga-row:1\/7;--_ga-m-desktop:0 0 0 0;--_ga-p-desktop:0 0 0 0;--_ga-bg-desktop:transparent none;--_ga-zi-desktop:auto;--_ga-d-desktop:flex;--_ga-mw-desktop:calc(100% - 0 - 0);--_ga-m-tablet:0 0 0 0;--_ga-p-tablet:0 0 0 0;--_ga-bg-tablet:transparent none;--_ga-zi-tablet:auto;--_ga-d-tablet:flex;--_ga-mw-tablet:calc(100% - 0 - 0);--_ga-m-mobile:0 0 0 0;--_ga-p-mobile:0 0 0 0;--_ga-bg-mobile:transparent none;--_ga-zi-mobile:auto;--_ga-d-mobile:flex;--_ga-mw-mobile:calc(100% - 0 - 0)\">\n\n<h2 class=\"wp-block-heading has-text-align-center decorated\">DER ORT F\u00dcR IHR WOHLBEFINDEN<\/h2>\n\n\n\n<p class=\"has-text-align-center\">Willkommen im Hotel La Residence, einer Oase der Ruhe und Erholung im Herzen der herrlichen H\u00fcgel von Abano Terme. Hier, in unserer <strong>anerkannten Super-Level-1-Spa-Einrichtung<\/strong>, bieten wir eine <strong>breite Palette an Spa- und Wellnessbehandlungen <\/strong>an, die Ihren Entspannungs- und Gesundheitsbed\u00fcrfnissen gerecht werden.<\/p>\n\n<\/div>\n<\/div><\/div>\n\n<div  class=\"grids-section row-text-gallery grids-is-advanced alignwide\" style=\"--_gs-gap-desktop:0px 0px;--_gs-m-desktop:0 0 0 0;--_gs-p-desktop:0 0 0 0;--_gs-bg-desktop:transparent none;--_gs-bg-xp-desktop:0px;--_gs-zi-desktop:auto;--_gs-d-desktop:block;--_gs-mw-desktop:calc(100% - 0 - 0);--_gs-gap-tablet:0px 0px;--_gs-m-tablet:0 0 0 0;--_gs-p-tablet:0 0 0 0;--_gs-bg-tablet:transparent none;--_gs-bg-xp-tablet:0px;--_gs-zi-tablet:auto;--_gs-d-tablet:block;--_gs-mw-tablet:calc(100% - 0 - 0);--_gs-gap-mobile:0px 0px;--_gs-m-mobile:0 0 0 0;--_gs-p-mobile:0 0 0 0;--_gs-bg-mobile:transparent none;--_gs-bg-xp-mobile:0px;--_gs-zi-mobile:auto;--_gs-d-mobile:block;--_gs-mw-mobile:calc(100% - 0 - 0);--_gs-columns:12;--_gs-rows:6\"><div class=\"grids-s-w_i\">\n<div class=\"grids-area animated fadeInLeft\" style=\"--_ga-column:1\/6;--_ga-row:1\/7;--_ga-va:center;--_ga-m-desktop:0 0 0 0;--_ga-p-desktop:0 0 0 0;--_ga-bg-desktop:transparent none;--_ga-zi-desktop:auto;--_ga-d-desktop:flex;--_ga-mw-desktop:calc(100% - 0 - 0);--_ga-m-tablet:0 0 0 0;--_ga-p-tablet:0 0 0 0;--_ga-bg-tablet:transparent none;--_ga-zi-tablet:auto;--_ga-d-tablet:flex;--_ga-mw-tablet:calc(100% - 0 - 0);--_ga-m-mobile:0 0 0 0;--_ga-p-mobile:0 0 25px 0;--_ga-bg-mobile:transparent none;--_ga-zi-mobile:auto;--_ga-d-mobile:flex;--_ga-mw-mobile:calc(100% - 0 - 0)\">\n\n<h3 class=\"wp-block-heading has-text-color\" style=\"color:#b7cbb8;font-size:26px\">SCHLAMM-BALNEOTHERAPIE<\/h3>\n\n\n\n<hr class=\"wp-block-separator has-alpha-channel-opacity\"\/>\n\n\n\n<p>Die Fango-Balneotherapie ist eine <strong>Thermaltherapie<\/strong>, bei der reifer Thermalschlamm, der reich an <strong>nat\u00fcrlichen entz\u00fcndungshemmenden Substanzen<\/strong> ist, auf bestimmte, vom Arzt festgelegte K\u00f6rperstellen aufgetragen wird. Diese Behandlung hat zum Ziel, <strong>dem osteoartikul\u00e4ren und muskul\u00e4ren System erhebliche Vorteile<\/strong> zu verschaffen.<\/p>\n\n\n\n<div class=\"wp-block-buttons is-layout-flex wp-block-buttons-is-layout-flex\">\n<div class=\"wp-block-button\"><a class=\"wp-block-button__link wp-element-button\" href=\"https:\/\/www.laresidenceabano.it\/de\/fango-balneotherapie\/\">ENTDECKEN SIE MEHR<\/a><\/div>\n<\/div>\n\n<\/div>\n\n<div class=\"grids-area animated fadeInRight\" style=\"--_ga-column:7\/13;--_ga-row:1\/7;--_ga-va:center;--_ga-m-desktop:0 0 0 0;--_ga-p-desktop:0 0 0 0;--_ga-bg-desktop:transparent none;--_ga-zi-desktop:auto;--_ga-d-desktop:flex;--_ga-mw-desktop:calc(100% - 0 - 0);--_ga-m-tablet:0 0 0 0;--_ga-p-tablet:0 0 0 0;--_ga-bg-tablet:transparent none;--_ga-zi-tablet:auto;--_ga-d-tablet:flex;--_ga-mw-tablet:calc(100% - 0 - 0);--_ga-m-mobile:0 0 0 0;--_ga-p-mobile:0 0 0 0;--_ga-bg-mobile:transparent none;--_ga-zi-mobile:auto;--_ga-d-mobile:flex;--_ga-mw-mobile:calc(100% - 0 - 0)\">\n\n<figure class=\"wp-block-image size-large\"><img loading=\"lazy\" decoding=\"async\" width=\"1024\" height=\"683\" src=\"https:\/\/www.laresidenceabano.it\/wp-content\/uploads\/2023\/07\/Hotel-La-Residence-26-1024x683.jpg\" alt=\"\" class=\"wp-image-4481\" srcset=\"https:\/\/www.laresidenceabano.it\/wp-content\/uploads\/2023\/07\/Hotel-La-Residence-26-1024x683.jpg 1024w, https:\/\/www.laresidenceabano.it\/wp-content\/uploads\/2023\/07\/Hotel-La-Residence-26-300x200.jpg 300w, https:\/\/www.laresidenceabano.it\/wp-content\/uploads\/2023\/07\/Hotel-La-Residence-26-768x512.jpg 768w, https:\/\/www.laresidenceabano.it\/wp-content\/uploads\/2023\/07\/Hotel-La-Residence-26-1536x1024.jpg 1536w, https:\/\/www.laresidenceabano.it\/wp-content\/uploads\/2023\/07\/Hotel-La-Residence-26-1568x1045.jpg 1568w, https:\/\/www.laresidenceabano.it\/wp-content\/uploads\/2023\/07\/Hotel-La-Residence-26.jpg 1800w\" sizes=\"auto, (max-width: 1024px) 100vw, 1024px\" \/><\/figure>\n\n<\/div>\n<\/div><\/div>\n\n<div  class=\"grids-section row-text-gallery grids-is-advanced alignwide\" style=\"--_gs-gap-desktop:0px 0px;--_gs-m-desktop:0 0 0 0;--_gs-p-desktop:0 0 0 0;--_gs-bg-desktop:transparent none;--_gs-bg-xp-desktop:0px;--_gs-zi-desktop:auto;--_gs-d-desktop:block;--_gs-mw-desktop:calc(100% - 0 - 0);--_gs-gap-tablet:0px 0px;--_gs-m-tablet:0 0 0 0;--_gs-p-tablet:0 0 0 0;--_gs-bg-tablet:transparent none;--_gs-bg-xp-tablet:0px;--_gs-zi-tablet:auto;--_gs-d-tablet:block;--_gs-mw-tablet:calc(100% - 0 - 0);--_gs-gap-mobile:0px 0px;--_gs-m-mobile:0 0 0 0;--_gs-p-mobile:0 0 0 0;--_gs-bg-mobile:transparent none;--_gs-bg-xp-mobile:0px;--_gs-zi-mobile:auto;--_gs-d-mobile:block;--_gs-mw-mobile:calc(100% - 0 - 0);--_gs-columns:12;--_gs-rows:6\"><div class=\"grids-s-w_i\">\n<div class=\"grids-area animated fadeInLeft\" style=\"--_ga-column:1\/6;--_ga-row:1\/7;--_ga-va:center;--_ga-m-desktop:0 0 0 0;--_ga-p-desktop:0 0 0 0;--_ga-bg-desktop:transparent none;--_ga-zi-desktop:auto;--_ga-d-desktop:flex;--_ga-mw-desktop:calc(100% - 0 - 0);--_ga-m-tablet:0 0 0 0;--_ga-p-tablet:0 0 0 0;--_ga-bg-tablet:transparent none;--_ga-zi-tablet:auto;--_ga-d-tablet:flex;--_ga-mw-tablet:calc(100% - 0 - 0);--_ga-m-mobile:0 0 0 0;--_ga-p-mobile:0 0 25px 0;--_ga-bg-mobile:transparent none;--_ga-zi-mobile:auto;--_ga-d-mobile:flex;--_ga-mw-mobile:calc(100% - 0 - 0)\">\n\n<h3 class=\"wp-block-heading has-text-color\" style=\"color:#b7cbb8;font-size:26px\">SCHLAMM-BALNEOTHERAPIE<\/h3>\n\n\n\n<hr class=\"wp-block-separator has-alpha-channel-opacity\"\/>\n\n\n\n<p>Die Schlamm-Balneotherapie ist eine <strong>Thermaltherapie<\/strong>, bei der ausgereifter Thermalschlamm, der reich an <strong>nat\u00fcrlichen entz\u00fcndungshemmenden Substanzen<\/strong> ist, auf bestimmte, vom Arzt angegebene K\u00f6rperbereiche aufgetragen wird. Ziel dieser Behandlung ist es, dem Knochen-, <strong>Gelenk- und Muskelsystem deutliche Vorteile<\/strong> zu verschaffen.<\/p>\n\n\n\n<div class=\"wp-block-buttons is-layout-flex wp-block-buttons-is-layout-flex\">\n<div class=\"wp-block-button\"><a class=\"wp-block-button__link wp-element-button\" href=\"https:\/\/www.laresidenceabano.it\/de\/fango-balneotherapie\/\">ENTDECKEN SIE MEHR<\/a><\/div>\n<\/div>\n\n<\/div>\n\n<div class=\"grids-area animated fadeInRight\" style=\"--_ga-column:7\/13;--_ga-row:1\/7;--_ga-va:center;--_ga-m-desktop:0 0 0 0;--_ga-p-desktop:0 0 0 0;--_ga-bg-desktop:transparent none;--_ga-zi-desktop:auto;--_ga-d-desktop:flex;--_ga-mw-desktop:calc(100% - 0 - 0);--_ga-m-tablet:0 0 0 0;--_ga-p-tablet:0 0 0 0;--_ga-bg-tablet:transparent none;--_ga-zi-tablet:auto;--_ga-d-tablet:flex;--_ga-mw-tablet:calc(100% - 0 - 0);--_ga-m-mobile:0 0 0 0;--_ga-p-mobile:0 0 0 0;--_ga-bg-mobile:transparent none;--_ga-zi-mobile:auto;--_ga-d-mobile:flex;--_ga-mw-mobile:calc(100% - 0 - 0)\">\n\n<figure class=\"wp-block-image size-large\"><img loading=\"lazy\" decoding=\"async\" width=\"1024\" height=\"683\" src=\"https:\/\/www.laresidenceabano.it\/wp-content\/uploads\/2023\/07\/Hotel-La-Residence-26-1024x683.jpg\" alt=\"\" class=\"wp-image-4481\" srcset=\"https:\/\/www.laresidenceabano.it\/wp-content\/uploads\/2023\/07\/Hotel-La-Residence-26-1024x683.jpg 1024w, https:\/\/www.laresidenceabano.it\/wp-content\/uploads\/2023\/07\/Hotel-La-Residence-26-300x200.jpg 300w, https:\/\/www.laresidenceabano.it\/wp-content\/uploads\/2023\/07\/Hotel-La-Residence-26-768x512.jpg 768w, https:\/\/www.laresidenceabano.it\/wp-content\/uploads\/2023\/07\/Hotel-La-Residence-26-1536x1024.jpg 1536w, https:\/\/www.laresidenceabano.it\/wp-content\/uploads\/2023\/07\/Hotel-La-Residence-26-1568x1045.jpg 1568w, https:\/\/www.laresidenceabano.it\/wp-content\/uploads\/2023\/07\/Hotel-La-Residence-26.jpg 1800w\" sizes=\"auto, (max-width: 1024px) 100vw, 1024px\" \/><\/figure>\n\n<\/div>\n<\/div><\/div>\n\n<div  class=\"grids-section row-text-gallery grids-is-advanced alignwide\" style=\"--_gs-gap-desktop:0px 0px;--_gs-m-desktop:0 0 0 0;--_gs-p-desktop:0 0 0 0;--_gs-bg-desktop:transparent none;--_gs-bg-xp-desktop:0px;--_gs-zi-desktop:auto;--_gs-d-desktop:block;--_gs-mw-desktop:calc(100% - 0 - 0);--_gs-gap-tablet:0px 0px;--_gs-m-tablet:0 0 0 0;--_gs-p-tablet:0 0 0 0;--_gs-bg-tablet:transparent none;--_gs-bg-xp-tablet:0px;--_gs-zi-tablet:auto;--_gs-d-tablet:block;--_gs-mw-tablet:calc(100% - 0 - 0);--_gs-gap-mobile:0px 0px;--_gs-m-mobile:0 0 0 0;--_gs-p-mobile:0 0 0 0;--_gs-bg-mobile:transparent none;--_gs-bg-xp-mobile:0px;--_gs-zi-mobile:auto;--_gs-d-mobile:block;--_gs-mw-mobile:calc(100% - 0 - 0);--_gs-columns:12;--_gs-rows:6\"><div class=\"grids-s-w_i\">\n<div class=\"grids-area animated fadeInRight\" style=\"--_ga-column:8\/13;--_ga-row:1\/7;--_ga-va:center;--_ga-m-desktop:0 0 0 0;--_ga-p-desktop:0 0 0 0;--_ga-bg-desktop:transparent none;--_ga-zi-desktop:auto;--_ga-d-desktop:flex;--_ga-mw-desktop:calc(100% - 0 - 0);--_ga-m-tablet:0 0 0 0;--_ga-p-tablet:0 0 0 0;--_ga-bg-tablet:transparent none;--_ga-zi-tablet:auto;--_ga-d-tablet:flex;--_ga-mw-tablet:calc(100% - 0 - 0);--_ga-m-mobile:0 0 0 0;--_ga-p-mobile:0 0 25px 0;--_ga-bg-mobile:transparent none;--_ga-zi-mobile:auto;--_ga-d-mobile:flex;--_ga-mw-mobile:calc(100% - 0 - 0)\">\n\n<h3 class=\"wp-block-heading has-text-color\" style=\"color:#b7cbb8\">INHALATIONSKUREN<\/h3>\n\n\n\n<hr class=\"wp-block-separator has-alpha-channel-opacity\"\/>\n\n\n\n<p>Das Hotel La Residence verf\u00fcgt \u00fcber eine eigene Abteilung f\u00fcr die Behandlung von Erkrankungen der oberen und unteren Atemwege. <\/p>\n\n\n\n<div class=\"wp-block-buttons is-layout-flex wp-block-buttons-is-layout-flex\">\n<div class=\"wp-block-button\"><a class=\"wp-block-button__link wp-element-button\" href=\"https:\/\/www.laresidenceabano.it\/de\/inhalationskuren-mit-thermalwasser\/\">ENTDECKEN SIE MEHR<\/a><\/div>\n<\/div>\n\n<\/div>\n\n<div class=\"grids-area animated fadeInLeft\" style=\"--_ga-column:1\/7;--_ga-row:1\/7;--_ga-va:center;--_ga-m-desktop:0 0 0 0;--_ga-p-desktop:0 0 0 0;--_ga-bg-desktop:transparent none;--_ga-zi-desktop:auto;--_ga-d-desktop:flex;--_ga-mw-desktop:calc(100% - 0 - 0);--_ga-m-tablet:0 0 0 0;--_ga-p-tablet:0 0 0 0;--_ga-bg-tablet:transparent none;--_ga-zi-tablet:auto;--_ga-d-tablet:flex;--_ga-mw-tablet:calc(100% - 0 - 0);--_ga-m-mobile:0 0 0 0;--_ga-p-mobile:0 0 0 0;--_ga-bg-mobile:transparent none;--_ga-zi-mobile:auto;--_ga-d-mobile:flex;--_ga-mw-mobile:calc(100% - 0 - 0)\">\n<div class=\"wp-block-image\">\n<figure class=\"aligncenter size-large is-resized advgb-dyn-d718ae8f\"><img loading=\"lazy\" decoding=\"async\" width=\"720\" height=\"1024\" src=\"https:\/\/www.laresidenceabano.it\/wp-content\/uploads\/2023\/07\/Hotel-La-Residence-24-720x1024.jpg\" alt=\"\" class=\"wp-image-4484\" style=\"width:360px;height:512px\" srcset=\"https:\/\/www.laresidenceabano.it\/wp-content\/uploads\/2023\/07\/Hotel-La-Residence-24-720x1024.jpg 720w, https:\/\/www.laresidenceabano.it\/wp-content\/uploads\/2023\/07\/Hotel-La-Residence-24-211x300.jpg 211w, https:\/\/www.laresidenceabano.it\/wp-content\/uploads\/2023\/07\/Hotel-La-Residence-24-768x1092.jpg 768w, https:\/\/www.laresidenceabano.it\/wp-content\/uploads\/2023\/07\/Hotel-La-Residence-24-1080x1536.jpg 1080w, https:\/\/www.laresidenceabano.it\/wp-content\/uploads\/2023\/07\/Hotel-La-Residence-24.jpg 1266w\" sizes=\"auto, (max-width: 720px) 100vw, 720px\" \/><\/figure><\/div>\n<\/div>\n<\/div><\/div>\n\n<div  class=\"grids-section row-image-box-under grids-is-advanced alignfull\" style=\"--_gs-gap-desktop:0px 0px;--_gs-m-desktop:0 0 0 0;--_gs-p-desktop:0 0 0 0;--_gs-bg-desktop:transparent url(https:\/\/www.laresidenceabano.it\/wp-content\/uploads\/2023\/07\/Hotel-La-Residence-25.jpg) no-repeat 50% 50%  \/ cover;--_gs-bg-xp-desktop:0px;--_gs-zi-desktop:auto;--_gs-d-desktop:block;--_gs-mw-desktop:calc(100% - 0 - 0);--_gs-gap-tablet:0px 0px;--_gs-m-tablet:0 0 0 0;--_gs-p-tablet:0 0 0 0;--_gs-bg-tablet:transparent url(https:\/\/www.laresidenceabano.it\/wp-content\/uploads\/2023\/07\/Hotel-La-Residence-25.jpg) no-repeat 50% 50%  \/ cover;--_gs-bg-xp-tablet:0px;--_gs-zi-tablet:auto;--_gs-d-tablet:block;--_gs-mw-tablet:calc(100% - 0 - 0);--_gs-gap-mobile:0px 0px;--_gs-m-mobile:0 0 0 0;--_gs-p-mobile:0 0 0 0;--_gs-bg-mobile:transparent url(https:\/\/www.laresidenceabano.it\/wp-content\/uploads\/2023\/07\/Hotel-La-Residence-25.jpg) no-repeat 50% 50%  \/ cover;--_gs-bg-xp-mobile:0px;--_gs-zi-mobile:auto;--_gs-d-mobile:block;--_gs-mw-mobile:calc(100% - 0 - 0);--_gs-columns:12;--_gs-rows:6\"><div class=\"grids-s-w_i\">\n<div class=\"grids-area animated fadeInUp\" style=\"--_ga-column:3\/11;--_ga-row:3\/7;--_ga-m-desktop:0 0 0 0;--_ga-p-desktop:0 0 0 0;--_ga-bg-desktop:#f5faf4 none;--_ga-zi-desktop:auto;--_ga-d-desktop:flex;--_ga-mw-desktop:calc(100% - 0 - 0);--_ga-m-tablet:0 0 0 0;--_ga-p-tablet:0 0 0 0;--_ga-bg-tablet:#f5faf4 none;--_ga-zi-tablet:auto;--_ga-d-tablet:flex;--_ga-mw-tablet:calc(100% - 0 - 0);--_ga-m-mobile:0 0 0 0;--_ga-p-mobile:0 0 0 0;--_ga-bg-mobile:#f5faf4 none;--_ga-zi-mobile:auto;--_ga-d-mobile:flex;--_ga-mw-mobile:calc(100% - 0 - 0)\">\n\n<h3 class=\"wp-block-heading has-text-align-center has-text-color\" style=\"color:#6b9174\">ANERKANNTES THERMALZENTRUM DER ERSTEN KLASSE SUPER<\/h3>\n\n\n\n<p class=\"has-text-align-center has-text-color\" style=\"color:#6b9174\">Das Gesundheitsministerium hat die grundlegende therapeutische Rolle der <strong>Thermalkuren bei der Behandlung zahlreicher Erkrankungen<\/strong> anerkannt und das Hotel La Residence in die <strong>Erste Klasse Super f\u00fcr die Qualit\u00e4t der angebotenen Dienstleistungen<\/strong> eingestuft.<\/p>\n\n<\/div>\n<\/div><\/div>\n\n<div  class=\"grids-section row-image-box-under grids-is-advanced alignfull\" style=\"--_gs-gap-desktop:0px 0px;--_gs-m-desktop:0 0 0 0;--_gs-p-desktop:0 0 0 0;--_gs-bg-desktop:transparent url(https:\/\/www.laresidenceabano.it\/wp-content\/uploads\/2023\/07\/Hotel-La-Residence-25.jpg) no-repeat 50% 50%  \/ cover;--_gs-bg-xp-desktop:0px;--_gs-zi-desktop:auto;--_gs-d-desktop:block;--_gs-mw-desktop:calc(100% - 0 - 0);--_gs-gap-tablet:0px 0px;--_gs-m-tablet:0 0 0 0;--_gs-p-tablet:0 0 0 0;--_gs-bg-tablet:transparent url(https:\/\/www.laresidenceabano.it\/wp-content\/uploads\/2023\/07\/Hotel-La-Residence-25.jpg) no-repeat 50% 50%  \/ cover;--_gs-bg-xp-tablet:0px;--_gs-zi-tablet:auto;--_gs-d-tablet:block;--_gs-mw-tablet:calc(100% - 0 - 0);--_gs-gap-mobile:0px 0px;--_gs-m-mobile:0 0 0 0;--_gs-p-mobile:0 0 0 0;--_gs-bg-mobile:transparent url(https:\/\/www.laresidenceabano.it\/wp-content\/uploads\/2023\/07\/Hotel-La-Residence-25.jpg) no-repeat 50% 50%  \/ cover;--_gs-bg-xp-mobile:0px;--_gs-zi-mobile:auto;--_gs-d-mobile:block;--_gs-mw-mobile:calc(100% - 0 - 0);--_gs-columns:12;--_gs-rows:6\"><div class=\"grids-s-w_i\">\n<div class=\"grids-area animated fadeInUp\" style=\"--_ga-column:3\/11;--_ga-row:3\/7;--_ga-m-desktop:0 0 0 0;--_ga-p-desktop:0 0 0 0;--_ga-bg-desktop:#f5faf4 none;--_ga-zi-desktop:auto;--_ga-d-desktop:flex;--_ga-mw-desktop:calc(100% - 0 - 0);--_ga-m-tablet:0 0 0 0;--_ga-p-tablet:0 0 0 0;--_ga-bg-tablet:#f5faf4 none;--_ga-zi-tablet:auto;--_ga-d-tablet:flex;--_ga-mw-tablet:calc(100% - 0 - 0);--_ga-m-mobile:0 0 0 0;--_ga-p-mobile:0 0 0 0;--_ga-bg-mobile:#f5faf4 none;--_ga-zi-mobile:auto;--_ga-d-mobile:flex;--_ga-mw-mobile:calc(100% - 0 - 0)\">\n\n<h3 class=\"wp-block-heading has-text-align-center has-text-color\" style=\"color:#6b9174\">ANERKANNTES THERMALZENTRUM DER ERSTEN KLASSE SUPER<\/h3>\n\n\n\n<p class=\"has-text-align-center has-text-color\" style=\"color:#6b9174\">Das Gesundheitsministerium hat die grundlegende therapeutische Rolle der <strong>Thermalkuren bei der Behandlung zahlreicher Erkrankungen<\/strong> anerkannt und das Hotel La Residence in die <strong>Erste Klasse Super f\u00fcr die Qualit\u00e4t der angebotenen Dienstleistungen<\/strong> eingestuft.<\/p>\n\n<\/div>\n<\/div><\/div>\n\n<div  class=\"grids-section grids-is-advanced alignwide\" style=\"--_gs-gap-desktop:0px 0px;--_gs-m-desktop:0 0 0 0;--_gs-p-desktop:0 0 0 0;--_gs-bg-desktop:transparent none;--_gs-bg-xp-desktop:0px;--_gs-zi-desktop:auto;--_gs-d-desktop:block;--_gs-mw-desktop:calc(100% - 0 - 0);--_gs-gap-tablet:0px 0px;--_gs-m-tablet:0 0 0 0;--_gs-p-tablet:0 0 0 0;--_gs-bg-tablet:transparent none;--_gs-bg-xp-tablet:0px;--_gs-zi-tablet:auto;--_gs-d-tablet:block;--_gs-mw-tablet:calc(100% - 0 - 0);--_gs-gap-mobile:0px 0px;--_gs-m-mobile:0 0 0 0;--_gs-p-mobile:0 0 0 0;--_gs-bg-mobile:transparent none;--_gs-bg-xp-mobile:0px;--_gs-zi-mobile:auto;--_gs-d-mobile:block;--_gs-mw-mobile:calc(100% - 0 - 0);--_gs-columns:12;--_gs-rows:6\"><div class=\"grids-s-w_i\">\n<div class=\"grids-area\" style=\"--_ga-column:2\/12;--_ga-row:1\/2;--_ga-m-desktop:0 0 0 0;--_ga-p-desktop:0 0 0 0;--_ga-bg-desktop:transparent none;--_ga-zi-desktop:auto;--_ga-d-desktop:flex;--_ga-mw-desktop:calc(100% - 0 - 0);--_ga-m-tablet:0 0 0 0;--_ga-p-tablet:0 0 0 0;--_ga-bg-tablet:transparent none;--_ga-zi-tablet:auto;--_ga-d-tablet:flex;--_ga-mw-tablet:calc(100% - 0 - 0);--_ga-m-mobile:0 0 0 0;--_ga-p-mobile:0 0 0 0;--_ga-bg-mobile:transparent none;--_ga-zi-mobile:auto;--_ga-d-mobile:flex;--_ga-mw-mobile:calc(100% - 0 - 0)\">\n\n<h2 class=\"wp-block-heading has-text-align-center\">Die Behandlungen und die jeweiligen Erkrankungen, die mit einer Thermalkur behandelt werden k\u00f6nnen<\/h2>\n\n<\/div>\n\n<div class=\"grids-area\" style=\"--_ga-column:2\/7;--_ga-row:2\/6;--_ga-m-desktop:0 0 0 0;--_ga-p-desktop:0 0 0 0;--_ga-bg-desktop:transparent none;--_ga-zi-desktop:auto;--_ga-d-desktop:flex;--_ga-mw-desktop:calc(100% - 0 - 0);--_ga-m-tablet:0 0 0 0;--_ga-p-tablet:0 0 0 0;--_ga-bg-tablet:transparent none;--_ga-zi-tablet:auto;--_ga-d-tablet:flex;--_ga-mw-tablet:calc(100% - 0 - 0);--_ga-m-mobile:0 0 0 0;--_ga-p-mobile:0 0 0 0;--_ga-bg-mobile:transparent none;--_ga-zi-mobile:auto;--_ga-d-mobile:flex;--_ga-mw-mobile:calc(100% - 0 - 0)\">\n\n<h3 class=\"wp-block-heading\">Schlamm-Balneotherapie<\/h3>\n\n\n\n<ul class=\"wp-block-list\">\n<li>Osteoarthrose und andere degenerative Formen einschlie\u00dflich<\/li>\n\n\n\n<li>Diffuse Arthrose, Zervikalarthrose, Lendenwirbelarthrose, Arthrose der Gliedma\u00dfen<\/li>\n<\/ul>\n\n\n\n<ul class=\"wp-block-list\">\n<li>Folgen von Gelenkrheumatismus<\/li>\n\n\n\n<li>Osteoporose und andere degenerative Formen<\/li>\n\n\n\n<li>Periarthritis<\/li>\n\n\n\n<li>Nackenschmerzen rheumatischen Ursprungs<\/li>\n\n\n\n<li>Extraartikul\u00e4re rheumatische Formen <\/li>\n<\/ul>\n\n<\/div>\n\n<div class=\"grids-area\" style=\"--_ga-column:7\/12;--_ga-row:2\/6;--_ga-m-desktop:0 0 0 0;--_ga-p-desktop:0 0 0 0;--_ga-bg-desktop:transparent none;--_ga-zi-desktop:auto;--_ga-d-desktop:flex;--_ga-mw-desktop:calc(100% - 0 - 0);--_ga-m-tablet:0 0 0 0;--_ga-p-tablet:0 0 0 0;--_ga-bg-tablet:transparent none;--_ga-zi-tablet:auto;--_ga-d-tablet:flex;--_ga-mw-tablet:calc(100% - 0 - 0);--_ga-m-mobile:0 0 0 0;--_ga-p-mobile:0 0 0 0;--_ga-bg-mobile:transparent none;--_ga-zi-mobile:auto;--_ga-d-mobile:flex;--_ga-mw-mobile:calc(100% - 0 - 0)\">\n\n<h3 class=\"wp-block-heading\">Inhalationen + Aerosole<\/h3>\n\n\n\n<ul class=\"wp-block-list\">\n<li>Bronchitis<\/li>\n\n\n\n<li>Nasenerkrankungen<\/li>\n\n\n\n<li>Rachenentz\u00fcndung<\/li>\n\n\n\n<li>Kehlkopfentz\u00fcndung<\/li>\n\n\n\n<li>Nasennebenh\u00f6hlenentz\u00fcndung<\/li>\n<\/ul>\n\n<\/div>\n\n<div class=\"grids-area\" style=\"--_ga-column:2\/12;--_ga-row:6\/7;--_ga-m-desktop:0 0 0 0;--_ga-p-desktop:0 0 0 0;--_ga-bg-desktop:transparent none;--_ga-zi-desktop:auto;--_ga-d-desktop:flex;--_ga-mw-desktop:calc(100% - 0 - 0);--_ga-m-tablet:0 0 0 0;--_ga-p-tablet:0 0 0 0;--_ga-bg-tablet:transparent none;--_ga-zi-tablet:auto;--_ga-d-tablet:flex;--_ga-mw-tablet:calc(100% - 0 - 0);--_ga-m-mobile:0 0 0 0;--_ga-p-mobile:0 0 0 0;--_ga-bg-mobile:transparent none;--_ga-zi-mobile:auto;--_ga-d-mobile:flex;--_ga-mw-mobile:calc(100% - 0 - 0)\">\n\n<div style=\"height:50px\" aria-hidden=\"true\" class=\"wp-block-spacer\"><\/div>\n\n<\/div>\n<\/div><\/div>\n\n\n<div style=\"height:50px\" aria-hidden=\"true\" class=\"wp-block-spacer\"><\/div>\n\n\n<div  class=\"grids-section grids-is-advanced alignwide\" style=\"--_gs-gap-desktop:0px 0px;--_gs-m-desktop:0 0 0 0;--_gs-p-desktop:0 0 0 0;--_gs-bg-desktop:transparent none;--_gs-bg-xp-desktop:0px;--_gs-zi-desktop:auto;--_gs-d-desktop:block;--_gs-mw-desktop:calc(100% - 0 - 0);--_gs-gap-tablet:0px 0px;--_gs-m-tablet:0 0 0 0;--_gs-p-tablet:0 0 0 0;--_gs-bg-tablet:transparent none;--_gs-bg-xp-tablet:0px;--_gs-zi-tablet:auto;--_gs-d-tablet:block;--_gs-mw-tablet:calc(100% - 0 - 0);--_gs-gap-mobile:0px 0px;--_gs-m-mobile:0 0 0 0;--_gs-p-mobile:0 0 0 0;--_gs-bg-mobile:transparent none;--_gs-bg-xp-mobile:0px;--_gs-zi-mobile:auto;--_gs-d-mobile:block;--_gs-mw-mobile:calc(100% - 0 - 0);--_gs-columns:12;--_gs-rows:6\"><div class=\"grids-s-w_i\">\n<div class=\"grids-area animated fadeInRight\" style=\"--_ga-column:7\/12;--_ga-row:2\/6;--_ga-va:center;--_ga-m-desktop:0 0 0 0;--_ga-p-desktop:0 0 0 0;--_ga-bg-desktop:transparent none;--_ga-zi-desktop:auto;--_ga-d-desktop:flex;--_ga-mw-desktop:calc(100% - 0 - 0);--_ga-m-tablet:0 0 0 0;--_ga-p-tablet:0 0 0 0;--_ga-bg-tablet:transparent none;--_ga-zi-tablet:auto;--_ga-d-tablet:flex;--_ga-mw-tablet:calc(100% - 0 - 0);--_ga-m-mobile:0 0 0 0;--_ga-p-mobile:0 0 25px 0;--_ga-bg-mobile:transparent none;--_ga-zi-mobile:auto;--_ga-d-mobile:flex;--_ga-mw-mobile:calc(100% - 0 - 0)\">\n\n<h3 class=\"wp-block-heading\"><strong>Medizinische Leitung: <\/strong>\n<strong>Dott. Maurizio Grassetto<\/strong><\/h3>\n\n\n\n<p class=\"has-text-color\" style=\"color:#b7cbb8\">\u00c4rztliche Beratung online<\/p>\n\n\n\n<p>Wenden Sie sich an unser \u00c4rzteteam f\u00fcr ein ma\u00dfgeschneidertes Programm.<\/p>\n\n\n\n<hr class=\"wp-block-separator has-alpha-channel-opacity\"\/>\n\n\n\n<div class=\"wp-block-buttons is-layout-flex wp-block-buttons-is-layout-flex\">\n<div class=\"wp-block-button\"><a class=\"wp-block-button__link wp-element-button\" href=\"https:\/\/www.laresidenceabano.it\/de\/kontakt\/\">KONTAKTIEREN SIE DEN ARZT<\/a><\/div>\n<\/div>\n\n<\/div>\n\n<div class=\"grids-area animated fadeInLeft\" style=\"--_ga-column:2\/7;--_ga-row:2\/6;--_ga-va:center;--_ga-m-desktop:0 0 0 0;--_ga-p-desktop:0 0 0 0;--_ga-bg-desktop:transparent none;--_ga-zi-desktop:auto;--_ga-d-desktop:flex;--_ga-mw-desktop:calc(100% - 0 - 0);--_ga-m-tablet:0 0 0 0;--_ga-p-tablet:0 0 0 0;--_ga-bg-tablet:transparent none;--_ga-zi-tablet:auto;--_ga-d-tablet:flex;--_ga-mw-tablet:calc(100% - 0 - 0);--_ga-m-mobile:0 0 0 0;--_ga-p-mobile:0 0 0 0;--_ga-bg-mobile:transparent none;--_ga-zi-mobile:auto;--_ga-d-mobile:flex;--_ga-mw-mobile:calc(100% - 0 - 0)\">\n<div class=\"wp-block-image\">\n<figure class=\"aligncenter size-large is-resized advgb-dyn-3e2413b6\"><img loading=\"lazy\" decoding=\"async\" width=\"683\" height=\"1024\" src=\"https:\/\/www.laresidenceabano.it\/wp-content\/uploads\/2023\/07\/Hotel-La-Residence-dottore-22-683x1024.jpg\" alt=\"\" class=\"wp-image-3102\" style=\"width:342px;height:512px\" srcset=\"https:\/\/www.laresidenceabano.it\/wp-content\/uploads\/2023\/07\/Hotel-La-Residence-dottore-22-683x1024.jpg 683w, https:\/\/www.laresidenceabano.it\/wp-content\/uploads\/2023\/07\/Hotel-La-Residence-dottore-22-200x300.jpg 200w, https:\/\/www.laresidenceabano.it\/wp-content\/uploads\/2023\/07\/Hotel-La-Residence-dottore-22-768x1151.jpg 768w, https:\/\/www.laresidenceabano.it\/wp-content\/uploads\/2023\/07\/Hotel-La-Residence-dottore-22-1025x1536.jpg 1025w, https:\/\/www.laresidenceabano.it\/wp-content\/uploads\/2023\/07\/Hotel-La-Residence-dottore-22.jpg 1201w\" sizes=\"auto, (max-width: 683px) 100vw, 683px\" \/><\/figure><\/div>\n<\/div>\n<\/div><\/div>\n\n<div  class=\"grids-section row-text-gallery grids-is-advanced alignwide\" style=\"--_gs-gap-desktop:0px 0px;--_gs-m-desktop:0 0 0 0;--_gs-p-desktop:0 0 0 0;--_gs-bg-desktop:transparent none;--_gs-bg-xp-desktop:0px;--_gs-zi-desktop:auto;--_gs-d-desktop:block;--_gs-mw-desktop:calc(100% - 0 - 0);--_gs-gap-tablet:0px 0px;--_gs-m-tablet:0 0 0 0;--_gs-p-tablet:0 0 0 0;--_gs-bg-tablet:transparent none;--_gs-bg-xp-tablet:0px;--_gs-zi-tablet:auto;--_gs-d-tablet:block;--_gs-mw-tablet:calc(100% - 0 - 0);--_gs-gap-mobile:0px 0px;--_gs-m-mobile:0 0 0 0;--_gs-p-mobile:0 0 0 0;--_gs-bg-mobile:transparent none;--_gs-bg-xp-mobile:0px;--_gs-zi-mobile:auto;--_gs-d-mobile:block;--_gs-mw-mobile:calc(100% - 0 - 0);--_gs-columns:12;--_gs-rows:6\"><div class=\"grids-s-w_i\">\n<div class=\"grids-area animated fadeInRight\" style=\"--_ga-column:8\/13;--_ga-row:1\/7;--_ga-va:center;--_ga-m-desktop:0 0 0 0;--_ga-p-desktop:0 0 0 0;--_ga-bg-desktop:transparent none;--_ga-zi-desktop:auto;--_ga-d-desktop:flex;--_ga-mw-desktop:calc(100% - 0 - 0);--_ga-m-tablet:0 0 0 0;--_ga-p-tablet:0 0 0 0;--_ga-bg-tablet:transparent none;--_ga-zi-tablet:auto;--_ga-d-tablet:flex;--_ga-mw-tablet:calc(100% - 0 - 0);--_ga-m-mobile:0 0 0 0;--_ga-p-mobile:0 0 25px 0;--_ga-bg-mobile:transparent none;--_ga-zi-mobile:auto;--_ga-d-mobile:flex;--_ga-mw-mobile:calc(100% - 0 - 0)\">\n\n<h3 class=\"wp-block-heading has-text-color\" style=\"color:#b7cbb8\">WOHLBEFINDEN-RITUALE<\/h3>\n\n\n\n<hr class=\"wp-block-separator has-alpha-channel-opacity\"\/>\n\n\n\n<p>G\u00f6nnen Sie sich den Luxus eines Moments puren Vergn\u00fcgens und Entspannung mit einem unserer Wellness-Rituale in den Terme di Abano.<\/p>\n\n\n\n<div class=\"wp-block-buttons is-layout-flex wp-block-buttons-is-layout-flex\">\n<div class=\"wp-block-button\"><a class=\"wp-block-button__link wp-element-button\" href=\"https:\/\/www.laresidenceabano.it\/de\/unsere-wohlfuehl-rituale\/\">EIN MOMENT GANZ F\u00dcR SIE<\/a><\/div>\n<\/div>\n\n<\/div>\n\n<div class=\"grids-area animated fadeInLeft\" style=\"--_ga-column:1\/7;--_ga-row:1\/7;--_ga-va:center;--_ga-m-desktop:0 0 0 0;--_ga-p-desktop:0 0 0 0;--_ga-bg-desktop:transparent none;--_ga-zi-desktop:auto;--_ga-d-desktop:flex;--_ga-mw-desktop:calc(100% - 0 - 0);--_ga-m-tablet:0 0 0 0;--_ga-p-tablet:0 0 0 0;--_ga-bg-tablet:transparent none;--_ga-zi-tablet:auto;--_ga-d-tablet:flex;--_ga-mw-tablet:calc(100% - 0 - 0);--_ga-m-mobile:0 0 0 0;--_ga-p-mobile:0 0 0 0;--_ga-bg-mobile:transparent none;--_ga-zi-mobile:auto;--_ga-d-mobile:flex;--_ga-mw-mobile:calc(100% - 0 - 0)\">\n<div class=\"wp-block-image is-resized\">\n<figure class=\"aligncenter size-full\"><img loading=\"lazy\" decoding=\"async\" width=\"800\" height=\"350\" src=\"https:\/\/www.laresidenceabano.it\/wp-content\/uploads\/2023\/07\/Spa7-e-relax.jpg\" alt=\"\" class=\"wp-image-4066\" srcset=\"https:\/\/www.laresidenceabano.it\/wp-content\/uploads\/2023\/07\/Spa7-e-relax.jpg 800w, https:\/\/www.laresidenceabano.it\/wp-content\/uploads\/2023\/07\/Spa7-e-relax-300x131.jpg 300w, https:\/\/www.laresidenceabano.it\/wp-content\/uploads\/2023\/07\/Spa7-e-relax-768x336.jpg 768w\" sizes=\"auto, (max-width: 800px) 100vw, 800px\" \/><\/figure><\/div>\n<\/div>\n<\/div><\/div>\n\n<div  class=\"grids-section row-text-gallery grids-is-advanced alignwide\" style=\"--_gs-gap-desktop:0px 0px;--_gs-m-desktop:0 0 0 0;--_gs-p-desktop:0 0 0 0;--_gs-bg-desktop:transparent none;--_gs-bg-xp-desktop:0px;--_gs-zi-desktop:auto;--_gs-d-desktop:block;--_gs-mw-desktop:calc(100% - 0 - 0);--_gs-gap-tablet:0px 0px;--_gs-m-tablet:0 0 0 0;--_gs-p-tablet:0 0 0 0;--_gs-bg-tablet:transparent none;--_gs-bg-xp-tablet:0px;--_gs-zi-tablet:auto;--_gs-d-tablet:block;--_gs-mw-tablet:calc(100% - 0 - 0);--_gs-gap-mobile:0px 0px;--_gs-m-mobile:0 0 0 0;--_gs-p-mobile:0 0 0 0;--_gs-bg-mobile:transparent none;--_gs-bg-xp-mobile:0px;--_gs-zi-mobile:auto;--_gs-d-mobile:block;--_gs-mw-mobile:calc(100% - 0 - 0);--_gs-columns:12;--_gs-rows:6\"><div class=\"grids-s-w_i\">\n<div class=\"grids-area animated fadeInLeft\" style=\"--_ga-column:1\/6;--_ga-row:1\/7;--_ga-va:center;--_ga-m-desktop:0 0 0 0;--_ga-p-desktop:0 0 0 0;--_ga-bg-desktop:transparent none;--_ga-zi-desktop:auto;--_ga-d-desktop:flex;--_ga-mw-desktop:calc(100% - 0 - 0);--_ga-m-tablet:0 0 0 0;--_ga-p-tablet:0 0 0 0;--_ga-bg-tablet:transparent none;--_ga-zi-tablet:auto;--_ga-d-tablet:flex;--_ga-mw-tablet:calc(100% - 0 - 0);--_ga-m-mobile:0 0 0 0;--_ga-p-mobile:0 0 25px 0;--_ga-bg-mobile:transparent none;--_ga-zi-mobile:auto;--_ga-d-mobile:flex;--_ga-mw-mobile:calc(100% - 0 - 0)\">\n\n<h3 class=\"wp-block-heading has-text-color\" style=\"color:#b7cbb8;font-size:26px\">EXKLUSIVE SPA-BEHANDLUNGEN<\/h3>\n\n\n\n<hr class=\"wp-block-separator has-alpha-channel-opacity\"\/>\n\n\n\n<p>G\u00f6nnen Sie sich eine Gesichts- und K\u00f6rperbehandlung mit unseren Spa-Produkten f\u00fcr strahlende und regenerierte Haut. Nutzen Sie unsere Spa-Angebote, um f\u00fcr Ihr Wohlbefinden zu sorgen.<\/p>\n\n\n\n<div class=\"wp-block-buttons is-layout-flex wp-block-buttons-is-layout-flex\">\n<div class=\"wp-block-button\"><a class=\"wp-block-button__link wp-element-button\" href=\"https:\/\/www.laresidenceabano.it\/de\/gesichtsbehandlungen\/\">GESICHTSBEHANDLUNGEN<\/a><\/div>\n<\/div>\n\n\n\n<div style=\"height:10px\" aria-hidden=\"true\" class=\"wp-block-spacer\"><\/div>\n\n\n\n<div class=\"wp-block-buttons is-layout-flex wp-block-buttons-is-layout-flex\">\n<div class=\"wp-block-button\"><a class=\"wp-block-button__link wp-element-button\" href=\"https:\/\/www.laresidenceabano.it\/de\/behandlungen-fuer-den-koerper\/\">K\u00d6RPERBEHANDLUNGEN<\/a><\/div>\n<\/div>\n\n<\/div>\n\n<div class=\"grids-area animated fadeInRight\" style=\"--_ga-column:7\/13;--_ga-row:1\/7;--_ga-va:center;--_ga-m-desktop:0 0 0 0;--_ga-p-desktop:0 0 0 0;--_ga-bg-desktop:transparent none;--_ga-zi-desktop:auto;--_ga-d-desktop:flex;--_ga-mw-desktop:calc(100% - 0 - 0);--_ga-m-tablet:0 0 0 0;--_ga-p-tablet:0 0 0 0;--_ga-bg-tablet:transparent none;--_ga-zi-tablet:auto;--_ga-d-tablet:flex;--_ga-mw-tablet:calc(100% - 0 - 0);--_ga-m-mobile:0 0 0 0;--_ga-p-mobile:0 0 0 0;--_ga-bg-mobile:transparent none;--_ga-zi-mobile:auto;--_ga-d-mobile:flex;--_ga-mw-mobile:calc(100% - 0 - 0)\">\n\n<figure class=\"wp-block-image size-large\"><img loading=\"lazy\" decoding=\"async\" width=\"1024\" height=\"683\" src=\"https:\/\/www.laresidenceabano.it\/wp-content\/uploads\/2023\/07\/Hotel-La-Residence-spa-169-1024x683.jpg\" alt=\"Hotel-La-Residence-spa-trattamento-al-viso\" class=\"wp-image-3762\" srcset=\"https:\/\/www.laresidenceabano.it\/wp-content\/uploads\/2023\/07\/Hotel-La-Residence-spa-169-1024x683.jpg 1024w, https:\/\/www.laresidenceabano.it\/wp-content\/uploads\/2023\/07\/Hotel-La-Residence-spa-169-300x200.jpg 300w, https:\/\/www.laresidenceabano.it\/wp-content\/uploads\/2023\/07\/Hotel-La-Residence-spa-169-768x512.jpg 768w, https:\/\/www.laresidenceabano.it\/wp-content\/uploads\/2023\/07\/Hotel-La-Residence-spa-169-1536x1024.jpg 1536w, https:\/\/www.laresidenceabano.it\/wp-content\/uploads\/2023\/07\/Hotel-La-Residence-spa-169-1568x1045.jpg 1568w, https:\/\/www.laresidenceabano.it\/wp-content\/uploads\/2023\/07\/Hotel-La-Residence-spa-169.jpg 1800w\" sizes=\"auto, (max-width: 1024px) 100vw, 1024px\" \/><\/figure>\n\n<\/div>\n<\/div><\/div>\n\n<div  class=\"grids-section row-text-gallery grids-is-advanced alignwide\" style=\"--_gs-gap-desktop:0px 0px;--_gs-m-desktop:0 0 0 0;--_gs-p-desktop:0 0 0 0;--_gs-bg-desktop:transparent none;--_gs-bg-xp-desktop:0px;--_gs-zi-desktop:auto;--_gs-d-desktop:block;--_gs-mw-desktop:calc(100% - 0 - 0);--_gs-gap-tablet:0px 0px;--_gs-m-tablet:0 0 0 0;--_gs-p-tablet:0 0 0 0;--_gs-bg-tablet:transparent none;--_gs-bg-xp-tablet:0px;--_gs-zi-tablet:auto;--_gs-d-tablet:block;--_gs-mw-tablet:calc(100% - 0 - 0);--_gs-gap-mobile:0px 0px;--_gs-m-mobile:0 0 0 0;--_gs-p-mobile:0 0 0 0;--_gs-bg-mobile:transparent none;--_gs-bg-xp-mobile:0px;--_gs-zi-mobile:auto;--_gs-d-mobile:block;--_gs-mw-mobile:calc(100% - 0 - 0);--_gs-columns:12;--_gs-rows:6\"><div class=\"grids-s-w_i\">\n<div class=\"grids-area animated fadeInRight\" style=\"--_ga-column:8\/13;--_ga-row:1\/7;--_ga-va:center;--_ga-m-desktop:0 0 0 0;--_ga-p-desktop:0 0 0 0;--_ga-bg-desktop:transparent none;--_ga-zi-desktop:auto;--_ga-d-desktop:flex;--_ga-mw-desktop:calc(100% - 0 - 0);--_ga-m-tablet:0 0 0 0;--_ga-p-tablet:0 0 0 0;--_ga-bg-tablet:transparent none;--_ga-zi-tablet:auto;--_ga-d-tablet:flex;--_ga-mw-tablet:calc(100% - 0 - 0);--_ga-m-mobile:0 0 0 0;--_ga-p-mobile:0 0 25px 0;--_ga-bg-mobile:transparent none;--_ga-zi-mobile:auto;--_ga-d-mobile:flex;--_ga-mw-mobile:calc(100% - 0 - 0)\">\n\n<h3 class=\"wp-block-heading has-text-color\" style=\"color:#b7cbb8\">INHALATIONSKUREN<\/h3>\n\n\n\n<hr class=\"wp-block-separator has-alpha-channel-opacity\"\/>\n\n\n\n<p>Das Hotel La Residence verf\u00fcgt \u00fcber eine eigene Abteilung f\u00fcr die Behandlung von Erkrankungen der oberen und unteren Atemwege. <\/p>\n\n\n\n<div class=\"wp-block-buttons is-layout-flex wp-block-buttons-is-layout-flex\">\n<div class=\"wp-block-button\"><a class=\"wp-block-button__link wp-element-button\" href=\"https:\/\/www.laresidenceabano.it\/de\/inhalationskuren-mit-thermalwasser\/\">ENTDECKEN SIE MEHR<\/a><\/div>\n<\/div>\n\n<\/div>\n\n<div class=\"grids-area animated fadeInLeft\" style=\"--_ga-column:1\/7;--_ga-row:1\/7;--_ga-va:center;--_ga-m-desktop:0 0 0 0;--_ga-p-desktop:0 0 0 0;--_ga-bg-desktop:transparent none;--_ga-zi-desktop:auto;--_ga-d-desktop:flex;--_ga-mw-desktop:calc(100% - 0 - 0);--_ga-m-tablet:0 0 0 0;--_ga-p-tablet:0 0 0 0;--_ga-bg-tablet:transparent none;--_ga-zi-tablet:auto;--_ga-d-tablet:flex;--_ga-mw-tablet:calc(100% - 0 - 0);--_ga-m-mobile:0 0 0 0;--_ga-p-mobile:0 0 0 0;--_ga-bg-mobile:transparent none;--_ga-zi-mobile:auto;--_ga-d-mobile:flex;--_ga-mw-mobile:calc(100% - 0 - 0)\">\n<div class=\"wp-block-image\">\n<figure class=\"aligncenter size-large is-resized advgb-dyn-d718ae8f\"><img loading=\"lazy\" decoding=\"async\" width=\"720\" height=\"1024\" src=\"https:\/\/www.laresidenceabano.it\/wp-content\/uploads\/2023\/07\/Hotel-La-Residence-24-720x1024.jpg\" alt=\"\" class=\"wp-image-4484\" style=\"width:360px;height:512px\" srcset=\"https:\/\/www.laresidenceabano.it\/wp-content\/uploads\/2023\/07\/Hotel-La-Residence-24-720x1024.jpg 720w, https:\/\/www.laresidenceabano.it\/wp-content\/uploads\/2023\/07\/Hotel-La-Residence-24-211x300.jpg 211w, https:\/\/www.laresidenceabano.it\/wp-content\/uploads\/2023\/07\/Hotel-La-Residence-24-768x1092.jpg 768w, https:\/\/www.laresidenceabano.it\/wp-content\/uploads\/2023\/07\/Hotel-La-Residence-24-1080x1536.jpg 1080w, https:\/\/www.laresidenceabano.it\/wp-content\/uploads\/2023\/07\/Hotel-La-Residence-24.jpg 1266w\" sizes=\"auto, (max-width: 720px) 100vw, 720px\" \/><\/figure><\/div>\n<\/div>\n<\/div><\/div>\n\n<div  class=\"grids-section row-image-box-under grids-is-advanced alignfull\" style=\"--_gs-gap-desktop:0px 0px;--_gs-m-desktop:0 0 0 0;--_gs-p-desktop:0 0 0 0;--_gs-bg-desktop:transparent url(https:\/\/www.laresidenceabano.it\/wp-content\/uploads\/2023\/07\/fango-forma.jpg) no-repeat 50% 50%  \/ cover;--_gs-bg-xp-desktop:0px;--_gs-zi-desktop:auto;--_gs-d-desktop:block;--_gs-mw-desktop:calc(100% - 0 - 0);--_gs-gap-tablet:0px 0px;--_gs-m-tablet:0 0 0 0;--_gs-p-tablet:0 0 0 0;--_gs-bg-tablet:transparent url(https:\/\/www.laresidenceabano.it\/wp-content\/uploads\/2023\/07\/fango-forma.jpg) no-repeat 50% 50%  \/ cover;--_gs-bg-xp-tablet:0px;--_gs-zi-tablet:auto;--_gs-d-tablet:block;--_gs-mw-tablet:calc(100% - 0 - 0);--_gs-gap-mobile:0px 0px;--_gs-m-mobile:0 0 0 0;--_gs-p-mobile:0 0 0 0;--_gs-bg-mobile:transparent url(https:\/\/www.laresidenceabano.it\/wp-content\/uploads\/2023\/07\/fango-forma.jpg) no-repeat 50% 50%  \/ cover;--_gs-bg-xp-mobile:0px;--_gs-zi-mobile:auto;--_gs-d-mobile:block;--_gs-mw-mobile:calc(100% - 0 - 0);--_gs-columns:12;--_gs-rows:6\"><div class=\"grids-s-w_i\">\n<div class=\"grids-area animated fadeInUp\" style=\"--_ga-column:3\/11;--_ga-row:3\/7;--_ga-m-desktop:0 0 0 0;--_ga-p-desktop:0 0 0 0;--_ga-bg-desktop:#f5faf4 none;--_ga-zi-desktop:auto;--_ga-d-desktop:flex;--_ga-mw-desktop:calc(100% - 0 - 0);--_ga-m-tablet:0 0 0 0;--_ga-p-tablet:0 0 0 0;--_ga-bg-tablet:#f5faf4 none;--_ga-zi-tablet:auto;--_ga-d-tablet:flex;--_ga-mw-tablet:calc(100% - 0 - 0);--_ga-m-mobile:0 0 0 0;--_ga-p-mobile:0 0 0 0;--_ga-bg-mobile:#f5faf4 none;--_ga-zi-mobile:auto;--_ga-d-mobile:flex;--_ga-mw-mobile:calc(100% - 0 - 0)\">\n\n<h3 class=\"wp-block-heading has-text-align-center has-text-color\" style=\"color:#6b9174\">SPEZIALISIERTE BERATUNG<\/h3>\n\n\n\n<p class=\"has-text-align-center\"><mark style=\"background-color:rgba(0, 0, 0, 0);color:#6b9174\" class=\"has-inline-color\">Buchen Sie jetzt Ihr Erlebnis in den Terme di Abano und g\u00f6nnen Sie sich einen Moment v\u00f6lliger Entspannung und Regeneration. Kommen Sie und entdecken Sie das Vergn\u00fcgen wahren Wohlbefindens in den Terme di Abano.<\/mark><\/p>\n\n\n\n<p class=\"has-text-align-center\"><mark style=\"background-color:rgba(0, 0, 0, 0);color:#6b9174\" class=\"has-inline-color\">Ihr K\u00f6rper und Geist werden es Ihnen danken.<\/mark><\/p>\n\n\n\n<div class=\"wp-block-buttons is-content-justification-center is-layout-flex wp-container-core-buttons-is-layout-16018d1d wp-block-buttons-is-layout-flex\">\n<div class=\"wp-block-button\"><a class=\"wp-block-button__link wp-element-button\" href=\"https:\/\/www.laresidenceabano.it\/de\/kontakt\/\">BUCHEN SIE IHRE SPA-BEHANDLUNG<\/a><\/div>\n<\/div>\n\n<\/div>\n<\/div><\/div>\n\n\n<div style=\"height:50px\" aria-hidden=\"true\" class=\"wp-block-spacer\"><\/div>\n\n\n<div  class=\"grids-section grids-is-advanced alignwide\" style=\"--_gs-gap-desktop:0px 0px;--_gs-m-desktop:0 0 0 0;--_gs-p-desktop:0 0 0 0;--_gs-bg-desktop:transparent none;--_gs-bg-xp-desktop:0px;--_gs-zi-desktop:auto;--_gs-d-desktop:block;--_gs-mw-desktop:calc(100% - 0 - 0);--_gs-gap-tablet:0px 0px;--_gs-m-tablet:0 0 0 0;--_gs-p-tablet:0 0 0 0;--_gs-bg-tablet:transparent none;--_gs-bg-xp-tablet:0px;--_gs-zi-tablet:auto;--_gs-d-tablet:block;--_gs-mw-tablet:calc(100% - 0 - 0);--_gs-gap-mobile:0px 0px;--_gs-m-mobile:0 0 0 0;--_gs-p-mobile:0 0 0 0;--_gs-bg-mobile:transparent none;--_gs-bg-xp-mobile:0px;--_gs-zi-mobile:auto;--_gs-d-mobile:block;--_gs-mw-mobile:calc(100% - 0 - 0);--_gs-columns:12;--_gs-rows:6\"><div class=\"grids-s-w_i\">\n<div class=\"grids-area\" style=\"--_ga-column:2\/12;--_ga-row:1\/2;--_ga-m-desktop:0 0 0 0;--_ga-p-desktop:0 0 0 0;--_ga-bg-desktop:transparent none;--_ga-zi-desktop:auto;--_ga-d-desktop:flex;--_ga-mw-desktop:calc(100% - 0 - 0);--_ga-m-tablet:0 0 0 0;--_ga-p-tablet:0 0 0 0;--_ga-bg-tablet:transparent none;--_ga-zi-tablet:auto;--_ga-d-tablet:flex;--_ga-mw-tablet:calc(100% - 0 - 0);--_ga-m-mobile:0 0 0 0;--_ga-p-mobile:0 0 0 0;--_ga-bg-mobile:transparent none;--_ga-zi-mobile:auto;--_ga-d-mobile:flex;--_ga-mw-mobile:calc(100% - 0 - 0)\">\n\n<h2 class=\"wp-block-heading has-text-align-center\">Warum sollten Sie sich f\u00fcr das Hotel La Residence in Abano Terme entscheiden?<\/h2>\n\n\n\n<p class=\"has-text-align-center\">Die Terme di Abano bieten eine einzigartige Kombination aus <strong>Spa-Tradition, Luxus und Komfort und garantieren ein unvergleichliches Entspannungserlebnis.<\/strong><\/p>\n\n\n\n<p class=\"has-text-align-center\">Mit unserem wertvollen Thermalwasser, <strong>personalisierten Spa-Behandlungen und regenerierenden Umgebungen<\/strong> ist das Hotel La Residence der ideale Ort, um K\u00f6rper und Geist zu regenerieren und das Vergn\u00fcgen wahren Wohlbefindens wiederzuentdecken.<\/p>\n\n<\/div>\n<\/div><\/div>\n\n<div  class=\"grids-section grids-is-advanced alignwide\" style=\"--_gs-gap-desktop:0px 0px;--_gs-m-desktop:0 0 0 0;--_gs-p-desktop:0 0 0 0;--_gs-bg-desktop:transparent none;--_gs-bg-xp-desktop:0px;--_gs-zi-desktop:auto;--_gs-d-desktop:block;--_gs-mw-desktop:calc(100% - 0 - 0);--_gs-gap-tablet:0px 0px;--_gs-m-tablet:0 0 0 0;--_gs-p-tablet:0 0 0 0;--_gs-bg-tablet:transparent none;--_gs-bg-xp-tablet:0px;--_gs-zi-tablet:auto;--_gs-d-tablet:block;--_gs-mw-tablet:calc(100% - 0 - 0);--_gs-gap-mobile:0px 0px;--_gs-m-mobile:0 0 0 0;--_gs-p-mobile:0 0 0 0;--_gs-bg-mobile:transparent none;--_gs-bg-xp-mobile:0px;--_gs-zi-mobile:auto;--_gs-d-mobile:block;--_gs-mw-mobile:calc(100% - 0 - 0);--_gs-columns:12;--_gs-rows:6\"><div class=\"grids-s-w_i\">\n<div class=\"grids-area\" style=\"--_ga-column:1\/13;--_ga-row:1\/7;--_ga-m-desktop:0 0 0 0;--_ga-p-desktop:0 0 0 0;--_ga-bg-desktop:transparent none;--_ga-zi-desktop:auto;--_ga-d-desktop:flex;--_ga-mw-desktop:calc(100% - 0 - 0);--_ga-m-tablet:0 0 0 0;--_ga-p-tablet:0 0 0 0;--_ga-bg-tablet:transparent none;--_ga-zi-tablet:auto;--_ga-d-tablet:flex;--_ga-mw-tablet:calc(100% - 0 - 0);--_ga-m-mobile:0 0 0 0;--_ga-p-mobile:0 0 0 0;--_ga-bg-mobile:transparent none;--_ga-zi-mobile:auto;--_ga-d-mobile:flex;--_ga-mw-mobile:calc(100% - 0 - 0)\">\n\n<h3 class=\"wp-block-heading has-text-align-center\">UNSERE UNVERGLEICHLICHEN ANGEBOTE<\/h3>\n\n\n\n<div class=\"offers-list-container\" style=\"--offers-list-container-columns: 3\">\n\t\t\t\t<div class=\"offers-list-container-single \" onclick=\"location.href='https:\/\/www.laresidenceabano.it\/de\/offer\/remise-en-forme\/'\">\n\t\t\t\t<a href=\"https:\/\/www.laresidenceabano.it\/de\/offer\/remise-en-forme\/\" class=\"offers-list-container-single-img \" title=\"Remise en Forme\">\n\t\t\t\t\t\t\t\t\t\t\t<figure class=\"full-width\">\n\t\t\t\t\t\t\t<img decoding=\"async\" src=\"https:\/\/www.laresidenceabano.it\/wp-content\/uploads\/2023\/07\/Remise-en-Forme.jpg\" \/>\n\t\t\t\t\t\t<\/figure>\n\t\t\t\t\t\t\t\t\t<\/a>\n\t\t\t\t\n\t\t\t\t<a href=\"https:\/\/www.laresidenceabano.it\/de\/offer\/remise-en-forme\/\" class=\"offers-list-container-single-title\" title=\"Remise en Forme\">\n\t\t\t\t\t<h5>Remise en Forme<\/h5>\n\n\t\t\t\t\t\t\t\t\t<\/a>\n\n\t\t\t\t<div class=\"offers-list-container-single-short-description\">\n\t\t\t\t\t\t\t\t\t<\/div>\n\n\t\t\t\t<a href=\"https:\/\/www.laresidenceabano.it\/de\/offer\/remise-en-forme\/\" title=\"Remise en Forme\" class=\"btn offers-list-container-single-button\">\n\t\t\t\t\tMehr Details\t\t\t\t<\/a>\n\t\t\t<\/div>\n\t\t\t\t\t\t<div class=\"offers-list-container-single \" onclick=\"location.href='https:\/\/www.laresidenceabano.it\/de\/offer\/uebernachtung-mit-fruehstueck\/'\">\n\t\t\t\t<a href=\"https:\/\/www.laresidenceabano.it\/de\/offer\/uebernachtung-mit-fruehstueck\/\" class=\"offers-list-container-single-img \" title=\"\u00dcbernachtung mit Fr\u00fchst\u00fcck\">\n\t\t\t\t\t\t\t\t\t\t\t<figure class=\"full-width\">\n\t\t\t\t\t\t\t<img decoding=\"async\" src=\"https:\/\/www.laresidenceabano.it\/wp-content\/uploads\/2023\/07\/Pernottamento-e-prima-colazione.jpg\" \/>\n\t\t\t\t\t\t<\/figure>\n\t\t\t\t\t\t\t\t\t<\/a>\n\t\t\t\t\n\t\t\t\t<a href=\"https:\/\/www.laresidenceabano.it\/de\/offer\/uebernachtung-mit-fruehstueck\/\" class=\"offers-list-container-single-title\" title=\"\u00dcbernachtung mit Fr\u00fchst\u00fcck\">\n\t\t\t\t\t<h5>\u00dcbernachtung mit Fr\u00fchst\u00fcck<\/h5>\n\n\t\t\t\t\t\t\t\t\t<\/a>\n\n\t\t\t\t<div class=\"offers-list-container-single-short-description\">\n\t\t\t\t\t\t\t\t\t<\/div>\n\n\t\t\t\t<a href=\"https:\/\/www.laresidenceabano.it\/de\/offer\/uebernachtung-mit-fruehstueck\/\" title=\"\u00dcbernachtung mit Fr\u00fchst\u00fcck\" class=\"btn offers-list-container-single-button\">\n\t\t\t\t\tMehr Details\t\t\t\t<\/a>\n\t\t\t<\/div>\n\t\t\t\t\t\t<div class=\"offers-list-container-single \" onclick=\"location.href='https:\/\/www.laresidenceabano.it\/de\/offer\/antistress-detox\/'\">\n\t\t\t\t<a href=\"https:\/\/www.laresidenceabano.it\/de\/offer\/antistress-detox\/\" class=\"offers-list-container-single-img \" title=\"Antistress &#038; Detox\">\n\t\t\t\t\t\t\t\t\t\t\t<figure class=\"full-width\">\n\t\t\t\t\t\t\t<img decoding=\"async\" src=\"https:\/\/www.laresidenceabano.it\/wp-content\/uploads\/2023\/07\/Spa7-e-relax.jpg\" \/>\n\t\t\t\t\t\t<\/figure>\n\t\t\t\t\t\t\t\t\t<\/a>\n\t\t\t\t\n\t\t\t\t<a href=\"https:\/\/www.laresidenceabano.it\/de\/offer\/antistress-detox\/\" class=\"offers-list-container-single-title\" title=\"Antistress &#038; Detox\">\n\t\t\t\t\t<h5>Antistress &#038; Detox<\/h5>\n\n\t\t\t\t\t\t\t\t\t<\/a>\n\n\t\t\t\t<div class=\"offers-list-container-single-short-description\">\n\t\t\t\t\t\t\t\t\t<\/div>\n\n\t\t\t\t<a href=\"https:\/\/www.laresidenceabano.it\/de\/offer\/antistress-detox\/\" title=\"Antistress &#038; Detox\" class=\"btn offers-list-container-single-button\">\n\t\t\t\t\tMehr Details\t\t\t\t<\/a>\n\t\t\t<\/div>\n\t\t\t\n\t<\/div>\n\n\n\n<\/div>\n<\/div><\/div>\n\n<div  class=\"grids-section grids-is-advanced alignwide\" style=\"--_gs-gap-desktop:0px 0px;--_gs-m-desktop:0 0 0 0;--_gs-p-desktop:0 0 0 0;--_gs-bg-desktop:transparent none;--_gs-bg-xp-desktop:0px;--_gs-zi-desktop:auto;--_gs-d-desktop:block;--_gs-mw-desktop:calc(100% - 0 - 0);--_gs-gap-tablet:0px 0px;--_gs-m-tablet:0 0 0 0;--_gs-p-tablet:0 0 0 0;--_gs-bg-tablet:transparent none;--_gs-bg-xp-tablet:0px;--_gs-zi-tablet:auto;--_gs-d-tablet:block;--_gs-mw-tablet:calc(100% - 0 - 0);--_gs-gap-mobile:0px 0px;--_gs-m-mobile:0 0 0 0;--_gs-p-mobile:0 0 0 0;--_gs-bg-mobile:transparent none;--_gs-bg-xp-mobile:0px;--_gs-zi-mobile:auto;--_gs-d-mobile:block;--_gs-mw-mobile:calc(100% - 0 - 0);--_gs-columns:12;--_gs-rows:6\"><div class=\"grids-s-w_i\">\n<div class=\"grids-area\" style=\"--_ga-column:1\/13;--_ga-row:1\/7;--_ga-m-desktop:0 0 0 0;--_ga-p-desktop:0 0 0 0;--_ga-bg-desktop:transparent none;--_ga-zi-desktop:auto;--_ga-d-desktop:flex;--_ga-mw-desktop:calc(100% - 0 - 0);--_ga-m-tablet:0 0 0 0;--_ga-p-tablet:0 0 0 0;--_ga-bg-tablet:transparent none;--_ga-zi-tablet:auto;--_ga-d-tablet:flex;--_ga-mw-tablet:calc(100% - 0 - 0);--_ga-m-mobile:0 0 0 0;--_ga-p-mobile:0 0 0 0;--_ga-bg-mobile:transparent none;--_ga-zi-mobile:auto;--_ga-d-mobile:flex;--_ga-mw-mobile:calc(100% - 0 - 0)\">\n\n<h3 class=\"wp-block-heading has-text-align-center\">UNSERE UNVERGLEICHLICHEN ANGEBOTE<\/h3>\n\n\n\n<div class=\"offers-list-container\" style=\"--offers-list-container-columns: 3\">\n\t\t\t\t<div class=\"offers-list-container-single \" onclick=\"location.href='https:\/\/www.laresidenceabano.it\/de\/offer\/fangobehandlung-salute-piu-6-behandlungen\/'\">\n\t\t\t\t<a href=\"https:\/\/www.laresidenceabano.it\/de\/offer\/fangobehandlung-salute-piu-6-behandlungen\/\" class=\"offers-list-container-single-img \" title=\"Fangobehandlung Salute Pi\u00f9 6 Behandlungen\">\n\t\t\t\t\t\t\t\t\t\t\t<figure class=\"full-width\">\n\t\t\t\t\t\t\t<img decoding=\"async\" src=\"https:\/\/www.laresidenceabano.it\/wp-content\/uploads\/2023\/07\/Fango-salute-piu-6-sedute.jpg\" \/>\n\t\t\t\t\t\t<\/figure>\n\t\t\t\t\t\t\t\t\t<\/a>\n\t\t\t\t\n\t\t\t\t<a href=\"https:\/\/www.laresidenceabano.it\/de\/offer\/fangobehandlung-salute-piu-6-behandlungen\/\" class=\"offers-list-container-single-title\" title=\"Fangobehandlung Salute Pi\u00f9 6 Behandlungen\">\n\t\t\t\t\t<h5>Fangobehandlung Salute Pi\u00f9 6 Behandlungen<\/h5>\n\n\t\t\t\t\t\t\t\t\t<\/a>\n\n\t\t\t\t<div class=\"offers-list-container-single-short-description\">\n\t\t\t\t\t\t\t\t\t<\/div>\n\n\t\t\t\t<a href=\"https:\/\/www.laresidenceabano.it\/de\/offer\/fangobehandlung-salute-piu-6-behandlungen\/\" title=\"Fangobehandlung Salute Pi\u00f9 6 Behandlungen\" class=\"btn offers-list-container-single-button\">\n\t\t\t\t\tMehr Details\t\t\t\t<\/a>\n\t\t\t<\/div>\n\t\t\t\t\t\t<div class=\"offers-list-container-single \" onclick=\"location.href='https:\/\/www.laresidenceabano.it\/de\/offer\/fangobehandlung-salute-piu-10-behandlungen\/'\">\n\t\t\t\t<a href=\"https:\/\/www.laresidenceabano.it\/de\/offer\/fangobehandlung-salute-piu-10-behandlungen\/\" class=\"offers-list-container-single-img \" title=\"Fangobehandlung Salute Pi\u00f9 10 Behandlungen\">\n\t\t\t\t\t\t\t\t\t\t\t<figure class=\"full-width\">\n\t\t\t\t\t\t\t<img decoding=\"async\" src=\"https:\/\/www.laresidenceabano.it\/wp-content\/uploads\/2023\/07\/fango-salute-piu-10-sedute.jpg\" \/>\n\t\t\t\t\t\t<\/figure>\n\t\t\t\t\t\t\t\t\t<\/a>\n\t\t\t\t\n\t\t\t\t<a href=\"https:\/\/www.laresidenceabano.it\/de\/offer\/fangobehandlung-salute-piu-10-behandlungen\/\" class=\"offers-list-container-single-title\" title=\"Fangobehandlung Salute Pi\u00f9 10 Behandlungen\">\n\t\t\t\t\t<h5>Fangobehandlung Salute Pi\u00f9 10 Behandlungen<\/h5>\n\n\t\t\t\t\t\t\t\t\t<\/a>\n\n\t\t\t\t<div class=\"offers-list-container-single-short-description\">\n\t\t\t\t\t\t\t\t\t<\/div>\n\n\t\t\t\t<a href=\"https:\/\/www.laresidenceabano.it\/de\/offer\/fangobehandlung-salute-piu-10-behandlungen\/\" title=\"Fangobehandlung Salute Pi\u00f9 10 Behandlungen\" class=\"btn offers-list-container-single-button\">\n\t\t\t\t\tMehr Details\t\t\t\t<\/a>\n\t\t\t<\/div>\n\t\t\t\t\t\t<div class=\"offers-list-container-single \" onclick=\"location.href='https:\/\/www.laresidenceabano.it\/de\/offer\/aufenthalt-mit-vollpensio\/'\">\n\t\t\t\t<a href=\"https:\/\/www.laresidenceabano.it\/de\/offer\/aufenthalt-mit-vollpensio\/\" class=\"offers-list-container-single-img \" title=\"Aufenthalt mit Vollpension\">\n\t\t\t\t\t\t\t\t\t\t\t<figure class=\"full-width\">\n\t\t\t\t\t\t\t<img decoding=\"async\" src=\"https:\/\/www.laresidenceabano.it\/wp-content\/uploads\/2023\/07\/Soggiorno-in-pensione-completa.jpg\" \/>\n\t\t\t\t\t\t<\/figure>\n\t\t\t\t\t\t\t\t\t<\/a>\n\t\t\t\t\n\t\t\t\t<a href=\"https:\/\/www.laresidenceabano.it\/de\/offer\/aufenthalt-mit-vollpensio\/\" class=\"offers-list-container-single-title\" title=\"Aufenthalt mit Vollpension\">\n\t\t\t\t\t<h5>Aufenthalt mit Vollpension<\/h5>\n\n\t\t\t\t\t\t\t\t\t<\/a>\n\n\t\t\t\t<div class=\"offers-list-container-single-short-description\">\n\t\t\t\t\t\t\t\t\t<\/div>\n\n\t\t\t\t<a href=\"https:\/\/www.laresidenceabano.it\/de\/offer\/aufenthalt-mit-vollpensio\/\" title=\"Aufenthalt mit Vollpension\" class=\"btn offers-list-container-single-button\">\n\t\t\t\t\tMehr Details\t\t\t\t<\/a>\n\t\t\t<\/div>\n\t\t\t\n\t<\/div>\n\n\n\n<\/div>\n<\/div><\/div>\n\n<div  class=\"grids-section grids-is-advanced alignwide\" style=\"--_gs-gap-desktop:0px 0px;--_gs-m-desktop:0 0 0 0;--_gs-p-desktop:0 0 0 0;--_gs-bg-desktop:transparent none;--_gs-bg-xp-desktop:0px;--_gs-zi-desktop:auto;--_gs-d-desktop:block;--_gs-mw-desktop:calc(100% - 0 - 0);--_gs-gap-tablet:0px 0px;--_gs-m-tablet:0 0 0 0;--_gs-p-tablet:0 0 0 0;--_gs-bg-tablet:transparent none;--_gs-bg-xp-tablet:0px;--_gs-zi-tablet:auto;--_gs-d-tablet:block;--_gs-mw-tablet:calc(100% - 0 - 0);--_gs-gap-mobile:0px 0px;--_gs-m-mobile:0 0 0 0;--_gs-p-mobile:0 0 0 0;--_gs-bg-mobile:transparent none;--_gs-bg-xp-mobile:0px;--_gs-zi-mobile:auto;--_gs-d-mobile:block;--_gs-mw-mobile:calc(100% - 0 - 0);--_gs-columns:12;--_gs-rows:6\"><div class=\"grids-s-w_i\">\n<div class=\"grids-area\" style=\"--_ga-column:1\/13;--_ga-row:1\/7;--_ga-m-desktop:0 0 0 0;--_ga-p-desktop:0 0 0 0;--_ga-bg-desktop:transparent none;--_ga-zi-desktop:auto;--_ga-d-desktop:flex;--_ga-mw-desktop:calc(100% - 0 - 0);--_ga-m-tablet:0 0 0 0;--_ga-p-tablet:0 0 0 0;--_ga-bg-tablet:transparent none;--_ga-zi-tablet:auto;--_ga-d-tablet:flex;--_ga-mw-tablet:calc(100% - 0 - 0);--_ga-m-mobile:0 0 0 0;--_ga-p-mobile:0 0 0 0;--_ga-bg-mobile:transparent none;--_ga-zi-mobile:auto;--_ga-d-mobile:flex;--_ga-mw-mobile:calc(100% - 0 - 0)\">\n\n<h3 class=\"wp-block-heading has-text-align-center decorated\">ES K\u00d6NNTE SIE AUCH INTERESSIEREN&#8230;<\/h3>\n\n\n\n\n\n\n<\/div>\n<\/div><\/div>","protected":false},"excerpt":{"rendered":"","protected":false},"author":12,"featured_media":4339,"parent":0,"menu_order":0,"comment_status":"closed","ping_status":"closed","template":"","meta":{"_acf_changed":false,"advgb_blocks_editor_width":"","advgb_blocks_columns_visual_guide":"","footnotes":""},"class_list":["post-5953","page","type-page","status-publish","has-post-thumbnail","hentry","entry"],"acf":[],"yoast_head":"<!-- This site is optimized with the Yoast SEO plugin v25.6 - https:\/\/yoast.com\/wordpress\/plugins\/seo\/ -->\n<title>Thermalkuren in Abano Terme | Hotel La Residence<\/title>\n<meta name=\"description\" content=\"Zu den Thermalkuren geh\u00f6ren Schlammtherapie, Thermalb\u00e4der, therapeutische Massagen, Inhalationstherapien und viele andere M\u00f6glichkeiten, die auf die individuellen Bed\u00fcrfnisse abgestimmt sind.\" \/>\n<meta name=\"robots\" content=\"index, follow, max-snippet:-1, max-image-preview:large, max-video-preview:-1\" \/>\n<link rel=\"canonical\" href=\"https:\/\/www.laresidenceabano.it\/de\/thermalkuren\/\" \/>\n<meta property=\"og:locale\" content=\"de_DE\" \/>\n<meta property=\"og:type\" content=\"article\" \/>\n<meta property=\"og:title\" content=\"Thermalkuren in Abano Terme | Hotel La Residence\" \/>\n<meta property=\"og:description\" content=\"Zu den Thermalkuren geh\u00f6ren Schlammtherapie, Thermalb\u00e4der, therapeutische Massagen, Inhalationstherapien und viele andere M\u00f6glichkeiten, die auf die individuellen Bed\u00fcrfnisse abgestimmt sind.\" \/>\n<meta property=\"og:url\" content=\"https:\/\/www.laresidenceabano.it\/de\/thermalkuren\/\" \/>\n<meta property=\"og:site_name\" content=\"Hotel La Residence\" \/>\n<meta property=\"article:modified_time\" content=\"2024-06-10T13:46:21+00:00\" \/>\n<meta property=\"og:image\" content=\"https:\/\/www.laresidenceabano.it\/wp-content\/uploads\/2023\/07\/Fanghi-2.jpg\" \/>\n\t<meta property=\"og:image:width\" content=\"1200\" \/>\n\t<meta property=\"og:image:height\" content=\"800\" \/>\n\t<meta property=\"og:image:type\" content=\"image\/jpeg\" \/>\n<meta name=\"twitter:card\" content=\"summary_large_image\" \/>\n<meta name=\"twitter:label1\" content=\"Gesch\u00e4tzte Lesezeit\" \/>\n\t<meta name=\"twitter:data1\" content=\"5\u00a0Minuten\" \/>\n<script type=\"application\/ld+json\" class=\"yoast-schema-graph\">{\"@context\":\"https:\/\/schema.org\",\"@graph\":[{\"@type\":\"WebPage\",\"@id\":\"https:\/\/www.laresidenceabano.it\/de\/thermalkuren\/\",\"url\":\"https:\/\/www.laresidenceabano.it\/de\/thermalkuren\/\",\"name\":\"Thermalkuren in Abano Terme | Hotel La Residence\",\"isPartOf\":{\"@id\":\"https:\/\/www.laresidenceabano.it\/de\/#website\"},\"primaryImageOfPage\":{\"@id\":\"https:\/\/www.laresidenceabano.it\/de\/thermalkuren\/#primaryimage\"},\"image\":{\"@id\":\"https:\/\/www.laresidenceabano.it\/de\/thermalkuren\/#primaryimage\"},\"thumbnailUrl\":\"https:\/\/www.laresidenceabano.it\/wp-content\/uploads\/2023\/07\/Fanghi-2.jpg\",\"datePublished\":\"2023-08-14T08:01:28+00:00\",\"dateModified\":\"2024-06-10T13:46:21+00:00\",\"description\":\"Zu den Thermalkuren geh\u00f6ren Schlammtherapie, Thermalb\u00e4der, therapeutische Massagen, Inhalationstherapien und viele andere M\u00f6glichkeiten, die auf die individuellen Bed\u00fcrfnisse abgestimmt sind.\",\"breadcrumb\":{\"@id\":\"https:\/\/www.laresidenceabano.it\/de\/thermalkuren\/#breadcrumb\"},\"inLanguage\":\"de\",\"potentialAction\":[{\"@type\":\"ReadAction\",\"target\":[\"https:\/\/www.laresidenceabano.it\/de\/thermalkuren\/\"]}]},{\"@type\":\"ImageObject\",\"inLanguage\":\"de\",\"@id\":\"https:\/\/www.laresidenceabano.it\/de\/thermalkuren\/#primaryimage\",\"url\":\"https:\/\/www.laresidenceabano.it\/wp-content\/uploads\/2023\/07\/Fanghi-2.jpg\",\"contentUrl\":\"https:\/\/www.laresidenceabano.it\/wp-content\/uploads\/2023\/07\/Fanghi-2.jpg\",\"width\":1200,\"height\":800,\"caption\":\"donna durante un trattamento GB fango e forma\"},{\"@type\":\"BreadcrumbList\",\"@id\":\"https:\/\/www.laresidenceabano.it\/de\/thermalkuren\/#breadcrumb\",\"itemListElement\":[{\"@type\":\"ListItem\",\"position\":1,\"name\":\"Home\",\"item\":\"https:\/\/www.laresidenceabano.it\/de\/\"},{\"@type\":\"ListItem\",\"position\":2,\"name\":\"Thermalkuren\"}]},{\"@type\":\"WebSite\",\"@id\":\"https:\/\/www.laresidenceabano.it\/de\/#website\",\"url\":\"https:\/\/www.laresidenceabano.it\/de\/\",\"name\":\"Hotel La Residence\",\"description\":\"\",\"publisher\":{\"@id\":\"https:\/\/www.laresidenceabano.it\/de\/#organization\"},\"potentialAction\":[{\"@type\":\"SearchAction\",\"target\":{\"@type\":\"EntryPoint\",\"urlTemplate\":\"https:\/\/www.laresidenceabano.it\/de\/?s={search_term_string}\"},\"query-input\":{\"@type\":\"PropertyValueSpecification\",\"valueRequired\":true,\"valueName\":\"search_term_string\"}}],\"inLanguage\":\"de\"},{\"@type\":\"Organization\",\"@id\":\"https:\/\/www.laresidenceabano.it\/de\/#organization\",\"name\":\"Hotel La Residence\",\"url\":\"https:\/\/www.laresidenceabano.it\/de\/\",\"logo\":{\"@type\":\"ImageObject\",\"inLanguage\":\"de\",\"@id\":\"https:\/\/www.laresidenceabano.it\/de\/#\/schema\/logo\/image\/\",\"url\":\"https:\/\/www.laresidenceabano.it\/wp-content\/uploads\/2023\/07\/Logo-hotel-la-residence.svg\",\"contentUrl\":\"https:\/\/www.laresidenceabano.it\/wp-content\/uploads\/2023\/07\/Logo-hotel-la-residence.svg\",\"caption\":\"Hotel La Residence\"},\"image\":{\"@id\":\"https:\/\/www.laresidenceabano.it\/de\/#\/schema\/logo\/image\/\"}}]}<\/script>\n<!-- \/ Yoast SEO plugin. -->","yoast_head_json":{"title":"Thermalkuren in Abano Terme | Hotel La Residence","description":"Zu den Thermalkuren geh\u00f6ren Schlammtherapie, Thermalb\u00e4der, therapeutische Massagen, Inhalationstherapien und viele andere M\u00f6glichkeiten, die auf die individuellen Bed\u00fcrfnisse abgestimmt sind.","robots":{"index":"index","follow":"follow","max-snippet":"max-snippet:-1","max-image-preview":"max-image-preview:large","max-video-preview":"max-video-preview:-1"},"canonical":"https:\/\/www.laresidenceabano.it\/de\/thermalkuren\/","og_locale":"de_DE","og_type":"article","og_title":"Thermalkuren in Abano Terme | Hotel La Residence","og_description":"Zu den Thermalkuren geh\u00f6ren Schlammtherapie, Thermalb\u00e4der, therapeutische Massagen, Inhalationstherapien und viele andere M\u00f6glichkeiten, die auf die individuellen Bed\u00fcrfnisse abgestimmt sind.","og_url":"https:\/\/www.laresidenceabano.it\/de\/thermalkuren\/","og_site_name":"Hotel La Residence","article_modified_time":"2024-06-10T13:46:21+00:00","og_image":[{"width":1200,"height":800,"url":"https:\/\/www.laresidenceabano.it\/wp-content\/uploads\/2023\/07\/Fanghi-2.jpg","type":"image\/jpeg"}],"twitter_card":"summary_large_image","twitter_misc":{"Gesch\u00e4tzte Lesezeit":"5\u00a0Minuten"},"schema":{"@context":"https:\/\/schema.org","@graph":[{"@type":"WebPage","@id":"https:\/\/www.laresidenceabano.it\/de\/thermalkuren\/","url":"https:\/\/www.laresidenceabano.it\/de\/thermalkuren\/","name":"Thermalkuren in Abano Terme | Hotel La Residence","isPartOf":{"@id":"https:\/\/www.laresidenceabano.it\/de\/#website"},"primaryImageOfPage":{"@id":"https:\/\/www.laresidenceabano.it\/de\/thermalkuren\/#primaryimage"},"image":{"@id":"https:\/\/www.laresidenceabano.it\/de\/thermalkuren\/#primaryimage"},"thumbnailUrl":"https:\/\/www.laresidenceabano.it\/wp-content\/uploads\/2023\/07\/Fanghi-2.jpg","datePublished":"2023-08-14T08:01:28+00:00","dateModified":"2024-06-10T13:46:21+00:00","description":"Zu den Thermalkuren geh\u00f6ren Schlammtherapie, Thermalb\u00e4der, therapeutische Massagen, Inhalationstherapien und viele andere M\u00f6glichkeiten, die auf die individuellen Bed\u00fcrfnisse abgestimmt sind.","breadcrumb":{"@id":"https:\/\/www.laresidenceabano.it\/de\/thermalkuren\/#breadcrumb"},"inLanguage":"de","potentialAction":[{"@type":"ReadAction","target":["https:\/\/www.laresidenceabano.it\/de\/thermalkuren\/"]}]},{"@type":"ImageObject","inLanguage":"de","@id":"https:\/\/www.laresidenceabano.it\/de\/thermalkuren\/#primaryimage","url":"https:\/\/www.laresidenceabano.it\/wp-content\/uploads\/2023\/07\/Fanghi-2.jpg","contentUrl":"https:\/\/www.laresidenceabano.it\/wp-content\/uploads\/2023\/07\/Fanghi-2.jpg","width":1200,"height":800,"caption":"donna durante un trattamento GB fango e forma"},{"@type":"BreadcrumbList","@id":"https:\/\/www.laresidenceabano.it\/de\/thermalkuren\/#breadcrumb","itemListElement":[{"@type":"ListItem","position":1,"name":"Home","item":"https:\/\/www.laresidenceabano.it\/de\/"},{"@type":"ListItem","position":2,"name":"Thermalkuren"}]},{"@type":"WebSite","@id":"https:\/\/www.laresidenceabano.it\/de\/#website","url":"https:\/\/www.laresidenceabano.it\/de\/","name":"Hotel La Residence","description":"","publisher":{"@id":"https:\/\/www.laresidenceabano.it\/de\/#organization"},"potentialAction":[{"@type":"SearchAction","target":{"@type":"EntryPoint","urlTemplate":"https:\/\/www.laresidenceabano.it\/de\/?s={search_term_string}"},"query-input":{"@type":"PropertyValueSpecification","valueRequired":true,"valueName":"search_term_string"}}],"inLanguage":"de"},{"@type":"Organization","@id":"https:\/\/www.laresidenceabano.it\/de\/#organization","name":"Hotel La Residence","url":"https:\/\/www.laresidenceabano.it\/de\/","logo":{"@type":"ImageObject","inLanguage":"de","@id":"https:\/\/www.laresidenceabano.it\/de\/#\/schema\/logo\/image\/","url":"https:\/\/www.laresidenceabano.it\/wp-content\/uploads\/2023\/07\/Logo-hotel-la-residence.svg","contentUrl":"https:\/\/www.laresidenceabano.it\/wp-content\/uploads\/2023\/07\/Logo-hotel-la-residence.svg","caption":"Hotel La Residence"},"image":{"@id":"https:\/\/www.laresidenceabano.it\/de\/#\/schema\/logo\/image\/"}}]}},"coauthors":[],"author_meta":{"author_link":"https:\/\/www.laresidenceabano.it\/de\/author\/marcop\/","display_name":"MarcoP"},"relative_dates":{"created":"Posted 3\u00a0Jahren ago","modified":"Updated 2\u00a0Jahren ago"},"absolute_dates":{"created":"Posted on 14\/08\/2023","modified":"Updated on 10\/06\/2024"},"absolute_dates_time":{"created":"Posted on 14\/08\/2023 10:01","modified":"Updated on 10\/06\/2024 15:46"},"featured_img_caption":"","featured_img":"https:\/\/www.laresidenceabano.it\/wp-content\/uploads\/2023\/07\/Fanghi-2.jpg","series_order":"","_links":{"self":[{"href":"https:\/\/www.laresidenceabano.it\/de\/wp-json\/wp\/v2\/pages\/5953","targetHints":{"allow":["GET"]}}],"collection":[{"href":"https:\/\/www.laresidenceabano.it\/de\/wp-json\/wp\/v2\/pages"}],"about":[{"href":"https:\/\/www.laresidenceabano.it\/de\/wp-json\/wp\/v2\/types\/page"}],"author":[{"embeddable":true,"href":"https:\/\/www.laresidenceabano.it\/de\/wp-json\/wp\/v2\/users\/12"}],"replies":[{"embeddable":true,"href":"https:\/\/www.laresidenceabano.it\/de\/wp-json\/wp\/v2\/comments?post=5953"}],"version-history":[{"count":17,"href":"https:\/\/www.laresidenceabano.it\/de\/wp-json\/wp\/v2\/pages\/5953\/revisions"}],"predecessor-version":[{"id":7538,"href":"https:\/\/www.laresidenceabano.it\/de\/wp-json\/wp\/v2\/pages\/5953\/revisions\/7538"}],"wp:featuredmedia":[{"embeddable":true,"href":"https:\/\/www.laresidenceabano.it\/de\/wp-json\/wp\/v2\/media\/4339"}],"wp:attachment":[{"href":"https:\/\/www.laresidenceabano.it\/de\/wp-json\/wp\/v2\/media?parent=5953"}],"curies":[{"name":"wp","href":"https:\/\/api.w.org\/{rel}","templated":true}]}}