{"id":6012,"date":"2023-08-23T17:19:01","date_gmt":"2023-08-23T15:19:01","guid":{"rendered":"https:\/\/www.laresidenceabano.it\/offer\/sejour-de-bien-etre\/"},"modified":"2025-03-26T20:10:12","modified_gmt":"2025-03-26T19:10:12","slug":"sejour-de-bien-etre","status":"publish","type":"offer","link":"https:\/\/www.laresidenceabano.it\/fr\/offer\/sejour-de-bien-etre\/","title":{"rendered":"S\u00e9jour de bien-\u00eatre"},"content":{"rendered":"<div  class=\"grids-section grids-is-advanced alignwide\" style=\"--_gs-gap-desktop:0px 0px;--_gs-m-desktop:0 0 0 0;--_gs-p-desktop:0 0 0 0;--_gs-bg-desktop:transparent none;--_gs-bg-xp-desktop:0px;--_gs-zi-desktop:auto;--_gs-d-desktop:block;--_gs-mw-desktop:calc(100% - 0 - 0);--_gs-gap-tablet:0px 0px;--_gs-m-tablet:0 0 0 0;--_gs-p-tablet:0 0 0 0;--_gs-bg-tablet:transparent none;--_gs-bg-xp-tablet:0px;--_gs-zi-tablet:auto;--_gs-d-tablet:block;--_gs-mw-tablet:calc(100% - 0 - 0);--_gs-gap-mobile:0px 0px;--_gs-m-mobile:0 0 0 0;--_gs-p-mobile:0 0 0 0;--_gs-bg-mobile:transparent none;--_gs-bg-xp-mobile:0px;--_gs-zi-mobile:auto;--_gs-d-mobile:block;--_gs-mw-mobile:calc(100% - 0 - 0);--_gs-columns:12;--_gs-rows:6\"><div class=\"grids-s-w_i\">\n<div class=\"grids-area\" style=\"--_ga-column:1\/13;--_ga-row:1\/7;--_ga-m-desktop:0 0 0 0;--_ga-p-desktop:0 0 0 0;--_ga-bg-desktop:transparent none;--_ga-zi-desktop:auto;--_ga-d-desktop:flex;--_ga-mw-desktop:calc(100% - 0 - 0);--_ga-m-tablet:0 0 0 0;--_ga-p-tablet:0 0 0 0;--_ga-bg-tablet:transparent none;--_ga-zi-tablet:auto;--_ga-d-tablet:flex;--_ga-mw-tablet:calc(100% - 0 - 0);--_ga-m-mobile:0 0 0 0;--_ga-p-mobile:0 0 0 0;--_ga-bg-mobile:transparent none;--_ga-zi-mobile:auto;--_ga-d-mobile:flex;--_ga-mw-mobile:calc(100% - 0 - 0)\">\n\n<p>Des vacances qui font du bien au corps et \u00e0 l&rsquo;esprit. Les nombreux bienfaits de l&rsquo;eau thermale s&rsquo;allient \u00e0 la pure d\u00e9tente. La cuisine \u0153nogastronomique vous transportera dans des visites uniques de la gastronomie et du vin, et nous vous dirons bonjour avec notre copieux petit-d\u00e9jeuner.<\/p>\n\n\n\n<p><strong>Da 55\u20ac a persona in camera e colazione<\/strong><br\/><strong>Da 89\u20ac a persona in pensione completa<\/strong><\/p>\n\n\n\n<div class=\"wp-block-buttons is-layout-flex wp-block-buttons-is-layout-flex\">\n<div class=\"wp-block-button\"><a class=\"wp-block-button__link wp-element-button\" href=\"tel: +390498665800\">Appelez-nous maintenant<\/a><\/div>\n<\/div>\n\n<\/div>\n<\/div><\/div>","protected":false},"excerpt":{"rendered":"<p>\u00c0 partir de 55 euros par personne<\/p>\n","protected":false},"author":1,"featured_media":5554,"template":"","meta":{"_acf_changed":false,"advgb_blocks_editor_width":"","advgb_blocks_columns_visual_guide":"","footnotes":""},"offer_categories":[],"class_list":["post-6012","offer","type-offer","status-publish","has-post-thumbnail","hentry","entry"],"acf":[],"yoast_head":"<!-- This site is optimized with the Yoast SEO plugin v25.6 - https:\/\/yoast.com\/wordpress\/plugins\/seo\/ -->\n<title>S\u00e9jour de bien-\u00eatre - Hotel La Residence<\/title>\n<meta name=\"description\" content=\"D\u00e9couvrez l&#039;offre d\u00e9di\u00e9e \u00e0 tous pour un s\u00e9jour de bien-\u00eatre \u00e0 l&#039;h\u00f4tel La Residence, \u00e0 Abano Terme.\" \/>\n<meta name=\"robots\" content=\"index, follow, max-snippet:-1, max-image-preview:large, max-video-preview:-1\" \/>\n<link rel=\"canonical\" href=\"https:\/\/www.laresidenceabano.it\/fr\/offer\/sejour-de-bien-etre\/\" \/>\n<meta property=\"og:locale\" content=\"fr_FR\" \/>\n<meta property=\"og:type\" content=\"article\" \/>\n<meta property=\"og:title\" content=\"S\u00e9jour de bien-\u00eatre - Hotel La Residence\" \/>\n<meta property=\"og:description\" content=\"D\u00e9couvrez l&#039;offre d\u00e9di\u00e9e \u00e0 tous pour un s\u00e9jour de bien-\u00eatre \u00e0 l&#039;h\u00f4tel La Residence, \u00e0 Abano Terme.\" \/>\n<meta property=\"og:url\" content=\"https:\/\/www.laresidenceabano.it\/fr\/offer\/sejour-de-bien-etre\/\" \/>\n<meta property=\"og:site_name\" content=\"Hotel La Residence\" \/>\n<meta property=\"article:modified_time\" content=\"2025-03-26T19:10:12+00:00\" \/>\n<meta property=\"og:image\" content=\"https:\/\/www.laresidenceabano.it\/wp-content\/uploads\/2023\/06\/Soggiorno-di-benessere.jpg\" \/>\n\t<meta property=\"og:image:width\" content=\"680\" \/>\n\t<meta property=\"og:image:height\" content=\"450\" \/>\n\t<meta property=\"og:image:type\" content=\"image\/jpeg\" \/>\n<meta name=\"twitter:card\" content=\"summary_large_image\" \/>\n<meta name=\"twitter:label1\" content=\"Dur\u00e9e de lecture estim\u00e9e\" \/>\n\t<meta name=\"twitter:data1\" content=\"1 minute\" \/>\n<script type=\"application\/ld+json\" class=\"yoast-schema-graph\">{\"@context\":\"https:\/\/schema.org\",\"@graph\":[{\"@type\":\"WebPage\",\"@id\":\"https:\/\/www.laresidenceabano.it\/fr\/offer\/sejour-de-bien-etre\/\",\"url\":\"https:\/\/www.laresidenceabano.it\/fr\/offer\/sejour-de-bien-etre\/\",\"name\":\"S\u00e9jour de bien-\u00eatre - Hotel La Residence\",\"isPartOf\":{\"@id\":\"https:\/\/www.laresidenceabano.it\/fr\/#website\"},\"primaryImageOfPage\":{\"@id\":\"https:\/\/www.laresidenceabano.it\/fr\/offer\/sejour-de-bien-etre\/#primaryimage\"},\"image\":{\"@id\":\"https:\/\/www.laresidenceabano.it\/fr\/offer\/sejour-de-bien-etre\/#primaryimage\"},\"thumbnailUrl\":\"https:\/\/www.laresidenceabano.it\/wp-content\/uploads\/2023\/06\/Soggiorno-di-benessere.jpg\",\"datePublished\":\"2023-08-23T15:19:01+00:00\",\"dateModified\":\"2025-03-26T19:10:12+00:00\",\"description\":\"D\u00e9couvrez l'offre d\u00e9di\u00e9e \u00e0 tous pour un s\u00e9jour de bien-\u00eatre \u00e0 l'h\u00f4tel La Residence, \u00e0 Abano Terme.\",\"breadcrumb\":{\"@id\":\"https:\/\/www.laresidenceabano.it\/fr\/offer\/sejour-de-bien-etre\/#breadcrumb\"},\"inLanguage\":\"fr-FR\",\"potentialAction\":[{\"@type\":\"ReadAction\",\"target\":[\"https:\/\/www.laresidenceabano.it\/fr\/offer\/sejour-de-bien-etre\/\"]}]},{\"@type\":\"ImageObject\",\"inLanguage\":\"fr-FR\",\"@id\":\"https:\/\/www.laresidenceabano.it\/fr\/offer\/sejour-de-bien-etre\/#primaryimage\",\"url\":\"https:\/\/www.laresidenceabano.it\/wp-content\/uploads\/2023\/06\/Soggiorno-di-benessere.jpg\",\"contentUrl\":\"https:\/\/www.laresidenceabano.it\/wp-content\/uploads\/2023\/06\/Soggiorno-di-benessere.jpg\",\"width\":680,\"height\":450},{\"@type\":\"BreadcrumbList\",\"@id\":\"https:\/\/www.laresidenceabano.it\/fr\/offer\/sejour-de-bien-etre\/#breadcrumb\",\"itemListElement\":[{\"@type\":\"ListItem\",\"position\":1,\"name\":\"Home\",\"item\":\"https:\/\/www.laresidenceabano.it\/fr\/\"},{\"@type\":\"ListItem\",\"position\":2,\"name\":\"S\u00e9jour de bien-\u00eatre\"}]},{\"@type\":\"WebSite\",\"@id\":\"https:\/\/www.laresidenceabano.it\/fr\/#website\",\"url\":\"https:\/\/www.laresidenceabano.it\/fr\/\",\"name\":\"Hotel La Residence\",\"description\":\"\",\"publisher\":{\"@id\":\"https:\/\/www.laresidenceabano.it\/fr\/#organization\"},\"potentialAction\":[{\"@type\":\"SearchAction\",\"target\":{\"@type\":\"EntryPoint\",\"urlTemplate\":\"https:\/\/www.laresidenceabano.it\/fr\/?s={search_term_string}\"},\"query-input\":{\"@type\":\"PropertyValueSpecification\",\"valueRequired\":true,\"valueName\":\"search_term_string\"}}],\"inLanguage\":\"fr-FR\"},{\"@type\":\"Organization\",\"@id\":\"https:\/\/www.laresidenceabano.it\/fr\/#organization\",\"name\":\"Hotel La Residence\",\"url\":\"https:\/\/www.laresidenceabano.it\/fr\/\",\"logo\":{\"@type\":\"ImageObject\",\"inLanguage\":\"fr-FR\",\"@id\":\"https:\/\/www.laresidenceabano.it\/fr\/#\/schema\/logo\/image\/\",\"url\":\"https:\/\/www.laresidenceabano.it\/wp-content\/uploads\/2023\/07\/Logo-hotel-la-residence.svg\",\"contentUrl\":\"https:\/\/www.laresidenceabano.it\/wp-content\/uploads\/2023\/07\/Logo-hotel-la-residence.svg\",\"caption\":\"Hotel La Residence\"},\"image\":{\"@id\":\"https:\/\/www.laresidenceabano.it\/fr\/#\/schema\/logo\/image\/\"}}]}<\/script>\n<!-- \/ Yoast SEO plugin. -->","yoast_head_json":{"title":"S\u00e9jour de bien-\u00eatre - Hotel La Residence","description":"D\u00e9couvrez l'offre d\u00e9di\u00e9e \u00e0 tous pour un s\u00e9jour de bien-\u00eatre \u00e0 l'h\u00f4tel La Residence, \u00e0 Abano Terme.","robots":{"index":"index","follow":"follow","max-snippet":"max-snippet:-1","max-image-preview":"max-image-preview:large","max-video-preview":"max-video-preview:-1"},"canonical":"https:\/\/www.laresidenceabano.it\/fr\/offer\/sejour-de-bien-etre\/","og_locale":"fr_FR","og_type":"article","og_title":"S\u00e9jour de bien-\u00eatre - Hotel La Residence","og_description":"D\u00e9couvrez l'offre d\u00e9di\u00e9e \u00e0 tous pour un s\u00e9jour de bien-\u00eatre \u00e0 l'h\u00f4tel La Residence, \u00e0 Abano Terme.","og_url":"https:\/\/www.laresidenceabano.it\/fr\/offer\/sejour-de-bien-etre\/","og_site_name":"Hotel La Residence","article_modified_time":"2025-03-26T19:10:12+00:00","og_image":[{"width":680,"height":450,"url":"https:\/\/www.laresidenceabano.it\/wp-content\/uploads\/2023\/06\/Soggiorno-di-benessere.jpg","type":"image\/jpeg"}],"twitter_card":"summary_large_image","twitter_misc":{"Dur\u00e9e de lecture estim\u00e9e":"1 minute"},"schema":{"@context":"https:\/\/schema.org","@graph":[{"@type":"WebPage","@id":"https:\/\/www.laresidenceabano.it\/fr\/offer\/sejour-de-bien-etre\/","url":"https:\/\/www.laresidenceabano.it\/fr\/offer\/sejour-de-bien-etre\/","name":"S\u00e9jour de bien-\u00eatre - Hotel La Residence","isPartOf":{"@id":"https:\/\/www.laresidenceabano.it\/fr\/#website"},"primaryImageOfPage":{"@id":"https:\/\/www.laresidenceabano.it\/fr\/offer\/sejour-de-bien-etre\/#primaryimage"},"image":{"@id":"https:\/\/www.laresidenceabano.it\/fr\/offer\/sejour-de-bien-etre\/#primaryimage"},"thumbnailUrl":"https:\/\/www.laresidenceabano.it\/wp-content\/uploads\/2023\/06\/Soggiorno-di-benessere.jpg","datePublished":"2023-08-23T15:19:01+00:00","dateModified":"2025-03-26T19:10:12+00:00","description":"D\u00e9couvrez l'offre d\u00e9di\u00e9e \u00e0 tous pour un s\u00e9jour de bien-\u00eatre \u00e0 l'h\u00f4tel La Residence, \u00e0 Abano Terme.","breadcrumb":{"@id":"https:\/\/www.laresidenceabano.it\/fr\/offer\/sejour-de-bien-etre\/#breadcrumb"},"inLanguage":"fr-FR","potentialAction":[{"@type":"ReadAction","target":["https:\/\/www.laresidenceabano.it\/fr\/offer\/sejour-de-bien-etre\/"]}]},{"@type":"ImageObject","inLanguage":"fr-FR","@id":"https:\/\/www.laresidenceabano.it\/fr\/offer\/sejour-de-bien-etre\/#primaryimage","url":"https:\/\/www.laresidenceabano.it\/wp-content\/uploads\/2023\/06\/Soggiorno-di-benessere.jpg","contentUrl":"https:\/\/www.laresidenceabano.it\/wp-content\/uploads\/2023\/06\/Soggiorno-di-benessere.jpg","width":680,"height":450},{"@type":"BreadcrumbList","@id":"https:\/\/www.laresidenceabano.it\/fr\/offer\/sejour-de-bien-etre\/#breadcrumb","itemListElement":[{"@type":"ListItem","position":1,"name":"Home","item":"https:\/\/www.laresidenceabano.it\/fr\/"},{"@type":"ListItem","position":2,"name":"S\u00e9jour de bien-\u00eatre"}]},{"@type":"WebSite","@id":"https:\/\/www.laresidenceabano.it\/fr\/#website","url":"https:\/\/www.laresidenceabano.it\/fr\/","name":"Hotel La Residence","description":"","publisher":{"@id":"https:\/\/www.laresidenceabano.it\/fr\/#organization"},"potentialAction":[{"@type":"SearchAction","target":{"@type":"EntryPoint","urlTemplate":"https:\/\/www.laresidenceabano.it\/fr\/?s={search_term_string}"},"query-input":{"@type":"PropertyValueSpecification","valueRequired":true,"valueName":"search_term_string"}}],"inLanguage":"fr-FR"},{"@type":"Organization","@id":"https:\/\/www.laresidenceabano.it\/fr\/#organization","name":"Hotel La Residence","url":"https:\/\/www.laresidenceabano.it\/fr\/","logo":{"@type":"ImageObject","inLanguage":"fr-FR","@id":"https:\/\/www.laresidenceabano.it\/fr\/#\/schema\/logo\/image\/","url":"https:\/\/www.laresidenceabano.it\/wp-content\/uploads\/2023\/07\/Logo-hotel-la-residence.svg","contentUrl":"https:\/\/www.laresidenceabano.it\/wp-content\/uploads\/2023\/07\/Logo-hotel-la-residence.svg","caption":"Hotel La Residence"},"image":{"@id":"https:\/\/www.laresidenceabano.it\/fr\/#\/schema\/logo\/image\/"}}]}},"featured_img":"https:\/\/www.laresidenceabano.it\/wp-content\/uploads\/2023\/06\/Soggiorno-di-benessere.jpg","coauthors":[],"author_meta":{"author_link":"https:\/\/www.laresidenceabano.it\/fr\/author\/jampaa\/","display_name":"Jampaa"},"relative_dates":{"created":"Publi\u00e9 3 ans il y a","modified":"Mis \u00e0 jour 1 an il y a"},"absolute_dates":{"created":"Publi\u00e9 le 23\/08\/2023","modified":"Mise \u00e0 jour le 26\/03\/2025"},"absolute_dates_time":{"created":"Publi\u00e9 le 23\/08\/2023 17:19","modified":"Mise \u00e0 jour le 26\/03\/2025 20:10"},"featured_img_caption":"","tax_additional":{"offer_categories":{"linked":[],"unlinked":[],"slug":"offer_categories","name":"Cat\u00e9gories"},"translation_priority":{"linked":["<a href=\"https:\/\/www.laresidenceabano.it\/fr\/?taxonomy=translation_priority&#038;term=facultatif\" class=\"advgb-post-tax-term\">Facultatif<\/a>"],"unlinked":["<span class=\"advgb-post-tax-term\">Facultatif<\/span>"],"slug":"translation_priority","name":"Priorit\u00e9s de traduction"}},"series_order":"","_links":{"self":[{"href":"https:\/\/www.laresidenceabano.it\/fr\/wp-json\/wp\/v2\/offer\/6012","targetHints":{"allow":["GET"]}}],"collection":[{"href":"https:\/\/www.laresidenceabano.it\/fr\/wp-json\/wp\/v2\/offer"}],"about":[{"href":"https:\/\/www.laresidenceabano.it\/fr\/wp-json\/wp\/v2\/types\/offer"}],"author":[{"embeddable":true,"href":"https:\/\/www.laresidenceabano.it\/fr\/wp-json\/wp\/v2\/users\/1"}],"version-history":[{"count":7,"href":"https:\/\/www.laresidenceabano.it\/fr\/wp-json\/wp\/v2\/offer\/6012\/revisions"}],"predecessor-version":[{"id":7939,"href":"https:\/\/www.laresidenceabano.it\/fr\/wp-json\/wp\/v2\/offer\/6012\/revisions\/7939"}],"wp:featuredmedia":[{"embeddable":true,"href":"https:\/\/www.laresidenceabano.it\/fr\/wp-json\/wp\/v2\/media\/5554"}],"wp:attachment":[{"href":"https:\/\/www.laresidenceabano.it\/fr\/wp-json\/wp\/v2\/media?parent=6012"}],"wp:term":[{"taxonomy":"offer_categories","embeddable":true,"href":"https:\/\/www.laresidenceabano.it\/fr\/wp-json\/wp\/v2\/offer_categories?post=6012"}],"curies":[{"name":"wp","href":"https:\/\/api.w.org\/{rel}","templated":true}]}}