{"id":7034,"date":"2024-04-01T16:43:58","date_gmt":"2024-04-01T14:43:58","guid":{"rendered":"https:\/\/www.laresidenceabano.it\/offer\/chambre-et-petit-dejeuner\/"},"modified":"2024-06-10T15:34:35","modified_gmt":"2024-06-10T13:34:35","slug":"chambre-et-petit-dejeuner","status":"publish","type":"offer","link":"https:\/\/www.laresidenceabano.it\/fr\/offer\/chambre-et-petit-dejeuner\/","title":{"rendered":"Chambre et petit d\u00e9jeuner"},"content":{"rendered":"<div  class=\"grids-section grids-is-advanced alignwide\" style=\"--_gs-gap-desktop:0px 0px;--_gs-m-desktop:0 0 0 0;--_gs-p-desktop:0 0 0 0;--_gs-bg-desktop:transparent none;--_gs-bg-xp-desktop:0px;--_gs-zi-desktop:auto;--_gs-d-desktop:block;--_gs-mw-desktop:calc(100% - 0 - 0);--_gs-gap-tablet:0px 0px;--_gs-m-tablet:0 0 0 0;--_gs-p-tablet:0 0 0 0;--_gs-bg-tablet:transparent none;--_gs-bg-xp-tablet:0px;--_gs-zi-tablet:auto;--_gs-d-tablet:block;--_gs-mw-tablet:calc(100% - 0 - 0);--_gs-gap-mobile:0px 0px;--_gs-m-mobile:0 0 0 0;--_gs-p-mobile:0 0 0 0;--_gs-bg-mobile:transparent none;--_gs-bg-xp-mobile:0px;--_gs-zi-mobile:auto;--_gs-d-mobile:block;--_gs-mw-mobile:calc(100% - 0 - 0);--_gs-columns:12;--_gs-rows:6\"><div class=\"grids-s-w_i\">\n<div class=\"grids-area\" style=\"--_ga-column:1\/13;--_ga-row:1\/7;--_ga-m-desktop:0 0 0 0;--_ga-p-desktop:0 0 0 0;--_ga-bg-desktop:transparent none;--_ga-zi-desktop:auto;--_ga-d-desktop:flex;--_ga-mw-desktop:calc(100% - 0 - 0);--_ga-m-tablet:0 0 0 0;--_ga-p-tablet:0 0 0 0;--_ga-bg-tablet:transparent none;--_ga-zi-tablet:auto;--_ga-d-tablet:flex;--_ga-mw-tablet:calc(100% - 0 - 0);--_ga-m-mobile:0 0 0 0;--_ga-p-mobile:0 0 0 0;--_ga-bg-mobile:transparent none;--_ga-zi-mobile:auto;--_ga-d-mobile:flex;--_ga-mw-mobile:calc(100% - 0 - 0)\">\n\n<p>Dans le Restaurant Garden Petit d\u00e9jeuner  : produits typiques italiens et internationaux, coin bio, choix de jus de fruits, viennoiseries.<\/p>\n\n\n\n<p><strong>Services gratuits :<\/strong><\/p>\n\n\n\n<ul class=\"wp-block-list\">\n<li>1 piscine thermale int\u00e9rieure (36\u00b0C) avec espace d\u00e9tente<\/li>\n\n\n\n<li>2 piscines ext\u00e9rieures avec hydromassages (de 31\u00b0C \u00e0 35\u00b0C)<\/li>\n\n\n\n<li>Gymnastique de groupe dans la piscine thermale du lundi au samedi<\/li>\n\n\n\n<li>Grotte thermale &#8211; Sauna<\/li>\n\n\n\n<li>Salle de gymnastique<\/li>\n\n\n\n<li>Location de v\u00e9los<\/li>\n\n\n\n<li>15 000 m2 de jardin et parc<\/li>\n\n\n\n<li>Peignoir, serviette<\/li>\n<\/ul>\n\n\n\n<p>Taxe de s\u00e9jour non incluse<\/p>\n\n\n\n<div class=\"wp-block-buttons is-layout-flex wp-block-buttons-is-layout-flex\">\n<div class=\"wp-block-button\"><a class=\"wp-block-button__link wp-element-button\" href=\"https:\/\/reservations.verticalbooking.com\/premium\/index_pacchetti_2.html?id_albergo=5176&amp;dc=241&amp;lingua_int=fra&amp;id_stile=16966&amp;id_prodotto_sel=211\" target=\"_blank\" rel=\"noreferrer noopener\">R\u00e9servez maintenant<\/a><\/div>\n<\/div>\n\n<\/div>\n<\/div><\/div>","protected":false},"excerpt":{"rendered":"","protected":false},"author":12,"featured_media":5588,"template":"","meta":{"_acf_changed":false,"advgb_blocks_editor_width":"","advgb_blocks_columns_visual_guide":"","footnotes":""},"offer_categories":[33],"class_list":["post-7034","offer","type-offer","status-publish","has-post-thumbnail","hentry","entry"],"acf":[],"yoast_head":"<!-- This site is optimized with the Yoast SEO plugin v25.6 - https:\/\/yoast.com\/wordpress\/plugins\/seo\/ -->\n<title>Chambre et petit d\u00e9jeuner - Hotel La Residence<\/title>\n<meta name=\"description\" content=\"Cure de boue thermale de 6 s\u00e9ances en pension compl\u00e8te, pour renforcer les d\u00e9fenses antioxydantes. D\u00e9couvrez l&#039;offre !\" \/>\n<meta name=\"robots\" content=\"index, follow, max-snippet:-1, max-image-preview:large, max-video-preview:-1\" \/>\n<link rel=\"canonical\" href=\"https:\/\/www.laresidenceabano.it\/fr\/offer\/chambre-et-petit-dejeuner\/\" \/>\n<meta property=\"og:locale\" content=\"fr_FR\" \/>\n<meta property=\"og:type\" content=\"article\" \/>\n<meta property=\"og:title\" content=\"Chambre et petit d\u00e9jeuner - Hotel La Residence\" \/>\n<meta property=\"og:description\" content=\"Cure de boue thermale de 6 s\u00e9ances en pension compl\u00e8te, pour renforcer les d\u00e9fenses antioxydantes. D\u00e9couvrez l&#039;offre !\" \/>\n<meta property=\"og:url\" content=\"https:\/\/www.laresidenceabano.it\/fr\/offer\/chambre-et-petit-dejeuner\/\" \/>\n<meta property=\"og:site_name\" content=\"Hotel La Residence\" \/>\n<meta property=\"article:modified_time\" content=\"2024-06-10T13:34:35+00:00\" \/>\n<meta property=\"og:image\" content=\"https:\/\/www.laresidenceabano.it\/wp-content\/uploads\/2023\/07\/Pernottamento-e-prima-colazione.jpg\" \/>\n\t<meta property=\"og:image:width\" content=\"800\" \/>\n\t<meta property=\"og:image:height\" content=\"350\" \/>\n\t<meta property=\"og:image:type\" content=\"image\/jpeg\" \/>\n<meta name=\"twitter:card\" content=\"summary_large_image\" \/>\n<meta name=\"twitter:label1\" content=\"Dur\u00e9e de lecture estim\u00e9e\" \/>\n\t<meta name=\"twitter:data1\" content=\"1 minute\" \/>\n<script type=\"application\/ld+json\" class=\"yoast-schema-graph\">{\"@context\":\"https:\/\/schema.org\",\"@graph\":[{\"@type\":\"WebPage\",\"@id\":\"https:\/\/www.laresidenceabano.it\/fr\/offer\/chambre-et-petit-dejeuner\/\",\"url\":\"https:\/\/www.laresidenceabano.it\/fr\/offer\/chambre-et-petit-dejeuner\/\",\"name\":\"Chambre et petit d\u00e9jeuner - Hotel La Residence\",\"isPartOf\":{\"@id\":\"https:\/\/www.laresidenceabano.it\/fr\/#website\"},\"primaryImageOfPage\":{\"@id\":\"https:\/\/www.laresidenceabano.it\/fr\/offer\/chambre-et-petit-dejeuner\/#primaryimage\"},\"image\":{\"@id\":\"https:\/\/www.laresidenceabano.it\/fr\/offer\/chambre-et-petit-dejeuner\/#primaryimage\"},\"thumbnailUrl\":\"https:\/\/www.laresidenceabano.it\/wp-content\/uploads\/2023\/07\/Pernottamento-e-prima-colazione.jpg\",\"datePublished\":\"2024-04-01T14:43:58+00:00\",\"dateModified\":\"2024-06-10T13:34:35+00:00\",\"description\":\"Cure de boue thermale de 6 s\u00e9ances en pension compl\u00e8te, pour renforcer les d\u00e9fenses antioxydantes. D\u00e9couvrez l'offre !\",\"breadcrumb\":{\"@id\":\"https:\/\/www.laresidenceabano.it\/fr\/offer\/chambre-et-petit-dejeuner\/#breadcrumb\"},\"inLanguage\":\"fr-FR\",\"potentialAction\":[{\"@type\":\"ReadAction\",\"target\":[\"https:\/\/www.laresidenceabano.it\/fr\/offer\/chambre-et-petit-dejeuner\/\"]}]},{\"@type\":\"ImageObject\",\"inLanguage\":\"fr-FR\",\"@id\":\"https:\/\/www.laresidenceabano.it\/fr\/offer\/chambre-et-petit-dejeuner\/#primaryimage\",\"url\":\"https:\/\/www.laresidenceabano.it\/wp-content\/uploads\/2023\/07\/Pernottamento-e-prima-colazione.jpg\",\"contentUrl\":\"https:\/\/www.laresidenceabano.it\/wp-content\/uploads\/2023\/07\/Pernottamento-e-prima-colazione.jpg\",\"width\":800,\"height\":350,\"caption\":\"Beautiful couple enjoying in the dinner.\"},{\"@type\":\"BreadcrumbList\",\"@id\":\"https:\/\/www.laresidenceabano.it\/fr\/offer\/chambre-et-petit-dejeuner\/#breadcrumb\",\"itemListElement\":[{\"@type\":\"ListItem\",\"position\":1,\"name\":\"Home\",\"item\":\"https:\/\/www.laresidenceabano.it\/fr\/\"},{\"@type\":\"ListItem\",\"position\":2,\"name\":\"Chambre et petit d\u00e9jeuner\"}]},{\"@type\":\"WebSite\",\"@id\":\"https:\/\/www.laresidenceabano.it\/fr\/#website\",\"url\":\"https:\/\/www.laresidenceabano.it\/fr\/\",\"name\":\"Hotel La Residence\",\"description\":\"\",\"publisher\":{\"@id\":\"https:\/\/www.laresidenceabano.it\/fr\/#organization\"},\"potentialAction\":[{\"@type\":\"SearchAction\",\"target\":{\"@type\":\"EntryPoint\",\"urlTemplate\":\"https:\/\/www.laresidenceabano.it\/fr\/?s={search_term_string}\"},\"query-input\":{\"@type\":\"PropertyValueSpecification\",\"valueRequired\":true,\"valueName\":\"search_term_string\"}}],\"inLanguage\":\"fr-FR\"},{\"@type\":\"Organization\",\"@id\":\"https:\/\/www.laresidenceabano.it\/fr\/#organization\",\"name\":\"Hotel La Residence\",\"url\":\"https:\/\/www.laresidenceabano.it\/fr\/\",\"logo\":{\"@type\":\"ImageObject\",\"inLanguage\":\"fr-FR\",\"@id\":\"https:\/\/www.laresidenceabano.it\/fr\/#\/schema\/logo\/image\/\",\"url\":\"https:\/\/www.laresidenceabano.it\/wp-content\/uploads\/2023\/07\/Logo-hotel-la-residence.svg\",\"contentUrl\":\"https:\/\/www.laresidenceabano.it\/wp-content\/uploads\/2023\/07\/Logo-hotel-la-residence.svg\",\"caption\":\"Hotel La Residence\"},\"image\":{\"@id\":\"https:\/\/www.laresidenceabano.it\/fr\/#\/schema\/logo\/image\/\"}}]}<\/script>\n<!-- \/ Yoast SEO plugin. -->","yoast_head_json":{"title":"Chambre et petit d\u00e9jeuner - Hotel La Residence","description":"Cure de boue thermale de 6 s\u00e9ances en pension compl\u00e8te, pour renforcer les d\u00e9fenses antioxydantes. D\u00e9couvrez l'offre !","robots":{"index":"index","follow":"follow","max-snippet":"max-snippet:-1","max-image-preview":"max-image-preview:large","max-video-preview":"max-video-preview:-1"},"canonical":"https:\/\/www.laresidenceabano.it\/fr\/offer\/chambre-et-petit-dejeuner\/","og_locale":"fr_FR","og_type":"article","og_title":"Chambre et petit d\u00e9jeuner - Hotel La Residence","og_description":"Cure de boue thermale de 6 s\u00e9ances en pension compl\u00e8te, pour renforcer les d\u00e9fenses antioxydantes. D\u00e9couvrez l'offre !","og_url":"https:\/\/www.laresidenceabano.it\/fr\/offer\/chambre-et-petit-dejeuner\/","og_site_name":"Hotel La Residence","article_modified_time":"2024-06-10T13:34:35+00:00","og_image":[{"width":800,"height":350,"url":"https:\/\/www.laresidenceabano.it\/wp-content\/uploads\/2023\/07\/Pernottamento-e-prima-colazione.jpg","type":"image\/jpeg"}],"twitter_card":"summary_large_image","twitter_misc":{"Dur\u00e9e de lecture estim\u00e9e":"1 minute"},"schema":{"@context":"https:\/\/schema.org","@graph":[{"@type":"WebPage","@id":"https:\/\/www.laresidenceabano.it\/fr\/offer\/chambre-et-petit-dejeuner\/","url":"https:\/\/www.laresidenceabano.it\/fr\/offer\/chambre-et-petit-dejeuner\/","name":"Chambre et petit d\u00e9jeuner - Hotel La Residence","isPartOf":{"@id":"https:\/\/www.laresidenceabano.it\/fr\/#website"},"primaryImageOfPage":{"@id":"https:\/\/www.laresidenceabano.it\/fr\/offer\/chambre-et-petit-dejeuner\/#primaryimage"},"image":{"@id":"https:\/\/www.laresidenceabano.it\/fr\/offer\/chambre-et-petit-dejeuner\/#primaryimage"},"thumbnailUrl":"https:\/\/www.laresidenceabano.it\/wp-content\/uploads\/2023\/07\/Pernottamento-e-prima-colazione.jpg","datePublished":"2024-04-01T14:43:58+00:00","dateModified":"2024-06-10T13:34:35+00:00","description":"Cure de boue thermale de 6 s\u00e9ances en pension compl\u00e8te, pour renforcer les d\u00e9fenses antioxydantes. D\u00e9couvrez l'offre !","breadcrumb":{"@id":"https:\/\/www.laresidenceabano.it\/fr\/offer\/chambre-et-petit-dejeuner\/#breadcrumb"},"inLanguage":"fr-FR","potentialAction":[{"@type":"ReadAction","target":["https:\/\/www.laresidenceabano.it\/fr\/offer\/chambre-et-petit-dejeuner\/"]}]},{"@type":"ImageObject","inLanguage":"fr-FR","@id":"https:\/\/www.laresidenceabano.it\/fr\/offer\/chambre-et-petit-dejeuner\/#primaryimage","url":"https:\/\/www.laresidenceabano.it\/wp-content\/uploads\/2023\/07\/Pernottamento-e-prima-colazione.jpg","contentUrl":"https:\/\/www.laresidenceabano.it\/wp-content\/uploads\/2023\/07\/Pernottamento-e-prima-colazione.jpg","width":800,"height":350,"caption":"Beautiful couple enjoying in the dinner."},{"@type":"BreadcrumbList","@id":"https:\/\/www.laresidenceabano.it\/fr\/offer\/chambre-et-petit-dejeuner\/#breadcrumb","itemListElement":[{"@type":"ListItem","position":1,"name":"Home","item":"https:\/\/www.laresidenceabano.it\/fr\/"},{"@type":"ListItem","position":2,"name":"Chambre et petit d\u00e9jeuner"}]},{"@type":"WebSite","@id":"https:\/\/www.laresidenceabano.it\/fr\/#website","url":"https:\/\/www.laresidenceabano.it\/fr\/","name":"Hotel La Residence","description":"","publisher":{"@id":"https:\/\/www.laresidenceabano.it\/fr\/#organization"},"potentialAction":[{"@type":"SearchAction","target":{"@type":"EntryPoint","urlTemplate":"https:\/\/www.laresidenceabano.it\/fr\/?s={search_term_string}"},"query-input":{"@type":"PropertyValueSpecification","valueRequired":true,"valueName":"search_term_string"}}],"inLanguage":"fr-FR"},{"@type":"Organization","@id":"https:\/\/www.laresidenceabano.it\/fr\/#organization","name":"Hotel La Residence","url":"https:\/\/www.laresidenceabano.it\/fr\/","logo":{"@type":"ImageObject","inLanguage":"fr-FR","@id":"https:\/\/www.laresidenceabano.it\/fr\/#\/schema\/logo\/image\/","url":"https:\/\/www.laresidenceabano.it\/wp-content\/uploads\/2023\/07\/Logo-hotel-la-residence.svg","contentUrl":"https:\/\/www.laresidenceabano.it\/wp-content\/uploads\/2023\/07\/Logo-hotel-la-residence.svg","caption":"Hotel La Residence"},"image":{"@id":"https:\/\/www.laresidenceabano.it\/fr\/#\/schema\/logo\/image\/"}}]}},"featured_img":"https:\/\/www.laresidenceabano.it\/wp-content\/uploads\/2023\/07\/Pernottamento-e-prima-colazione.jpg","coauthors":[],"author_meta":{"author_link":"https:\/\/www.laresidenceabano.it\/fr\/author\/marcop\/","display_name":"MarcoP"},"relative_dates":{"created":"Publi\u00e9 2 ans il y a","modified":"Mis \u00e0 jour 2 ans il y a"},"absolute_dates":{"created":"Publi\u00e9 le 01\/04\/2024","modified":"Mise \u00e0 jour le 10\/06\/2024"},"absolute_dates_time":{"created":"Publi\u00e9 le 01\/04\/2024 16:43","modified":"Mise \u00e0 jour le 10\/06\/2024 15:34"},"featured_img_caption":"Beautiful couple enjoying in the dinner. ","tax_additional":{"offer_categories":{"linked":["<a href=\"https:\/\/www.laresidenceabano.it\/fr\/offer_categories\/leisure\/\" class=\"advgb-post-tax-term\">leisure<\/a>"],"unlinked":["<span class=\"advgb-post-tax-term\">leisure<\/span>"],"slug":"offer_categories","name":"Cat\u00e9gories"},"translation_priority":{"linked":["<a href=\"https:\/\/www.laresidenceabano.it\/fr\/?taxonomy=translation_priority&#038;term=facultatif\" class=\"advgb-post-tax-term\">Facultatif<\/a>"],"unlinked":["<span class=\"advgb-post-tax-term\">Facultatif<\/span>"],"slug":"translation_priority","name":"Priorit\u00e9s de traduction"}},"series_order":"","_links":{"self":[{"href":"https:\/\/www.laresidenceabano.it\/fr\/wp-json\/wp\/v2\/offer\/7034","targetHints":{"allow":["GET"]}}],"collection":[{"href":"https:\/\/www.laresidenceabano.it\/fr\/wp-json\/wp\/v2\/offer"}],"about":[{"href":"https:\/\/www.laresidenceabano.it\/fr\/wp-json\/wp\/v2\/types\/offer"}],"author":[{"embeddable":true,"href":"https:\/\/www.laresidenceabano.it\/fr\/wp-json\/wp\/v2\/users\/12"}],"version-history":[{"count":3,"href":"https:\/\/www.laresidenceabano.it\/fr\/wp-json\/wp\/v2\/offer\/7034\/revisions"}],"predecessor-version":[{"id":7520,"href":"https:\/\/www.laresidenceabano.it\/fr\/wp-json\/wp\/v2\/offer\/7034\/revisions\/7520"}],"wp:featuredmedia":[{"embeddable":true,"href":"https:\/\/www.laresidenceabano.it\/fr\/wp-json\/wp\/v2\/media\/5588"}],"wp:attachment":[{"href":"https:\/\/www.laresidenceabano.it\/fr\/wp-json\/wp\/v2\/media?parent=7034"}],"wp:term":[{"taxonomy":"offer_categories","embeddable":true,"href":"https:\/\/www.laresidenceabano.it\/fr\/wp-json\/wp\/v2\/offer_categories?post=7034"}],"curies":[{"name":"wp","href":"https:\/\/api.w.org\/{rel}","templated":true}]}}