{"id":7066,"date":"2024-04-01T17:35:19","date_gmt":"2024-04-01T15:35:19","guid":{"rendered":"https:\/\/www.laresidenceabano.it\/offer\/voyage-autour-du-monde\/"},"modified":"2024-05-03T12:05:13","modified_gmt":"2024-05-03T10:05:13","slug":"voyage-autour-du-monde","status":"publish","type":"offer","link":"https:\/\/www.laresidenceabano.it\/fr\/offer\/voyage-autour-du-monde\/","title":{"rendered":"Voyage autour du monde"},"content":{"rendered":"<div  class=\"grids-section grids-is-advanced alignwide\" style=\"--_gs-gap-desktop:0px 0px;--_gs-m-desktop:0 0 0 0;--_gs-p-desktop:0 0 0 0;--_gs-bg-desktop:transparent none;--_gs-bg-xp-desktop:0px;--_gs-zi-desktop:auto;--_gs-d-desktop:block;--_gs-mw-desktop:calc(100% - 0 - 0);--_gs-gap-tablet:0px 0px;--_gs-m-tablet:0 0 0 0;--_gs-p-tablet:0 0 0 0;--_gs-bg-tablet:transparent none;--_gs-bg-xp-tablet:0px;--_gs-zi-tablet:auto;--_gs-d-tablet:block;--_gs-mw-tablet:calc(100% - 0 - 0);--_gs-gap-mobile:0px 0px;--_gs-m-mobile:0 0 0 0;--_gs-p-mobile:0 0 0 0;--_gs-bg-mobile:transparent none;--_gs-bg-xp-mobile:0px;--_gs-zi-mobile:auto;--_gs-d-mobile:block;--_gs-mw-mobile:calc(100% - 0 - 0);--_gs-columns:12;--_gs-rows:6\"><div class=\"grids-s-w_i\">\n<div class=\"grids-area\" style=\"--_ga-column:1\/13;--_ga-row:1\/7;--_ga-m-desktop:0 0 0 0;--_ga-p-desktop:0 0 0 0;--_ga-bg-desktop:transparent none;--_ga-zi-desktop:auto;--_ga-d-desktop:flex;--_ga-mw-desktop:calc(100% - 0 - 0);--_ga-m-tablet:0 0 0 0;--_ga-p-tablet:0 0 0 0;--_ga-bg-tablet:transparent none;--_ga-zi-tablet:auto;--_ga-d-tablet:flex;--_ga-mw-tablet:calc(100% - 0 - 0);--_ga-m-mobile:0 0 0 0;--_ga-p-mobile:0 0 0 0;--_ga-bg-mobile:transparent none;--_ga-zi-mobile:auto;--_ga-d-mobile:flex;--_ga-mw-mobile:calc(100% - 0 - 0)\">\n\n<p>Pour ceux qui aiment voyager, tenter de nouvelles exp\u00e9riences, mieux conna\u00eetre leur corps et d\u00e9couvrir une \u00e9nergie vitale renouvel\u00e9e.<\/p>\n\n\n\n<p>Le programme comprend\u00a0:<\/p>\n\n\n\n<ul class=\"wp-block-list\">\n<li>1 \u00ab\u00a0Fango Pi\u00f9 Emozionale\u00a0\u00bb (boue \u00e9motionnelle plus) avec bain thermal (Abano Terme)<\/li>\n\n\n\n<li>1 Gommage \u00e0 la gel\u00e9e de fruits exfoliante (Italie)<\/li>\n\n\n\n<li>1 Massage ayurv\u00e9dique (Inde)<\/li>\n\n\n\n<li>1 Shiatsu (Japon)<\/li>\n\n\n\n<li>1 exp\u00e9rience de massage JasminTherapy<\/li>\n\n\n\n<li>1 th\u00e9rapie aux pierres chaudes (\u00c9tats-Unis)<\/li>\n<\/ul>\n\n\n\n<p><strong>Services gratuits\u00a0:<\/strong><\/p>\n\n\n\n<ul class=\"wp-block-list\">\n<li>1 piscine thermale int\u00e9rieure (36\u00b0C) avec espace d\u00e9tente<\/li>\n\n\n\n<li>2 piscines ext\u00e9rieures avec hydromassages (de 31\u00b0C \u00e0 35\u00b0C)<\/li>\n\n\n\n<li>Gymnastique collective dans la piscine thermale du lundi au samedi<\/li>\n\n\n\n<li>Grotte thermale &#8211; Sauna<\/li>\n\n\n\n<li>Salle de gymnastique<\/li>\n\n\n\n<li>Location de v\u00e9los<\/li>\n\n\n\n<li>15 000 m2 de jardin et parc<\/li>\n\n\n\n<li>Peignoir, serviette<\/li>\n<\/ul>\n\n\n\n<p>Taxe de s\u00e9jour non incluse<\/p>\n\n\n\n<div class=\"wp-block-buttons is-layout-flex wp-block-buttons-is-layout-flex\">\n<div class=\"wp-block-button\"><a class=\"wp-block-button__link wp-element-button\" href=\"https:\/\/reservations.verticalbooking.com\/premium\/index_pacchetti_2.html?id_albergo=5176&amp;dc=241&amp;lingua_int=fra&amp;id_stile=16966&amp;id_prodotto_sel=222\" target=\"_blank\" rel=\"noreferrer noopener\">R\u00e9servez maintenant<\/a><\/div>\n<\/div>\n\n<\/div>\n<\/div><\/div>","protected":false},"excerpt":{"rendered":"","protected":false},"author":12,"featured_media":5594,"template":"","meta":{"_acf_changed":false,"advgb_blocks_editor_width":"","advgb_blocks_columns_visual_guide":"","footnotes":""},"offer_categories":[],"class_list":["post-7066","offer","type-offer","status-publish","has-post-thumbnail","hentry","entry"],"acf":[],"yoast_head":"<!-- This site is optimized with the Yoast SEO plugin v25.6 - https:\/\/yoast.com\/wordpress\/plugins\/seo\/ -->\n<title>Voyage autour du monde - Hotel La Residence<\/title>\n<meta name=\"description\" content=\"Parcours avec un cycle de 6 s\u00e9ances de boues thermales en pension compl\u00e8te, pour renforcer les d\u00e9fenses antioxydantes. D\u00e9couvrez notre offre !\" \/>\n<meta name=\"robots\" content=\"index, follow, max-snippet:-1, max-image-preview:large, max-video-preview:-1\" \/>\n<link rel=\"canonical\" href=\"https:\/\/www.laresidenceabano.it\/fr\/offer\/voyage-autour-du-monde\/\" \/>\n<meta property=\"og:locale\" content=\"fr_FR\" \/>\n<meta property=\"og:type\" content=\"article\" \/>\n<meta property=\"og:title\" content=\"Voyage autour du monde - Hotel La Residence\" \/>\n<meta property=\"og:description\" content=\"Parcours avec un cycle de 6 s\u00e9ances de boues thermales en pension compl\u00e8te, pour renforcer les d\u00e9fenses antioxydantes. D\u00e9couvrez notre offre !\" \/>\n<meta property=\"og:url\" content=\"https:\/\/www.laresidenceabano.it\/fr\/offer\/voyage-autour-du-monde\/\" \/>\n<meta property=\"og:site_name\" content=\"Hotel La Residence\" \/>\n<meta property=\"article:modified_time\" content=\"2024-05-03T10:05:13+00:00\" \/>\n<meta property=\"og:image\" content=\"https:\/\/www.laresidenceabano.it\/wp-content\/uploads\/2023\/07\/giro-intorno-al-mondo.jpg\" \/>\n\t<meta property=\"og:image:width\" content=\"800\" \/>\n\t<meta property=\"og:image:height\" content=\"350\" \/>\n\t<meta property=\"og:image:type\" content=\"image\/jpeg\" \/>\n<meta name=\"twitter:card\" content=\"summary_large_image\" \/>\n<meta name=\"twitter:label1\" content=\"Dur\u00e9e de lecture estim\u00e9e\" \/>\n\t<meta name=\"twitter:data1\" content=\"1 minute\" \/>\n<script type=\"application\/ld+json\" class=\"yoast-schema-graph\">{\"@context\":\"https:\/\/schema.org\",\"@graph\":[{\"@type\":\"WebPage\",\"@id\":\"https:\/\/www.laresidenceabano.it\/fr\/offer\/voyage-autour-du-monde\/\",\"url\":\"https:\/\/www.laresidenceabano.it\/fr\/offer\/voyage-autour-du-monde\/\",\"name\":\"Voyage autour du monde - Hotel La Residence\",\"isPartOf\":{\"@id\":\"https:\/\/www.laresidenceabano.it\/fr\/#website\"},\"primaryImageOfPage\":{\"@id\":\"https:\/\/www.laresidenceabano.it\/fr\/offer\/voyage-autour-du-monde\/#primaryimage\"},\"image\":{\"@id\":\"https:\/\/www.laresidenceabano.it\/fr\/offer\/voyage-autour-du-monde\/#primaryimage\"},\"thumbnailUrl\":\"https:\/\/www.laresidenceabano.it\/wp-content\/uploads\/2023\/07\/giro-intorno-al-mondo.jpg\",\"datePublished\":\"2024-04-01T15:35:19+00:00\",\"dateModified\":\"2024-05-03T10:05:13+00:00\",\"description\":\"Parcours avec un cycle de 6 s\u00e9ances de boues thermales en pension compl\u00e8te, pour renforcer les d\u00e9fenses antioxydantes. D\u00e9couvrez notre offre !\",\"breadcrumb\":{\"@id\":\"https:\/\/www.laresidenceabano.it\/fr\/offer\/voyage-autour-du-monde\/#breadcrumb\"},\"inLanguage\":\"fr-FR\",\"potentialAction\":[{\"@type\":\"ReadAction\",\"target\":[\"https:\/\/www.laresidenceabano.it\/fr\/offer\/voyage-autour-du-monde\/\"]}]},{\"@type\":\"ImageObject\",\"inLanguage\":\"fr-FR\",\"@id\":\"https:\/\/www.laresidenceabano.it\/fr\/offer\/voyage-autour-du-monde\/#primaryimage\",\"url\":\"https:\/\/www.laresidenceabano.it\/wp-content\/uploads\/2023\/07\/giro-intorno-al-mondo.jpg\",\"contentUrl\":\"https:\/\/www.laresidenceabano.it\/wp-content\/uploads\/2023\/07\/giro-intorno-al-mondo.jpg\",\"width\":800,\"height\":350},{\"@type\":\"BreadcrumbList\",\"@id\":\"https:\/\/www.laresidenceabano.it\/fr\/offer\/voyage-autour-du-monde\/#breadcrumb\",\"itemListElement\":[{\"@type\":\"ListItem\",\"position\":1,\"name\":\"Home\",\"item\":\"https:\/\/www.laresidenceabano.it\/fr\/\"},{\"@type\":\"ListItem\",\"position\":2,\"name\":\"Voyage autour du monde\"}]},{\"@type\":\"WebSite\",\"@id\":\"https:\/\/www.laresidenceabano.it\/fr\/#website\",\"url\":\"https:\/\/www.laresidenceabano.it\/fr\/\",\"name\":\"Hotel La Residence\",\"description\":\"\",\"publisher\":{\"@id\":\"https:\/\/www.laresidenceabano.it\/fr\/#organization\"},\"potentialAction\":[{\"@type\":\"SearchAction\",\"target\":{\"@type\":\"EntryPoint\",\"urlTemplate\":\"https:\/\/www.laresidenceabano.it\/fr\/?s={search_term_string}\"},\"query-input\":{\"@type\":\"PropertyValueSpecification\",\"valueRequired\":true,\"valueName\":\"search_term_string\"}}],\"inLanguage\":\"fr-FR\"},{\"@type\":\"Organization\",\"@id\":\"https:\/\/www.laresidenceabano.it\/fr\/#organization\",\"name\":\"Hotel La Residence\",\"url\":\"https:\/\/www.laresidenceabano.it\/fr\/\",\"logo\":{\"@type\":\"ImageObject\",\"inLanguage\":\"fr-FR\",\"@id\":\"https:\/\/www.laresidenceabano.it\/fr\/#\/schema\/logo\/image\/\",\"url\":\"https:\/\/www.laresidenceabano.it\/wp-content\/uploads\/2023\/07\/Logo-hotel-la-residence.svg\",\"contentUrl\":\"https:\/\/www.laresidenceabano.it\/wp-content\/uploads\/2023\/07\/Logo-hotel-la-residence.svg\",\"caption\":\"Hotel La Residence\"},\"image\":{\"@id\":\"https:\/\/www.laresidenceabano.it\/fr\/#\/schema\/logo\/image\/\"}}]}<\/script>\n<!-- \/ Yoast SEO plugin. -->","yoast_head_json":{"title":"Voyage autour du monde - Hotel La Residence","description":"Parcours avec un cycle de 6 s\u00e9ances de boues thermales en pension compl\u00e8te, pour renforcer les d\u00e9fenses antioxydantes. D\u00e9couvrez notre offre !","robots":{"index":"index","follow":"follow","max-snippet":"max-snippet:-1","max-image-preview":"max-image-preview:large","max-video-preview":"max-video-preview:-1"},"canonical":"https:\/\/www.laresidenceabano.it\/fr\/offer\/voyage-autour-du-monde\/","og_locale":"fr_FR","og_type":"article","og_title":"Voyage autour du monde - Hotel La Residence","og_description":"Parcours avec un cycle de 6 s\u00e9ances de boues thermales en pension compl\u00e8te, pour renforcer les d\u00e9fenses antioxydantes. D\u00e9couvrez notre offre !","og_url":"https:\/\/www.laresidenceabano.it\/fr\/offer\/voyage-autour-du-monde\/","og_site_name":"Hotel La Residence","article_modified_time":"2024-05-03T10:05:13+00:00","og_image":[{"width":800,"height":350,"url":"https:\/\/www.laresidenceabano.it\/wp-content\/uploads\/2023\/07\/giro-intorno-al-mondo.jpg","type":"image\/jpeg"}],"twitter_card":"summary_large_image","twitter_misc":{"Dur\u00e9e de lecture estim\u00e9e":"1 minute"},"schema":{"@context":"https:\/\/schema.org","@graph":[{"@type":"WebPage","@id":"https:\/\/www.laresidenceabano.it\/fr\/offer\/voyage-autour-du-monde\/","url":"https:\/\/www.laresidenceabano.it\/fr\/offer\/voyage-autour-du-monde\/","name":"Voyage autour du monde - Hotel La Residence","isPartOf":{"@id":"https:\/\/www.laresidenceabano.it\/fr\/#website"},"primaryImageOfPage":{"@id":"https:\/\/www.laresidenceabano.it\/fr\/offer\/voyage-autour-du-monde\/#primaryimage"},"image":{"@id":"https:\/\/www.laresidenceabano.it\/fr\/offer\/voyage-autour-du-monde\/#primaryimage"},"thumbnailUrl":"https:\/\/www.laresidenceabano.it\/wp-content\/uploads\/2023\/07\/giro-intorno-al-mondo.jpg","datePublished":"2024-04-01T15:35:19+00:00","dateModified":"2024-05-03T10:05:13+00:00","description":"Parcours avec un cycle de 6 s\u00e9ances de boues thermales en pension compl\u00e8te, pour renforcer les d\u00e9fenses antioxydantes. D\u00e9couvrez notre offre !","breadcrumb":{"@id":"https:\/\/www.laresidenceabano.it\/fr\/offer\/voyage-autour-du-monde\/#breadcrumb"},"inLanguage":"fr-FR","potentialAction":[{"@type":"ReadAction","target":["https:\/\/www.laresidenceabano.it\/fr\/offer\/voyage-autour-du-monde\/"]}]},{"@type":"ImageObject","inLanguage":"fr-FR","@id":"https:\/\/www.laresidenceabano.it\/fr\/offer\/voyage-autour-du-monde\/#primaryimage","url":"https:\/\/www.laresidenceabano.it\/wp-content\/uploads\/2023\/07\/giro-intorno-al-mondo.jpg","contentUrl":"https:\/\/www.laresidenceabano.it\/wp-content\/uploads\/2023\/07\/giro-intorno-al-mondo.jpg","width":800,"height":350},{"@type":"BreadcrumbList","@id":"https:\/\/www.laresidenceabano.it\/fr\/offer\/voyage-autour-du-monde\/#breadcrumb","itemListElement":[{"@type":"ListItem","position":1,"name":"Home","item":"https:\/\/www.laresidenceabano.it\/fr\/"},{"@type":"ListItem","position":2,"name":"Voyage autour du monde"}]},{"@type":"WebSite","@id":"https:\/\/www.laresidenceabano.it\/fr\/#website","url":"https:\/\/www.laresidenceabano.it\/fr\/","name":"Hotel La Residence","description":"","publisher":{"@id":"https:\/\/www.laresidenceabano.it\/fr\/#organization"},"potentialAction":[{"@type":"SearchAction","target":{"@type":"EntryPoint","urlTemplate":"https:\/\/www.laresidenceabano.it\/fr\/?s={search_term_string}"},"query-input":{"@type":"PropertyValueSpecification","valueRequired":true,"valueName":"search_term_string"}}],"inLanguage":"fr-FR"},{"@type":"Organization","@id":"https:\/\/www.laresidenceabano.it\/fr\/#organization","name":"Hotel La Residence","url":"https:\/\/www.laresidenceabano.it\/fr\/","logo":{"@type":"ImageObject","inLanguage":"fr-FR","@id":"https:\/\/www.laresidenceabano.it\/fr\/#\/schema\/logo\/image\/","url":"https:\/\/www.laresidenceabano.it\/wp-content\/uploads\/2023\/07\/Logo-hotel-la-residence.svg","contentUrl":"https:\/\/www.laresidenceabano.it\/wp-content\/uploads\/2023\/07\/Logo-hotel-la-residence.svg","caption":"Hotel La Residence"},"image":{"@id":"https:\/\/www.laresidenceabano.it\/fr\/#\/schema\/logo\/image\/"}}]}},"featured_img":"https:\/\/www.laresidenceabano.it\/wp-content\/uploads\/2023\/07\/giro-intorno-al-mondo.jpg","coauthors":[],"author_meta":{"author_link":"https:\/\/www.laresidenceabano.it\/fr\/author\/marcop\/","display_name":"MarcoP"},"relative_dates":{"created":"Publi\u00e9 2 ans il y a","modified":"Mis \u00e0 jour 2 ans il y a"},"absolute_dates":{"created":"Publi\u00e9 le 01\/04\/2024","modified":"Mise \u00e0 jour le 03\/05\/2024"},"absolute_dates_time":{"created":"Publi\u00e9 le 01\/04\/2024 17:35","modified":"Mise \u00e0 jour le 03\/05\/2024 12:05"},"featured_img_caption":"","tax_additional":{"offer_categories":{"linked":[],"unlinked":[],"slug":"offer_categories","name":"Cat\u00e9gories"},"translation_priority":{"linked":["<a href=\"https:\/\/www.laresidenceabano.it\/fr\/?taxonomy=translation_priority&#038;term=facultatif\" class=\"advgb-post-tax-term\">Facultatif<\/a>"],"unlinked":["<span class=\"advgb-post-tax-term\">Facultatif<\/span>"],"slug":"translation_priority","name":"Priorit\u00e9s de traduction"}},"series_order":"","_links":{"self":[{"href":"https:\/\/www.laresidenceabano.it\/fr\/wp-json\/wp\/v2\/offer\/7066","targetHints":{"allow":["GET"]}}],"collection":[{"href":"https:\/\/www.laresidenceabano.it\/fr\/wp-json\/wp\/v2\/offer"}],"about":[{"href":"https:\/\/www.laresidenceabano.it\/fr\/wp-json\/wp\/v2\/types\/offer"}],"author":[{"embeddable":true,"href":"https:\/\/www.laresidenceabano.it\/fr\/wp-json\/wp\/v2\/users\/12"}],"version-history":[{"count":1,"href":"https:\/\/www.laresidenceabano.it\/fr\/wp-json\/wp\/v2\/offer\/7066\/revisions"}],"predecessor-version":[{"id":7067,"href":"https:\/\/www.laresidenceabano.it\/fr\/wp-json\/wp\/v2\/offer\/7066\/revisions\/7067"}],"wp:featuredmedia":[{"embeddable":true,"href":"https:\/\/www.laresidenceabano.it\/fr\/wp-json\/wp\/v2\/media\/5594"}],"wp:attachment":[{"href":"https:\/\/www.laresidenceabano.it\/fr\/wp-json\/wp\/v2\/media?parent=7066"}],"wp:term":[{"taxonomy":"offer_categories","embeddable":true,"href":"https:\/\/www.laresidenceabano.it\/fr\/wp-json\/wp\/v2\/offer_categories?post=7066"}],"curies":[{"name":"wp","href":"https:\/\/api.w.org\/{rel}","templated":true}]}}