{"id":6030,"date":"2023-08-25T15:18:10","date_gmt":"2023-08-25T13:18:10","guid":{"rendered":"https:\/\/www.laresidenceabano.it\/traitements-du-visage\/"},"modified":"2024-04-04T16:57:05","modified_gmt":"2024-04-04T14:57:05","slug":"traitements-du-visage","status":"publish","type":"page","link":"https:\/\/www.laresidenceabano.it\/fr\/traitements-du-visage\/","title":{"rendered":"Traitements du visage"},"content":{"rendered":"<div  class=\"grids-section animated fadeInUp grids-is-advanced alignwide\" style=\"--_gs-gap-desktop:0px 0px;--_gs-m-desktop:0 0 0 0;--_gs-p-desktop:0 0 0 0;--_gs-bg-desktop:transparent none;--_gs-bg-xp-desktop:0px;--_gs-zi-desktop:auto;--_gs-d-desktop:block;--_gs-mw-desktop:calc(100% - 0 - 0);--_gs-gap-tablet:0px 0px;--_gs-m-tablet:0 0 0 0;--_gs-p-tablet:0 0 0 0;--_gs-bg-tablet:transparent none;--_gs-bg-xp-tablet:0px;--_gs-zi-tablet:auto;--_gs-d-tablet:block;--_gs-mw-tablet:calc(100% - 0 - 0);--_gs-gap-mobile:0px 0px;--_gs-m-mobile:0 0 0 0;--_gs-p-mobile:0 0 0 0;--_gs-bg-mobile:transparent none;--_gs-bg-xp-mobile:0px;--_gs-zi-mobile:auto;--_gs-d-mobile:block;--_gs-mw-mobile:calc(100% - 0 - 0);--_gs-columns:12;--_gs-rows:6\"><div class=\"grids-s-w_i\">\n<div class=\"grids-area\" style=\"--_ga-column:1\/13;--_ga-row:1\/7;--_ga-m-desktop:0 0 0 0;--_ga-p-desktop:0 0 0 0;--_ga-bg-desktop:transparent none;--_ga-zi-desktop:auto;--_ga-d-desktop:flex;--_ga-mw-desktop:calc(100% - 0 - 0);--_ga-m-tablet:0 0 0 0;--_ga-p-tablet:0 0 0 0;--_ga-bg-tablet:transparent none;--_ga-zi-tablet:auto;--_ga-d-tablet:flex;--_ga-mw-tablet:calc(100% - 0 - 0);--_ga-m-mobile:0 0 0 0;--_ga-p-mobile:0 0 0 0;--_ga-bg-mobile:transparent none;--_ga-zi-mobile:auto;--_ga-d-mobile:flex;--_ga-mw-mobile:calc(100% - 0 - 0)\">\n\n<h2 class=\"wp-block-heading has-text-align-center decorated\">\u00c9CLAT, FRA\u00ceCHEUR ET BIEN-\u00caTRE \u00c0 CHAQUE INSTANT<\/h2>\n\n\n\n<p class=\"has-text-align-center\">Une s\u00e9rie de propositions d\u00e9di\u00e9es \u00e0 la <strong>beaut\u00e9 du visage<\/strong> pour une <strong>peau fra\u00eeche, radieuse et jeune<\/strong>. Une atmosph\u00e8re calme et relaxante encadre le plaisir des traitements pour rendre votre s\u00e9jour \u00e0 l&rsquo;H\u00f4tel La Residence encore plus agr\u00e9able.<\/p>\n\n\n\n<div class=\"wp-block-advgb-accordions advgb-accordions-b6c9b6c9-a880-4396-8139-b2ca91dd9841 advgb-accordion-wrapper\">\n<div class=\"wp-block-advgb-accordion-item advgb-accordion-item advgb-dyn-2e2580f8\" style=\"margin-bottom:15px\"><div class=\"advgb-accordion-header\" style=\"background-color:#FFFFFF;color:#000000;border-style:solid;border-width:1px;border-radius:2px\"><span class=\"advgb-accordion-header-icon\"><svg fill=\"#b7cbb8\" xmlns=\"http:\/\/www.w3.org\/2000\/svg\" width=\"24\" height=\"24\" viewBox=\"0 0 24 24\"><path fill=\"none\" d=\"M0,0h24v24H0V0z\"><\/path><path d=\"M19,13h-6v6h-2v-6H5v-2h6V5h2v6h6V13z\"><\/path><\/svg><\/span><h4 class=\"advgb-accordion-header-title\" style=\"color:inherit\">Luxury Silver Face, 50 min<\/h4><\/div><div class=\"advgb-accordion-body\" style=\"border-style:solid !important;border-width:1px !important;border-color:undefined !important;border-top:none !important;border-radius:2px !important\">\n<p><strong>Recommand\u00e9 pour tous les types de peau, contre le vieillissement pr\u00e9matur\u00e9 et le stress<\/strong> de la pollution urbaine, le soin du visage \u00ab\u00a0Luxury Silver Face\u00a0\u00bb utilise deux principes actifs <span style=\"background-color: var(--global--color-background); color: var(--global--color-primary); font-family: var(--global--font-secondary); font-size: var(--global--font-size-base);\">pr\u00e9cieux <\/span><span style=\"background-color: var(--global--color-background); color: var(--global--color-primary); font-family: var(--global--font-secondary); font-size: var(--global--font-size-base);\">: la bave d&rsquo;escargot et l&rsquo;extrait de malt d&rsquo;orge.<\/span><\/p>\n\n\n\n<p>La <strong>bave d&rsquo;escargot<\/strong> est issue de la s\u00e9cr\u00e9tion naturelle des escargots et est riche, sous forme naturelle, en acide glycolique, collag\u00e8ne, \u00e9lastine, en vitamines A, C, E et en allanto\u00efne, pour un effet r\u00e9g\u00e9n\u00e9rant et hydratant.<\/p>\n\n\n\n<p>L&rsquo;<strong>extrait de malt<\/strong>, riche en polyph\u00e9nols et en acide f\u00e9rulique aux propri\u00e9t\u00e9s antioxydantes, prot\u00e8ge la peau des dommages caus\u00e9s par les radicaux libres.<\/p>\n\n\n\n<p>Un <strong>gommage exfoliant doux<\/strong> aux microsph\u00e8res de jojoba et un masque peel-off aux extraits min\u00e9raux et \u00e0 l&rsquo;eau thermale enrichissent le rituel de beaut\u00e9 en donnant \u00e0 la peau un <strong>effet lissant et velout\u00e9 imm\u00e9diat<\/strong>. Il est donc indiqu\u00e9 <strong>pour lutter contre les rides, les traces d&rsquo;acn\u00e9, les cicatrices, les imperfections cutan\u00e9es, les rougeurs, les irritations et les vergetures.<\/strong><\/p>\n<\/div><\/div>\n\n\n\n<div class=\"wp-block-advgb-accordion-item advgb-accordion-item advgb-dyn-c434876d\" style=\"margin-bottom:15px\"><div class=\"advgb-accordion-header\" style=\"background-color:#FFFFFF;color:#000000;border-style:solid;border-width:1px;border-radius:2px\"><span class=\"advgb-accordion-header-icon\"><svg fill=\"#b7cbb8\" xmlns=\"http:\/\/www.w3.org\/2000\/svg\" width=\"24\" height=\"24\" viewBox=\"0 0 24 24\"><path fill=\"none\" d=\"M0,0h24v24H0V0z\"><\/path><path d=\"M19,13h-6v6h-2v-6H5v-2h6V5h2v6h6V13z\"><\/path><\/svg><\/span><h4 class=\"advgb-accordion-header-title\" style=\"color:inherit\">Luxury Hematite, 80 min<\/h4><\/div><div class=\"advgb-accordion-body\" style=\"border-style:solid !important;border-width:1px !important;border-color:undefined !important;border-top:none !important;border-radius:2px !important\">\n<p>Aussi pr\u00e9cieux que les cristaux d&rsquo;h\u00e9matite, fruit efficace de la recherche thermale de la GB, le rituel H\u00e9matite Luxe, <strong>enti\u00e8rement d\u00e9di\u00e9 au visage, au cou et au d\u00e9collet\u00e9<\/strong>, est le <strong>soin anti-\u00e2ge par excellence<\/strong>, adapt\u00e9 aux femmes et aux hommes exigeants.<\/p>\n\n\n\n<p>L&rsquo;eau thermale de source, l&rsquo;oxyg\u00e8ne v\u00e9g\u00e9tal actif extrait des pousses de soja et les pr\u00e9cieux cristaux noirs iris\u00e9s d&rsquo;h\u00e9matite naturelle font de ce soin une <strong>combinaison unique de substances b\u00e9n\u00e9fiques pour lutter contre les signes de l&rsquo;\u00e2ge.<\/strong><\/p>\n\n\n\n<p><strong>Il agit sur la tonicit\u00e9 et l&rsquo;\u00e9lasticit\u00e9 de la peau<\/strong>, en lui donnant de l&rsquo;\u00e9clat, en la nourrissant et en l&rsquo;hydratant, en pr\u00e9servant le capital jeunesse de mani\u00e8re naturelle avec des r\u00e9sultats visibles d\u00e8s le premier traitement. La synergie de diff\u00e9rents manuels de massage et une activation multisensorielle unique contribuent \u00e0 <strong>soulager le stress et les tensions<\/strong>, pour des traits d\u00e9tendus et une relaxation profonde.<\/p>\n<\/div><\/div>\n\n\n\n<div class=\"wp-block-advgb-accordion-item advgb-accordion-item advgb-dyn-9ed7adf0\" style=\"margin-bottom:15px\"><div class=\"advgb-accordion-header\" style=\"background-color:#FFFFFF;color:#000000;border-style:solid;border-width:1px;border-radius:2px\"><span class=\"advgb-accordion-header-icon\"><svg fill=\"#b7cbb8\" xmlns=\"http:\/\/www.w3.org\/2000\/svg\" width=\"24\" height=\"24\" viewBox=\"0 0 24 24\"><path fill=\"none\" d=\"M0,0h24v24H0V0z\"><\/path><path d=\"M19,13h-6v6h-2v-6H5v-2h6V5h2v6h6V13z\"><\/path><\/svg><\/span><h4 class=\"advgb-accordion-header-title\" style=\"color:inherit\">Traitement facial lissant d\u00e9sensibilisant, 50 min<\/h4><\/div><div class=\"advgb-accordion-body\" style=\"border-style:solid !important;border-width:1px !important;border-color:undefined !important;border-top:none !important;border-radius:2px !important\">\n<p><strong>Adapt\u00e9 aux peaux particuli\u00e8rement sensibles ou stress\u00e9es par la pollution atmosph\u00e9rique<\/strong>, il a une action apaisante et d\u00e9sensibilisante. Les extraits de chardon, l&rsquo;action r\u00e9paratrice de la centella et le calendula, aux propri\u00e9t\u00e9s nourrissantes et adoucissantes, sont les principaux ingr\u00e9dients de ce <strong>soin agr\u00e9able et relaxant<\/strong>.<\/p>\n<\/div><\/div>\n\n\n\n<div class=\"wp-block-advgb-accordion-item advgb-accordion-item advgb-dyn-878ea7cb\" style=\"margin-bottom:15px\"><div class=\"advgb-accordion-header\" style=\"background-color:#FFFFFF;color:#000000;border-style:solid;border-width:1px;border-radius:2px\"><span class=\"advgb-accordion-header-icon\"><svg fill=\"#b7cbb8\" xmlns=\"http:\/\/www.w3.org\/2000\/svg\" width=\"24\" height=\"24\" viewBox=\"0 0 24 24\"><path fill=\"none\" d=\"M0,0h24v24H0V0z\"><\/path><path d=\"M19,13h-6v6h-2v-6H5v-2h6V5h2v6h6V13z\"><\/path><\/svg><\/span><h4 class=\"advgb-accordion-header-title\" style=\"color:inherit\">Traitement thermal d\u00e9toxinant du visage, 50 min<\/h4><\/div><div class=\"advgb-accordion-body\" style=\"border-style:solid !important;border-width:1px !important;border-color:undefined !important;border-top:none !important;border-radius:2px !important\">\n<p>Objectif du traitement : <strong>d\u00e9barrasser la peau des toxines et des impuret\u00e9s et la rendre \u00e9clatante<\/strong>.<\/p>\n\n\n\n<p>Purifi\u00e9e gr\u00e2ce \u00e0 l&rsquo;action du \u00ab\u00a0fango maturo\u00a0\u00bb d&rsquo;Abano, la boue mature aux propri\u00e9t\u00e9s extraordinaires, la peau respire et resplendit, tandis que la vitamine A, l&rsquo;acide hyaluronique et l&rsquo;extrait d&rsquo;iris l&rsquo;hydratent, la r\u00e9g\u00e9n\u00e8rent et la rendent compacte.<\/p>\n<\/div><\/div>\n\n\n\n<div class=\"wp-block-advgb-accordion-item advgb-accordion-item advgb-dyn-62916dbc\" style=\"margin-bottom:15px\"><div class=\"advgb-accordion-header\" style=\"background-color:#FFFFFF;color:#000000;border-style:solid;border-width:1px;border-radius:2px\"><span class=\"advgb-accordion-header-icon\"><svg fill=\"#b7cbb8\" xmlns=\"http:\/\/www.w3.org\/2000\/svg\" width=\"24\" height=\"24\" viewBox=\"0 0 24 24\"><path fill=\"none\" d=\"M0,0h24v24H0V0z\"><\/path><path d=\"M19,13h-6v6h-2v-6H5v-2h6V5h2v6h6V13z\"><\/path><\/svg><\/span><h4 class=\"advgb-accordion-header-title\" style=\"color:inherit\">Soin du visage anti-stress, 50 min<\/h4><\/div><div class=\"advgb-accordion-body\" style=\"border-style:solid !important;border-width:1px !important;border-color:undefined !important;border-top:none !important;border-radius:2px !important\">\n<p>Ce soin <strong>agit sur les effets du stress et du temps en apportant \u00e9clat, tonicit\u00e9, hydratation et nutrition.<\/strong><\/p>\n\n\n\n<p>Les essences de rose, de lavande et d&rsquo;ambre d\u00e9tendent les traits, l&rsquo;acide hyaluronique lisse les rides et les lignes d&rsquo;expression, les extraits de chardon r\u00e9parateur et de ch\u00eane antioxydant compl\u00e8tent ce merveilleux moment \u00e0 consacrer \u00e0 soi-m\u00eame.<\/p>\n<\/div><\/div>\n\n\n\n<div class=\"wp-block-advgb-accordion-item advgb-accordion-item advgb-dyn-9257dbe7\" style=\"margin-bottom:15px\"><div class=\"advgb-accordion-header\" style=\"background-color:#FFFFFF;color:#000000;border-style:solid;border-width:1px;border-radius:2px\"><span class=\"advgb-accordion-header-icon\"><svg fill=\"#b7cbb8\" xmlns=\"http:\/\/www.w3.org\/2000\/svg\" width=\"24\" height=\"24\" viewBox=\"0 0 24 24\"><path fill=\"none\" d=\"M0,0h24v24H0V0z\"><\/path><path d=\"M19,13h-6v6h-2v-6H5v-2h6V5h2v6h6V13z\"><\/path><\/svg><\/span><h4 class=\"advgb-accordion-header-title\" style=\"color:inherit\">Traitement des yeux et des l\u00e8vres, 25 min<\/h4><\/div><div class=\"advgb-accordion-body\" style=\"border-style:solid !important;border-width:1px !important;border-color:undefined !important;border-top:none !important;border-radius:2px !important\">\n<p>Un <strong>masque gel<\/strong> \u00e0 base d&rsquo;acide hyaluronique <strong>hydrate et repulpe<\/strong> les l\u00e8vres.<\/p>\n\n\n\n<p>Un complexe actif concentr\u00e9 \u00e0 base d&rsquo;extraits de centella et d&rsquo;escin, pour lutter contre les gonflements, et de caf\u00e9ine, pour r\u00e9activer la microcirculation, <strong>\u00e9claircit le regard et lui redonne une nouvelle jeunesse.<\/strong> Ce traitement est excellent lorsqu&rsquo;il est combin\u00e9 avec tous les traitements du visage GB.<\/p>\n<\/div><\/div>\n\n\n\n<div class=\"wp-block-advgb-accordion-item advgb-accordion-item advgb-dyn-e1698104\" style=\"margin-bottom:15px\"><div class=\"advgb-accordion-header\" style=\"background-color:#FFFFFF;color:#000000;border-style:solid;border-width:1px;border-radius:2px\"><span class=\"advgb-accordion-header-icon\"><svg fill=\"#b7cbb8\" xmlns=\"http:\/\/www.w3.org\/2000\/svg\" width=\"24\" height=\"24\" viewBox=\"0 0 24 24\"><path fill=\"none\" d=\"M0,0h24v24H0V0z\"><\/path><path d=\"M19,13h-6v6h-2v-6H5v-2h6V5h2v6h6V13z\"><\/path><\/svg><\/span><h4 class=\"advgb-accordion-header-title\" style=\"color:inherit\">Drainage lymphatique du visage, 25 min<\/h4><\/div><div class=\"advgb-accordion-body\" style=\"border-style:solid !important;border-width:1px !important;border-color:undefined !important;border-top:none !important;border-radius:2px !important\">\n<p>Cette technique de massage est l&rsquo;une des solutions les plus valables et les plus efficaces pour <strong>\u00e9liminer l&rsquo;exc\u00e8s de liquides et de toxines<\/strong>.<\/p>\n\n\n\n<p>Elle favorise la r\u00e9g\u00e9n\u00e9ration cellulaire en \u00e9liminant visiblement les \u0153d\u00e8mes pour laisser un visage aux traits plus d\u00e9tendus. Id\u00e9al pour celles et ceux qui aiment la douceur.<\/p>\n<\/div><\/div>\n\n\n\n<div class=\"wp-block-advgb-accordion-item advgb-accordion-item advgb-dyn-7db7f94a\" style=\"margin-bottom:15px\"><div class=\"advgb-accordion-header\" style=\"background-color:#FFFFFF;color:#000000;border-style:solid;border-width:1px;border-radius:2px\"><span class=\"advgb-accordion-header-icon\"><svg fill=\"#b7cbb8\" xmlns=\"http:\/\/www.w3.org\/2000\/svg\" width=\"24\" height=\"24\" viewBox=\"0 0 24 24\"><path fill=\"none\" d=\"M0,0h24v24H0V0z\"><\/path><path d=\"M19,13h-6v6h-2v-6H5v-2h6V5h2v6h6V13z\"><\/path><\/svg><\/span><h4 class=\"advgb-accordion-header-title\" style=\"color:inherit\">Massage anti-stress du visage, 25 min<\/h4><\/div><div class=\"advgb-accordion-body\" style=\"border-style:solid !important;border-width:1px !important;border-color:undefined !important;border-top:none !important;border-radius:2px !important\">\n<p>Id\u00e9al pour <strong>r\u00e9g\u00e9n\u00e9rer, tonifier et d\u00e9tendre le visage<\/strong>, le massage visage anti-stress offre d&rsquo;excellents r\u00e9sultats pour lutter contre les signes de l&rsquo;\u00e2ge et d\u00e9tendre les muscles du visage.<\/p>\n\n\n\n<p><strong>Profond\u00e9ment relaxant<\/strong>, il est id\u00e9al pour \u00eatre combin\u00e9 avec des soins du visage ou du corps.<\/p>\n<\/div><\/div>\n\n\n\n<div class=\"wp-block-advgb-accordion-item advgb-accordion-item advgb-dyn-92976f3f\" style=\"margin-bottom:15px\"><div class=\"advgb-accordion-header\" style=\"background-color:#FFFFFF;color:#000000;border-style:solid;border-width:1px;border-radius:2px\"><span class=\"advgb-accordion-header-icon\"><svg fill=\"#b7cbb8\" xmlns=\"http:\/\/www.w3.org\/2000\/svg\" width=\"24\" height=\"24\" viewBox=\"0 0 24 24\"><path fill=\"none\" d=\"M0,0h24v24H0V0z\"><\/path><path d=\"M19,13h-6v6h-2v-6H5v-2h6V5h2v6h6V13z\"><\/path><\/svg><\/span><h4 class=\"advgb-accordion-header-title\" style=\"color:inherit\">Nettoyage thermal du visage, 50 min<\/h4><\/div><div class=\"advgb-accordion-body\" style=\"border-style:solid !important;border-width:1px !important;border-color:undefined !important;border-top:none !important;border-radius:2px !important\">\n<p>Le nettoyage thermal du visage est <strong>profond et efficace pour les peaux mixtes et impures<\/strong>. Il associe un exfoliant v\u00e9g\u00e9tal \u00e0 la vapeur et il est compl\u00e9t\u00e9 par un masque de boue mature d&rsquo;Abano activ\u00e9 par un cosm\u00e9tique innovant qui hydrate et purifie en profondeur. Il est <strong>n\u00e9cessaire pour commencer tout traitement du visage<\/strong>.<\/p>\n<\/div><\/div>\n\n\n\n<div class=\"wp-block-advgb-accordion-item advgb-accordion-item advgb-dyn-042a36d4\" style=\"margin-bottom:15px\"><div class=\"advgb-accordion-header\" style=\"background-color:#FFFFFF;color:#000000;border-style:solid;border-width:1px;border-radius:2px\"><span class=\"advgb-accordion-header-icon\"><svg fill=\"#b7cbb8\" xmlns=\"http:\/\/www.w3.org\/2000\/svg\" width=\"24\" height=\"24\" viewBox=\"0 0 24 24\"><path fill=\"none\" d=\"M0,0h24v24H0V0z\"><\/path><path d=\"M19,13h-6v6h-2v-6H5v-2h6V5h2v6h6V13z\"><\/path><\/svg><\/span><h4 class=\"advgb-accordion-header-title\" style=\"color:inherit\">Nettoyage doux du visage, 50 min<\/h4><\/div><div class=\"advgb-accordion-body\" style=\"border-style:solid !important;border-width:1px !important;border-color:undefined !important;border-top:none !important;border-radius:2px !important\">\n<p>D\u00e9di\u00e9 \u00e0 toutes les <strong>peaux sensibles qui ont besoin d&rsquo;attention<\/strong>, le nettoyage doux du visage laisse la peau nettoy\u00e9e et d\u00e9barrass\u00e9e de ses impuret\u00e9s, pr\u00eate \u00e0 recevoir n&rsquo;importe quel traitement. L&rsquo;action r\u00e9paratrice du chardon et l&rsquo;action apaisante du calendula garantissent \u00e0 ce soin la plus grande douceur.<\/p>\n<\/div><\/div>\n<\/div>\n\n<\/div>\n<\/div><\/div><div  class=\"grids-section row-image-box-under grids-is-advanced alignfull\" style=\"--_gs-gap-desktop:0px 0px;--_gs-m-desktop:0 0 0 0;--_gs-p-desktop:0 0 0 0;--_gs-bg-desktop:transparent url(https:\/\/www.laresidenceabano.it\/wp-content\/uploads\/2023\/07\/Hotel-La-Residence-spa-115.jpg) no-repeat 50% 50%  \/ cover;--_gs-bg-xp-desktop:0px;--_gs-zi-desktop:auto;--_gs-d-desktop:block;--_gs-mw-desktop:calc(100% - 0 - 0);--_gs-gap-tablet:0px 0px;--_gs-m-tablet:0 0 0 0;--_gs-p-tablet:0 0 0 0;--_gs-bg-tablet:transparent url(https:\/\/www.laresidenceabano.it\/wp-content\/uploads\/2023\/07\/Hotel-La-Residence-spa-115.jpg) no-repeat 50% 50%  \/ cover;--_gs-bg-xp-tablet:0px;--_gs-zi-tablet:auto;--_gs-d-tablet:block;--_gs-mw-tablet:calc(100% - 0 - 0);--_gs-gap-mobile:0px 0px;--_gs-m-mobile:0 0 0 0;--_gs-p-mobile:0 0 0 0;--_gs-bg-mobile:transparent url(https:\/\/www.laresidenceabano.it\/wp-content\/uploads\/2023\/07\/Hotel-La-Residence-spa-115.jpg) no-repeat 50% 50%  \/ cover;--_gs-bg-xp-mobile:0px;--_gs-zi-mobile:auto;--_gs-d-mobile:block;--_gs-mw-mobile:calc(100% - 0 - 0);--_gs-columns:12;--_gs-rows:6\"><div class=\"grids-s-w_i\">\n<div class=\"grids-area animated fadeInUp\" style=\"--_ga-column:3\/11;--_ga-row:3\/7;--_ga-m-desktop:0 0 0 0;--_ga-p-desktop:0 0 0 0;--_ga-bg-desktop:#f5faf4 none;--_ga-zi-desktop:auto;--_ga-d-desktop:flex;--_ga-mw-desktop:calc(100% - 0 - 0);--_ga-m-tablet:0 0 0 0;--_ga-p-tablet:0 0 0 0;--_ga-bg-tablet:#f5faf4 none;--_ga-zi-tablet:auto;--_ga-d-tablet:flex;--_ga-mw-tablet:calc(100% - 0 - 0);--_ga-m-mobile:0 0 0 0;--_ga-p-mobile:0 0 0 0;--_ga-bg-mobile:#f5faf4 none;--_ga-zi-mobile:auto;--_ga-d-mobile:flex;--_ga-mw-mobile:calc(100% - 0 - 0)\">\n\n<h3 class=\"wp-block-heading has-text-align-center has-text-color\" style=\"color:#6b9174\">R\u00c9SERVER UN SOIN DU VISAGE<\/h3>\n\n\n\n<p class=\"has-text-align-center has-text-color\" style=\"color:#6b9174\">Vous souhaitez r\u00e9server l&rsquo;un de nos soins du visage exclusifs ?<\/p>\n\n\n\n<p class=\"has-text-align-center has-text-color\" style=\"color:#6b9174\">Offrez-vous un moment de pur plaisir et red\u00e9couvrez le bien-\u00eatre que seul un soin du visage peut offrir.<\/p>\n\n\n\n<div class=\"wp-block-buttons is-content-justification-center is-layout-flex wp-container-core-buttons-is-layout-16018d1d wp-block-buttons-is-layout-flex\">\n<div class=\"wp-block-button is-style-outline is-style-outline--2\"><a class=\"wp-block-button__link has-text-align-center wp-element-button\" href=\"https:\/\/www.laresidenceabano.it\/fr\/contacts\/\">CONTACTEZ-NOUS<\/a><\/div>\n<\/div>\n\n<\/div>\n<\/div><\/div>","protected":false},"excerpt":{"rendered":"","protected":false},"author":11,"featured_media":5564,"parent":0,"menu_order":0,"comment_status":"closed","ping_status":"closed","template":"","meta":{"_acf_changed":false,"advgb_blocks_editor_width":"","advgb_blocks_columns_visual_guide":"","footnotes":""},"class_list":["post-6030","page","type-page","status-publish","has-post-thumbnail","hentry","entry"],"acf":[],"yoast_head":"<!-- This site is optimized with the Yoast SEO plugin v25.6 - https:\/\/yoast.com\/wordpress\/plugins\/seo\/ -->\n<title>Traitements esth\u00e9tiques du visage, Abano Terme - Hotel La Residence<\/title>\n<meta name=\"description\" content=\"L\u2019H\u00f4tel La Residence offre une s\u00e9rie de propositions d\u00e9di\u00e9es \u00e0 la beaut\u00e9 du visage pour une peau fra\u00eeche, radieuse et jeune. D\u00e9couvrez-les ici\u00a0!\" \/>\n<meta name=\"robots\" content=\"index, follow, max-snippet:-1, max-image-preview:large, max-video-preview:-1\" \/>\n<link rel=\"canonical\" href=\"https:\/\/www.laresidenceabano.it\/fr\/traitements-du-visage\/\" \/>\n<meta property=\"og:locale\" content=\"fr_FR\" \/>\n<meta property=\"og:type\" content=\"article\" \/>\n<meta property=\"og:title\" content=\"Traitements esth\u00e9tiques du visage, Abano Terme - Hotel La Residence\" \/>\n<meta property=\"og:description\" content=\"L\u2019H\u00f4tel La Residence offre une s\u00e9rie de propositions d\u00e9di\u00e9es \u00e0 la beaut\u00e9 du visage pour une peau fra\u00eeche, radieuse et jeune. D\u00e9couvrez-les ici\u00a0!\" \/>\n<meta property=\"og:url\" content=\"https:\/\/www.laresidenceabano.it\/fr\/traitements-du-visage\/\" \/>\n<meta property=\"og:site_name\" content=\"Hotel La Residence\" \/>\n<meta property=\"article:modified_time\" content=\"2024-04-04T14:57:05+00:00\" \/>\n<meta property=\"og:image\" content=\"https:\/\/www.laresidenceabano.it\/wp-content\/uploads\/2023\/07\/Hotel-La-Residence-spa-173.jpg\" \/>\n\t<meta property=\"og:image:width\" content=\"1800\" \/>\n\t<meta property=\"og:image:height\" content=\"1200\" \/>\n\t<meta property=\"og:image:type\" content=\"image\/jpeg\" \/>\n<meta name=\"twitter:card\" content=\"summary_large_image\" \/>\n<meta name=\"twitter:label1\" content=\"Dur\u00e9e de lecture estim\u00e9e\" \/>\n\t<meta name=\"twitter:data1\" content=\"5 minutes\" \/>\n<script type=\"application\/ld+json\" class=\"yoast-schema-graph\">{\"@context\":\"https:\/\/schema.org\",\"@graph\":[{\"@type\":\"WebPage\",\"@id\":\"https:\/\/www.laresidenceabano.it\/fr\/traitements-du-visage\/\",\"url\":\"https:\/\/www.laresidenceabano.it\/fr\/traitements-du-visage\/\",\"name\":\"Traitements esth\u00e9tiques du visage, Abano Terme - Hotel La Residence\",\"isPartOf\":{\"@id\":\"https:\/\/www.laresidenceabano.it\/fr\/#website\"},\"primaryImageOfPage\":{\"@id\":\"https:\/\/www.laresidenceabano.it\/fr\/traitements-du-visage\/#primaryimage\"},\"image\":{\"@id\":\"https:\/\/www.laresidenceabano.it\/fr\/traitements-du-visage\/#primaryimage\"},\"thumbnailUrl\":\"https:\/\/www.laresidenceabano.it\/wp-content\/uploads\/2023\/07\/Hotel-La-Residence-spa-173.jpg\",\"datePublished\":\"2023-08-25T13:18:10+00:00\",\"dateModified\":\"2024-04-04T14:57:05+00:00\",\"description\":\"L\u2019H\u00f4tel La Residence offre une s\u00e9rie de propositions d\u00e9di\u00e9es \u00e0 la beaut\u00e9 du visage pour une peau fra\u00eeche, radieuse et jeune. D\u00e9couvrez-les ici\u00a0!\",\"breadcrumb\":{\"@id\":\"https:\/\/www.laresidenceabano.it\/fr\/traitements-du-visage\/#breadcrumb\"},\"inLanguage\":\"fr-FR\",\"potentialAction\":[{\"@type\":\"ReadAction\",\"target\":[\"https:\/\/www.laresidenceabano.it\/fr\/traitements-du-visage\/\"]}]},{\"@type\":\"ImageObject\",\"inLanguage\":\"fr-FR\",\"@id\":\"https:\/\/www.laresidenceabano.it\/fr\/traitements-du-visage\/#primaryimage\",\"url\":\"https:\/\/www.laresidenceabano.it\/wp-content\/uploads\/2023\/07\/Hotel-La-Residence-spa-173.jpg\",\"contentUrl\":\"https:\/\/www.laresidenceabano.it\/wp-content\/uploads\/2023\/07\/Hotel-La-Residence-spa-173.jpg\",\"width\":1800,\"height\":1200},{\"@type\":\"BreadcrumbList\",\"@id\":\"https:\/\/www.laresidenceabano.it\/fr\/traitements-du-visage\/#breadcrumb\",\"itemListElement\":[{\"@type\":\"ListItem\",\"position\":1,\"name\":\"Home\",\"item\":\"https:\/\/www.laresidenceabano.it\/fr\/\"},{\"@type\":\"ListItem\",\"position\":2,\"name\":\"Traitements du visage\"}]},{\"@type\":\"WebSite\",\"@id\":\"https:\/\/www.laresidenceabano.it\/fr\/#website\",\"url\":\"https:\/\/www.laresidenceabano.it\/fr\/\",\"name\":\"Hotel La Residence\",\"description\":\"\",\"publisher\":{\"@id\":\"https:\/\/www.laresidenceabano.it\/fr\/#organization\"},\"potentialAction\":[{\"@type\":\"SearchAction\",\"target\":{\"@type\":\"EntryPoint\",\"urlTemplate\":\"https:\/\/www.laresidenceabano.it\/fr\/?s={search_term_string}\"},\"query-input\":{\"@type\":\"PropertyValueSpecification\",\"valueRequired\":true,\"valueName\":\"search_term_string\"}}],\"inLanguage\":\"fr-FR\"},{\"@type\":\"Organization\",\"@id\":\"https:\/\/www.laresidenceabano.it\/fr\/#organization\",\"name\":\"Hotel La Residence\",\"url\":\"https:\/\/www.laresidenceabano.it\/fr\/\",\"logo\":{\"@type\":\"ImageObject\",\"inLanguage\":\"fr-FR\",\"@id\":\"https:\/\/www.laresidenceabano.it\/fr\/#\/schema\/logo\/image\/\",\"url\":\"https:\/\/www.laresidenceabano.it\/wp-content\/uploads\/2023\/07\/Logo-hotel-la-residence.svg\",\"contentUrl\":\"https:\/\/www.laresidenceabano.it\/wp-content\/uploads\/2023\/07\/Logo-hotel-la-residence.svg\",\"caption\":\"Hotel La Residence\"},\"image\":{\"@id\":\"https:\/\/www.laresidenceabano.it\/fr\/#\/schema\/logo\/image\/\"}}]}<\/script>\n<!-- \/ Yoast SEO plugin. -->","yoast_head_json":{"title":"Traitements esth\u00e9tiques du visage, Abano Terme - Hotel La Residence","description":"L\u2019H\u00f4tel La Residence offre une s\u00e9rie de propositions d\u00e9di\u00e9es \u00e0 la beaut\u00e9 du visage pour une peau fra\u00eeche, radieuse et jeune. D\u00e9couvrez-les ici\u00a0!","robots":{"index":"index","follow":"follow","max-snippet":"max-snippet:-1","max-image-preview":"max-image-preview:large","max-video-preview":"max-video-preview:-1"},"canonical":"https:\/\/www.laresidenceabano.it\/fr\/traitements-du-visage\/","og_locale":"fr_FR","og_type":"article","og_title":"Traitements esth\u00e9tiques du visage, Abano Terme - Hotel La Residence","og_description":"L\u2019H\u00f4tel La Residence offre une s\u00e9rie de propositions d\u00e9di\u00e9es \u00e0 la beaut\u00e9 du visage pour une peau fra\u00eeche, radieuse et jeune. D\u00e9couvrez-les ici\u00a0!","og_url":"https:\/\/www.laresidenceabano.it\/fr\/traitements-du-visage\/","og_site_name":"Hotel La Residence","article_modified_time":"2024-04-04T14:57:05+00:00","og_image":[{"width":1800,"height":1200,"url":"https:\/\/www.laresidenceabano.it\/wp-content\/uploads\/2023\/07\/Hotel-La-Residence-spa-173.jpg","type":"image\/jpeg"}],"twitter_card":"summary_large_image","twitter_misc":{"Dur\u00e9e de lecture estim\u00e9e":"5 minutes"},"schema":{"@context":"https:\/\/schema.org","@graph":[{"@type":"WebPage","@id":"https:\/\/www.laresidenceabano.it\/fr\/traitements-du-visage\/","url":"https:\/\/www.laresidenceabano.it\/fr\/traitements-du-visage\/","name":"Traitements esth\u00e9tiques du visage, Abano Terme - Hotel La Residence","isPartOf":{"@id":"https:\/\/www.laresidenceabano.it\/fr\/#website"},"primaryImageOfPage":{"@id":"https:\/\/www.laresidenceabano.it\/fr\/traitements-du-visage\/#primaryimage"},"image":{"@id":"https:\/\/www.laresidenceabano.it\/fr\/traitements-du-visage\/#primaryimage"},"thumbnailUrl":"https:\/\/www.laresidenceabano.it\/wp-content\/uploads\/2023\/07\/Hotel-La-Residence-spa-173.jpg","datePublished":"2023-08-25T13:18:10+00:00","dateModified":"2024-04-04T14:57:05+00:00","description":"L\u2019H\u00f4tel La Residence offre une s\u00e9rie de propositions d\u00e9di\u00e9es \u00e0 la beaut\u00e9 du visage pour une peau fra\u00eeche, radieuse et jeune. D\u00e9couvrez-les ici\u00a0!","breadcrumb":{"@id":"https:\/\/www.laresidenceabano.it\/fr\/traitements-du-visage\/#breadcrumb"},"inLanguage":"fr-FR","potentialAction":[{"@type":"ReadAction","target":["https:\/\/www.laresidenceabano.it\/fr\/traitements-du-visage\/"]}]},{"@type":"ImageObject","inLanguage":"fr-FR","@id":"https:\/\/www.laresidenceabano.it\/fr\/traitements-du-visage\/#primaryimage","url":"https:\/\/www.laresidenceabano.it\/wp-content\/uploads\/2023\/07\/Hotel-La-Residence-spa-173.jpg","contentUrl":"https:\/\/www.laresidenceabano.it\/wp-content\/uploads\/2023\/07\/Hotel-La-Residence-spa-173.jpg","width":1800,"height":1200},{"@type":"BreadcrumbList","@id":"https:\/\/www.laresidenceabano.it\/fr\/traitements-du-visage\/#breadcrumb","itemListElement":[{"@type":"ListItem","position":1,"name":"Home","item":"https:\/\/www.laresidenceabano.it\/fr\/"},{"@type":"ListItem","position":2,"name":"Traitements du visage"}]},{"@type":"WebSite","@id":"https:\/\/www.laresidenceabano.it\/fr\/#website","url":"https:\/\/www.laresidenceabano.it\/fr\/","name":"Hotel La Residence","description":"","publisher":{"@id":"https:\/\/www.laresidenceabano.it\/fr\/#organization"},"potentialAction":[{"@type":"SearchAction","target":{"@type":"EntryPoint","urlTemplate":"https:\/\/www.laresidenceabano.it\/fr\/?s={search_term_string}"},"query-input":{"@type":"PropertyValueSpecification","valueRequired":true,"valueName":"search_term_string"}}],"inLanguage":"fr-FR"},{"@type":"Organization","@id":"https:\/\/www.laresidenceabano.it\/fr\/#organization","name":"Hotel La Residence","url":"https:\/\/www.laresidenceabano.it\/fr\/","logo":{"@type":"ImageObject","inLanguage":"fr-FR","@id":"https:\/\/www.laresidenceabano.it\/fr\/#\/schema\/logo\/image\/","url":"https:\/\/www.laresidenceabano.it\/wp-content\/uploads\/2023\/07\/Logo-hotel-la-residence.svg","contentUrl":"https:\/\/www.laresidenceabano.it\/wp-content\/uploads\/2023\/07\/Logo-hotel-la-residence.svg","caption":"Hotel La Residence"},"image":{"@id":"https:\/\/www.laresidenceabano.it\/fr\/#\/schema\/logo\/image\/"}}]}},"coauthors":[],"author_meta":{"author_link":"https:\/\/www.laresidenceabano.it\/fr\/author\/fede\/","display_name":"Fede"},"relative_dates":{"created":"Publi\u00e9 3 ans il y a","modified":"Mis \u00e0 jour 2 ans il y a"},"absolute_dates":{"created":"Publi\u00e9 le 25\/08\/2023","modified":"Mise \u00e0 jour le 04\/04\/2024"},"absolute_dates_time":{"created":"Publi\u00e9 le 25\/08\/2023 15:18","modified":"Mise \u00e0 jour le 04\/04\/2024 16:57"},"featured_img_caption":"","featured_img":"https:\/\/www.laresidenceabano.it\/wp-content\/uploads\/2023\/07\/Hotel-La-Residence-spa-173-1568x1045.jpg","series_order":"","_links":{"self":[{"href":"https:\/\/www.laresidenceabano.it\/fr\/wp-json\/wp\/v2\/pages\/6030","targetHints":{"allow":["GET"]}}],"collection":[{"href":"https:\/\/www.laresidenceabano.it\/fr\/wp-json\/wp\/v2\/pages"}],"about":[{"href":"https:\/\/www.laresidenceabano.it\/fr\/wp-json\/wp\/v2\/types\/page"}],"author":[{"embeddable":true,"href":"https:\/\/www.laresidenceabano.it\/fr\/wp-json\/wp\/v2\/users\/11"}],"replies":[{"embeddable":true,"href":"https:\/\/www.laresidenceabano.it\/fr\/wp-json\/wp\/v2\/comments?post=6030"}],"version-history":[{"count":4,"href":"https:\/\/www.laresidenceabano.it\/fr\/wp-json\/wp\/v2\/pages\/6030\/revisions"}],"predecessor-version":[{"id":7143,"href":"https:\/\/www.laresidenceabano.it\/fr\/wp-json\/wp\/v2\/pages\/6030\/revisions\/7143"}],"wp:featuredmedia":[{"embeddable":true,"href":"https:\/\/www.laresidenceabano.it\/fr\/wp-json\/wp\/v2\/media\/5564"}],"wp:attachment":[{"href":"https:\/\/www.laresidenceabano.it\/fr\/wp-json\/wp\/v2\/media?parent=6030"}],"curies":[{"name":"wp","href":"https:\/\/api.w.org\/{rel}","templated":true}]}}