{"id":6038,"date":"2023-08-27T14:55:01","date_gmt":"2023-08-27T12:55:01","guid":{"rendered":"https:\/\/www.laresidenceabano.it\/bar-bellevue\/"},"modified":"2024-04-03T18:39:45","modified_gmt":"2024-04-03T16:39:45","slug":"bar-bellevue","status":"publish","type":"page","link":"https:\/\/www.laresidenceabano.it\/fr\/bar-bellevue\/","title":{"rendered":"Bar Bellevue"},"content":{"rendered":"<div  class=\"grids-section animated fadeInUp grids-is-advanced alignwide\" style=\"--_gs-gap-desktop:0px 0px;--_gs-m-desktop:0 0 0 0;--_gs-p-desktop:0 0 0 0;--_gs-bg-desktop:transparent none;--_gs-bg-xp-desktop:0px;--_gs-zi-desktop:auto;--_gs-d-desktop:block;--_gs-mw-desktop:calc(100% - 0 - 0);--_gs-gap-tablet:0px 0px;--_gs-m-tablet:0 0 0 0;--_gs-p-tablet:0 0 0 0;--_gs-bg-tablet:transparent none;--_gs-bg-xp-tablet:0px;--_gs-zi-tablet:auto;--_gs-d-tablet:block;--_gs-mw-tablet:calc(100% - 0 - 0);--_gs-gap-mobile:0px 0px;--_gs-m-mobile:0 0 0 0;--_gs-p-mobile:0 0 0 0;--_gs-bg-mobile:transparent none;--_gs-bg-xp-mobile:0px;--_gs-zi-mobile:auto;--_gs-d-mobile:block;--_gs-mw-mobile:calc(100% - 0 - 0);--_gs-columns:12;--_gs-rows:6\"><div class=\"grids-s-w_i\">\n<div class=\"grids-area\" style=\"--_ga-column:1\/13;--_ga-row:1\/7;--_ga-m-desktop:0 0 0 0;--_ga-p-desktop:0 0 0 0;--_ga-bg-desktop:transparent none;--_ga-zi-desktop:auto;--_ga-d-desktop:flex;--_ga-mw-desktop:calc(100% - 0 - 0);--_ga-m-tablet:0 0 0 0;--_ga-p-tablet:0 0 0 0;--_ga-bg-tablet:transparent none;--_ga-zi-tablet:auto;--_ga-d-tablet:flex;--_ga-mw-tablet:calc(100% - 0 - 0);--_ga-m-mobile:0 0 0 0;--_ga-p-mobile:0 0 0 0;--_ga-bg-mobile:transparent none;--_ga-zi-mobile:auto;--_ga-d-mobile:flex;--_ga-mw-mobile:calc(100% - 0 - 0)\">\n\n<h2 class=\"wp-block-heading has-text-align-center decorated\">D&rsquo;AGR\u00c9ABLES MOMENTS DE D\u00c9TENTE<\/h2>\n\n\n\n<p class=\"has-text-align-center\">Le bar, situ\u00e9 <strong>dans le hall d&rsquo;entr\u00e9e de l\u2019H\u00f4tel La Residence<\/strong>, est l&rsquo;endroit id\u00e9al pour vous relaxer et profiter d&rsquo;agr\u00e9ables moments de d\u00e9tente. Vous pourrez vous y offrir une <strong>pause ressour\u00e7ante<\/strong> et vous laisser tenter par la grande s\u00e9lection d&rsquo;<strong>ap\u00e9ritifs frais<\/strong>, d&rsquo;<strong>encas d\u00e9licieux<\/strong>, de <strong>tisanes<\/strong> relaxantes, de <strong>digestifs<\/strong> ou de <strong>cocktails<\/strong> color\u00e9s.<\/p>\n\n\n\n<p class=\"has-text-align-center\"><strong>Horaires du Bar Bellevue<\/strong>&#13;\nTous les jours de 10h \u00e0 minuit.<\/p>\n\n<\/div>\n<\/div><\/div><div  class=\"grids-section row-text-gallery grids-is-advanced alignwide\" style=\"--_gs-gap-desktop:0px 0px;--_gs-m-desktop:0 0 0 0;--_gs-p-desktop:0 0 0 0;--_gs-bg-desktop:transparent none;--_gs-bg-xp-desktop:0px;--_gs-zi-desktop:auto;--_gs-d-desktop:block;--_gs-mw-desktop:calc(100% - 0 - 0);--_gs-gap-tablet:0px 0px;--_gs-m-tablet:0 0 0 0;--_gs-p-tablet:0 0 0 0;--_gs-bg-tablet:transparent none;--_gs-bg-xp-tablet:0px;--_gs-zi-tablet:auto;--_gs-d-tablet:block;--_gs-mw-tablet:calc(100% - 0 - 0);--_gs-gap-mobile:0px 0px;--_gs-m-mobile:0 0 0 0;--_gs-p-mobile:0 0 0 0;--_gs-bg-mobile:transparent none;--_gs-bg-xp-mobile:0px;--_gs-zi-mobile:auto;--_gs-d-mobile:block;--_gs-mw-mobile:calc(100% - 0 - 0);--_gs-columns:12;--_gs-rows:6\"><div class=\"grids-s-w_i\">\n<div class=\"grids-area animated fadeInRight\" style=\"--_ga-column:8\/13;--_ga-row:1\/7;--_ga-va:center;--_ga-m-desktop:0 0 0 0;--_ga-p-desktop:0 0 0 0;--_ga-bg-desktop:transparent none;--_ga-zi-desktop:auto;--_ga-d-desktop:flex;--_ga-mw-desktop:calc(100% - 0 - 0);--_ga-m-tablet:0 0 0 0;--_ga-p-tablet:0 0 0 0;--_ga-bg-tablet:transparent none;--_ga-zi-tablet:auto;--_ga-d-tablet:flex;--_ga-mw-tablet:calc(100% - 0 - 0);--_ga-m-mobile:0 0 0 0;--_ga-p-mobile:0 0 0 0;--_ga-bg-mobile:transparent none;--_ga-zi-mobile:auto;--_ga-d-mobile:flex;--_ga-mw-mobile:calc(100% - 0 - 0)\">\n\n<h3 class=\"wp-block-heading has-text-color\" style=\"color:#b7cbb8\">BAR ET AP\u00c9RITIFS<\/h3>\n\n\n\n<hr class=\"wp-block-separator has-alpha-channel-opacity\"\/>\n\n\n\n<p>Le bar Bellevue de l&rsquo;h\u00f4tel La Residence vous attend tous les jours pour vous proposer <strong>de d\u00e9licieux encas et des ap\u00e9ritifs frais <\/strong>\u00e0 d\u00e9guster assis au bar ou dans l&rsquo;espace d\u00e9tente pr\u00e8s des piscines, <strong>envelopp\u00e9s par la verdure de notre parc enchanteur<\/strong>.<\/p>\n\n<\/div>\n\n<div class=\"grids-area animated fadeInLeft\" style=\"--_ga-column:1\/7;--_ga-row:1\/7;--_ga-va:center;--_ga-m-desktop:0 0 0 0;--_ga-p-desktop:0 0 0 0;--_ga-bg-desktop:transparent none;--_ga-zi-desktop:auto;--_ga-d-desktop:flex;--_ga-mw-desktop:calc(100% - 0 - 0);--_ga-m-tablet:0 0 0 0;--_ga-p-tablet:0 0 0 0;--_ga-bg-tablet:transparent none;--_ga-zi-tablet:auto;--_ga-d-tablet:flex;--_ga-mw-tablet:calc(100% - 0 - 0);--_ga-m-mobile:0 0 0 0;--_ga-p-mobile:0 0 0 0;--_ga-bg-mobile:transparent none;--_ga-zi-mobile:auto;--_ga-d-mobile:flex;--_ga-mw-mobile:calc(100% - 0 - 0)\">\n\n    <div class=\"custom-gallery-wrapper custom-gallery-wrapper-grid custom-gallery-wrapper-column-2\" id=\"customGallery_3\">\n        \n                                <span class=\"enable-fullscreen\" onclick=\"showHideFotorama('custom-gallery_2', 0);\">\n                <i class=\"far fa-expand\"><\/i>\n            <\/span>\n        \n                                        <div class=\"gallery-wrapper-image gallery-wrapper-image-0\">\n                <figure class=\"full-width\" onclick=\"showHideFotorama('custom-gallery_2', 0);\">\n                    <img decoding=\"async\" class=\"gallery-wrapper-image-small\" src=\"https:\/\/www.laresidenceabano.it\/wp-content\/uploads\/2023\/07\/Bar-Bellevue.jpg\">\n                <\/figure>\n            <\/div>\n                                            <div class=\"gallery-wrapper-image gallery-wrapper-image-1\">\n                <figure class=\"full-width\" onclick=\"showHideFotorama('custom-gallery_2', 1);\">\n                    <img decoding=\"async\" class=\"gallery-wrapper-image-small\" src=\"https:\/\/www.laresidenceabano.it\/wp-content\/uploads\/2023\/07\/Aperitivo-bordo-piscina.jpg\">\n                <\/figure>\n            <\/div>\n                                            <div class=\"gallery-wrapper-image gallery-wrapper-image-2\">\n                <figure class=\"full-width\" onclick=\"showHideFotorama('custom-gallery_2', 2);\">\n                    <img decoding=\"async\" class=\"gallery-wrapper-image-small\" src=\"https:\/\/www.laresidenceabano.it\/wp-content\/uploads\/2023\/07\/Aperitivo-Bellevue.jpg\">\n                <\/figure>\n            <\/div>\n                    \n            <\/div>\n\n    <div style=\"width:1px;height:1px;position:absolute;\" name=\"fotorama\" id=\"custom-gallery_2\" class=\"fotorama\" data-width=\"100%\"  data-nav=\"thumbs\"  data-allowfullscreen=\"true\" >\n                    <img decoding=\"async\" src=\"https:\/\/www.laresidenceabano.it\/wp-content\/uploads\/2023\/07\/Bar-Bellevue.jpg\" class=\"attachment-full skip-lazy\" \/>\n                    <img decoding=\"async\" src=\"https:\/\/www.laresidenceabano.it\/wp-content\/uploads\/2023\/07\/Aperitivo-bordo-piscina.jpg\" class=\"attachment-full skip-lazy\" \/>\n                    <img decoding=\"async\" src=\"https:\/\/www.laresidenceabano.it\/wp-content\/uploads\/2023\/07\/Aperitivo-Bellevue.jpg\" class=\"attachment-full skip-lazy\" \/>\n            <\/div>\n\n\n\n<\/div>\n<\/div><\/div><div  class=\"grids-section row-text-gallery grids-is-advanced alignwide\" style=\"--_gs-gap-desktop:0px 0px;--_gs-m-desktop:0 0 0 0;--_gs-p-desktop:0 0 0 0;--_gs-bg-desktop:transparent none;--_gs-bg-xp-desktop:0px;--_gs-zi-desktop:auto;--_gs-d-desktop:block;--_gs-mw-desktop:calc(100% - 0 - 0);--_gs-gap-tablet:0px 0px;--_gs-m-tablet:0 0 0 0;--_gs-p-tablet:0 0 0 0;--_gs-bg-tablet:transparent none;--_gs-bg-xp-tablet:0px;--_gs-zi-tablet:auto;--_gs-d-tablet:block;--_gs-mw-tablet:calc(100% - 0 - 0);--_gs-gap-mobile:0px 0px;--_gs-m-mobile:0 0 0 0;--_gs-p-mobile:0 0 0 0;--_gs-bg-mobile:transparent none;--_gs-bg-xp-mobile:0px;--_gs-zi-mobile:auto;--_gs-d-mobile:block;--_gs-mw-mobile:calc(100% - 0 - 0);--_gs-columns:12;--_gs-rows:6\"><div class=\"grids-s-w_i\">\n<div class=\"grids-area animated fadeInLeft\" style=\"--_ga-column:1\/6;--_ga-row:1\/7;--_ga-va:center;--_ga-m-desktop:0 0 0 0;--_ga-p-desktop:0 0 0 0;--_ga-bg-desktop:transparent none;--_ga-zi-desktop:auto;--_ga-d-desktop:flex;--_ga-mw-desktop:calc(100% - 0 - 0);--_ga-m-tablet:0 0 0 0;--_ga-p-tablet:0 0 0 0;--_ga-bg-tablet:transparent none;--_ga-zi-tablet:auto;--_ga-d-tablet:flex;--_ga-mw-tablet:calc(100% - 0 - 0);--_ga-m-mobile:0 0 0 0;--_ga-p-mobile:0 0 0 0;--_ga-bg-mobile:transparent none;--_ga-zi-mobile:auto;--_ga-d-mobile:flex;--_ga-mw-mobile:calc(100% - 0 - 0)\">\n\n<h3 class=\"wp-block-heading has-text-color\" style=\"color:#b7cbb8\">NOTRE GAMME D&rsquo;INFUSIONS ET DE TISANES<\/h3>\n\n\n\n<hr class=\"wp-block-separator has-alpha-channel-opacity\"\/>\n\n\n\n<p>D\u00e9couvrez notre <strong>gamme exclusive d&rsquo;infusions et de tisanes<\/strong>, confectionn\u00e9es avec soin et attention pour vous offrir une exp\u00e9rience gustative et de bien-\u00eatre unique. \u00c0 partir des <strong>infusions apaisantes jusqu\u2019aux m\u00e9langes \u00e9nergisants<\/strong>, toutes nos tisanes sont id\u00e9ales pour se faire plaisir et prendre soin de soi de mani\u00e8re naturelle.<\/p>\n\n<\/div>\n\n<div class=\"grids-area animated fadeInRight\" style=\"--_ga-column:7\/13;--_ga-row:1\/7;--_ga-va:center;--_ga-m-desktop:0 0 0 0;--_ga-p-desktop:0 0 0 0;--_ga-bg-desktop:transparent none;--_ga-zi-desktop:auto;--_ga-d-desktop:flex;--_ga-mw-desktop:calc(100% - 0 - 0);--_ga-m-tablet:0 0 0 0;--_ga-p-tablet:0 0 0 0;--_ga-bg-tablet:transparent none;--_ga-zi-tablet:auto;--_ga-d-tablet:flex;--_ga-mw-tablet:calc(100% - 0 - 0);--_ga-m-mobile:0 0 0 0;--_ga-p-mobile:0 0 0 0;--_ga-bg-mobile:transparent none;--_ga-zi-mobile:auto;--_ga-d-mobile:flex;--_ga-mw-mobile:calc(100% - 0 - 0)\">\n\n    <div class=\"custom-gallery-wrapper custom-gallery-wrapper-grid custom-gallery-wrapper-column-2\" id=\"customGallery_4\">\n        \n                                <span class=\"enable-fullscreen\" onclick=\"showHideFotorama('custom-gallery_3', 0);\">\n                <i class=\"far fa-expand\"><\/i>\n            <\/span>\n        \n                                        <div class=\"gallery-wrapper-image gallery-wrapper-image-0\">\n                <figure class=\"full-width\" onclick=\"showHideFotorama('custom-gallery_3', 0);\">\n                    <img decoding=\"async\" class=\"gallery-wrapper-image-small\" src=\"https:\/\/www.laresidenceabano.it\/wp-content\/uploads\/2023\/07\/Hotel-La-Residence-30.jpg\">\n                <\/figure>\n            <\/div>\n                                            <div class=\"gallery-wrapper-image gallery-wrapper-image-1\">\n                <figure class=\"full-width\" onclick=\"showHideFotorama('custom-gallery_3', 1);\">\n                    <img decoding=\"async\" class=\"gallery-wrapper-image-small\" src=\"https:\/\/www.laresidenceabano.it\/wp-content\/uploads\/2023\/07\/Hotel-La-Residence-carte-tisane-1.jpg\">\n                <\/figure>\n            <\/div>\n                                            <div class=\"gallery-wrapper-image gallery-wrapper-image-2\">\n                <figure class=\"full-width\" onclick=\"showHideFotorama('custom-gallery_3', 2);\">\n                    <img decoding=\"async\" class=\"gallery-wrapper-image-small\" src=\"https:\/\/www.laresidenceabano.it\/wp-content\/uploads\/2023\/07\/Hotel-La-Residence-tea-time-16.jpg\">\n                <\/figure>\n            <\/div>\n                                \n            <\/div>\n\n    <div style=\"width:1px;height:1px;position:absolute;\" name=\"fotorama\" id=\"custom-gallery_3\" class=\"fotorama\" data-width=\"100%\"  data-nav=\"thumbs\"  data-allowfullscreen=\"true\" >\n                    <img decoding=\"async\" src=\"https:\/\/www.laresidenceabano.it\/wp-content\/uploads\/2023\/07\/Hotel-La-Residence-30.jpg\" class=\"attachment-full skip-lazy\" \/>\n                    <img decoding=\"async\" src=\"https:\/\/www.laresidenceabano.it\/wp-content\/uploads\/2023\/07\/Hotel-La-Residence-carte-tisane-1.jpg\" class=\"attachment-full skip-lazy\" \/>\n                    <img decoding=\"async\" src=\"https:\/\/www.laresidenceabano.it\/wp-content\/uploads\/2023\/07\/Hotel-La-Residence-tea-time-16.jpg\" class=\"attachment-full skip-lazy\" \/>\n                    <img decoding=\"async\" src=\"https:\/\/www.laresidenceabano.it\/wp-content\/uploads\/2023\/07\/Hotel-La-Residence-tea-time-26-1.jpg\" class=\"attachment-full skip-lazy\" \/>\n            <\/div>\n\n\n\n<\/div>\n<\/div><\/div>\n<hr class=\"wp-block-separator has-alpha-channel-opacity\"\/>\n<div  class=\"grids-section row-offers-list grids-is-advanced alignwide\" style=\"--_gs-gap-desktop:0px 0px;--_gs-m-desktop:0 0 0 0;--_gs-p-desktop:0 0 0 0;--_gs-bg-desktop:transparent none;--_gs-bg-xp-desktop:0px;--_gs-zi-desktop:auto;--_gs-d-desktop:block;--_gs-mw-desktop:calc(100% - 0 - 0);--_gs-gap-tablet:0px 0px;--_gs-m-tablet:0 0 0 0;--_gs-p-tablet:0 0 0 0;--_gs-bg-tablet:transparent none;--_gs-bg-xp-tablet:0px;--_gs-zi-tablet:auto;--_gs-d-tablet:block;--_gs-mw-tablet:calc(100% - 0 - 0);--_gs-gap-mobile:0px 0px;--_gs-m-mobile:0 0 0 0;--_gs-p-mobile:0 0 0 0;--_gs-bg-mobile:transparent none;--_gs-bg-xp-mobile:0px;--_gs-zi-mobile:auto;--_gs-d-mobile:block;--_gs-mw-mobile:calc(100% - 0 - 0);--_gs-columns:12;--_gs-rows:6\"><div class=\"grids-s-w_i\">\n<div class=\"grids-area animated fadeInLeft\" style=\"--_ga-column:1\/8;--_ga-row:1\/3;--_ga-m-desktop:0 0 0 0;--_ga-p-desktop:0 0 0 0;--_ga-bg-desktop:transparent none;--_ga-zi-desktop:auto;--_ga-d-desktop:flex;--_ga-mw-desktop:calc(100% - 0 - 0);--_ga-m-tablet:0 0 0 0;--_ga-p-tablet:0 0 0 0;--_ga-bg-tablet:transparent none;--_ga-zi-tablet:auto;--_ga-d-tablet:flex;--_ga-mw-tablet:calc(100% - 0 - 0);--_ga-m-mobile:0 0 0 0;--_ga-p-mobile:0 0 0 0;--_ga-bg-mobile:transparent none;--_ga-zi-mobile:auto;--_ga-d-mobile:flex;--_ga-mw-mobile:calc(100% - 0 - 0)\">\n\n<h3 class=\"wp-block-heading\">NOS OFFRES INCONTOURNABLES<\/h3>\n\n\n\n<p><em>Offrez-vous une exp\u00e9rience inoubliable<\/em><\/p>\n\n<\/div>\n\n<div class=\"grids-area animated fadeInUp\" style=\"--_ga-column:1\/13;--_ga-row:4\/7;--_ga-m-desktop:0 0 0 0;--_ga-p-desktop:0 0 0 0;--_ga-bg-desktop:transparent none;--_ga-zi-desktop:auto;--_ga-d-desktop:flex;--_ga-mw-desktop:calc(100% - 0 - 0);--_ga-m-tablet:0 0 0 0;--_ga-p-tablet:0 0 0 0;--_ga-bg-tablet:transparent none;--_ga-zi-tablet:auto;--_ga-d-tablet:flex;--_ga-mw-tablet:calc(100% - 0 - 0);--_ga-m-mobile:0 0 0 0;--_ga-p-mobile:0 0 0 0;--_ga-bg-mobile:transparent none;--_ga-zi-mobile:auto;--_ga-d-mobile:flex;--_ga-mw-mobile:calc(100% - 0 - 0)\">\n\n<div class=\"offers-list-container\" style=\"--offers-list-container-columns: 3\">\n\t\t\t\t<div class=\"offers-list-container-single \" onclick=\"location.href='https:\/\/www.laresidenceabano.it\/fr\/offer\/sejour-thalasso-spa-sante-plus-6-seances\/'\">\n\t\t\t\t<a href=\"https:\/\/www.laresidenceabano.it\/fr\/offer\/sejour-thalasso-spa-sante-plus-6-seances\/\" class=\"offers-list-container-single-img \" title=\"S\u00e9jour Thalasso &#038; SPA Sant\u00e9 Plus &#8211; 6 s\u00e9ances\">\n\t\t\t\t\t\t\t\t\t\t\t<figure class=\"full-width\">\n\t\t\t\t\t\t\t<img decoding=\"async\" src=\"https:\/\/www.laresidenceabano.it\/wp-content\/uploads\/2023\/07\/Fango-salute-piu-6-sedute.jpg\" \/>\n\t\t\t\t\t\t<\/figure>\n\t\t\t\t\t\t\t\t\t<\/a>\n\t\t\t\t\n\t\t\t\t<a href=\"https:\/\/www.laresidenceabano.it\/fr\/offer\/sejour-thalasso-spa-sante-plus-6-seances\/\" class=\"offers-list-container-single-title\" title=\"S\u00e9jour Thalasso &#038; SPA Sant\u00e9 Plus &#8211; 6 s\u00e9ances\">\n\t\t\t\t\t<h5>S\u00e9jour Thalasso &#038; SPA Sant\u00e9 Plus &#8211; 6 s\u00e9ances<\/h5>\n\n\t\t\t\t\t\t\t\t\t<\/a>\n\n\t\t\t\t<div class=\"offers-list-container-single-short-description\">\n\t\t\t\t\t\t\t\t\t<\/div>\n\n\t\t\t\t<a href=\"https:\/\/www.laresidenceabano.it\/fr\/offer\/sejour-thalasso-spa-sante-plus-6-seances\/\" title=\"S\u00e9jour Thalasso &#038; SPA Sant\u00e9 Plus &#8211; 6 s\u00e9ances\" class=\"btn offers-list-container-single-button\">\n\t\t\t\t\tEn savoir plus\t\t\t\t<\/a>\n\t\t\t<\/div>\n\t\t\t\t\t\t<div class=\"offers-list-container-single \" onclick=\"location.href='https:\/\/www.laresidenceabano.it\/fr\/offer\/remise-en-forme\/'\">\n\t\t\t\t<a href=\"https:\/\/www.laresidenceabano.it\/fr\/offer\/remise-en-forme\/\" class=\"offers-list-container-single-img \" title=\"Remise en Forme\">\n\t\t\t\t\t\t\t\t\t\t\t<figure class=\"full-width\">\n\t\t\t\t\t\t\t<img decoding=\"async\" src=\"https:\/\/www.laresidenceabano.it\/wp-content\/uploads\/2023\/07\/Remise-en-Forme.jpg\" \/>\n\t\t\t\t\t\t<\/figure>\n\t\t\t\t\t\t\t\t\t<\/a>\n\t\t\t\t\n\t\t\t\t<a href=\"https:\/\/www.laresidenceabano.it\/fr\/offer\/remise-en-forme\/\" class=\"offers-list-container-single-title\" title=\"Remise en Forme\">\n\t\t\t\t\t<h5>Remise en Forme<\/h5>\n\n\t\t\t\t\t\t\t\t\t<\/a>\n\n\t\t\t\t<div class=\"offers-list-container-single-short-description\">\n\t\t\t\t\t\t\t\t\t<\/div>\n\n\t\t\t\t<a href=\"https:\/\/www.laresidenceabano.it\/fr\/offer\/remise-en-forme\/\" title=\"Remise en Forme\" class=\"btn offers-list-container-single-button\">\n\t\t\t\t\tEn savoir plus\t\t\t\t<\/a>\n\t\t\t<\/div>\n\t\t\t\t\t\t<div class=\"offers-list-container-single \" onclick=\"location.href='https:\/\/www.laresidenceabano.it\/fr\/offer\/sejour-thalasso-spa-10-seances\/'\">\n\t\t\t\t<a href=\"https:\/\/www.laresidenceabano.it\/fr\/offer\/sejour-thalasso-spa-10-seances\/\" class=\"offers-list-container-single-img \" title=\"S\u00e9jour Thalasso &#038; Spa Sant\u00e9 Plus 10 s\u00e9ances\">\n\t\t\t\t\t\t\t\t\t\t\t<figure class=\"full-width\">\n\t\t\t\t\t\t\t<img decoding=\"async\" src=\"https:\/\/www.laresidenceabano.it\/wp-content\/uploads\/2023\/07\/fango-salute-piu-10-sedute.jpg\" \/>\n\t\t\t\t\t\t<\/figure>\n\t\t\t\t\t\t\t\t\t<\/a>\n\t\t\t\t\n\t\t\t\t<a href=\"https:\/\/www.laresidenceabano.it\/fr\/offer\/sejour-thalasso-spa-10-seances\/\" class=\"offers-list-container-single-title\" title=\"S\u00e9jour Thalasso &#038; Spa Sant\u00e9 Plus 10 s\u00e9ances\">\n\t\t\t\t\t<h5>S\u00e9jour Thalasso &#038; Spa Sant\u00e9 Plus 10 s\u00e9ances<\/h5>\n\n\t\t\t\t\t\t\t\t\t<\/a>\n\n\t\t\t\t<div class=\"offers-list-container-single-short-description\">\n\t\t\t\t\t\t\t\t\t<\/div>\n\n\t\t\t\t<a href=\"https:\/\/www.laresidenceabano.it\/fr\/offer\/sejour-thalasso-spa-10-seances\/\" title=\"S\u00e9jour Thalasso &#038; Spa Sant\u00e9 Plus 10 s\u00e9ances\" class=\"btn offers-list-container-single-button\">\n\t\t\t\t\tEn savoir plus\t\t\t\t<\/a>\n\t\t\t<\/div>\n\t\t\t\n\t<\/div>\n\n\n\n<\/div>\n\n<div class=\"grids-area animated fadeInRight\" style=\"--_ga-column:9\/13;--_ga-row:1\/3;--_ga-m-desktop:0 0 0 0;--_ga-p-desktop:0 0 0 0;--_ga-bg-desktop:transparent none;--_ga-zi-desktop:auto;--_ga-d-desktop:flex;--_ga-mw-desktop:calc(100% - 0 - 0);--_ga-m-tablet:0 0 0 0;--_ga-p-tablet:0 0 0 0;--_ga-bg-tablet:transparent none;--_ga-zi-tablet:auto;--_ga-d-tablet:flex;--_ga-mw-tablet:calc(100% - 0 - 0);--_ga-m-mobile:0 0 0 0;--_ga-p-mobile:0 0 0 0;--_ga-bg-mobile:transparent none;--_ga-zi-mobile:auto;--_ga-d-mobile:flex;--_ga-mw-mobile:calc(100% - 0 - 0)\">\n\n<div class=\"wp-block-buttons is-content-justification-right is-layout-flex wp-container-core-buttons-is-layout-765c4724 wp-block-buttons-is-layout-flex\">\n<div class=\"wp-block-button is-style-outline is-style-outline--2\"><a class=\"wp-block-button__link wp-element-button\">D\u00c9COUVREZ NOS OFFRES<\/a><\/div>\n<\/div>\n\n<\/div>\n<\/div><\/div><div  class=\"grids-section grids-is-advanced alignwide\" style=\"--_gs-gap-desktop:0px 0px;--_gs-m-desktop:0 0 0 0;--_gs-p-desktop:0 0 0 0;--_gs-bg-desktop:transparent none;--_gs-bg-xp-desktop:0px;--_gs-zi-desktop:auto;--_gs-d-desktop:block;--_gs-mw-desktop:calc(100% - 0 - 0);--_gs-gap-tablet:0px 0px;--_gs-m-tablet:0 0 0 0;--_gs-p-tablet:0 0 0 0;--_gs-bg-tablet:transparent none;--_gs-bg-xp-tablet:0px;--_gs-zi-tablet:auto;--_gs-d-tablet:block;--_gs-mw-tablet:calc(100% - 0 - 0);--_gs-gap-mobile:0px 0px;--_gs-m-mobile:0 0 0 0;--_gs-p-mobile:0 0 0 0;--_gs-bg-mobile:transparent none;--_gs-bg-xp-mobile:0px;--_gs-zi-mobile:auto;--_gs-d-mobile:block;--_gs-mw-mobile:calc(100% - 0 - 0);--_gs-columns:12;--_gs-rows:6\"><div class=\"grids-s-w_i\">\n<div class=\"grids-area\" style=\"--_ga-column:1\/13;--_ga-row:1\/7;--_ga-m-desktop:0 0 0 0;--_ga-p-desktop:0 0 0 0;--_ga-bg-desktop:transparent none;--_ga-zi-desktop:auto;--_ga-d-desktop:flex;--_ga-mw-desktop:calc(100% - 0 - 0);--_ga-m-tablet:0 0 0 0;--_ga-p-tablet:0 0 0 0;--_ga-bg-tablet:transparent none;--_ga-zi-tablet:auto;--_ga-d-tablet:flex;--_ga-mw-tablet:calc(100% - 0 - 0);--_ga-m-mobile:0 0 0 0;--_ga-p-mobile:0 0 0 0;--_ga-bg-mobile:transparent none;--_ga-zi-mobile:auto;--_ga-d-mobile:flex;--_ga-mw-mobile:calc(100% - 0 - 0)\">\n\n<h3 class=\"wp-block-heading has-text-align-center decorated\">VOUS POURRIEZ AUSSI \u00caTRE INT\u00c9RESS\u00c9 PAR:<\/h3>\n\n\n\n\n\n\n<\/div>\n<\/div><\/div>","protected":false},"excerpt":{"rendered":"","protected":false},"author":11,"featured_media":5663,"parent":0,"menu_order":0,"comment_status":"closed","ping_status":"closed","template":"","meta":{"_acf_changed":false,"advgb_blocks_editor_width":"","advgb_blocks_columns_visual_guide":"","footnotes":""},"class_list":["post-6038","page","type-page","status-publish","has-post-thumbnail","hentry","entry"],"acf":[],"yoast_head":"<!-- This site is optimized with the Yoast SEO plugin v25.6 - https:\/\/yoast.com\/wordpress\/plugins\/seo\/ -->\n<title>Le Bar Bellevue, pour d&#039;agr\u00e9ables moments de d\u00e9tente - Hotel La Residence<\/title>\n<meta name=\"description\" content=\"D\u00e9couvrez le bar Bellevue, situ\u00e9 dans le hall d&#039;entr\u00e9e de l\u2019H\u00f4tel La Residence. Il s&#039;agit de l&#039;endroit id\u00e9al pour vous relaxer et profiter d&#039;agr\u00e9ables moments de d\u00e9tente.\" \/>\n<meta name=\"robots\" content=\"index, follow, max-snippet:-1, max-image-preview:large, max-video-preview:-1\" \/>\n<link rel=\"canonical\" href=\"https:\/\/www.laresidenceabano.it\/fr\/bar-bellevue\/\" \/>\n<meta property=\"og:locale\" content=\"fr_FR\" \/>\n<meta property=\"og:type\" content=\"article\" \/>\n<meta property=\"og:title\" content=\"Le Bar Bellevue, pour d&#039;agr\u00e9ables moments de d\u00e9tente - Hotel La Residence\" \/>\n<meta property=\"og:description\" content=\"D\u00e9couvrez le bar Bellevue, situ\u00e9 dans le hall d&#039;entr\u00e9e de l\u2019H\u00f4tel La Residence. Il s&#039;agit de l&#039;endroit id\u00e9al pour vous relaxer et profiter d&#039;agr\u00e9ables moments de d\u00e9tente.\" \/>\n<meta property=\"og:url\" content=\"https:\/\/www.laresidenceabano.it\/fr\/bar-bellevue\/\" \/>\n<meta property=\"og:site_name\" content=\"Hotel La Residence\" \/>\n<meta property=\"article:modified_time\" content=\"2024-04-03T16:39:45+00:00\" \/>\n<meta property=\"og:image\" content=\"https:\/\/www.laresidenceabano.it\/wp-content\/uploads\/2023\/07\/Hotel-La-Residence-31.jpg\" \/>\n\t<meta property=\"og:image:width\" content=\"1800\" \/>\n\t<meta property=\"og:image:height\" content=\"1350\" \/>\n\t<meta property=\"og:image:type\" content=\"image\/jpeg\" \/>\n<meta name=\"twitter:card\" content=\"summary_large_image\" \/>\n<meta name=\"twitter:label1\" content=\"Dur\u00e9e de lecture estim\u00e9e\" \/>\n\t<meta name=\"twitter:data1\" content=\"1 minute\" \/>\n<script type=\"application\/ld+json\" class=\"yoast-schema-graph\">{\"@context\":\"https:\/\/schema.org\",\"@graph\":[{\"@type\":\"WebPage\",\"@id\":\"https:\/\/www.laresidenceabano.it\/fr\/bar-bellevue\/\",\"url\":\"https:\/\/www.laresidenceabano.it\/fr\/bar-bellevue\/\",\"name\":\"Le Bar Bellevue, pour d'agr\u00e9ables moments de d\u00e9tente - Hotel La Residence\",\"isPartOf\":{\"@id\":\"https:\/\/www.laresidenceabano.it\/fr\/#website\"},\"primaryImageOfPage\":{\"@id\":\"https:\/\/www.laresidenceabano.it\/fr\/bar-bellevue\/#primaryimage\"},\"image\":{\"@id\":\"https:\/\/www.laresidenceabano.it\/fr\/bar-bellevue\/#primaryimage\"},\"thumbnailUrl\":\"https:\/\/www.laresidenceabano.it\/wp-content\/uploads\/2023\/07\/Hotel-La-Residence-31.jpg\",\"datePublished\":\"2023-08-27T12:55:01+00:00\",\"dateModified\":\"2024-04-03T16:39:45+00:00\",\"description\":\"D\u00e9couvrez le bar Bellevue, situ\u00e9 dans le hall d'entr\u00e9e de l\u2019H\u00f4tel La Residence. Il s'agit de l'endroit id\u00e9al pour vous relaxer et profiter d'agr\u00e9ables moments de d\u00e9tente.\",\"breadcrumb\":{\"@id\":\"https:\/\/www.laresidenceabano.it\/fr\/bar-bellevue\/#breadcrumb\"},\"inLanguage\":\"fr-FR\",\"potentialAction\":[{\"@type\":\"ReadAction\",\"target\":[\"https:\/\/www.laresidenceabano.it\/fr\/bar-bellevue\/\"]}]},{\"@type\":\"ImageObject\",\"inLanguage\":\"fr-FR\",\"@id\":\"https:\/\/www.laresidenceabano.it\/fr\/bar-bellevue\/#primaryimage\",\"url\":\"https:\/\/www.laresidenceabano.it\/wp-content\/uploads\/2023\/07\/Hotel-La-Residence-31.jpg\",\"contentUrl\":\"https:\/\/www.laresidenceabano.it\/wp-content\/uploads\/2023\/07\/Hotel-La-Residence-31.jpg\",\"width\":1800,\"height\":1350},{\"@type\":\"BreadcrumbList\",\"@id\":\"https:\/\/www.laresidenceabano.it\/fr\/bar-bellevue\/#breadcrumb\",\"itemListElement\":[{\"@type\":\"ListItem\",\"position\":1,\"name\":\"Home\",\"item\":\"https:\/\/www.laresidenceabano.it\/fr\/\"},{\"@type\":\"ListItem\",\"position\":2,\"name\":\"Bar Bellevue\"}]},{\"@type\":\"WebSite\",\"@id\":\"https:\/\/www.laresidenceabano.it\/fr\/#website\",\"url\":\"https:\/\/www.laresidenceabano.it\/fr\/\",\"name\":\"Hotel La Residence\",\"description\":\"\",\"publisher\":{\"@id\":\"https:\/\/www.laresidenceabano.it\/fr\/#organization\"},\"potentialAction\":[{\"@type\":\"SearchAction\",\"target\":{\"@type\":\"EntryPoint\",\"urlTemplate\":\"https:\/\/www.laresidenceabano.it\/fr\/?s={search_term_string}\"},\"query-input\":{\"@type\":\"PropertyValueSpecification\",\"valueRequired\":true,\"valueName\":\"search_term_string\"}}],\"inLanguage\":\"fr-FR\"},{\"@type\":\"Organization\",\"@id\":\"https:\/\/www.laresidenceabano.it\/fr\/#organization\",\"name\":\"Hotel La Residence\",\"url\":\"https:\/\/www.laresidenceabano.it\/fr\/\",\"logo\":{\"@type\":\"ImageObject\",\"inLanguage\":\"fr-FR\",\"@id\":\"https:\/\/www.laresidenceabano.it\/fr\/#\/schema\/logo\/image\/\",\"url\":\"https:\/\/www.laresidenceabano.it\/wp-content\/uploads\/2023\/07\/Logo-hotel-la-residence.svg\",\"contentUrl\":\"https:\/\/www.laresidenceabano.it\/wp-content\/uploads\/2023\/07\/Logo-hotel-la-residence.svg\",\"caption\":\"Hotel La Residence\"},\"image\":{\"@id\":\"https:\/\/www.laresidenceabano.it\/fr\/#\/schema\/logo\/image\/\"}}]}<\/script>\n<!-- \/ Yoast SEO plugin. -->","yoast_head_json":{"title":"Le Bar Bellevue, pour d'agr\u00e9ables moments de d\u00e9tente - Hotel La Residence","description":"D\u00e9couvrez le bar Bellevue, situ\u00e9 dans le hall d'entr\u00e9e de l\u2019H\u00f4tel La Residence. Il s'agit de l'endroit id\u00e9al pour vous relaxer et profiter d'agr\u00e9ables moments de d\u00e9tente.","robots":{"index":"index","follow":"follow","max-snippet":"max-snippet:-1","max-image-preview":"max-image-preview:large","max-video-preview":"max-video-preview:-1"},"canonical":"https:\/\/www.laresidenceabano.it\/fr\/bar-bellevue\/","og_locale":"fr_FR","og_type":"article","og_title":"Le Bar Bellevue, pour d'agr\u00e9ables moments de d\u00e9tente - Hotel La Residence","og_description":"D\u00e9couvrez le bar Bellevue, situ\u00e9 dans le hall d'entr\u00e9e de l\u2019H\u00f4tel La Residence. Il s'agit de l'endroit id\u00e9al pour vous relaxer et profiter d'agr\u00e9ables moments de d\u00e9tente.","og_url":"https:\/\/www.laresidenceabano.it\/fr\/bar-bellevue\/","og_site_name":"Hotel La Residence","article_modified_time":"2024-04-03T16:39:45+00:00","og_image":[{"width":1800,"height":1350,"url":"https:\/\/www.laresidenceabano.it\/wp-content\/uploads\/2023\/07\/Hotel-La-Residence-31.jpg","type":"image\/jpeg"}],"twitter_card":"summary_large_image","twitter_misc":{"Dur\u00e9e de lecture estim\u00e9e":"1 minute"},"schema":{"@context":"https:\/\/schema.org","@graph":[{"@type":"WebPage","@id":"https:\/\/www.laresidenceabano.it\/fr\/bar-bellevue\/","url":"https:\/\/www.laresidenceabano.it\/fr\/bar-bellevue\/","name":"Le Bar Bellevue, pour d'agr\u00e9ables moments de d\u00e9tente - Hotel La Residence","isPartOf":{"@id":"https:\/\/www.laresidenceabano.it\/fr\/#website"},"primaryImageOfPage":{"@id":"https:\/\/www.laresidenceabano.it\/fr\/bar-bellevue\/#primaryimage"},"image":{"@id":"https:\/\/www.laresidenceabano.it\/fr\/bar-bellevue\/#primaryimage"},"thumbnailUrl":"https:\/\/www.laresidenceabano.it\/wp-content\/uploads\/2023\/07\/Hotel-La-Residence-31.jpg","datePublished":"2023-08-27T12:55:01+00:00","dateModified":"2024-04-03T16:39:45+00:00","description":"D\u00e9couvrez le bar Bellevue, situ\u00e9 dans le hall d'entr\u00e9e de l\u2019H\u00f4tel La Residence. Il s'agit de l'endroit id\u00e9al pour vous relaxer et profiter d'agr\u00e9ables moments de d\u00e9tente.","breadcrumb":{"@id":"https:\/\/www.laresidenceabano.it\/fr\/bar-bellevue\/#breadcrumb"},"inLanguage":"fr-FR","potentialAction":[{"@type":"ReadAction","target":["https:\/\/www.laresidenceabano.it\/fr\/bar-bellevue\/"]}]},{"@type":"ImageObject","inLanguage":"fr-FR","@id":"https:\/\/www.laresidenceabano.it\/fr\/bar-bellevue\/#primaryimage","url":"https:\/\/www.laresidenceabano.it\/wp-content\/uploads\/2023\/07\/Hotel-La-Residence-31.jpg","contentUrl":"https:\/\/www.laresidenceabano.it\/wp-content\/uploads\/2023\/07\/Hotel-La-Residence-31.jpg","width":1800,"height":1350},{"@type":"BreadcrumbList","@id":"https:\/\/www.laresidenceabano.it\/fr\/bar-bellevue\/#breadcrumb","itemListElement":[{"@type":"ListItem","position":1,"name":"Home","item":"https:\/\/www.laresidenceabano.it\/fr\/"},{"@type":"ListItem","position":2,"name":"Bar Bellevue"}]},{"@type":"WebSite","@id":"https:\/\/www.laresidenceabano.it\/fr\/#website","url":"https:\/\/www.laresidenceabano.it\/fr\/","name":"Hotel La Residence","description":"","publisher":{"@id":"https:\/\/www.laresidenceabano.it\/fr\/#organization"},"potentialAction":[{"@type":"SearchAction","target":{"@type":"EntryPoint","urlTemplate":"https:\/\/www.laresidenceabano.it\/fr\/?s={search_term_string}"},"query-input":{"@type":"PropertyValueSpecification","valueRequired":true,"valueName":"search_term_string"}}],"inLanguage":"fr-FR"},{"@type":"Organization","@id":"https:\/\/www.laresidenceabano.it\/fr\/#organization","name":"Hotel La Residence","url":"https:\/\/www.laresidenceabano.it\/fr\/","logo":{"@type":"ImageObject","inLanguage":"fr-FR","@id":"https:\/\/www.laresidenceabano.it\/fr\/#\/schema\/logo\/image\/","url":"https:\/\/www.laresidenceabano.it\/wp-content\/uploads\/2023\/07\/Logo-hotel-la-residence.svg","contentUrl":"https:\/\/www.laresidenceabano.it\/wp-content\/uploads\/2023\/07\/Logo-hotel-la-residence.svg","caption":"Hotel La Residence"},"image":{"@id":"https:\/\/www.laresidenceabano.it\/fr\/#\/schema\/logo\/image\/"}}]}},"coauthors":[],"author_meta":{"author_link":"https:\/\/www.laresidenceabano.it\/fr\/author\/fede\/","display_name":"Fede"},"relative_dates":{"created":"Publi\u00e9 3 ans il y a","modified":"Mis \u00e0 jour 2 ans il y a"},"absolute_dates":{"created":"Publi\u00e9 le 27\/08\/2023","modified":"Mise \u00e0 jour le 03\/04\/2024"},"absolute_dates_time":{"created":"Publi\u00e9 le 27\/08\/2023 14:55","modified":"Mise \u00e0 jour le 03\/04\/2024 18:39"},"featured_img_caption":"","featured_img":"https:\/\/www.laresidenceabano.it\/wp-content\/uploads\/2023\/07\/Hotel-La-Residence-31-1568x1176.jpg","series_order":"","_links":{"self":[{"href":"https:\/\/www.laresidenceabano.it\/fr\/wp-json\/wp\/v2\/pages\/6038","targetHints":{"allow":["GET"]}}],"collection":[{"href":"https:\/\/www.laresidenceabano.it\/fr\/wp-json\/wp\/v2\/pages"}],"about":[{"href":"https:\/\/www.laresidenceabano.it\/fr\/wp-json\/wp\/v2\/types\/page"}],"author":[{"embeddable":true,"href":"https:\/\/www.laresidenceabano.it\/fr\/wp-json\/wp\/v2\/users\/11"}],"replies":[{"embeddable":true,"href":"https:\/\/www.laresidenceabano.it\/fr\/wp-json\/wp\/v2\/comments?post=6038"}],"version-history":[{"count":2,"href":"https:\/\/www.laresidenceabano.it\/fr\/wp-json\/wp\/v2\/pages\/6038\/revisions"}],"predecessor-version":[{"id":7101,"href":"https:\/\/www.laresidenceabano.it\/fr\/wp-json\/wp\/v2\/pages\/6038\/revisions\/7101"}],"wp:featuredmedia":[{"embeddable":true,"href":"https:\/\/www.laresidenceabano.it\/fr\/wp-json\/wp\/v2\/media\/5663"}],"wp:attachment":[{"href":"https:\/\/www.laresidenceabano.it\/fr\/wp-json\/wp\/v2\/media?parent=6038"}],"curies":[{"name":"wp","href":"https:\/\/api.w.org\/{rel}","templated":true}]}}