{"id":6278,"date":"2023-09-18T16:09:44","date_gmt":"2023-09-18T14:09:44","guid":{"rendered":"https:\/\/www.laresidenceabano.it\/camere-suites\/"},"modified":"2024-04-03T19:10:47","modified_gmt":"2024-04-03T17:10:47","slug":"chambres-et-suites","status":"publish","type":"page","link":"https:\/\/www.laresidenceabano.it\/fr\/chambres-et-suites\/","title":{"rendered":"Chambres et suites"},"content":{"rendered":"<div  class=\"grids-section animated fadeInUp grids-is-advanced alignwide\" style=\"--_gs-gap-desktop:0px 0px;--_gs-m-desktop:0 0 0 0;--_gs-p-desktop:0 0 0 0;--_gs-bg-desktop:transparent none;--_gs-bg-xp-desktop:0px;--_gs-zi-desktop:auto;--_gs-d-desktop:block;--_gs-mw-desktop:calc(100% - 0 - 0);--_gs-gap-tablet:0px 0px;--_gs-m-tablet:0 0 0 0;--_gs-p-tablet:0 0 0 0;--_gs-bg-tablet:transparent none;--_gs-bg-xp-tablet:0px;--_gs-zi-tablet:auto;--_gs-d-tablet:block;--_gs-mw-tablet:calc(100% - 0 - 0);--_gs-gap-mobile:0px 0px;--_gs-m-mobile:0 0 0 0;--_gs-p-mobile:0 0 0 0;--_gs-bg-mobile:transparent none;--_gs-bg-xp-mobile:0px;--_gs-zi-mobile:auto;--_gs-d-mobile:block;--_gs-mw-mobile:calc(100% - 0 - 0);--_gs-columns:12;--_gs-rows:6\"><div class=\"grids-s-w_i\">\n<div class=\"grids-area\" style=\"--_ga-column:1\/13;--_ga-row:1\/7;--_ga-m-desktop:0 0 0 0;--_ga-p-desktop:0 0 0 0;--_ga-bg-desktop:transparent none;--_ga-zi-desktop:auto;--_ga-d-desktop:flex;--_ga-mw-desktop:calc(100% - 0 - 0);--_ga-m-tablet:0 0 0 0;--_ga-p-tablet:0 0 0 0;--_ga-bg-tablet:transparent none;--_ga-zi-tablet:auto;--_ga-d-tablet:flex;--_ga-mw-tablet:calc(100% - 0 - 0);--_ga-m-mobile:0 0 0 0;--_ga-p-mobile:0 0 0 0;--_ga-bg-mobile:transparent none;--_ga-zi-mobile:auto;--_ga-d-mobile:flex;--_ga-mw-mobile:calc(100% - 0 - 0)\">\n\n<h2 class=\"wp-block-heading has-text-align-center decorated\">DES ESPACES G\u00c9N\u00c9REUX, DES \u00c9MOTIONS UNIQUES<\/h2>\n\n\n\n<p>Nos chambres et suites sont une oasis de paix et de tranquillit\u00e9, o\u00f9 vous pouvez oublier le stress quotidien et vous abandonner \u00e0 la douce \u00e9treinte du repos.<\/p>\n\n\n\n<p>Check-in: \u00e0 partir de 15h00<br\/>Check-out: avant 11h00<\/p>\n\n<\/div>\n<\/div><\/div><div  class=\"grids-section grids-is-advanced alignwide\" style=\"--_gs-gap-desktop:0px 0px;--_gs-m-desktop:0 0 0 0;--_gs-p-desktop:0 0 0 0;--_gs-bg-desktop:transparent none;--_gs-bg-xp-desktop:0px;--_gs-zi-desktop:auto;--_gs-d-desktop:block;--_gs-mw-desktop:calc(100% - 0 - 0);--_gs-gap-tablet:0px 0px;--_gs-m-tablet:0 0 0 0;--_gs-p-tablet:0 0 0 0;--_gs-bg-tablet:transparent none;--_gs-bg-xp-tablet:0px;--_gs-zi-tablet:auto;--_gs-d-tablet:block;--_gs-mw-tablet:calc(100% - 0 - 0);--_gs-gap-mobile:0px 0px;--_gs-m-mobile:0 0 0 0;--_gs-p-mobile:0 0 0 0;--_gs-bg-mobile:transparent none;--_gs-bg-xp-mobile:0px;--_gs-zi-mobile:auto;--_gs-d-mobile:block;--_gs-mw-mobile:calc(100% - 0 - 0);--_gs-columns:12;--_gs-rows:6\"><div class=\"grids-s-w_i\">\n<div class=\"grids-area\" style=\"--_ga-column:1\/13;--_ga-row:1\/7;--_ga-m-desktop:0 0 0 0;--_ga-p-desktop:0 0 0 0;--_ga-bg-desktop:transparent none;--_ga-zi-desktop:auto;--_ga-d-desktop:flex;--_ga-mw-desktop:calc(100% - 0 - 0);--_ga-m-tablet:0 0 0 0;--_ga-p-tablet:0 0 0 0;--_ga-bg-tablet:transparent none;--_ga-zi-tablet:auto;--_ga-d-tablet:flex;--_ga-mw-tablet:calc(100% - 0 - 0);--_ga-m-mobile:0 0 0 0;--_ga-p-mobile:0 0 0 0;--_ga-bg-mobile:transparent none;--_ga-zi-mobile:auto;--_ga-d-mobile:flex;--_ga-mw-mobile:calc(100% - 0 - 0)\">\n\n<div class=\"rooms-list-container\" id=\"roomsSlider_2\">\n\t\t\t\t<div class=\"rooms-list-container-single animated fadeInLeft\" onclick=\"location.href='https:\/\/www.laresidenceabano.it\/fr\/room\/senior-suite\/'\">\n\t\t\t\t\t\t\t\t\t<div class=\"rooms-list-container-single-img\">\n\t\t\t\t\t\t\t\t\t\t\t\t<figure class=\"full-width\">\n\t\t\t\t\t\t\t<img decoding=\"async\" src=\"https:\/\/www.laresidenceabano.it\/wp-content\/uploads\/2023\/07\/1-Senior-Suite-Principale.jpg\" \/>\n\t\t\t\t\t\t<\/figure>\n\t\t\t\t\t<\/div>\n\t\t\t\t\t\t\t\t<div class=\"rooms-list-container-single-content\">\n\n\t\t\t\t\t<h4 class=\"rooms-list-container-single-title\">Senior Suite<\/h4>\n\n\t\t\t\t\t\n\t\t\t\t\t<div class=\"rooms-list-container-single-features\">\n\t\t\t\t\t\t\t\t\t\t\t\t\t\t\t\t\t\t\t\t\t<span class=\"feature-box\">\n\t\t\t\t\t\t\t\t\t<span class=\"material-icons\" title=\"Vue sur le parc\">\n\t\t\t\t\t\t\t\t\t\t<span class=\"material-symbols-outlined\"> visibility <\/span>\t\t\t\t\t\t\t\t\t<\/span>\n\t\t\t\t\t\t\t\t\tVue sur le parc\t\t\t\t\t\t\t\t<\/span>\n\t\t\t\t\t\t\t\t\t\t\t\t\t\t\t<span class=\"feature-box\">\n\t\t\t\t\t\t\t\t\t<span class=\"material-icons\" title=\"1 Balcon\">\n\t\t\t\t\t\t\t\t\t\t<span class=\"material-symbols-outlined\"> balcony <\/span>\t\t\t\t\t\t\t\t\t<\/span>\n\t\t\t\t\t\t\t\t\t1 Balcon\t\t\t\t\t\t\t\t<\/span>\n\t\t\t\t\t\t\t\t\t\t\t\t\t\t\t\t\t\t\t\t\t\t\t\t\t\t\t\t\t\t\t\t<span class=\"feature-box\">\n\t\t\t\t\t\t\t\t<i class=\"fa-solid fa-user\"><\/i>\n\t\t\t\t\t\t\t\t2-4 guests\t\t\t\t\t\t\t<\/span>\n\t\t\t\t\t\t\t\t\t\t\t\t\t\t\t\t\t<\/div>\n\n\t\t\t\t\t<div class=\"rooms-list-container-single-short-description\">\n\t\t\t\t\t\t<p>Grande et luxueuse Suite Senior \u00e0 Abano Terme avec balcon et vue magnifique sur le parc et les piscines.<\/p>\n\t\t\t\t\t<\/div>\n\n\t\t\t\t\t<a href=\"https:\/\/www.laresidenceabano.it\/fr\/room\/senior-suite\/\" title=\"Senior Suite\" class=\"btn btn-trasp btn-arrow rooms-list-container-single-button\">\n\t\t\t\t\t\tD\u00e9couvrir la chambre\t\t\t\t\t<\/a>\n\n\t\t\t\t\t\t\t\t\t<\/div>\n\t\t\t<\/div>\n\t\t\t\t\t\t<div class=\"rooms-list-container-single animated fadeInRight\" onclick=\"location.href='https:\/\/www.laresidenceabano.it\/fr\/room\/junior-suite-executive\/'\">\n\t\t\t\t\t\t\t\t\t<div class=\"rooms-list-container-single-img\">\n\t\t\t\t\t\t\t\t\t\t\t\t<figure class=\"full-width\">\n\t\t\t\t\t\t\t<img decoding=\"async\" src=\"https:\/\/www.laresidenceabano.it\/wp-content\/uploads\/2023\/07\/1-Junior-Suite-Executive-principale.jpg\" \/>\n\t\t\t\t\t\t<\/figure>\n\t\t\t\t\t<\/div>\n\t\t\t\t\t\t\t\t<div class=\"rooms-list-container-single-content\">\n\n\t\t\t\t\t<h4 class=\"rooms-list-container-single-title\">Junior Suite Executive<\/h4>\n\n\t\t\t\t\t\n\t\t\t\t\t<div class=\"rooms-list-container-single-features\">\n\t\t\t\t\t\t\t\t\t\t\t\t\t\t\t\t\t\t\t\t\t<span class=\"feature-box\">\n\t\t\t\t\t\t\t\t\t<span class=\"material-icons\" title=\"Vue sur le jardin-parc\">\n\t\t\t\t\t\t\t\t\t\t<span class=\"material-symbols-outlined\"> visibility <\/span>\t\t\t\t\t\t\t\t\t<\/span>\n\t\t\t\t\t\t\t\t\tVue sur le jardin-parc\t\t\t\t\t\t\t\t<\/span>\n\t\t\t\t\t\t\t\t\t\t\t\t\t\t\t<span class=\"feature-box\">\n\t\t\t\t\t\t\t\t\t<span class=\"material-icons\" title=\"1 Balcon\">\n\t\t\t\t\t\t\t\t\t\t<span class=\"material-symbols-outlined\"> balcony <\/span>\t\t\t\t\t\t\t\t\t<\/span>\n\t\t\t\t\t\t\t\t\t1 Balcon\t\t\t\t\t\t\t\t<\/span>\n\t\t\t\t\t\t\t\t\t\t\t\t\t\t\t\t\t\t\t\t\t\t\t\t\t\t\t\t\t\t\t\t<span class=\"feature-box\">\n\t\t\t\t\t\t\t\t<i class=\"fa-solid fa-user\"><\/i>\n\t\t\t\t\t\t\t\t2-4 guests\t\t\t\t\t\t\t<\/span>\n\t\t\t\t\t\t\t\t\t\t\t\t\t\t\t\t\t<\/div>\n\n\t\t\t\t\t<div class=\"rooms-list-container-single-short-description\">\n\t\t\t\t\t\t<p>Suite Junior luxueuse et paisible \u00e0 Abano Terme, pourvue de balcon avec vue sur les piscines thermales et sur les Collines Eugan\u00e9ennes.<\/p>\n\t\t\t\t\t<\/div>\n\n\t\t\t\t\t<a href=\"https:\/\/www.laresidenceabano.it\/fr\/room\/junior-suite-executive\/\" title=\"Junior Suite Executive\" class=\"btn btn-trasp btn-arrow rooms-list-container-single-button\">\n\t\t\t\t\t\tD\u00e9couvrir la chambre\t\t\t\t\t<\/a>\n\n\t\t\t\t\t\t\t\t\t<\/div>\n\t\t\t<\/div>\n\t\t\t\t\t\t<div class=\"rooms-list-container-single animated fadeInLeft\" onclick=\"location.href='https:\/\/www.laresidenceabano.it\/fr\/room\/junior-suite\/'\">\n\t\t\t\t\t\t\t\t\t<div class=\"rooms-list-container-single-img\">\n\t\t\t\t\t\t\t\t\t\t\t\t\t<span class=\"label\">\n\t\t\t\t\t\t\t\tLa plus choisie\t\t\t\t\t\t\t<\/span>\n\t\t\t\t\t\t\t\t\t\t\t\t<figure class=\"full-width\">\n\t\t\t\t\t\t\t<img decoding=\"async\" src=\"https:\/\/www.laresidenceabano.it\/wp-content\/uploads\/2023\/07\/1-Junior-Suite-principale.jpg\" \/>\n\t\t\t\t\t\t<\/figure>\n\t\t\t\t\t<\/div>\n\t\t\t\t\t\t\t\t<div class=\"rooms-list-container-single-content\">\n\n\t\t\t\t\t<h4 class=\"rooms-list-container-single-title\">Junior Suite<\/h4>\n\n\t\t\t\t\t\n\t\t\t\t\t<div class=\"rooms-list-container-single-features\">\n\t\t\t\t\t\t\t\t\t\t\t\t\t\t\t\t\t\t\t\t\t<span class=\"feature-box\">\n\t\t\t\t\t\t\t\t\t<span class=\"material-icons\" title=\"Vue sur ville ou parc\">\n\t\t\t\t\t\t\t\t\t\t<span class=\"material-symbols-outlined\"> visibility <\/span>\t\t\t\t\t\t\t\t\t<\/span>\n\t\t\t\t\t\t\t\t\tVue sur ville ou parc\t\t\t\t\t\t\t\t<\/span>\n\t\t\t\t\t\t\t\t\t\t\t\t\t\t\t<span class=\"feature-box\">\n\t\t\t\t\t\t\t\t\t<span class=\"material-icons\" title=\"1 Balcon\">\n\t\t\t\t\t\t\t\t\t\t<span class=\"material-symbols-outlined\"> balcony <\/span>\t\t\t\t\t\t\t\t\t<\/span>\n\t\t\t\t\t\t\t\t\t1 Balcon\t\t\t\t\t\t\t\t<\/span>\n\t\t\t\t\t\t\t\t\t\t\t\t\t\t\t\t\t\t\t\t\t\t\t\t\t\t\t\t\t\t\t\t<span class=\"feature-box\">\n\t\t\t\t\t\t\t\t<i class=\"fa-solid fa-user\"><\/i>\n\t\t\t\t\t\t\t\t2-4 guests\t\t\t\t\t\t\t<\/span>\n\t\t\t\t\t\t\t\t\t\t\t\t\t\t\t\t\t<\/div>\n\n\t\t\t\t\t<div class=\"rooms-list-container-single-short-description\">\n\t\t\t\t\t\t<p>\u00c9l\u00e9gante Suite Junior \u00e0 Abano Terme \u00e9quip\u00e9e de balcon avec vue sur la piscine ou sur la ville.<\/p>\n\t\t\t\t\t<\/div>\n\n\t\t\t\t\t<a href=\"https:\/\/www.laresidenceabano.it\/fr\/room\/junior-suite\/\" title=\"Junior Suite\" class=\"btn btn-trasp btn-arrow rooms-list-container-single-button\">\n\t\t\t\t\t\tD\u00e9couvrir la chambre\t\t\t\t\t<\/a>\n\n\t\t\t\t\t\t\t\t\t<\/div>\n\t\t\t<\/div>\n\t\t\t\t\t\t<div class=\"rooms-list-container-single animated fadeInRight\" onclick=\"location.href='https:\/\/www.laresidenceabano.it\/fr\/room\/chambre-deluxe\/'\">\n\t\t\t\t\t\t\t\t\t<div class=\"rooms-list-container-single-img\">\n\t\t\t\t\t\t\t\t\t\t\t\t<figure class=\"full-width\">\n\t\t\t\t\t\t\t<img decoding=\"async\" src=\"https:\/\/www.laresidenceabano.it\/wp-content\/uploads\/2023\/07\/1-Deluxe-Principale.jpg\" \/>\n\t\t\t\t\t\t<\/figure>\n\t\t\t\t\t<\/div>\n\t\t\t\t\t\t\t\t<div class=\"rooms-list-container-single-content\">\n\n\t\t\t\t\t<h4 class=\"rooms-list-container-single-title\">Chambre Deluxe<\/h4>\n\n\t\t\t\t\t\n\t\t\t\t\t<div class=\"rooms-list-container-single-features\">\n\t\t\t\t\t\t\t\t\t\t\t\t\t\t\t\t\t\t\t\t\t<span class=\"feature-box\">\n\t\t\t\t\t\t\t\t\t<span class=\"material-icons\" title=\"Vue sur ville ou parc\">\n\t\t\t\t\t\t\t\t\t\t<span class=\"material-symbols-outlined\"> visibility <\/span>\t\t\t\t\t\t\t\t\t<\/span>\n\t\t\t\t\t\t\t\t\tVue sur ville ou parc\t\t\t\t\t\t\t\t<\/span>\n\t\t\t\t\t\t\t\t\t\t\t\t\t\t\t<span class=\"feature-box\">\n\t\t\t\t\t\t\t\t\t<span class=\"material-icons\" title=\"1 Balcon\">\n\t\t\t\t\t\t\t\t\t\t<span class=\"material-symbols-outlined\"> balcony <\/span>\t\t\t\t\t\t\t\t\t<\/span>\n\t\t\t\t\t\t\t\t\t1 Balcon\t\t\t\t\t\t\t\t<\/span>\n\t\t\t\t\t\t\t\t\t\t\t\t\t\t\t\t\t\t\t\t\t\t\t\t\t\t\t\t\t\t\t\t<span class=\"feature-box\">\n\t\t\t\t\t\t\t\t<i class=\"fa-solid fa-user\"><\/i>\n\t\t\t\t\t\t\t\t2-3 guests\t\t\t\t\t\t\t<\/span>\n\t\t\t\t\t\t\t\t\t\t\t\t\t\t\t\t\t<\/div>\n\n\t\t\t\t\t<div class=\"rooms-list-container-single-short-description\">\n\t\t\t\t\t\t<p>Chambre spacieuse et paisible, balcon avec vue sur la piscine ou sur les Collines Eugan\u00e9ennes pour des vacances 4 \u00e9toiles \u00e0 Abano Terme.<\/p>\n\t\t\t\t\t<\/div>\n\n\t\t\t\t\t<a href=\"https:\/\/www.laresidenceabano.it\/fr\/room\/chambre-deluxe\/\" title=\"Chambre Deluxe\" class=\"btn btn-trasp btn-arrow rooms-list-container-single-button\">\n\t\t\t\t\t\tD\u00e9couvrir la chambre\t\t\t\t\t<\/a>\n\n\t\t\t\t\t\t\t\t\t<\/div>\n\t\t\t<\/div>\n\t\t\t\t\t\t<div class=\"rooms-list-container-single animated fadeInLeft\" onclick=\"location.href='https:\/\/www.laresidenceabano.it\/fr\/room\/chambre-classic-panorama\/'\">\n\t\t\t\t\t\t\t\t\t<div class=\"rooms-list-container-single-img\">\n\t\t\t\t\t\t\t\t\t\t\t\t<figure class=\"full-width\">\n\t\t\t\t\t\t\t<img decoding=\"async\" src=\"https:\/\/www.laresidenceabano.it\/wp-content\/uploads\/2023\/07\/1-Classic-Panorama-Principale.jpg\" \/>\n\t\t\t\t\t\t<\/figure>\n\t\t\t\t\t<\/div>\n\t\t\t\t\t\t\t\t<div class=\"rooms-list-container-single-content\">\n\n\t\t\t\t\t<h4 class=\"rooms-list-container-single-title\">Chambre Classic Panorama<\/h4>\n\n\t\t\t\t\t\n\t\t\t\t\t<div class=\"rooms-list-container-single-features\">\n\t\t\t\t\t\t\t\t\t\t\t\t\t\t\t\t\t\t\t\t\t<span class=\"feature-box\">\n\t\t\t\t\t\t\t\t\t<span class=\"material-icons\" title=\"Vue sur le parc\">\n\t\t\t\t\t\t\t\t\t\t<span class=\"material-symbols-outlined\"> visibility <\/span>\t\t\t\t\t\t\t\t\t<\/span>\n\t\t\t\t\t\t\t\t\tVue sur le parc\t\t\t\t\t\t\t\t<\/span>\n\t\t\t\t\t\t\t\t\t\t\t\t\t\t\t<span class=\"feature-box\">\n\t\t\t\t\t\t\t\t\t<span class=\"material-icons\" title=\"1 Balcon\">\n\t\t\t\t\t\t\t\t\t\t<span class=\"material-symbols-outlined\"> balcony <\/span>\t\t\t\t\t\t\t\t\t<\/span>\n\t\t\t\t\t\t\t\t\t1 Balcon\t\t\t\t\t\t\t\t<\/span>\n\t\t\t\t\t\t\t\t\t\t\t\t\t\t\t\t\t\t\t\t\t\t\t\t\t\t\t\t\t\t\t\t<span class=\"feature-box\">\n\t\t\t\t\t\t\t\t<i class=\"fa-solid fa-user\"><\/i>\n\t\t\t\t\t\t\t\t2 guests\t\t\t\t\t\t\t<\/span>\n\t\t\t\t\t\t\t\t\t\t\t\t\t\t\t\t\t<\/div>\n\n\t\t\t\t\t<div class=\"rooms-list-container-single-short-description\">\n\t\t\t\t\t\t<p>Chambre paisible et confortable pourvue d\u2019un balcon avec vue panoramique sur la piscine ou les collines, parfaite pour des vacances relaxantes \u00e0 Abano Terme.<\/p>\n\t\t\t\t\t<\/div>\n\n\t\t\t\t\t<a href=\"https:\/\/www.laresidenceabano.it\/fr\/room\/chambre-classic-panorama\/\" title=\"Chambre Classic Panorama\" class=\"btn btn-trasp btn-arrow rooms-list-container-single-button\">\n\t\t\t\t\t\tD\u00e9couvrir la chambre\t\t\t\t\t<\/a>\n\n\t\t\t\t\t\t\t\t\t<\/div>\n\t\t\t<\/div>\n\t\t\t\t\t\t<div class=\"rooms-list-container-single animated fadeInRight\" onclick=\"location.href='https:\/\/www.laresidenceabano.it\/fr\/room\/chambre-classic\/'\">\n\t\t\t\t\t\t\t\t\t<div class=\"rooms-list-container-single-img\">\n\t\t\t\t\t\t\t\t\t\t\t\t<figure class=\"full-width\">\n\t\t\t\t\t\t\t<img decoding=\"async\" src=\"https:\/\/www.laresidenceabano.it\/wp-content\/uploads\/2023\/06\/1-Classic-Principale.jpg\" \/>\n\t\t\t\t\t\t<\/figure>\n\t\t\t\t\t<\/div>\n\t\t\t\t\t\t\t\t<div class=\"rooms-list-container-single-content\">\n\n\t\t\t\t\t<h4 class=\"rooms-list-container-single-title\">Chambre \u00ab\u00a0Classic\u00a0\u00bb<\/h4>\n\n\t\t\t\t\t\n\t\t\t\t\t<div class=\"rooms-list-container-single-features\">\n\t\t\t\t\t\t\t\t\t\t\t\t\t\t\t\t\t\t\t\t\t<span class=\"feature-box\">\n\t\t\t\t\t\t\t\t\t<span class=\"material-icons\" title=\"Vue sur la ville ou le parc\">\n\t\t\t\t\t\t\t\t\t\t<span class=\"material-symbols-outlined\"> visibility <\/span>\t\t\t\t\t\t\t\t\t<\/span>\n\t\t\t\t\t\t\t\t\tVue sur la ville ou le parc\t\t\t\t\t\t\t\t<\/span>\n\t\t\t\t\t\t\t\t\t\t\t\t\t\t\t<span class=\"feature-box\">\n\t\t\t\t\t\t\t\t\t<span class=\"material-icons\" title=\"1 Balcon\">\n\t\t\t\t\t\t\t\t\t\t<span class=\"material-symbols-outlined\"> balcony <\/span>\t\t\t\t\t\t\t\t\t<\/span>\n\t\t\t\t\t\t\t\t\t1 Balcon\t\t\t\t\t\t\t\t<\/span>\n\t\t\t\t\t\t\t\t\t\t\t\t\t\t\t\t\t\t\t\t\t\t\t\t\t\t\t\t\t\t\t\t<span class=\"feature-box\">\n\t\t\t\t\t\t\t\t<i class=\"fa-solid fa-user\"><\/i>\n\t\t\t\t\t\t\t\t2 guests\t\t\t\t\t\t\t<\/span>\n\t\t\t\t\t\t\t\t\t\t\t\t\t\t\t\t\t<\/div>\n\n\t\t\t\t\t<div class=\"rooms-list-container-single-short-description\">\n\t\t\t\t\t\t<p>Pour votre s\u00e9jour thermal \u00e0 Abano Terme, nous vous proposons une chambre lumineuse avec balcon ou terrasse.<\/p>\n\t\t\t\t\t<\/div>\n\n\t\t\t\t\t<a href=\"https:\/\/www.laresidenceabano.it\/fr\/room\/chambre-classic\/\" title=\"Chambre \u00ab\u00a0Classic\u00a0\u00bb\" class=\"btn btn-trasp btn-arrow rooms-list-container-single-button\">\n\t\t\t\t\t\tD\u00e9couvrir la chambre\t\t\t\t\t<\/a>\n\n\t\t\t\t\t\t\t\t\t<\/div>\n\t\t\t<\/div>\n\t\t\t\t<\/div>\n\n\n\n<\/div>\n<\/div><\/div><div  class=\"grids-section animated fadeInUp grids-is-advanced alignwide\" style=\"--_gs-gap-desktop:0px 0px;--_gs-m-desktop:0 0 0 0;--_gs-p-desktop:0 0 0 0;--_gs-bg-desktop:transparent none;--_gs-bg-xp-desktop:0px;--_gs-zi-desktop:auto;--_gs-d-desktop:block;--_gs-mw-desktop:calc(100% - 0 - 0);--_gs-gap-tablet:0px 0px;--_gs-m-tablet:0 0 0 0;--_gs-p-tablet:0 0 0 0;--_gs-bg-tablet:transparent none;--_gs-bg-xp-tablet:0px;--_gs-zi-tablet:auto;--_gs-d-tablet:block;--_gs-mw-tablet:calc(100% - 0 - 0);--_gs-gap-mobile:0px 0px;--_gs-m-mobile:0 0 0 0;--_gs-p-mobile:0 0 0 0;--_gs-bg-mobile:transparent none;--_gs-bg-xp-mobile:0px;--_gs-zi-mobile:auto;--_gs-d-mobile:block;--_gs-mw-mobile:calc(100% - 0 - 0);--_gs-columns:12;--_gs-rows:6\"><div class=\"grids-s-w_i\">\n<div class=\"grids-area\" style=\"--_ga-column:1\/13;--_ga-row:1\/7;--_ga-m-desktop:0 0 0 0;--_ga-p-desktop:0 0 0 0;--_ga-bg-desktop:transparent none;--_ga-zi-desktop:auto;--_ga-d-desktop:flex;--_ga-mw-desktop:calc(100% - 0 - 0);--_ga-m-tablet:0 0 0 0;--_ga-p-tablet:0 0 0 0;--_ga-bg-tablet:transparent none;--_ga-zi-tablet:auto;--_ga-d-tablet:flex;--_ga-mw-tablet:calc(100% - 0 - 0);--_ga-m-mobile:0 0 0 0;--_ga-p-mobile:0 0 0 0;--_ga-bg-mobile:transparent none;--_ga-zi-mobile:auto;--_ga-d-mobile:flex;--_ga-mw-mobile:calc(100% - 0 - 0)\">\n\n<h3 class=\"wp-block-heading has-text-align-center decorated\">Plus d&rsquo;informations<\/h3>\n\n\n\n<p class=\"has-text-align-center\"><em>Nous sommes l\u00e0 pour vous<\/em><\/p>\n\n\n\n<p class=\"has-text-align-center\">Contactez-nous pour en savoir plus sur nos offres sp\u00e9ciales, services exclusifs et pour r\u00e9server vos prochaines vacances.<\/p>\n\n\n\n<div class=\"wp-block-buttons is-content-justification-center is-layout-flex wp-container-core-buttons-is-layout-16018d1d wp-block-buttons-is-layout-flex\">\n<div class=\"wp-block-button\"><a class=\"wp-block-button__link wp-element-button\" href=\"https:\/\/www.laresidenceabano.it\/fr\/contacts\/\">CONTACTEZ-NOUS<\/a><\/div>\n<\/div>\n\n<\/div>\n<\/div><\/div><div  class=\"grids-section grids-is-advanced alignwide\" style=\"--_gs-gap-desktop:0px 0px;--_gs-m-desktop:0 0 0 0;--_gs-p-desktop:0 0 0 0;--_gs-bg-desktop:transparent none;--_gs-bg-xp-desktop:0px;--_gs-zi-desktop:auto;--_gs-d-desktop:block;--_gs-mw-desktop:calc(100% - 0 - 0);--_gs-gap-tablet:0px 0px;--_gs-m-tablet:0 0 0 0;--_gs-p-tablet:0 0 0 0;--_gs-bg-tablet:transparent none;--_gs-bg-xp-tablet:0px;--_gs-zi-tablet:auto;--_gs-d-tablet:block;--_gs-mw-tablet:calc(100% - 0 - 0);--_gs-gap-mobile:0px 0px;--_gs-m-mobile:0 0 0 0;--_gs-p-mobile:0 0 0 0;--_gs-bg-mobile:transparent none;--_gs-bg-xp-mobile:0px;--_gs-zi-mobile:auto;--_gs-d-mobile:block;--_gs-mw-mobile:calc(100% - 0 - 0);--_gs-columns:12;--_gs-rows:6\"><div class=\"grids-s-w_i\">\n<div class=\"grids-area\" style=\"--_ga-column:1\/13;--_ga-row:1\/7;--_ga-m-desktop:0 0 0 0;--_ga-p-desktop:0 0 0 0;--_ga-bg-desktop:transparent none;--_ga-zi-desktop:auto;--_ga-d-desktop:flex;--_ga-mw-desktop:calc(100% - 0 - 0);--_ga-m-tablet:0 0 0 0;--_ga-p-tablet:0 0 0 0;--_ga-bg-tablet:transparent none;--_ga-zi-tablet:auto;--_ga-d-tablet:flex;--_ga-mw-tablet:calc(100% - 0 - 0);--_ga-m-mobile:0 0 0 0;--_ga-p-mobile:0 0 0 0;--_ga-bg-mobile:transparent none;--_ga-zi-mobile:auto;--_ga-d-mobile:flex;--_ga-mw-mobile:calc(100% - 0 - 0)\">\n\n<h3 class=\"wp-block-heading has-text-align-center decorated\">CELA POURRAIT \u00c9GALEMENT VOUS INT\u00c9RESSER\u00a0:<\/h3>\n\n\n\n\n\n\n<\/div>\n<\/div><\/div>","protected":false},"excerpt":{"rendered":"","protected":false},"author":1,"featured_media":5722,"parent":0,"menu_order":0,"comment_status":"closed","ping_status":"closed","template":"","meta":{"_acf_changed":false,"advgb_blocks_editor_width":"","advgb_blocks_columns_visual_guide":"","footnotes":""},"class_list":["post-6278","page","type-page","status-publish","has-post-thumbnail","hentry","entry"],"acf":[],"yoast_head":"<!-- This site is optimized with the Yoast SEO plugin v25.6 - https:\/\/yoast.com\/wordpress\/plugins\/seo\/ -->\n<title>Chambres et suites de l&#039;H\u00f4tel La Residence, Abano Terme<\/title>\n<meta name=\"description\" content=\"Les chambres et les suites de l&#039;H\u00f4tel La Residence Terme, h\u00f4tel 4 \u00e9toiles \u00e0 Abano Terme, vous attendent. R\u00e9servez d\u00e8s maintenant avec les meilleurs tarifs\u00a0!\" \/>\n<meta name=\"robots\" content=\"index, follow, max-snippet:-1, max-image-preview:large, max-video-preview:-1\" \/>\n<link rel=\"canonical\" href=\"https:\/\/www.laresidenceabano.it\/fr\/chambres-et-suites\/\" \/>\n<meta property=\"og:locale\" content=\"fr_FR\" \/>\n<meta property=\"og:type\" content=\"article\" \/>\n<meta property=\"og:title\" content=\"Chambres et suites de l&#039;H\u00f4tel La Residence, Abano Terme\" \/>\n<meta property=\"og:description\" content=\"Les chambres et les suites de l&#039;H\u00f4tel La Residence Terme, h\u00f4tel 4 \u00e9toiles \u00e0 Abano Terme, vous attendent. R\u00e9servez d\u00e8s maintenant avec les meilleurs tarifs\u00a0!\" \/>\n<meta property=\"og:url\" content=\"https:\/\/www.laresidenceabano.it\/fr\/chambres-et-suites\/\" \/>\n<meta property=\"og:site_name\" content=\"Hotel La Residence\" \/>\n<meta property=\"article:modified_time\" content=\"2024-04-03T17:10:47+00:00\" \/>\n<meta property=\"og:image\" content=\"https:\/\/www.laresidenceabano.it\/wp-content\/uploads\/2023\/07\/Camere-e-Suites.jpg\" \/>\n\t<meta property=\"og:image:width\" content=\"1500\" \/>\n\t<meta property=\"og:image:height\" content=\"1000\" \/>\n\t<meta property=\"og:image:type\" content=\"image\/jpeg\" \/>\n<meta name=\"twitter:card\" content=\"summary_large_image\" \/>\n<meta name=\"twitter:label1\" content=\"Dur\u00e9e de lecture estim\u00e9e\" \/>\n\t<meta name=\"twitter:data1\" content=\"1 minute\" \/>\n<script type=\"application\/ld+json\" class=\"yoast-schema-graph\">{\"@context\":\"https:\/\/schema.org\",\"@graph\":[{\"@type\":\"WebPage\",\"@id\":\"https:\/\/www.laresidenceabano.it\/fr\/chambres-et-suites\/\",\"url\":\"https:\/\/www.laresidenceabano.it\/fr\/chambres-et-suites\/\",\"name\":\"Chambres et suites de l'H\u00f4tel La Residence, Abano Terme\",\"isPartOf\":{\"@id\":\"https:\/\/www.laresidenceabano.it\/fr\/#website\"},\"primaryImageOfPage\":{\"@id\":\"https:\/\/www.laresidenceabano.it\/fr\/chambres-et-suites\/#primaryimage\"},\"image\":{\"@id\":\"https:\/\/www.laresidenceabano.it\/fr\/chambres-et-suites\/#primaryimage\"},\"thumbnailUrl\":\"https:\/\/www.laresidenceabano.it\/wp-content\/uploads\/2023\/07\/Camere-e-Suites.jpg\",\"datePublished\":\"2023-09-18T14:09:44+00:00\",\"dateModified\":\"2024-04-03T17:10:47+00:00\",\"description\":\"Les chambres et les suites de l'H\u00f4tel La Residence Terme, h\u00f4tel 4 \u00e9toiles \u00e0 Abano Terme, vous attendent. R\u00e9servez d\u00e8s maintenant avec les meilleurs tarifs\u00a0!\",\"breadcrumb\":{\"@id\":\"https:\/\/www.laresidenceabano.it\/fr\/chambres-et-suites\/#breadcrumb\"},\"inLanguage\":\"fr-FR\",\"potentialAction\":[{\"@type\":\"ReadAction\",\"target\":[\"https:\/\/www.laresidenceabano.it\/fr\/chambres-et-suites\/\"]}]},{\"@type\":\"ImageObject\",\"inLanguage\":\"fr-FR\",\"@id\":\"https:\/\/www.laresidenceabano.it\/fr\/chambres-et-suites\/#primaryimage\",\"url\":\"https:\/\/www.laresidenceabano.it\/wp-content\/uploads\/2023\/07\/Camere-e-Suites.jpg\",\"contentUrl\":\"https:\/\/www.laresidenceabano.it\/wp-content\/uploads\/2023\/07\/Camere-e-Suites.jpg\",\"width\":1500,\"height\":1000},{\"@type\":\"BreadcrumbList\",\"@id\":\"https:\/\/www.laresidenceabano.it\/fr\/chambres-et-suites\/#breadcrumb\",\"itemListElement\":[{\"@type\":\"ListItem\",\"position\":1,\"name\":\"Home\",\"item\":\"https:\/\/www.laresidenceabano.it\/fr\/\"},{\"@type\":\"ListItem\",\"position\":2,\"name\":\"Chambres et suites\"}]},{\"@type\":\"WebSite\",\"@id\":\"https:\/\/www.laresidenceabano.it\/fr\/#website\",\"url\":\"https:\/\/www.laresidenceabano.it\/fr\/\",\"name\":\"Hotel La Residence\",\"description\":\"\",\"publisher\":{\"@id\":\"https:\/\/www.laresidenceabano.it\/fr\/#organization\"},\"potentialAction\":[{\"@type\":\"SearchAction\",\"target\":{\"@type\":\"EntryPoint\",\"urlTemplate\":\"https:\/\/www.laresidenceabano.it\/fr\/?s={search_term_string}\"},\"query-input\":{\"@type\":\"PropertyValueSpecification\",\"valueRequired\":true,\"valueName\":\"search_term_string\"}}],\"inLanguage\":\"fr-FR\"},{\"@type\":\"Organization\",\"@id\":\"https:\/\/www.laresidenceabano.it\/fr\/#organization\",\"name\":\"Hotel La Residence\",\"url\":\"https:\/\/www.laresidenceabano.it\/fr\/\",\"logo\":{\"@type\":\"ImageObject\",\"inLanguage\":\"fr-FR\",\"@id\":\"https:\/\/www.laresidenceabano.it\/fr\/#\/schema\/logo\/image\/\",\"url\":\"https:\/\/www.laresidenceabano.it\/wp-content\/uploads\/2023\/07\/Logo-hotel-la-residence.svg\",\"contentUrl\":\"https:\/\/www.laresidenceabano.it\/wp-content\/uploads\/2023\/07\/Logo-hotel-la-residence.svg\",\"caption\":\"Hotel La Residence\"},\"image\":{\"@id\":\"https:\/\/www.laresidenceabano.it\/fr\/#\/schema\/logo\/image\/\"}}]}<\/script>\n<!-- \/ Yoast SEO plugin. -->","yoast_head_json":{"title":"Chambres et suites de l'H\u00f4tel La Residence, Abano Terme","description":"Les chambres et les suites de l'H\u00f4tel La Residence Terme, h\u00f4tel 4 \u00e9toiles \u00e0 Abano Terme, vous attendent. R\u00e9servez d\u00e8s maintenant avec les meilleurs tarifs\u00a0!","robots":{"index":"index","follow":"follow","max-snippet":"max-snippet:-1","max-image-preview":"max-image-preview:large","max-video-preview":"max-video-preview:-1"},"canonical":"https:\/\/www.laresidenceabano.it\/fr\/chambres-et-suites\/","og_locale":"fr_FR","og_type":"article","og_title":"Chambres et suites de l'H\u00f4tel La Residence, Abano Terme","og_description":"Les chambres et les suites de l'H\u00f4tel La Residence Terme, h\u00f4tel 4 \u00e9toiles \u00e0 Abano Terme, vous attendent. R\u00e9servez d\u00e8s maintenant avec les meilleurs tarifs\u00a0!","og_url":"https:\/\/www.laresidenceabano.it\/fr\/chambres-et-suites\/","og_site_name":"Hotel La Residence","article_modified_time":"2024-04-03T17:10:47+00:00","og_image":[{"width":1500,"height":1000,"url":"https:\/\/www.laresidenceabano.it\/wp-content\/uploads\/2023\/07\/Camere-e-Suites.jpg","type":"image\/jpeg"}],"twitter_card":"summary_large_image","twitter_misc":{"Dur\u00e9e de lecture estim\u00e9e":"1 minute"},"schema":{"@context":"https:\/\/schema.org","@graph":[{"@type":"WebPage","@id":"https:\/\/www.laresidenceabano.it\/fr\/chambres-et-suites\/","url":"https:\/\/www.laresidenceabano.it\/fr\/chambres-et-suites\/","name":"Chambres et suites de l'H\u00f4tel La Residence, Abano Terme","isPartOf":{"@id":"https:\/\/www.laresidenceabano.it\/fr\/#website"},"primaryImageOfPage":{"@id":"https:\/\/www.laresidenceabano.it\/fr\/chambres-et-suites\/#primaryimage"},"image":{"@id":"https:\/\/www.laresidenceabano.it\/fr\/chambres-et-suites\/#primaryimage"},"thumbnailUrl":"https:\/\/www.laresidenceabano.it\/wp-content\/uploads\/2023\/07\/Camere-e-Suites.jpg","datePublished":"2023-09-18T14:09:44+00:00","dateModified":"2024-04-03T17:10:47+00:00","description":"Les chambres et les suites de l'H\u00f4tel La Residence Terme, h\u00f4tel 4 \u00e9toiles \u00e0 Abano Terme, vous attendent. R\u00e9servez d\u00e8s maintenant avec les meilleurs tarifs\u00a0!","breadcrumb":{"@id":"https:\/\/www.laresidenceabano.it\/fr\/chambres-et-suites\/#breadcrumb"},"inLanguage":"fr-FR","potentialAction":[{"@type":"ReadAction","target":["https:\/\/www.laresidenceabano.it\/fr\/chambres-et-suites\/"]}]},{"@type":"ImageObject","inLanguage":"fr-FR","@id":"https:\/\/www.laresidenceabano.it\/fr\/chambres-et-suites\/#primaryimage","url":"https:\/\/www.laresidenceabano.it\/wp-content\/uploads\/2023\/07\/Camere-e-Suites.jpg","contentUrl":"https:\/\/www.laresidenceabano.it\/wp-content\/uploads\/2023\/07\/Camere-e-Suites.jpg","width":1500,"height":1000},{"@type":"BreadcrumbList","@id":"https:\/\/www.laresidenceabano.it\/fr\/chambres-et-suites\/#breadcrumb","itemListElement":[{"@type":"ListItem","position":1,"name":"Home","item":"https:\/\/www.laresidenceabano.it\/fr\/"},{"@type":"ListItem","position":2,"name":"Chambres et suites"}]},{"@type":"WebSite","@id":"https:\/\/www.laresidenceabano.it\/fr\/#website","url":"https:\/\/www.laresidenceabano.it\/fr\/","name":"Hotel La Residence","description":"","publisher":{"@id":"https:\/\/www.laresidenceabano.it\/fr\/#organization"},"potentialAction":[{"@type":"SearchAction","target":{"@type":"EntryPoint","urlTemplate":"https:\/\/www.laresidenceabano.it\/fr\/?s={search_term_string}"},"query-input":{"@type":"PropertyValueSpecification","valueRequired":true,"valueName":"search_term_string"}}],"inLanguage":"fr-FR"},{"@type":"Organization","@id":"https:\/\/www.laresidenceabano.it\/fr\/#organization","name":"Hotel La Residence","url":"https:\/\/www.laresidenceabano.it\/fr\/","logo":{"@type":"ImageObject","inLanguage":"fr-FR","@id":"https:\/\/www.laresidenceabano.it\/fr\/#\/schema\/logo\/image\/","url":"https:\/\/www.laresidenceabano.it\/wp-content\/uploads\/2023\/07\/Logo-hotel-la-residence.svg","contentUrl":"https:\/\/www.laresidenceabano.it\/wp-content\/uploads\/2023\/07\/Logo-hotel-la-residence.svg","caption":"Hotel La Residence"},"image":{"@id":"https:\/\/www.laresidenceabano.it\/fr\/#\/schema\/logo\/image\/"}}]}},"coauthors":[],"author_meta":{"author_link":"https:\/\/www.laresidenceabano.it\/fr\/author\/jampaa\/","display_name":"Jampaa"},"relative_dates":{"created":"Publi\u00e9 3 ans il y a","modified":"Mis \u00e0 jour 2 ans il y a"},"absolute_dates":{"created":"Publi\u00e9 le 18\/09\/2023","modified":"Mise \u00e0 jour le 03\/04\/2024"},"absolute_dates_time":{"created":"Publi\u00e9 le 18\/09\/2023 16:09","modified":"Mise \u00e0 jour le 03\/04\/2024 19:10"},"featured_img_caption":"","featured_img":"https:\/\/www.laresidenceabano.it\/wp-content\/uploads\/2023\/07\/Camere-e-Suites.jpg","series_order":"","_links":{"self":[{"href":"https:\/\/www.laresidenceabano.it\/fr\/wp-json\/wp\/v2\/pages\/6278","targetHints":{"allow":["GET"]}}],"collection":[{"href":"https:\/\/www.laresidenceabano.it\/fr\/wp-json\/wp\/v2\/pages"}],"about":[{"href":"https:\/\/www.laresidenceabano.it\/fr\/wp-json\/wp\/v2\/types\/page"}],"author":[{"embeddable":true,"href":"https:\/\/www.laresidenceabano.it\/fr\/wp-json\/wp\/v2\/users\/1"}],"replies":[{"embeddable":true,"href":"https:\/\/www.laresidenceabano.it\/fr\/wp-json\/wp\/v2\/comments?post=6278"}],"version-history":[{"count":6,"href":"https:\/\/www.laresidenceabano.it\/fr\/wp-json\/wp\/v2\/pages\/6278\/revisions"}],"predecessor-version":[{"id":7121,"href":"https:\/\/www.laresidenceabano.it\/fr\/wp-json\/wp\/v2\/pages\/6278\/revisions\/7121"}],"wp:featuredmedia":[{"embeddable":true,"href":"https:\/\/www.laresidenceabano.it\/fr\/wp-json\/wp\/v2\/media\/5722"}],"wp:attachment":[{"href":"https:\/\/www.laresidenceabano.it\/fr\/wp-json\/wp\/v2\/media?parent=6278"}],"curies":[{"name":"wp","href":"https:\/\/api.w.org\/{rel}","templated":true}]}}