{"id":6287,"date":"2023-09-18T16:12:29","date_gmt":"2023-09-18T14:12:29","guid":{"rendered":"https:\/\/www.laresidenceabano.it\/les-boues\/"},"modified":"2024-04-16T10:28:25","modified_gmt":"2024-04-16T08:28:25","slug":"les-boues","status":"publish","type":"page","link":"https:\/\/www.laresidenceabano.it\/fr\/les-boues\/","title":{"rendered":"Les boues"},"content":{"rendered":"<div  class=\"grids-section animated fadeInUp grids-is-advanced alignwide\" style=\"--_gs-gap-desktop:0px 0px;--_gs-m-desktop:0 0 0 0;--_gs-p-desktop:0 0 0 0;--_gs-bg-desktop:transparent none;--_gs-bg-xp-desktop:0px;--_gs-zi-desktop:auto;--_gs-d-desktop:block;--_gs-mw-desktop:calc(100% - 0 - 0);--_gs-gap-tablet:0px 0px;--_gs-m-tablet:0 0 0 0;--_gs-p-tablet:0 0 0 0;--_gs-bg-tablet:transparent none;--_gs-bg-xp-tablet:0px;--_gs-zi-tablet:auto;--_gs-d-tablet:block;--_gs-mw-tablet:calc(100% - 0 - 0);--_gs-gap-mobile:0px 0px;--_gs-m-mobile:0 0 0 0;--_gs-p-mobile:0 0 0 0;--_gs-bg-mobile:transparent none;--_gs-bg-xp-mobile:0px;--_gs-zi-mobile:auto;--_gs-d-mobile:block;--_gs-mw-mobile:calc(100% - 0 - 0);--_gs-columns:12;--_gs-rows:6\"><div class=\"grids-s-w_i\">\n<div class=\"grids-area\" style=\"--_ga-column:1\/13;--_ga-row:1\/7;--_ga-m-desktop:0 0 0 0;--_ga-p-desktop:0 0 0 0;--_ga-bg-desktop:transparent none;--_ga-zi-desktop:auto;--_ga-d-desktop:flex;--_ga-mw-desktop:calc(100% - 0 - 0);--_ga-m-tablet:0 0 0 0;--_ga-p-tablet:0 0 0 0;--_ga-bg-tablet:transparent none;--_ga-zi-tablet:auto;--_ga-d-tablet:flex;--_ga-mw-tablet:calc(100% - 0 - 0);--_ga-m-mobile:0 0 0 0;--_ga-p-mobile:0 0 0 0;--_ga-bg-mobile:transparent none;--_ga-zi-mobile:auto;--_ga-d-mobile:flex;--_ga-mw-mobile:calc(100% - 0 - 0)\">\n\n    <div class=\"related-pages-container\" id=\"relatedPages_2\">\n\n                                                                <div class=\"related-pages-single swiper-slide\">\n                        <a href=\"#fangoeforma \">\n                            <figure class=\"full-width\">\n                                <img decoding=\"async\" src=\"https:\/\/www.laresidenceabano.it\/wp-content\/uploads\/2023\/07\/fango-forma.jpg\" title=\"fango-forma-trattamenti-termali-hotel-la-residence\" alt=\"\" \/>\n                            <\/figure>\n                            <h4>Boue et forme<\/h4>\n                        <\/a>\n                    <\/div>\n                                                        <div class=\"related-pages-single swiper-slide\">\n                        <a href=\"#fangodetox\">\n                            <figure class=\"full-width\">\n                                <img decoding=\"async\" src=\"https:\/\/www.laresidenceabano.it\/wp-content\/uploads\/2023\/07\/fango-detox-1.jpg\" title=\"fango-detox-hotel-la-residence-abano\" alt=\"\" \/>\n                            <\/figure>\n                            <h4>Boue d\u00e9tox<\/h4>\n                        <\/a>\n                    <\/div>\n                                                        <div class=\"related-pages-single swiper-slide\">\n                        <a href=\"#fangoantiaging\">\n                            <figure class=\"full-width\">\n                                <img decoding=\"async\" src=\"https:\/\/www.laresidenceabano.it\/wp-content\/uploads\/2023\/07\/anti-aging.jpg\" title=\"fango-termale-certificato-DOC-Abano-Terme\" alt=\"\" \/>\n                            <\/figure>\n                            <h4>Boue anti-\u00e2ge<\/h4>\n                        <\/a>\n                    <\/div>\n                            <\/div>\n\n\n\n<\/div>\n<\/div><\/div>\n\n<div  class=\"grids-section center-box-row grids-is-advanced alignwide\" style=\"--_gs-gap-desktop:0px 0px;--_gs-m-desktop:0 0 0 0;--_gs-p-desktop:0 0 0 0;--_gs-bg-desktop:transparent url(https:\/\/www.laresidenceabano.it\/wp-content\/uploads\/2023\/07\/Fango.jpg) no-repeat 50% 50%  \/ cover;--_gs-bg-xp-desktop:0px;--_gs-zi-desktop:auto;--_gs-d-desktop:block;--_gs-mw-desktop:calc(100% - 0 - 0);--_gs-gap-tablet:0px 0px;--_gs-m-tablet:0 0 0 0;--_gs-p-tablet:0 0 0 0;--_gs-bg-tablet:transparent url(https:\/\/www.laresidenceabano.it\/wp-content\/uploads\/2023\/07\/Fango.jpg) no-repeat 50% 50%  \/ cover;--_gs-bg-xp-tablet:0px;--_gs-zi-tablet:auto;--_gs-d-tablet:block;--_gs-mw-tablet:calc(100% - 0 - 0);--_gs-gap-mobile:0px 0px;--_gs-m-mobile:0 0 0 0;--_gs-p-mobile:0 0 0 0;--_gs-bg-mobile:transparent url(https:\/\/www.laresidenceabano.it\/wp-content\/uploads\/2023\/07\/Fango.jpg) no-repeat 50% 50%  \/ cover;--_gs-bg-xp-mobile:0px;--_gs-zi-mobile:auto;--_gs-d-mobile:block;--_gs-mw-mobile:calc(100% - 0 - 0);--_gs-columns:12;--_gs-rows:6\"><div class=\"grids-s-w_i\">\n<div class=\"grids-area\" style=\"--_ga-column:1\/13;--_ga-row:1\/2;--_ga-m-desktop:0 0 0 0;--_ga-p-desktop:0 0 0 0;--_ga-bg-desktop:transparent none;--_ga-zi-desktop:auto;--_ga-d-desktop:flex;--_ga-mw-desktop:calc(100% - 0 - 0);--_ga-m-tablet:0 0 0 0;--_ga-p-tablet:0 0 0 0;--_ga-bg-tablet:transparent none;--_ga-zi-tablet:auto;--_ga-d-tablet:flex;--_ga-mw-tablet:calc(100% - 0 - 0);--_ga-m-mobile:0 0 0 0;--_ga-p-mobile:0 0 0 0;--_ga-bg-mobile:transparent none;--_ga-zi-mobile:auto;--_ga-d-mobile:flex;--_ga-mw-mobile:calc(100% - 0 - 0)\">\n\n<div style=\"height:100px\" aria-hidden=\"true\" class=\"wp-block-spacer\"><\/div>\n\n<\/div>\n\n<div class=\"grids-area animated slideInUp fifty-trasperent\" style=\"--_ga-column:1\/13;--_ga-row:2\/6;--_ga-m-desktop:0 0 0 0;--_ga-p-desktop:50px 0 50px 0;--_ga-bg-desktop:transparent none;--_ga-zi-desktop:auto;--_ga-d-desktop:flex;--_ga-mw-desktop:calc(100% - 0 - 0);--_ga-m-tablet:0 0 0 0;--_ga-p-tablet:50px 0 50px 0;--_ga-bg-tablet:transparent none;--_ga-zi-tablet:auto;--_ga-d-tablet:flex;--_ga-mw-tablet:calc(100% - 0 - 0);--_ga-m-mobile:0 0 0 0;--_ga-p-mobile:50px 0 50px 0;--_ga-bg-mobile:transparent none;--_ga-zi-mobile:auto;--_ga-d-mobile:flex;--_ga-mw-mobile:calc(100% - 0 - 0)\">\n\n<h2 class=\"wp-block-heading has-text-align-center petal-before\">Fango Salute Pi\u00f9<\/h2>\n\n\n\n<p class=\"has-text-align-center\">Le Fango Salute Pi\u00f9 consiste en l&rsquo;application, sur des zones sp\u00e9cifiques du corps prescrites par le m\u00e9decin, de la Boue Thermale Mature, riche en substances naturelles anti-inflammatoires. L&rsquo;objectif est d&rsquo;apporter des b\u00e9n\u00e9fices consid\u00e9rables \u00e0 l&rsquo;appareil ost\u00e9o-articulaire et musculaire. La boue thermale Sant\u00e9 Plus est compl\u00e9t\u00e9e par un bain dans l&rsquo;eau thermale dynamis\u00e9e et enrichie d&rsquo;hydroessences sp\u00e9cifiques.<\/p>\n\n<\/div>\n\n<div class=\"grids-area\" style=\"--_ga-column:1\/13;--_ga-row:6\/7;--_ga-m-desktop:0 0 0 0;--_ga-p-desktop:0 0 0 0;--_ga-bg-desktop:transparent none;--_ga-zi-desktop:auto;--_ga-d-desktop:flex;--_ga-mw-desktop:calc(100% - 0 - 0);--_ga-m-tablet:0 0 0 0;--_ga-p-tablet:0 0 0 0;--_ga-bg-tablet:transparent none;--_ga-zi-tablet:auto;--_ga-d-tablet:flex;--_ga-mw-tablet:calc(100% - 0 - 0);--_ga-m-mobile:0 0 0 0;--_ga-p-mobile:0 0 0 0;--_ga-bg-mobile:transparent none;--_ga-zi-mobile:auto;--_ga-d-mobile:flex;--_ga-mw-mobile:calc(100% - 0 - 0)\">\n\n<div style=\"height:100px\" aria-hidden=\"true\" class=\"wp-block-spacer\"><\/div>\n\n<\/div>\n<\/div><\/div>\n\n<div  id=\"fangoeforma\" class=\"grids-section row-green grids-is-advanced alignwide\" style=\"--_gs-gap-desktop:0px 0px;--_gs-m-desktop:0 0 0 0;--_gs-p-desktop:0 0 0 0;--_gs-bg-desktop:#f5faf4 none;--_gs-bg-xp-desktop:0px;--_gs-zi-desktop:auto;--_gs-d-desktop:block;--_gs-mw-desktop:calc(100% - 0 - 0);--_gs-gap-tablet:0px 0px;--_gs-m-tablet:0 0 0 0;--_gs-p-tablet:0 0 0 0;--_gs-bg-tablet:#f5faf4 none;--_gs-bg-xp-tablet:0px;--_gs-zi-tablet:auto;--_gs-d-tablet:block;--_gs-mw-tablet:calc(100% - 0 - 0);--_gs-gap-mobile:0px 0px;--_gs-m-mobile:0 0 0 0;--_gs-p-mobile:0 0 0 0;--_gs-bg-mobile:#f5faf4 none;--_gs-bg-xp-mobile:0px;--_gs-zi-mobile:auto;--_gs-d-mobile:block;--_gs-mw-mobile:calc(100% - 0 - 0);--_gs-columns:12;--_gs-rows:6\"><div class=\"grids-s-w_i\">\n<div class=\"grids-area animated fadeInLeft\" style=\"--_ga-column:1\/6;--_ga-row:1\/7;--_ga-va:center;--_ga-m-desktop:0 0 0 0;--_ga-p-desktop:0 0 0 0;--_ga-bg-desktop:transparent none;--_ga-zi-desktop:auto;--_ga-d-desktop:flex;--_ga-mw-desktop:calc(100% - 0 - 0);--_ga-m-tablet:0 0 0 0;--_ga-p-tablet:0 0 0 0;--_ga-bg-tablet:transparent none;--_ga-zi-tablet:auto;--_ga-d-tablet:flex;--_ga-mw-tablet:calc(100% - 0 - 0);--_ga-m-mobile:0 0 0 0;--_ga-p-mobile:0 0 0 0;--_ga-bg-mobile:transparent none;--_ga-zi-mobile:auto;--_ga-d-mobile:flex;--_ga-mw-mobile:calc(100% - 0 - 0)\">\n\n<h2 class=\"wp-block-heading has-text-color\" style=\"color:#6b9174\">Boue et Forme<\/h2>\n\n\n\n<ul class=\"wp-block-list\">\n<li><strong>Application de la boue mature <\/strong>\r\nLe traitement commence en buvant une infusion drainante ti\u00e8de. Ensuite, la boue mature est appliqu\u00e9e \u00e0 la temp\u00e9rature et sur les zones indiqu\u00e9es par le m\u00e9decin. Apr\u00e8s environ 15 minutes, une douche thermale revitalisante compl\u00e8te le traitement.<\/li>\n\n\n\n<li><strong>Bain thermal<\/strong>\r\nLe bain thermal pr\u00e9voit une immersion compl\u00e8te dans l&rsquo;eau min\u00e9rale \u00e0 laquelle est ajout\u00e9e une essence parfum\u00e9e au musc blanc et \u00e0 la fleur de citronnier, qui amplifie l&rsquo;effet th\u00e9rapeutique de l&rsquo;eau thermale en y ajoutant l&rsquo;effet relaxant de l&rsquo;aromath\u00e9rapie.<\/li>\n\n\n\n<li><strong>Vaporisation d&rsquo;un agr\u00e9able parfum sur le corps<\/strong>\r\nApr\u00e8s le bain thermal, un agr\u00e9able nuage de parfum, appel\u00e9 \u00ab\u00a0Esprit d&rsquo;Abano\u00a0\u00bb, est vaporis\u00e9 sur tout le corps, avec une action hydratante et r\u00e9\u00e9quilibrante du ph de la peau.<\/li>\n\n\n\n<li>Selon la prescription du m\u00e9decin, le protocole consiste \u00e0 appliquer deux cosm\u00e9ceutiques diff\u00e9rents sur les membres inf\u00e9rieurs.\r\nLe Gel rafra\u00eechissant pour les jambes \u00e0 base de marronnier, de houx fragon et de centella pour am\u00e9liorer l&rsquo;efficacit\u00e9 de la microcirculation (action drainante et protectrice des capillaires). \r\nLe Gel rafra\u00eechissant pour les jambes \u00e0 base de marronnier, de houx fragon et de centella pour am\u00e9liorer l&rsquo;efficacit\u00e9 de la microcirculation (action drainante et protectrice des capillaires).\r\nL&rsquo;Extrait Raffermissant \u00e0 base de menthe et d&rsquo;eucalyptus est id\u00e9al pour tonifier les muscles. L&rsquo;action th\u00e9rapeutique est compl\u00e9t\u00e9e par une tisane \u00e9quilibrante aux fruits des bois et au magn\u00e9sium.<\/li>\n<\/ul>\n\n<\/div>\n\n<div class=\"grids-area image-column animated fadeInRight\" style=\"--_ga-column:7\/13;--_ga-row:1\/7;--_ga-va:center;--_ga-m-desktop:0 0 0 0;--_ga-p-desktop:0 0 0 0;--_ga-bg-desktop:transparent none;--_ga-zi-desktop:auto;--_ga-d-desktop:flex;--_ga-mw-desktop:calc(100% - 0 - 0);--_ga-m-tablet:0 0 0 0;--_ga-p-tablet:0 0 0 0;--_ga-bg-tablet:transparent none;--_ga-zi-tablet:auto;--_ga-d-tablet:flex;--_ga-mw-tablet:calc(100% - 0 - 0);--_ga-m-mobile:0 0 0 0;--_ga-p-mobile:0 0 0 0;--_ga-bg-mobile:transparent none;--_ga-zi-mobile:auto;--_ga-d-mobile:flex;--_ga-mw-mobile:calc(100% - 0 - 0)\">\n<div class=\"wp-block-image full-width\">\n<figure class=\"aligncenter size-large\"><img loading=\"lazy\" decoding=\"async\" width=\"1024\" height=\"683\" src=\"https:\/\/www.laresidenceabano.it\/wp-content\/uploads\/2023\/07\/Hotel-La-Residence-26-1024x683.jpg\" alt=\"\" class=\"wp-image-4481\" srcset=\"https:\/\/www.laresidenceabano.it\/wp-content\/uploads\/2023\/07\/Hotel-La-Residence-26-1024x683.jpg 1024w, https:\/\/www.laresidenceabano.it\/wp-content\/uploads\/2023\/07\/Hotel-La-Residence-26-300x200.jpg 300w, https:\/\/www.laresidenceabano.it\/wp-content\/uploads\/2023\/07\/Hotel-La-Residence-26-768x512.jpg 768w, https:\/\/www.laresidenceabano.it\/wp-content\/uploads\/2023\/07\/Hotel-La-Residence-26-1536x1024.jpg 1536w, https:\/\/www.laresidenceabano.it\/wp-content\/uploads\/2023\/07\/Hotel-La-Residence-26-1568x1045.jpg 1568w, https:\/\/www.laresidenceabano.it\/wp-content\/uploads\/2023\/07\/Hotel-La-Residence-26.jpg 1800w\" sizes=\"auto, (max-width: 1024px) 100vw, 1024px\" \/><\/figure><\/div>\n<\/div>\n<\/div><\/div>\n\n<div  id=\"fangodetox\" class=\"grids-section row-text-gallery grids-is-advanced alignwide\" style=\"--_gs-gap-desktop:0px 0px;--_gs-m-desktop:0 0 0 0;--_gs-p-desktop:0 0 0 0;--_gs-bg-desktop:transparent none;--_gs-bg-xp-desktop:0px;--_gs-zi-desktop:auto;--_gs-d-desktop:block;--_gs-mw-desktop:calc(100% - 0 - 0);--_gs-gap-tablet:0px 0px;--_gs-m-tablet:0 0 0 0;--_gs-p-tablet:0 0 0 0;--_gs-bg-tablet:transparent none;--_gs-bg-xp-tablet:0px;--_gs-zi-tablet:auto;--_gs-d-tablet:block;--_gs-mw-tablet:calc(100% - 0 - 0);--_gs-gap-mobile:0px 0px;--_gs-m-mobile:0 0 0 0;--_gs-p-mobile:0 0 0 0;--_gs-bg-mobile:transparent none;--_gs-bg-xp-mobile:0px;--_gs-zi-mobile:auto;--_gs-d-mobile:block;--_gs-mw-mobile:calc(100% - 0 - 0);--_gs-columns:12;--_gs-rows:6\"><div class=\"grids-s-w_i\">\n<div class=\"grids-area animated fadeInLeft\" style=\"--_ga-column:1\/6;--_ga-row:1\/7;--_ga-va:center;--_ga-m-desktop:0 0 0 0;--_ga-p-desktop:0 0 0 0;--_ga-bg-desktop:transparent none;--_ga-zi-desktop:auto;--_ga-d-desktop:flex;--_ga-mw-desktop:calc(100% - 0 - 0);--_ga-m-tablet:0 0 0 0;--_ga-p-tablet:0 0 0 0;--_ga-bg-tablet:transparent none;--_ga-zi-tablet:auto;--_ga-d-tablet:flex;--_ga-mw-tablet:calc(100% - 0 - 0);--_ga-m-mobile:0 0 0 0;--_ga-p-mobile:0 0 0 0;--_ga-bg-mobile:transparent none;--_ga-zi-mobile:auto;--_ga-d-mobile:flex;--_ga-mw-mobile:calc(100% - 0 - 0)\">\n\n<h2 class=\"wp-block-heading has-text-color\" style=\"color:#b7cbb8\">Boue D\u00e9tox<\/h2>\n\n\n\n<hr class=\"wp-block-separator has-alpha-channel-opacity\"\/>\n\n\n\n<p>La boue d\u00e9tox est un traitement vraiment complet qui combine trois applications diff\u00e9rentes d&rsquo;Argile Bio Thermale.<\/p>\n\n\n\n<p>La premi\u00e8re est une application de boue traditionnelle sur les articulations prescrites par le m\u00e9decin. La deuxi\u00e8me consiste en un cataplasme d\u2019argile sp\u00e9cifique, enrichi d\u2019extraits bioactif \u00e0 base d\u2019artichaut, positionn\u00e9 sur la zone correspondant au foie. La troisi\u00e8me pr\u00e9voit une compresse sur le corps avec sept gazes diff\u00e9rentes imbib\u00e9es d\u2019un m\u00e9lange de boue liquide enrichi d\u2019extraits naturels d\u2019artichaut. <\/p>\n\n\n\n<p>Le parcours continue avec un bain effervescent dans une eau hyperthermale de source \u00e0 laquelle sont ajout\u00e9s des extraits d\u2019algues fucus.\r\n<\/p>\n\n\n\n<p>Outre les actions th\u00e9rapeutiques classiques au niveau de l\u2019appareil ost\u00e9oarticulatoire, ce traitement a un effet d\u00e9sintoxiquant efficace sur le foie et sur les autres organes \u00e9monctoires. De plus, il favorise l\u2019action drainante et de stimulation m\u00e9tabolique sur l\u2019organisme entier et il purifie la peau en profondeur en stimulant le renouvellement cutan\u00e9. <\/p>\n\n\n\n<p>L\u2019action purifiante est amplifi\u00e9e par la tisane d\u00e9tox servie en fin de traitement. <\/p>\n\n<\/div>\n\n<div class=\"grids-area animated fadeInRight\" style=\"--_ga-column:7\/13;--_ga-row:1\/7;--_ga-va:center;--_ga-m-desktop:0 0 0 0;--_ga-p-desktop:0 0 0 0;--_ga-bg-desktop:transparent none;--_ga-zi-desktop:auto;--_ga-d-desktop:flex;--_ga-mw-desktop:calc(100% - 0 - 0);--_ga-m-tablet:0 0 0 0;--_ga-p-tablet:0 0 0 0;--_ga-bg-tablet:transparent none;--_ga-zi-tablet:auto;--_ga-d-tablet:flex;--_ga-mw-tablet:calc(100% - 0 - 0);--_ga-m-mobile:0 0 0 0;--_ga-p-mobile:0 0 0 0;--_ga-bg-mobile:transparent none;--_ga-zi-mobile:auto;--_ga-d-mobile:flex;--_ga-mw-mobile:calc(100% - 0 - 0)\">\n\n    <div class=\"custom-gallery-wrapper custom-gallery-wrapper-grid custom-gallery-wrapper-column-2\" id=\"customGallery_3\">\n        \n                                <span class=\"enable-fullscreen\" onclick=\"showHideFotorama('custom-gallery_1', 0);\">\n                <i class=\"far fa-expand\"><\/i>\n            <\/span>\n        \n                                        <div class=\"gallery-wrapper-image gallery-wrapper-image-0\">\n                <figure class=\"full-width\" onclick=\"showHideFotorama('custom-gallery_1', 0);\">\n                    <img decoding=\"async\" class=\"gallery-wrapper-image-small\" src=\"https:\/\/www.laresidenceabano.it\/wp-content\/uploads\/2023\/07\/Fanghi-1.jpg\">\n                <\/figure>\n            <\/div>\n                                            <div class=\"gallery-wrapper-image gallery-wrapper-image-1\">\n                <figure class=\"full-width\" onclick=\"showHideFotorama('custom-gallery_1', 1);\">\n                    <img decoding=\"async\" class=\"gallery-wrapper-image-small\" src=\"https:\/\/www.laresidenceabano.it\/wp-content\/uploads\/2023\/07\/Detox.jpg\">\n                <\/figure>\n            <\/div>\n                    \n            <\/div>\n\n    <div style=\"width:1px;height:1px;position:absolute;\" name=\"fotorama\" id=\"custom-gallery_1\" class=\"fotorama\" data-width=\"100%\"  data-nav=\"thumbs\"  data-allowfullscreen=\"true\" >\n                    <img decoding=\"async\" src=\"https:\/\/www.laresidenceabano.it\/wp-content\/uploads\/2023\/07\/Fanghi-1.jpg\" class=\"attachment-full skip-lazy\" \/>\n                    <img decoding=\"async\" src=\"https:\/\/www.laresidenceabano.it\/wp-content\/uploads\/2023\/07\/Detox.jpg\" class=\"attachment-full skip-lazy\" \/>\n            <\/div>\n\n\n\n<\/div>\n<\/div><\/div>\n\n<div  id=\"fangoantiaging\" class=\"grids-section row-text-gallery grids-is-advanced alignwide\" style=\"--_gs-gap-desktop:0px 0px;--_gs-m-desktop:0 0 0 0;--_gs-p-desktop:0 0 0 0;--_gs-bg-desktop:#f5faf4 none;--_gs-bg-xp-desktop:0px;--_gs-zi-desktop:auto;--_gs-d-desktop:block;--_gs-mw-desktop:calc(100% - 0 - 0);--_gs-gap-tablet:0px 0px;--_gs-m-tablet:0 0 0 0;--_gs-p-tablet:0 0 0 0;--_gs-bg-tablet:#f5faf4 none;--_gs-bg-xp-tablet:0px;--_gs-zi-tablet:auto;--_gs-d-tablet:block;--_gs-mw-tablet:calc(100% - 0 - 0);--_gs-gap-mobile:0px 0px;--_gs-m-mobile:0 0 0 0;--_gs-p-mobile:0 0 0 0;--_gs-bg-mobile:#f5faf4 none;--_gs-bg-xp-mobile:0px;--_gs-zi-mobile:auto;--_gs-d-mobile:block;--_gs-mw-mobile:calc(100% - 0 - 0);--_gs-columns:12;--_gs-rows:6\"><div class=\"grids-s-w_i\">\n<div class=\"grids-area animated fadeInLeft\" style=\"--_ga-column:1\/6;--_ga-row:1\/7;--_ga-va:center;--_ga-m-desktop:0 0 0 0;--_ga-p-desktop:0 0 0 0;--_ga-bg-desktop:transparent none;--_ga-zi-desktop:auto;--_ga-d-desktop:flex;--_ga-mw-desktop:calc(100% - 0 - 0);--_ga-m-tablet:0 0 0 0;--_ga-p-tablet:0 0 0 0;--_ga-bg-tablet:transparent none;--_ga-zi-tablet:auto;--_ga-d-tablet:flex;--_ga-mw-tablet:calc(100% - 0 - 0);--_ga-m-mobile:0 0 0 0;--_ga-p-mobile:0 0 0 0;--_ga-bg-mobile:transparent none;--_ga-zi-mobile:auto;--_ga-d-mobile:flex;--_ga-mw-mobile:calc(100% - 0 - 0)\">\n\n<h2 class=\"wp-block-heading has-text-color advgb-dyn-0a181036\" style=\"color:#b7cbb8\">Boue anti-\u00e2ge<\/h2>\n\n\n\n<p>La boue anti-\u00e2ge a l\u2019extraordinaire particularit\u00e9 d&rsquo;\u00eatre la seule boue \u00ab\u00a0corps entier\u00a0\u00bb. En effet, elle peut \u00eatre appliqu\u00e9e sur tout le corps gr\u00e2ce \u00e0 sa consistance cr\u00e9meuse sp\u00e9cifique.\r\n<\/p>\n\n\n\n<p>Le traitement commence par la vaporisation d&rsquo;eau thermale tonique qui pr\u00e9c\u00e8de l&rsquo;application de cette boue sp\u00e9ciale anti-\u00e2ge.<\/p>\n\n\n\n<p>La boue et les algues sont m\u00e9lang\u00e9es et transform\u00e9es en une mousse thermale qui est ensuite appliqu\u00e9e par l&rsquo;op\u00e9rateur \u00e0 une temp\u00e9rature de 40\u00b0-42\u00b0C sur tout le corps, selon un protocole th\u00e9rapeutique pr\u00e9cis.<\/p>\n\n\n\n<p>Le traitement est compl\u00e9t\u00e9 par un bain thermal enrichi d&rsquo;hydro-essences aromatiques \u00e0 base de menthe fra\u00eeche et de th\u00e9 vert. Une tisane anti-\u00e2ge r\u00e9active les processus m\u00e9taboliques du corps et le drainage des liquides en exc\u00e8s.<\/p>\n\n\n\n<p>La boue utilis\u00e9e dans ce traitement exclusif est enrichie d&rsquo;une quantit\u00e9 importante d&rsquo;algues thermophiles riches en principes actifs anti-inflammatoires et antioxydants. Ces algues, cultiv\u00e9es dans nos bassins de maturation, sont r\u00e9colt\u00e9es au moment de l&rsquo;utilisation. En combinaison avec la boue, elles produisent dans le corps une action revitalisante et divers effets th\u00e9rapeutiques : une action anti-inflammatoire du syst\u00e8me musculo-squelettique, la r\u00e9activation des processus m\u00e9taboliques du corps, le renouvellement cellulaire des tissus, la stimulation de l&rsquo;activit\u00e9 des syst\u00e8mes immunitaire et neuroendocrinien, l\u2019am\u00e9lioration de l&rsquo;efficacit\u00e9 de la microcirculation.<\/p>\n\n<\/div>\n\n<div class=\"grids-area animated fadeInRight\" style=\"--_ga-column:7\/13;--_ga-row:1\/7;--_ga-va:center;--_ga-m-desktop:0 0 0 0;--_ga-p-desktop:0 0 0 0;--_ga-bg-desktop:transparent none;--_ga-zi-desktop:auto;--_ga-d-desktop:flex;--_ga-mw-desktop:calc(100% - 0 - 0);--_ga-m-tablet:0 0 0 0;--_ga-p-tablet:0 0 0 0;--_ga-bg-tablet:transparent none;--_ga-zi-tablet:auto;--_ga-d-tablet:flex;--_ga-mw-tablet:calc(100% - 0 - 0);--_ga-m-mobile:0 0 0 0;--_ga-p-mobile:0 0 0 0;--_ga-bg-mobile:transparent none;--_ga-zi-mobile:auto;--_ga-d-mobile:flex;--_ga-mw-mobile:calc(100% - 0 - 0)\">\n\n<figure class=\"wp-block-image size-large\"><img loading=\"lazy\" decoding=\"async\" width=\"1024\" height=\"683\" src=\"https:\/\/www.laresidenceabano.it\/wp-content\/uploads\/2023\/07\/Fanghi-1024x683.jpg\" alt=\"Boue forme, boue anti-\u00e2ge et boue d\u00e9tox\" class=\"wp-image-4677\" srcset=\"https:\/\/www.laresidenceabano.it\/wp-content\/uploads\/2023\/07\/Fanghi-1024x683.jpg 1024w, https:\/\/www.laresidenceabano.it\/wp-content\/uploads\/2023\/07\/Fanghi-300x200.jpg 300w, https:\/\/www.laresidenceabano.it\/wp-content\/uploads\/2023\/07\/Fanghi-768x512.jpg 768w, https:\/\/www.laresidenceabano.it\/wp-content\/uploads\/2023\/07\/Fanghi-1536x1025.jpg 1536w, https:\/\/www.laresidenceabano.it\/wp-content\/uploads\/2023\/07\/Fanghi-1568x1046.jpg 1568w, https:\/\/www.laresidenceabano.it\/wp-content\/uploads\/2023\/07\/Fanghi.jpg 1800w\" sizes=\"auto, (max-width: 1024px) 100vw, 1024px\" \/><\/figure>\n\n<\/div>\n<\/div><\/div>\n\n<div  class=\"grids-section grids-is-advanced\" style=\"--_gs-gap-desktop:0px 0px;--_gs-m-desktop:0 0 0 0;--_gs-p-desktop:0 0 0 0;--_gs-bg-desktop:transparent none;--_gs-bg-xp-desktop:0px;--_gs-zi-desktop:auto;--_gs-d-desktop:block;--_gs-mw-desktop:calc(100% - 0 - 0);--_gs-gap-tablet:0px 0px;--_gs-m-tablet:0 0 0 0;--_gs-p-tablet:0 0 0 0;--_gs-bg-tablet:transparent none;--_gs-bg-xp-tablet:0px;--_gs-zi-tablet:auto;--_gs-d-tablet:block;--_gs-mw-tablet:calc(100% - 0 - 0);--_gs-gap-mobile:0px 0px;--_gs-m-mobile:0 0 0 0;--_gs-p-mobile:0 0 0 0;--_gs-bg-mobile:transparent none;--_gs-bg-xp-mobile:0px;--_gs-zi-mobile:auto;--_gs-d-mobile:block;--_gs-mw-mobile:calc(100% - 0 - 0);--_gs-columns:12;--_gs-rows:6\"><div class=\"grids-s-w_i\">\n<div class=\"grids-area animated fadeInUp\" style=\"--_ga-column:3\/11;--_ga-row:1\/7;--_ga-m-desktop:0 0 0 0;--_ga-p-desktop:20px 20px 20px 20px;--_ga-bg-desktop:#f5faf4 none;--_ga-zi-desktop:auto;--_ga-d-desktop:flex;--_ga-mw-desktop:calc(100% - 0 - 0);--_ga-m-tablet:0 0 0 0;--_ga-p-tablet:20px 20px 20px 20px;--_ga-bg-tablet:#f5faf4 none;--_ga-zi-tablet:auto;--_ga-d-tablet:flex;--_ga-mw-tablet:calc(100% - 0 - 0);--_ga-m-mobile:0 0 0 0;--_ga-p-mobile:20px 20px 20px 20px;--_ga-bg-mobile:#f5faf4 none;--_ga-zi-mobile:auto;--_ga-d-mobile:flex;--_ga-mw-mobile:calc(100% - 0 - 0)\">\n\n<h3 class=\"wp-block-heading has-text-align-center has-text-color\" style=\"color:#6b9174\">Vous souhaitez r\u00e9server un cycle de th\u00e9rapie par la boue ?<\/h3>\n\n\n\n<p class=\"has-text-align-center has-text-color\" style=\"color:#6b9174\">Venez d\u00e9couvrir les bienfaits de la th\u00e9rapie par la boue dans notre centre de bien-\u00eatre&nbsp;! R\u00e9servez d\u00e8s maintenant un cycle de soins et offrez-vous une exp\u00e9rience r\u00e9g\u00e9n\u00e9ratrice pour le corps et l&rsquo;esprit.<\/p>\n\n\n\n<div class=\"wp-block-buttons is-content-justification-center is-layout-flex wp-container-core-buttons-is-layout-16018d1d wp-block-buttons-is-layout-flex\">\n<div class=\"wp-block-button\"><a class=\"wp-block-button__link wp-element-button\" href=\"\/fr\/contatti\/\">CONTACTEZ-NOUS<\/a><\/div>\n<\/div>\n\n<\/div>\n<\/div><\/div>","protected":false},"excerpt":{"rendered":"","protected":false},"author":12,"featured_media":5517,"parent":0,"menu_order":0,"comment_status":"closed","ping_status":"closed","template":"","meta":{"_acf_changed":false,"advgb_blocks_editor_width":"","advgb_blocks_columns_visual_guide":"","footnotes":""},"class_list":["post-6287","page","type-page","status-publish","has-post-thumbnail","hentry","entry"],"acf":[],"yoast_head":"<!-- This site is optimized with the Yoast SEO plugin v25.6 - https:\/\/yoast.com\/wordpress\/plugins\/seo\/ -->\n<title>Boues et traitements thermaux \u00e0 Abano Terme | H\u00f4tel La Residence<\/title>\n<meta name=\"description\" content=\"D\u00e9couvrez le pouvoir curatif des boues thermales \u00e0 La Residence, l&#039;h\u00f4tel d&#039;Abano Terme, pour un bien-\u00eatre complet et r\u00e9g\u00e9n\u00e9rant.\" \/>\n<meta name=\"robots\" content=\"index, follow, max-snippet:-1, max-image-preview:large, max-video-preview:-1\" \/>\n<link rel=\"canonical\" href=\"https:\/\/www.laresidenceabano.it\/fr\/les-boues\/\" \/>\n<meta property=\"og:locale\" content=\"fr_FR\" \/>\n<meta property=\"og:type\" content=\"article\" \/>\n<meta property=\"og:title\" content=\"Boues et traitements thermaux \u00e0 Abano Terme | H\u00f4tel La Residence\" \/>\n<meta property=\"og:description\" content=\"D\u00e9couvrez le pouvoir curatif des boues thermales \u00e0 La Residence, l&#039;h\u00f4tel d&#039;Abano Terme, pour un bien-\u00eatre complet et r\u00e9g\u00e9n\u00e9rant.\" \/>\n<meta property=\"og:url\" content=\"https:\/\/www.laresidenceabano.it\/fr\/les-boues\/\" \/>\n<meta property=\"og:site_name\" content=\"Hotel La Residence\" \/>\n<meta property=\"article:modified_time\" content=\"2024-04-16T08:28:25+00:00\" \/>\n<meta property=\"og:image\" content=\"https:\/\/www.laresidenceabano.it\/wp-content\/uploads\/2023\/07\/Hotel-La-Residence-fanghi-27-1.jpg\" \/>\n\t<meta property=\"og:image:width\" content=\"1800\" \/>\n\t<meta property=\"og:image:height\" content=\"1200\" \/>\n\t<meta property=\"og:image:type\" content=\"image\/jpeg\" \/>\n<meta name=\"twitter:card\" content=\"summary_large_image\" \/>\n<meta name=\"twitter:label1\" content=\"Dur\u00e9e de lecture estim\u00e9e\" \/>\n\t<meta name=\"twitter:data1\" content=\"5 minutes\" \/>\n<script type=\"application\/ld+json\" class=\"yoast-schema-graph\">{\"@context\":\"https:\/\/schema.org\",\"@graph\":[{\"@type\":\"WebPage\",\"@id\":\"https:\/\/www.laresidenceabano.it\/fr\/les-boues\/\",\"url\":\"https:\/\/www.laresidenceabano.it\/fr\/les-boues\/\",\"name\":\"Boues et traitements thermaux \u00e0 Abano Terme | H\u00f4tel La Residence\",\"isPartOf\":{\"@id\":\"https:\/\/www.laresidenceabano.it\/fr\/#website\"},\"primaryImageOfPage\":{\"@id\":\"https:\/\/www.laresidenceabano.it\/fr\/les-boues\/#primaryimage\"},\"image\":{\"@id\":\"https:\/\/www.laresidenceabano.it\/fr\/les-boues\/#primaryimage\"},\"thumbnailUrl\":\"https:\/\/www.laresidenceabano.it\/wp-content\/uploads\/2023\/07\/Hotel-La-Residence-fanghi-27-1.jpg\",\"datePublished\":\"2023-09-18T14:12:29+00:00\",\"dateModified\":\"2024-04-16T08:28:25+00:00\",\"description\":\"D\u00e9couvrez le pouvoir curatif des boues thermales \u00e0 La Residence, l'h\u00f4tel d'Abano Terme, pour un bien-\u00eatre complet et r\u00e9g\u00e9n\u00e9rant.\",\"breadcrumb\":{\"@id\":\"https:\/\/www.laresidenceabano.it\/fr\/les-boues\/#breadcrumb\"},\"inLanguage\":\"fr-FR\",\"potentialAction\":[{\"@type\":\"ReadAction\",\"target\":[\"https:\/\/www.laresidenceabano.it\/fr\/les-boues\/\"]}]},{\"@type\":\"ImageObject\",\"inLanguage\":\"fr-FR\",\"@id\":\"https:\/\/www.laresidenceabano.it\/fr\/les-boues\/#primaryimage\",\"url\":\"https:\/\/www.laresidenceabano.it\/wp-content\/uploads\/2023\/07\/Hotel-La-Residence-fanghi-27-1.jpg\",\"contentUrl\":\"https:\/\/www.laresidenceabano.it\/wp-content\/uploads\/2023\/07\/Hotel-La-Residence-fanghi-27-1.jpg\",\"width\":1800,\"height\":1200},{\"@type\":\"BreadcrumbList\",\"@id\":\"https:\/\/www.laresidenceabano.it\/fr\/les-boues\/#breadcrumb\",\"itemListElement\":[{\"@type\":\"ListItem\",\"position\":1,\"name\":\"Home\",\"item\":\"https:\/\/www.laresidenceabano.it\/fr\/\"},{\"@type\":\"ListItem\",\"position\":2,\"name\":\"Les boues\"}]},{\"@type\":\"WebSite\",\"@id\":\"https:\/\/www.laresidenceabano.it\/fr\/#website\",\"url\":\"https:\/\/www.laresidenceabano.it\/fr\/\",\"name\":\"Hotel La Residence\",\"description\":\"\",\"publisher\":{\"@id\":\"https:\/\/www.laresidenceabano.it\/fr\/#organization\"},\"potentialAction\":[{\"@type\":\"SearchAction\",\"target\":{\"@type\":\"EntryPoint\",\"urlTemplate\":\"https:\/\/www.laresidenceabano.it\/fr\/?s={search_term_string}\"},\"query-input\":{\"@type\":\"PropertyValueSpecification\",\"valueRequired\":true,\"valueName\":\"search_term_string\"}}],\"inLanguage\":\"fr-FR\"},{\"@type\":\"Organization\",\"@id\":\"https:\/\/www.laresidenceabano.it\/fr\/#organization\",\"name\":\"Hotel La Residence\",\"url\":\"https:\/\/www.laresidenceabano.it\/fr\/\",\"logo\":{\"@type\":\"ImageObject\",\"inLanguage\":\"fr-FR\",\"@id\":\"https:\/\/www.laresidenceabano.it\/fr\/#\/schema\/logo\/image\/\",\"url\":\"https:\/\/www.laresidenceabano.it\/wp-content\/uploads\/2023\/07\/Logo-hotel-la-residence.svg\",\"contentUrl\":\"https:\/\/www.laresidenceabano.it\/wp-content\/uploads\/2023\/07\/Logo-hotel-la-residence.svg\",\"caption\":\"Hotel La Residence\"},\"image\":{\"@id\":\"https:\/\/www.laresidenceabano.it\/fr\/#\/schema\/logo\/image\/\"}}]}<\/script>\n<!-- \/ Yoast SEO plugin. -->","yoast_head_json":{"title":"Boues et traitements thermaux \u00e0 Abano Terme | H\u00f4tel La Residence","description":"D\u00e9couvrez le pouvoir curatif des boues thermales \u00e0 La Residence, l'h\u00f4tel d'Abano Terme, pour un bien-\u00eatre complet et r\u00e9g\u00e9n\u00e9rant.","robots":{"index":"index","follow":"follow","max-snippet":"max-snippet:-1","max-image-preview":"max-image-preview:large","max-video-preview":"max-video-preview:-1"},"canonical":"https:\/\/www.laresidenceabano.it\/fr\/les-boues\/","og_locale":"fr_FR","og_type":"article","og_title":"Boues et traitements thermaux \u00e0 Abano Terme | H\u00f4tel La Residence","og_description":"D\u00e9couvrez le pouvoir curatif des boues thermales \u00e0 La Residence, l'h\u00f4tel d'Abano Terme, pour un bien-\u00eatre complet et r\u00e9g\u00e9n\u00e9rant.","og_url":"https:\/\/www.laresidenceabano.it\/fr\/les-boues\/","og_site_name":"Hotel La Residence","article_modified_time":"2024-04-16T08:28:25+00:00","og_image":[{"width":1800,"height":1200,"url":"https:\/\/www.laresidenceabano.it\/wp-content\/uploads\/2023\/07\/Hotel-La-Residence-fanghi-27-1.jpg","type":"image\/jpeg"}],"twitter_card":"summary_large_image","twitter_misc":{"Dur\u00e9e de lecture estim\u00e9e":"5 minutes"},"schema":{"@context":"https:\/\/schema.org","@graph":[{"@type":"WebPage","@id":"https:\/\/www.laresidenceabano.it\/fr\/les-boues\/","url":"https:\/\/www.laresidenceabano.it\/fr\/les-boues\/","name":"Boues et traitements thermaux \u00e0 Abano Terme | H\u00f4tel La Residence","isPartOf":{"@id":"https:\/\/www.laresidenceabano.it\/fr\/#website"},"primaryImageOfPage":{"@id":"https:\/\/www.laresidenceabano.it\/fr\/les-boues\/#primaryimage"},"image":{"@id":"https:\/\/www.laresidenceabano.it\/fr\/les-boues\/#primaryimage"},"thumbnailUrl":"https:\/\/www.laresidenceabano.it\/wp-content\/uploads\/2023\/07\/Hotel-La-Residence-fanghi-27-1.jpg","datePublished":"2023-09-18T14:12:29+00:00","dateModified":"2024-04-16T08:28:25+00:00","description":"D\u00e9couvrez le pouvoir curatif des boues thermales \u00e0 La Residence, l'h\u00f4tel d'Abano Terme, pour un bien-\u00eatre complet et r\u00e9g\u00e9n\u00e9rant.","breadcrumb":{"@id":"https:\/\/www.laresidenceabano.it\/fr\/les-boues\/#breadcrumb"},"inLanguage":"fr-FR","potentialAction":[{"@type":"ReadAction","target":["https:\/\/www.laresidenceabano.it\/fr\/les-boues\/"]}]},{"@type":"ImageObject","inLanguage":"fr-FR","@id":"https:\/\/www.laresidenceabano.it\/fr\/les-boues\/#primaryimage","url":"https:\/\/www.laresidenceabano.it\/wp-content\/uploads\/2023\/07\/Hotel-La-Residence-fanghi-27-1.jpg","contentUrl":"https:\/\/www.laresidenceabano.it\/wp-content\/uploads\/2023\/07\/Hotel-La-Residence-fanghi-27-1.jpg","width":1800,"height":1200},{"@type":"BreadcrumbList","@id":"https:\/\/www.laresidenceabano.it\/fr\/les-boues\/#breadcrumb","itemListElement":[{"@type":"ListItem","position":1,"name":"Home","item":"https:\/\/www.laresidenceabano.it\/fr\/"},{"@type":"ListItem","position":2,"name":"Les boues"}]},{"@type":"WebSite","@id":"https:\/\/www.laresidenceabano.it\/fr\/#website","url":"https:\/\/www.laresidenceabano.it\/fr\/","name":"Hotel La Residence","description":"","publisher":{"@id":"https:\/\/www.laresidenceabano.it\/fr\/#organization"},"potentialAction":[{"@type":"SearchAction","target":{"@type":"EntryPoint","urlTemplate":"https:\/\/www.laresidenceabano.it\/fr\/?s={search_term_string}"},"query-input":{"@type":"PropertyValueSpecification","valueRequired":true,"valueName":"search_term_string"}}],"inLanguage":"fr-FR"},{"@type":"Organization","@id":"https:\/\/www.laresidenceabano.it\/fr\/#organization","name":"Hotel La Residence","url":"https:\/\/www.laresidenceabano.it\/fr\/","logo":{"@type":"ImageObject","inLanguage":"fr-FR","@id":"https:\/\/www.laresidenceabano.it\/fr\/#\/schema\/logo\/image\/","url":"https:\/\/www.laresidenceabano.it\/wp-content\/uploads\/2023\/07\/Logo-hotel-la-residence.svg","contentUrl":"https:\/\/www.laresidenceabano.it\/wp-content\/uploads\/2023\/07\/Logo-hotel-la-residence.svg","caption":"Hotel La Residence"},"image":{"@id":"https:\/\/www.laresidenceabano.it\/fr\/#\/schema\/logo\/image\/"}}]}},"coauthors":[],"author_meta":{"author_link":"https:\/\/www.laresidenceabano.it\/fr\/author\/marcop\/","display_name":"MarcoP"},"relative_dates":{"created":"Publi\u00e9 3 ans il y a","modified":"Mis \u00e0 jour 2 ans il y a"},"absolute_dates":{"created":"Publi\u00e9 le 18\/09\/2023","modified":"Mise \u00e0 jour le 16\/04\/2024"},"absolute_dates_time":{"created":"Publi\u00e9 le 18\/09\/2023 16:12","modified":"Mise \u00e0 jour le 16\/04\/2024 10:28"},"featured_img_caption":"","featured_img":"https:\/\/www.laresidenceabano.it\/wp-content\/uploads\/2023\/07\/Hotel-La-Residence-fanghi-27-1-1568x1045.jpg","series_order":"","_links":{"self":[{"href":"https:\/\/www.laresidenceabano.it\/fr\/wp-json\/wp\/v2\/pages\/6287","targetHints":{"allow":["GET"]}}],"collection":[{"href":"https:\/\/www.laresidenceabano.it\/fr\/wp-json\/wp\/v2\/pages"}],"about":[{"href":"https:\/\/www.laresidenceabano.it\/fr\/wp-json\/wp\/v2\/types\/page"}],"author":[{"embeddable":true,"href":"https:\/\/www.laresidenceabano.it\/fr\/wp-json\/wp\/v2\/users\/12"}],"replies":[{"embeddable":true,"href":"https:\/\/www.laresidenceabano.it\/fr\/wp-json\/wp\/v2\/comments?post=6287"}],"version-history":[{"count":4,"href":"https:\/\/www.laresidenceabano.it\/fr\/wp-json\/wp\/v2\/pages\/6287\/revisions"}],"predecessor-version":[{"id":7267,"href":"https:\/\/www.laresidenceabano.it\/fr\/wp-json\/wp\/v2\/pages\/6287\/revisions\/7267"}],"wp:featuredmedia":[{"embeddable":true,"href":"https:\/\/www.laresidenceabano.it\/fr\/wp-json\/wp\/v2\/media\/5517"}],"wp:attachment":[{"href":"https:\/\/www.laresidenceabano.it\/fr\/wp-json\/wp\/v2\/media?parent=6287"}],"curies":[{"name":"wp","href":"https:\/\/api.w.org\/{rel}","templated":true}]}}