{"id":6299,"date":"2023-09-18T16:14:38","date_gmt":"2023-09-18T14:14:38","guid":{"rendered":"https:\/\/www.laresidenceabano.it\/psoriasis\/"},"modified":"2024-04-01T17:57:25","modified_gmt":"2024-04-01T15:57:25","slug":"psoriasis","status":"publish","type":"page","link":"https:\/\/www.laresidenceabano.it\/fr\/psoriasis\/","title":{"rendered":"Psoriasis"},"content":{"rendered":"<div  class=\"grids-section animated fadeInUp grids-is-advanced alignwide\" style=\"--_gs-gap-desktop:0px 0px;--_gs-m-desktop:0 0 0 0;--_gs-p-desktop:0 0 0 0;--_gs-bg-desktop:transparent none;--_gs-bg-xp-desktop:0px;--_gs-zi-desktop:auto;--_gs-d-desktop:block;--_gs-mw-desktop:calc(100% - 0 - 0);--_gs-gap-tablet:0px 0px;--_gs-m-tablet:0 0 0 0;--_gs-p-tablet:0 0 0 0;--_gs-bg-tablet:transparent none;--_gs-bg-xp-tablet:0px;--_gs-zi-tablet:auto;--_gs-d-tablet:block;--_gs-mw-tablet:calc(100% - 0 - 0);--_gs-gap-mobile:0px 0px;--_gs-m-mobile:0 0 0 0;--_gs-p-mobile:0 0 0 0;--_gs-bg-mobile:transparent none;--_gs-bg-xp-mobile:0px;--_gs-zi-mobile:auto;--_gs-d-mobile:block;--_gs-mw-mobile:calc(100% - 0 - 0);--_gs-columns:12;--_gs-rows:6\"><div class=\"grids-s-w_i\">\n<div class=\"grids-area\" style=\"--_ga-column:1\/13;--_ga-row:1\/7;--_ga-m-desktop:0 0 0 0;--_ga-p-desktop:0 0 0 0;--_ga-bg-desktop:transparent none;--_ga-zi-desktop:auto;--_ga-d-desktop:flex;--_ga-mw-desktop:calc(100% - 0 - 0);--_ga-m-tablet:0 0 0 0;--_ga-p-tablet:0 0 0 0;--_ga-bg-tablet:transparent none;--_ga-zi-tablet:auto;--_ga-d-tablet:flex;--_ga-mw-tablet:calc(100% - 0 - 0);--_ga-m-mobile:0 0 0 0;--_ga-p-mobile:0 0 0 0;--_ga-bg-mobile:transparent none;--_ga-zi-mobile:auto;--_ga-d-mobile:flex;--_ga-mw-mobile:calc(100% - 0 - 0)\">\n\n<h2 class=\"wp-block-heading has-text-align-center decorated\">PROJET PSORIASIS<\/h2>\n\n\n\n<p class=\"has-text-align-center\">Le psoriasis est la <strong>pathologie cutan\u00e9e<\/strong>\u00a0<strong>trait\u00e9e<\/strong> le plus souvent, et avec le plus grand succ\u00e8s en <strong>milieu thermal<\/strong>, utilis\u00e9 notamment comme m\u00e9thode compl\u00e9mentaire pendant les p\u00e9riodes d&rsquo;interruption des pratiques th\u00e9rapeutiques ou comme soutien \u00e0 des th\u00e9rapies pharmacologiques sp\u00e9cifiques.<\/p>\n\n\n\n<p class=\"has-text-align-center\">La combinaison de la baln\u00e9oth\u00e9rapie thermale avec la <strong>phototh\u00e9rapie par les UVB<\/strong> (baln\u00e9o-phototh\u00e9rapie thermale) s&rsquo;av\u00e8re \u00eatre une <strong>solution innovante<\/strong>.<\/p>\n\n<\/div>\n<\/div><\/div><div  class=\"grids-section row-image-box-under grids-is-advanced alignfull\" style=\"--_gs-gap-desktop:0px 0px;--_gs-m-desktop:0 0 0 0;--_gs-p-desktop:0 0 0 0;--_gs-bg-desktop:transparent url(https:\/\/www.laresidenceabano.it\/wp-content\/uploads\/2023\/07\/Hotel-La-Residence-piscina-esterna-2.jpg) no-repeat 50% 50%  \/ cover;--_gs-bg-xp-desktop:0px;--_gs-zi-desktop:auto;--_gs-d-desktop:block;--_gs-mw-desktop:calc(100% - 0 - 0);--_gs-gap-tablet:0px 0px;--_gs-m-tablet:0 0 0 0;--_gs-p-tablet:0 0 0 0;--_gs-bg-tablet:transparent url(https:\/\/www.laresidenceabano.it\/wp-content\/uploads\/2023\/07\/Hotel-La-Residence-piscina-esterna-2.jpg) no-repeat 50% 50%  \/ cover;--_gs-bg-xp-tablet:0px;--_gs-zi-tablet:auto;--_gs-d-tablet:block;--_gs-mw-tablet:calc(100% - 0 - 0);--_gs-gap-mobile:0px 0px;--_gs-m-mobile:0 0 0 0;--_gs-p-mobile:0 0 0 0;--_gs-bg-mobile:transparent url(https:\/\/www.laresidenceabano.it\/wp-content\/uploads\/2023\/07\/Hotel-La-Residence-piscina-esterna-2.jpg) no-repeat 50% 50%  \/ cover;--_gs-bg-xp-mobile:0px;--_gs-zi-mobile:auto;--_gs-d-mobile:block;--_gs-mw-mobile:calc(100% - 0 - 0);--_gs-columns:12;--_gs-rows:6\"><div class=\"grids-s-w_i\">\n<div class=\"grids-area animated fadeInUp\" style=\"--_ga-column:3\/11;--_ga-row:3\/7;--_ga-m-desktop:0 0 0 0;--_ga-p-desktop:0 0 0 0;--_ga-bg-desktop:#f5faf4 none;--_ga-zi-desktop:auto;--_ga-d-desktop:flex;--_ga-mw-desktop:calc(100% - 0 - 0);--_ga-m-tablet:0 0 0 0;--_ga-p-tablet:0 0 0 0;--_ga-bg-tablet:#f5faf4 none;--_ga-zi-tablet:auto;--_ga-d-tablet:flex;--_ga-mw-tablet:calc(100% - 0 - 0);--_ga-m-mobile:0 0 0 0;--_ga-p-mobile:0 0 0 0;--_ga-bg-mobile:#f5faf4 none;--_ga-zi-mobile:auto;--_ga-d-mobile:flex;--_ga-mw-mobile:calc(100% - 0 - 0)\">\n\n<h3 class=\"wp-block-heading has-text-align-center has-text-color\" style=\"color:#6b9174\">Une combinaison de traitements naturels <\/h3>\n\n\n\n<p class=\"has-text-align-center has-text-color\" style=\"color:#6b9174\">Les r\u00e9sultats de cette combinaison particuli\u00e8re de traitements naturels conduisent \u00e0 une <strong>am\u00e9lioration significative de l&rsquo;objectivit\u00e9 de la peau<\/strong>, et m\u00eame souvent \u00e0 la disparition des l\u00e9sions pendant des p\u00e9riodes prolong\u00e9es. Notre <strong>programme<\/strong> associe la <strong>baln\u00e9oth\u00e9rapie<\/strong> dans l&rsquo;eau thermale de la source particuli\u00e8rement riche en s\u00e9l\u00e9nium et en bromures avec la <strong>phototh\u00e9rapie<\/strong> (douche solaire UVA et UVB \u00e0 bande \u00e9troite).<\/p>\n\n<\/div>\n<\/div><\/div><div  class=\"grids-section animated fadeInUp grids-is-advanced alignwide\" style=\"--_gs-gap-desktop:0px 0px;--_gs-m-desktop:0 0 0 0;--_gs-p-desktop:0 0 0 0;--_gs-bg-desktop:transparent none;--_gs-bg-xp-desktop:0px;--_gs-zi-desktop:auto;--_gs-d-desktop:block;--_gs-mw-desktop:calc(100% - 0 - 0);--_gs-gap-tablet:0px 0px;--_gs-m-tablet:0 0 0 0;--_gs-p-tablet:0 0 0 0;--_gs-bg-tablet:transparent none;--_gs-bg-xp-tablet:0px;--_gs-zi-tablet:auto;--_gs-d-tablet:block;--_gs-mw-tablet:calc(100% - 0 - 0);--_gs-gap-mobile:0px 0px;--_gs-m-mobile:0 0 0 0;--_gs-p-mobile:0 0 0 0;--_gs-bg-mobile:transparent none;--_gs-bg-xp-mobile:0px;--_gs-zi-mobile:auto;--_gs-d-mobile:block;--_gs-mw-mobile:calc(100% - 0 - 0);--_gs-columns:12;--_gs-rows:6\"><div class=\"grids-s-w_i\">\n<div class=\"grids-area\" style=\"--_ga-column:1\/13;--_ga-row:1\/7;--_ga-m-desktop:0 0 0 0;--_ga-p-desktop:0 0 0 0;--_ga-bg-desktop:transparent none;--_ga-zi-desktop:auto;--_ga-d-desktop:flex;--_ga-mw-desktop:calc(100% - 0 - 0);--_ga-m-tablet:0 0 0 0;--_ga-p-tablet:0 0 0 0;--_ga-bg-tablet:transparent none;--_ga-zi-tablet:auto;--_ga-d-tablet:flex;--_ga-mw-tablet:calc(100% - 0 - 0);--_ga-m-mobile:0 0 0 0;--_ga-p-mobile:0 0 0 0;--_ga-bg-mobile:transparent none;--_ga-zi-mobile:auto;--_ga-d-mobile:flex;--_ga-mw-mobile:calc(100% - 0 - 0)\">\n\n<p>L&rsquo;<strong>absorption cutan\u00e9e<\/strong> des min\u00e9raux aux caract\u00e9ristiques anti-inflammatoires et antioxydantes au niveau de l&rsquo;infiltrat cellulaire est ainsi associ\u00e9e \u00e0 la <strong>r\u00e9mission active de la plaque psoriasique induite par les UVB<\/strong> \u00e0 bande \u00e9troite.<\/p>\n\n\n\n<p>Activit\u00e9s motrices dans la piscine d&rsquo;hydrokinesis, massages corporels th\u00e9rapeutiques avec des produits \u00e9mollients et combinaison possible avec la th\u00e9rapie par la boue pour les maladies ost\u00e9o-articulaires.<\/p>\n\n<\/div>\n<\/div><\/div><div  id=\"spa\" class=\"grids-section row-green grids-is-advanced alignwide\" style=\"--_gs-gap-desktop:0px 0px;--_gs-m-desktop:0 0 0 0;--_gs-p-desktop:0 0 0 0;--_gs-bg-desktop:#f5faf4 none;--_gs-bg-xp-desktop:0px;--_gs-zi-desktop:auto;--_gs-d-desktop:block;--_gs-mw-desktop:calc(100% - 0 - 0);--_gs-gap-tablet:0px 0px;--_gs-m-tablet:0 0 0 0;--_gs-p-tablet:0 0 0 0;--_gs-bg-tablet:#f5faf4 none;--_gs-bg-xp-tablet:0px;--_gs-zi-tablet:auto;--_gs-d-tablet:block;--_gs-mw-tablet:calc(100% - 0 - 0);--_gs-gap-mobile:0px 0px;--_gs-m-mobile:0 0 0 0;--_gs-p-mobile:0 0 0 0;--_gs-bg-mobile:#f5faf4 none;--_gs-bg-xp-mobile:0px;--_gs-zi-mobile:auto;--_gs-d-mobile:block;--_gs-mw-mobile:calc(100% - 0 - 0);--_gs-columns:12;--_gs-rows:6\"><div class=\"grids-s-w_i\">\n<div class=\"grids-area animated fadeInLeft\" style=\"--_ga-column:1\/6;--_ga-row:1\/7;--_ga-va:center;--_ga-m-desktop:0 0 0 0;--_ga-p-desktop:0 0 0 0;--_ga-bg-desktop:transparent none;--_ga-zi-desktop:auto;--_ga-d-desktop:flex;--_ga-mw-desktop:calc(100% - 0 - 0);--_ga-m-tablet:0 0 0 0;--_ga-p-tablet:0 0 0 0;--_ga-bg-tablet:transparent none;--_ga-zi-tablet:auto;--_ga-d-tablet:flex;--_ga-mw-tablet:calc(100% - 0 - 0);--_ga-m-mobile:0 0 0 0;--_ga-p-mobile:0 0 0 0;--_ga-bg-mobile:transparent none;--_ga-zi-mobile:auto;--_ga-d-mobile:flex;--_ga-mw-mobile:calc(100% - 0 - 0)\">\n\n<h3 class=\"wp-block-heading has-text-color\" style=\"color:#6b9174\">PROGRAMME PSORIASIS<\/h3>\n\n\n\n<ul class=\"wp-block-list\">\n<li><strong>1 examen m\u00e9dical<\/strong> pour personnaliser le programme<\/li>\n\n\n\n<li><strong>12 bains thermaux<\/strong> enrichis en min\u00e9raux et en ozone (le matin)<\/li>\n\n\n\n<li><strong>12 s\u00e9ances de phototh\u00e9rapie<\/strong><\/li>\n\n\n\n<li><strong>12 bains thermaux<\/strong> enrichis en sel iod\u00e9 (l&rsquo;apr\u00e8s-midi)<\/li>\n\n\n\n<li><strong>12 soins<\/strong> de 50 minutes au choix : massages avec des produits \u00e9mollients et hydratants, peeling, traitements corporels localis\u00e9s avec de l&rsquo;eau thermale et\/ou le recours \u00e0 des produits anti-psoriasis.<\/li>\n<\/ul>\n\n\n\n<div class=\"wp-block-buttons is-layout-flex wp-block-buttons-is-layout-flex\">\n<div class=\"wp-block-button\"><a class=\"wp-block-button__link wp-element-button\" href=\"https:\/\/www.laresidenceabano.it\/fr\/contacts\/\">CONTACTEZ-NOUS POUR PLUS D&rsquo;INFORMATIONS<\/a><\/div>\n<\/div>\n\n<\/div>\n\n<div class=\"grids-area image-column animated fadeInRight\" style=\"--_ga-column:7\/13;--_ga-row:1\/7;--_ga-va:center;--_ga-m-desktop:0 0 0 0;--_ga-p-desktop:0 0 0 0;--_ga-bg-desktop:transparent none;--_ga-zi-desktop:auto;--_ga-d-desktop:flex;--_ga-mw-desktop:calc(100% - 0 - 0);--_ga-m-tablet:0 0 0 0;--_ga-p-tablet:0 0 0 0;--_ga-bg-tablet:transparent none;--_ga-zi-tablet:auto;--_ga-d-tablet:flex;--_ga-mw-tablet:calc(100% - 0 - 0);--_ga-m-mobile:0 0 0 0;--_ga-p-mobile:0 0 0 0;--_ga-bg-mobile:transparent none;--_ga-zi-mobile:auto;--_ga-d-mobile:flex;--_ga-mw-mobile:calc(100% - 0 - 0)\">\n<div class=\"wp-block-image full-width\">\n<figure class=\"aligncenter size-large\"><img loading=\"lazy\" decoding=\"async\" width=\"1024\" height=\"683\" src=\"https:\/\/www.laresidenceabano.it\/wp-content\/uploads\/2023\/07\/Hotel-La-Residence-Programma-psoriasi-1024x683.jpg\" alt=\"\" class=\"wp-image-3252\" srcset=\"https:\/\/www.laresidenceabano.it\/wp-content\/uploads\/2023\/07\/Hotel-La-Residence-Programma-psoriasi-1024x683.jpg 1024w, https:\/\/www.laresidenceabano.it\/wp-content\/uploads\/2023\/07\/Hotel-La-Residence-Programma-psoriasi-300x200.jpg 300w, https:\/\/www.laresidenceabano.it\/wp-content\/uploads\/2023\/07\/Hotel-La-Residence-Programma-psoriasi-768x512.jpg 768w, https:\/\/www.laresidenceabano.it\/wp-content\/uploads\/2023\/07\/Hotel-La-Residence-Programma-psoriasi-1536x1024.jpg 1536w, https:\/\/www.laresidenceabano.it\/wp-content\/uploads\/2023\/07\/Hotel-La-Residence-Programma-psoriasi-1568x1045.jpg 1568w, https:\/\/www.laresidenceabano.it\/wp-content\/uploads\/2023\/07\/Hotel-La-Residence-Programma-psoriasi.jpg 1800w\" sizes=\"auto, (max-width: 1024px) 100vw, 1024px\" \/><\/figure><\/div>\n<\/div>\n<\/div><\/div>\n<hr class=\"wp-block-separator has-alpha-channel-opacity\"\/>\n<div  class=\"grids-section row-offers-list grids-is-advanced alignwide\" style=\"--_gs-gap-desktop:0px 0px;--_gs-m-desktop:0 0 0 0;--_gs-p-desktop:0 0 0 0;--_gs-bg-desktop:transparent none;--_gs-bg-xp-desktop:0px;--_gs-zi-desktop:auto;--_gs-d-desktop:block;--_gs-mw-desktop:calc(100% - 0 - 0);--_gs-gap-tablet:0px 0px;--_gs-m-tablet:0 0 0 0;--_gs-p-tablet:0 0 0 0;--_gs-bg-tablet:transparent none;--_gs-bg-xp-tablet:0px;--_gs-zi-tablet:auto;--_gs-d-tablet:block;--_gs-mw-tablet:calc(100% - 0 - 0);--_gs-gap-mobile:0px 0px;--_gs-m-mobile:0 0 0 0;--_gs-p-mobile:0 0 0 0;--_gs-bg-mobile:transparent none;--_gs-bg-xp-mobile:0px;--_gs-zi-mobile:auto;--_gs-d-mobile:block;--_gs-mw-mobile:calc(100% - 0 - 0);--_gs-columns:12;--_gs-rows:6\"><div class=\"grids-s-w_i\">\n<div class=\"grids-area animated fadeInLeft\" style=\"--_ga-column:1\/8;--_ga-row:1\/3;--_ga-m-desktop:0 0 0 0;--_ga-p-desktop:0 0 0 0;--_ga-bg-desktop:transparent none;--_ga-zi-desktop:auto;--_ga-d-desktop:flex;--_ga-mw-desktop:calc(100% - 0 - 0);--_ga-m-tablet:0 0 0 0;--_ga-p-tablet:0 0 0 0;--_ga-bg-tablet:transparent none;--_ga-zi-tablet:auto;--_ga-d-tablet:flex;--_ga-mw-tablet:calc(100% - 0 - 0);--_ga-m-mobile:0 0 0 0;--_ga-p-mobile:0 0 0 0;--_ga-bg-mobile:transparent none;--_ga-zi-mobile:auto;--_ga-d-mobile:flex;--_ga-mw-mobile:calc(100% - 0 - 0)\">\n\n<h3 class=\"wp-block-heading\">NOS OFFRES INCONTOURNABLES<\/h3>\n\n\n\n<p><em>Offrez-vous une exp\u00e9rience inoubliable<\/em><\/p>\n\n<\/div>\n\n<div class=\"grids-area animated fadeInUp\" style=\"--_ga-column:1\/13;--_ga-row:4\/7;--_ga-m-desktop:0 0 0 0;--_ga-p-desktop:0 0 0 0;--_ga-bg-desktop:transparent none;--_ga-zi-desktop:auto;--_ga-d-desktop:flex;--_ga-mw-desktop:calc(100% - 0 - 0);--_ga-m-tablet:0 0 0 0;--_ga-p-tablet:0 0 0 0;--_ga-bg-tablet:transparent none;--_ga-zi-tablet:auto;--_ga-d-tablet:flex;--_ga-mw-tablet:calc(100% - 0 - 0);--_ga-m-mobile:0 0 0 0;--_ga-p-mobile:0 0 0 0;--_ga-bg-mobile:transparent none;--_ga-zi-mobile:auto;--_ga-d-mobile:flex;--_ga-mw-mobile:calc(100% - 0 - 0)\">\n\n<div class=\"offers-list-container\" style=\"--offers-list-container-columns: 3\">\n\t\t\t\t<div class=\"offers-list-container-single \" onclick=\"location.href='https:\/\/www.laresidenceabano.it\/fr\/offer\/sejour-thalasso-spa-sante-plus-6-seances\/'\">\n\t\t\t\t<a href=\"https:\/\/www.laresidenceabano.it\/fr\/offer\/sejour-thalasso-spa-sante-plus-6-seances\/\" class=\"offers-list-container-single-img \" title=\"S\u00e9jour Thalasso &#038; SPA Sant\u00e9 Plus &#8211; 6 s\u00e9ances\">\n\t\t\t\t\t\t\t\t\t\t\t<figure class=\"full-width\">\n\t\t\t\t\t\t\t<img decoding=\"async\" src=\"https:\/\/www.laresidenceabano.it\/wp-content\/uploads\/2023\/07\/Fango-salute-piu-6-sedute.jpg\" \/>\n\t\t\t\t\t\t<\/figure>\n\t\t\t\t\t\t\t\t\t<\/a>\n\t\t\t\t\n\t\t\t\t<a href=\"https:\/\/www.laresidenceabano.it\/fr\/offer\/sejour-thalasso-spa-sante-plus-6-seances\/\" class=\"offers-list-container-single-title\" title=\"S\u00e9jour Thalasso &#038; SPA Sant\u00e9 Plus &#8211; 6 s\u00e9ances\">\n\t\t\t\t\t<h5>S\u00e9jour Thalasso &#038; SPA Sant\u00e9 Plus &#8211; 6 s\u00e9ances<\/h5>\n\n\t\t\t\t\t\t\t\t\t<\/a>\n\n\t\t\t\t<div class=\"offers-list-container-single-short-description\">\n\t\t\t\t\t\t\t\t\t<\/div>\n\n\t\t\t\t<a href=\"https:\/\/www.laresidenceabano.it\/fr\/offer\/sejour-thalasso-spa-sante-plus-6-seances\/\" title=\"S\u00e9jour Thalasso &#038; SPA Sant\u00e9 Plus &#8211; 6 s\u00e9ances\" class=\"btn offers-list-container-single-button\">\n\t\t\t\t\tEn savoir plus\t\t\t\t<\/a>\n\t\t\t<\/div>\n\t\t\t\t\t\t<div class=\"offers-list-container-single \" onclick=\"location.href='https:\/\/www.laresidenceabano.it\/fr\/offer\/remise-en-forme\/'\">\n\t\t\t\t<a href=\"https:\/\/www.laresidenceabano.it\/fr\/offer\/remise-en-forme\/\" class=\"offers-list-container-single-img \" title=\"Remise en Forme\">\n\t\t\t\t\t\t\t\t\t\t\t<figure class=\"full-width\">\n\t\t\t\t\t\t\t<img decoding=\"async\" src=\"https:\/\/www.laresidenceabano.it\/wp-content\/uploads\/2023\/07\/Remise-en-Forme.jpg\" \/>\n\t\t\t\t\t\t<\/figure>\n\t\t\t\t\t\t\t\t\t<\/a>\n\t\t\t\t\n\t\t\t\t<a href=\"https:\/\/www.laresidenceabano.it\/fr\/offer\/remise-en-forme\/\" class=\"offers-list-container-single-title\" title=\"Remise en Forme\">\n\t\t\t\t\t<h5>Remise en Forme<\/h5>\n\n\t\t\t\t\t\t\t\t\t<\/a>\n\n\t\t\t\t<div class=\"offers-list-container-single-short-description\">\n\t\t\t\t\t\t\t\t\t<\/div>\n\n\t\t\t\t<a href=\"https:\/\/www.laresidenceabano.it\/fr\/offer\/remise-en-forme\/\" title=\"Remise en Forme\" class=\"btn offers-list-container-single-button\">\n\t\t\t\t\tEn savoir plus\t\t\t\t<\/a>\n\t\t\t<\/div>\n\t\t\t\t\t\t<div class=\"offers-list-container-single \" onclick=\"location.href='https:\/\/www.laresidenceabano.it\/fr\/offer\/sejour-thalasso-spa-10-seances\/'\">\n\t\t\t\t<a href=\"https:\/\/www.laresidenceabano.it\/fr\/offer\/sejour-thalasso-spa-10-seances\/\" class=\"offers-list-container-single-img \" title=\"S\u00e9jour Thalasso &#038; Spa Sant\u00e9 Plus 10 s\u00e9ances\">\n\t\t\t\t\t\t\t\t\t\t\t<figure class=\"full-width\">\n\t\t\t\t\t\t\t<img decoding=\"async\" src=\"https:\/\/www.laresidenceabano.it\/wp-content\/uploads\/2023\/07\/fango-salute-piu-10-sedute.jpg\" \/>\n\t\t\t\t\t\t<\/figure>\n\t\t\t\t\t\t\t\t\t<\/a>\n\t\t\t\t\n\t\t\t\t<a href=\"https:\/\/www.laresidenceabano.it\/fr\/offer\/sejour-thalasso-spa-10-seances\/\" class=\"offers-list-container-single-title\" title=\"S\u00e9jour Thalasso &#038; Spa Sant\u00e9 Plus 10 s\u00e9ances\">\n\t\t\t\t\t<h5>S\u00e9jour Thalasso &#038; Spa Sant\u00e9 Plus 10 s\u00e9ances<\/h5>\n\n\t\t\t\t\t\t\t\t\t<\/a>\n\n\t\t\t\t<div class=\"offers-list-container-single-short-description\">\n\t\t\t\t\t\t\t\t\t<\/div>\n\n\t\t\t\t<a href=\"https:\/\/www.laresidenceabano.it\/fr\/offer\/sejour-thalasso-spa-10-seances\/\" title=\"S\u00e9jour Thalasso &#038; Spa Sant\u00e9 Plus 10 s\u00e9ances\" class=\"btn offers-list-container-single-button\">\n\t\t\t\t\tEn savoir plus\t\t\t\t<\/a>\n\t\t\t<\/div>\n\t\t\t\n\t<\/div>\n\n\n\n<\/div>\n\n<div class=\"grids-area animated fadeInRight\" style=\"--_ga-column:9\/13;--_ga-row:1\/3;--_ga-m-desktop:0 0 0 0;--_ga-p-desktop:0 0 0 0;--_ga-bg-desktop:transparent none;--_ga-zi-desktop:auto;--_ga-d-desktop:flex;--_ga-mw-desktop:calc(100% - 0 - 0);--_ga-m-tablet:0 0 0 0;--_ga-p-tablet:0 0 0 0;--_ga-bg-tablet:transparent none;--_ga-zi-tablet:auto;--_ga-d-tablet:flex;--_ga-mw-tablet:calc(100% - 0 - 0);--_ga-m-mobile:0 0 0 0;--_ga-p-mobile:0 0 0 0;--_ga-bg-mobile:transparent none;--_ga-zi-mobile:auto;--_ga-d-mobile:flex;--_ga-mw-mobile:calc(100% - 0 - 0)\">\n\n<div class=\"wp-block-buttons is-content-justification-right is-layout-flex wp-container-core-buttons-is-layout-765c4724 wp-block-buttons-is-layout-flex\">\n<div class=\"wp-block-button is-style-outline is-style-outline--2\"><a class=\"wp-block-button__link wp-element-button\" href=\"https:\/\/www.laresidenceabano.it\/fr\/offres\/\">D\u00c9COUVREZ NOS OFFRES<\/a><\/div>\n<\/div>\n\n<\/div>\n<\/div><\/div><div  class=\"grids-section grids-is-advanced alignwide\" style=\"--_gs-gap-desktop:0px 0px;--_gs-m-desktop:0 0 0 0;--_gs-p-desktop:0 0 0 0;--_gs-bg-desktop:transparent none;--_gs-bg-xp-desktop:0px;--_gs-zi-desktop:auto;--_gs-d-desktop:block;--_gs-mw-desktop:calc(100% - 0 - 0);--_gs-gap-tablet:0px 0px;--_gs-m-tablet:0 0 0 0;--_gs-p-tablet:0 0 0 0;--_gs-bg-tablet:transparent none;--_gs-bg-xp-tablet:0px;--_gs-zi-tablet:auto;--_gs-d-tablet:block;--_gs-mw-tablet:calc(100% - 0 - 0);--_gs-gap-mobile:0px 0px;--_gs-m-mobile:0 0 0 0;--_gs-p-mobile:0 0 0 0;--_gs-bg-mobile:transparent none;--_gs-bg-xp-mobile:0px;--_gs-zi-mobile:auto;--_gs-d-mobile:block;--_gs-mw-mobile:calc(100% - 0 - 0);--_gs-columns:12;--_gs-rows:6\"><div class=\"grids-s-w_i\">\n<div class=\"grids-area\" style=\"--_ga-column:1\/13;--_ga-row:1\/7;--_ga-m-desktop:0 0 0 0;--_ga-p-desktop:0 0 0 0;--_ga-bg-desktop:transparent none;--_ga-zi-desktop:auto;--_ga-d-desktop:flex;--_ga-mw-desktop:calc(100% - 0 - 0);--_ga-m-tablet:0 0 0 0;--_ga-p-tablet:0 0 0 0;--_ga-bg-tablet:transparent none;--_ga-zi-tablet:auto;--_ga-d-tablet:flex;--_ga-mw-tablet:calc(100% - 0 - 0);--_ga-m-mobile:0 0 0 0;--_ga-p-mobile:0 0 0 0;--_ga-bg-mobile:transparent none;--_ga-zi-mobile:auto;--_ga-d-mobile:flex;--_ga-mw-mobile:calc(100% - 0 - 0)\">\n\n<h3 class=\"wp-block-heading has-text-align-center decorated\">VOUS POURRIEZ AUSSI \u00caTRE INT\u00c9RESS\u00c9 PAR:<\/h3>\n\n\n\n\n\n\n<\/div>\n<\/div><\/div>","protected":false},"excerpt":{"rendered":"","protected":false},"author":11,"featured_media":5703,"parent":0,"menu_order":0,"comment_status":"closed","ping_status":"closed","template":"","meta":{"_acf_changed":false,"advgb_blocks_editor_width":"","advgb_blocks_columns_visual_guide":"","footnotes":""},"class_list":["post-6299","page","type-page","status-publish","has-post-thumbnail","hentry","entry"],"acf":[],"yoast_head":"<!-- This site is optimized with the Yoast SEO plugin v25.6 - https:\/\/yoast.com\/wordpress\/plugins\/seo\/ -->\n<title>Psoriasis - Hotel La Residence<\/title>\n<meta name=\"description\" content=\"Avec une combinaison de traitements naturels, le programme Psoriasis de l&#039;h\u00f4tel La Residence permet une am\u00e9lioration significative de l&#039;objectivit\u00e9 de la peau. D\u00e9couvrez le programme.\" \/>\n<meta name=\"robots\" content=\"index, follow, max-snippet:-1, max-image-preview:large, max-video-preview:-1\" \/>\n<link rel=\"canonical\" href=\"https:\/\/www.laresidenceabano.it\/fr\/psoriasis\/\" \/>\n<meta property=\"og:locale\" content=\"fr_FR\" \/>\n<meta property=\"og:type\" content=\"article\" \/>\n<meta property=\"og:title\" content=\"Psoriasis - Hotel La Residence\" \/>\n<meta property=\"og:description\" content=\"Avec une combinaison de traitements naturels, le programme Psoriasis de l&#039;h\u00f4tel La Residence permet une am\u00e9lioration significative de l&#039;objectivit\u00e9 de la peau. D\u00e9couvrez le programme.\" \/>\n<meta property=\"og:url\" content=\"https:\/\/www.laresidenceabano.it\/fr\/psoriasis\/\" \/>\n<meta property=\"og:site_name\" content=\"Hotel La Residence\" \/>\n<meta property=\"article:modified_time\" content=\"2024-04-01T15:57:25+00:00\" \/>\n<meta property=\"og:image\" content=\"https:\/\/www.laresidenceabano.it\/wp-content\/uploads\/2023\/07\/bagno-termale-allozono-balenoterapia.jpg\" \/>\n\t<meta property=\"og:image:width\" content=\"1800\" \/>\n\t<meta property=\"og:image:height\" content=\"1205\" \/>\n\t<meta property=\"og:image:type\" content=\"image\/jpeg\" \/>\n<meta name=\"twitter:card\" content=\"summary_large_image\" \/>\n<meta name=\"twitter:label1\" content=\"Dur\u00e9e de lecture estim\u00e9e\" \/>\n\t<meta name=\"twitter:data1\" content=\"2 minutes\" \/>\n<script type=\"application\/ld+json\" class=\"yoast-schema-graph\">{\"@context\":\"https:\/\/schema.org\",\"@graph\":[{\"@type\":\"WebPage\",\"@id\":\"https:\/\/www.laresidenceabano.it\/fr\/psoriasis\/\",\"url\":\"https:\/\/www.laresidenceabano.it\/fr\/psoriasis\/\",\"name\":\"Psoriasis - Hotel La Residence\",\"isPartOf\":{\"@id\":\"https:\/\/www.laresidenceabano.it\/fr\/#website\"},\"primaryImageOfPage\":{\"@id\":\"https:\/\/www.laresidenceabano.it\/fr\/psoriasis\/#primaryimage\"},\"image\":{\"@id\":\"https:\/\/www.laresidenceabano.it\/fr\/psoriasis\/#primaryimage\"},\"thumbnailUrl\":\"https:\/\/www.laresidenceabano.it\/wp-content\/uploads\/2023\/07\/bagno-termale-allozono-balenoterapia.jpg\",\"datePublished\":\"2023-09-18T14:14:38+00:00\",\"dateModified\":\"2024-04-01T15:57:25+00:00\",\"description\":\"Avec une combinaison de traitements naturels, le programme Psoriasis de l'h\u00f4tel La Residence permet une am\u00e9lioration significative de l'objectivit\u00e9 de la peau. D\u00e9couvrez le programme.\",\"breadcrumb\":{\"@id\":\"https:\/\/www.laresidenceabano.it\/fr\/psoriasis\/#breadcrumb\"},\"inLanguage\":\"fr-FR\",\"potentialAction\":[{\"@type\":\"ReadAction\",\"target\":[\"https:\/\/www.laresidenceabano.it\/fr\/psoriasis\/\"]}]},{\"@type\":\"ImageObject\",\"inLanguage\":\"fr-FR\",\"@id\":\"https:\/\/www.laresidenceabano.it\/fr\/psoriasis\/#primaryimage\",\"url\":\"https:\/\/www.laresidenceabano.it\/wp-content\/uploads\/2023\/07\/bagno-termale-allozono-balenoterapia.jpg\",\"contentUrl\":\"https:\/\/www.laresidenceabano.it\/wp-content\/uploads\/2023\/07\/bagno-termale-allozono-balenoterapia.jpg\",\"width\":1800,\"height\":1205},{\"@type\":\"BreadcrumbList\",\"@id\":\"https:\/\/www.laresidenceabano.it\/fr\/psoriasis\/#breadcrumb\",\"itemListElement\":[{\"@type\":\"ListItem\",\"position\":1,\"name\":\"Home\",\"item\":\"https:\/\/www.laresidenceabano.it\/fr\/\"},{\"@type\":\"ListItem\",\"position\":2,\"name\":\"Psoriasis\"}]},{\"@type\":\"WebSite\",\"@id\":\"https:\/\/www.laresidenceabano.it\/fr\/#website\",\"url\":\"https:\/\/www.laresidenceabano.it\/fr\/\",\"name\":\"Hotel La Residence\",\"description\":\"\",\"publisher\":{\"@id\":\"https:\/\/www.laresidenceabano.it\/fr\/#organization\"},\"potentialAction\":[{\"@type\":\"SearchAction\",\"target\":{\"@type\":\"EntryPoint\",\"urlTemplate\":\"https:\/\/www.laresidenceabano.it\/fr\/?s={search_term_string}\"},\"query-input\":{\"@type\":\"PropertyValueSpecification\",\"valueRequired\":true,\"valueName\":\"search_term_string\"}}],\"inLanguage\":\"fr-FR\"},{\"@type\":\"Organization\",\"@id\":\"https:\/\/www.laresidenceabano.it\/fr\/#organization\",\"name\":\"Hotel La Residence\",\"url\":\"https:\/\/www.laresidenceabano.it\/fr\/\",\"logo\":{\"@type\":\"ImageObject\",\"inLanguage\":\"fr-FR\",\"@id\":\"https:\/\/www.laresidenceabano.it\/fr\/#\/schema\/logo\/image\/\",\"url\":\"https:\/\/www.laresidenceabano.it\/wp-content\/uploads\/2023\/07\/Logo-hotel-la-residence.svg\",\"contentUrl\":\"https:\/\/www.laresidenceabano.it\/wp-content\/uploads\/2023\/07\/Logo-hotel-la-residence.svg\",\"caption\":\"Hotel La Residence\"},\"image\":{\"@id\":\"https:\/\/www.laresidenceabano.it\/fr\/#\/schema\/logo\/image\/\"}}]}<\/script>\n<!-- \/ Yoast SEO plugin. -->","yoast_head_json":{"title":"Psoriasis - Hotel La Residence","description":"Avec une combinaison de traitements naturels, le programme Psoriasis de l'h\u00f4tel La Residence permet une am\u00e9lioration significative de l'objectivit\u00e9 de la peau. D\u00e9couvrez le programme.","robots":{"index":"index","follow":"follow","max-snippet":"max-snippet:-1","max-image-preview":"max-image-preview:large","max-video-preview":"max-video-preview:-1"},"canonical":"https:\/\/www.laresidenceabano.it\/fr\/psoriasis\/","og_locale":"fr_FR","og_type":"article","og_title":"Psoriasis - Hotel La Residence","og_description":"Avec une combinaison de traitements naturels, le programme Psoriasis de l'h\u00f4tel La Residence permet une am\u00e9lioration significative de l'objectivit\u00e9 de la peau. D\u00e9couvrez le programme.","og_url":"https:\/\/www.laresidenceabano.it\/fr\/psoriasis\/","og_site_name":"Hotel La Residence","article_modified_time":"2024-04-01T15:57:25+00:00","og_image":[{"width":1800,"height":1205,"url":"https:\/\/www.laresidenceabano.it\/wp-content\/uploads\/2023\/07\/bagno-termale-allozono-balenoterapia.jpg","type":"image\/jpeg"}],"twitter_card":"summary_large_image","twitter_misc":{"Dur\u00e9e de lecture estim\u00e9e":"2 minutes"},"schema":{"@context":"https:\/\/schema.org","@graph":[{"@type":"WebPage","@id":"https:\/\/www.laresidenceabano.it\/fr\/psoriasis\/","url":"https:\/\/www.laresidenceabano.it\/fr\/psoriasis\/","name":"Psoriasis - Hotel La Residence","isPartOf":{"@id":"https:\/\/www.laresidenceabano.it\/fr\/#website"},"primaryImageOfPage":{"@id":"https:\/\/www.laresidenceabano.it\/fr\/psoriasis\/#primaryimage"},"image":{"@id":"https:\/\/www.laresidenceabano.it\/fr\/psoriasis\/#primaryimage"},"thumbnailUrl":"https:\/\/www.laresidenceabano.it\/wp-content\/uploads\/2023\/07\/bagno-termale-allozono-balenoterapia.jpg","datePublished":"2023-09-18T14:14:38+00:00","dateModified":"2024-04-01T15:57:25+00:00","description":"Avec une combinaison de traitements naturels, le programme Psoriasis de l'h\u00f4tel La Residence permet une am\u00e9lioration significative de l'objectivit\u00e9 de la peau. D\u00e9couvrez le programme.","breadcrumb":{"@id":"https:\/\/www.laresidenceabano.it\/fr\/psoriasis\/#breadcrumb"},"inLanguage":"fr-FR","potentialAction":[{"@type":"ReadAction","target":["https:\/\/www.laresidenceabano.it\/fr\/psoriasis\/"]}]},{"@type":"ImageObject","inLanguage":"fr-FR","@id":"https:\/\/www.laresidenceabano.it\/fr\/psoriasis\/#primaryimage","url":"https:\/\/www.laresidenceabano.it\/wp-content\/uploads\/2023\/07\/bagno-termale-allozono-balenoterapia.jpg","contentUrl":"https:\/\/www.laresidenceabano.it\/wp-content\/uploads\/2023\/07\/bagno-termale-allozono-balenoterapia.jpg","width":1800,"height":1205},{"@type":"BreadcrumbList","@id":"https:\/\/www.laresidenceabano.it\/fr\/psoriasis\/#breadcrumb","itemListElement":[{"@type":"ListItem","position":1,"name":"Home","item":"https:\/\/www.laresidenceabano.it\/fr\/"},{"@type":"ListItem","position":2,"name":"Psoriasis"}]},{"@type":"WebSite","@id":"https:\/\/www.laresidenceabano.it\/fr\/#website","url":"https:\/\/www.laresidenceabano.it\/fr\/","name":"Hotel La Residence","description":"","publisher":{"@id":"https:\/\/www.laresidenceabano.it\/fr\/#organization"},"potentialAction":[{"@type":"SearchAction","target":{"@type":"EntryPoint","urlTemplate":"https:\/\/www.laresidenceabano.it\/fr\/?s={search_term_string}"},"query-input":{"@type":"PropertyValueSpecification","valueRequired":true,"valueName":"search_term_string"}}],"inLanguage":"fr-FR"},{"@type":"Organization","@id":"https:\/\/www.laresidenceabano.it\/fr\/#organization","name":"Hotel La Residence","url":"https:\/\/www.laresidenceabano.it\/fr\/","logo":{"@type":"ImageObject","inLanguage":"fr-FR","@id":"https:\/\/www.laresidenceabano.it\/fr\/#\/schema\/logo\/image\/","url":"https:\/\/www.laresidenceabano.it\/wp-content\/uploads\/2023\/07\/Logo-hotel-la-residence.svg","contentUrl":"https:\/\/www.laresidenceabano.it\/wp-content\/uploads\/2023\/07\/Logo-hotel-la-residence.svg","caption":"Hotel La Residence"},"image":{"@id":"https:\/\/www.laresidenceabano.it\/fr\/#\/schema\/logo\/image\/"}}]}},"coauthors":[],"author_meta":{"author_link":"https:\/\/www.laresidenceabano.it\/fr\/author\/fede\/","display_name":"Fede"},"relative_dates":{"created":"Publi\u00e9 3 ans il y a","modified":"Mis \u00e0 jour 2 ans il y a"},"absolute_dates":{"created":"Publi\u00e9 le 18\/09\/2023","modified":"Mise \u00e0 jour le 01\/04\/2024"},"absolute_dates_time":{"created":"Publi\u00e9 le 18\/09\/2023 16:14","modified":"Mise \u00e0 jour le 01\/04\/2024 17:57"},"featured_img_caption":"","featured_img":"https:\/\/www.laresidenceabano.it\/wp-content\/uploads\/2023\/07\/bagno-termale-allozono-balenoterapia-1568x1050.jpg","series_order":"","_links":{"self":[{"href":"https:\/\/www.laresidenceabano.it\/fr\/wp-json\/wp\/v2\/pages\/6299","targetHints":{"allow":["GET"]}}],"collection":[{"href":"https:\/\/www.laresidenceabano.it\/fr\/wp-json\/wp\/v2\/pages"}],"about":[{"href":"https:\/\/www.laresidenceabano.it\/fr\/wp-json\/wp\/v2\/types\/page"}],"author":[{"embeddable":true,"href":"https:\/\/www.laresidenceabano.it\/fr\/wp-json\/wp\/v2\/users\/11"}],"replies":[{"embeddable":true,"href":"https:\/\/www.laresidenceabano.it\/fr\/wp-json\/wp\/v2\/comments?post=6299"}],"version-history":[{"count":2,"href":"https:\/\/www.laresidenceabano.it\/fr\/wp-json\/wp\/v2\/pages\/6299\/revisions"}],"predecessor-version":[{"id":7077,"href":"https:\/\/www.laresidenceabano.it\/fr\/wp-json\/wp\/v2\/pages\/6299\/revisions\/7077"}],"wp:featuredmedia":[{"embeddable":true,"href":"https:\/\/www.laresidenceabano.it\/fr\/wp-json\/wp\/v2\/media\/5703"}],"wp:attachment":[{"href":"https:\/\/www.laresidenceabano.it\/fr\/wp-json\/wp\/v2\/media?parent=6299"}],"curies":[{"name":"wp","href":"https:\/\/api.w.org\/{rel}","templated":true}]}}