{"id":6323,"date":"2023-09-18T16:26:51","date_gmt":"2023-09-18T14:26:51","guid":{"rendered":"https:\/\/www.laresidenceabano.it\/vie-active\/"},"modified":"2024-04-04T18:03:16","modified_gmt":"2024-04-04T16:03:16","slug":"vie-active","status":"publish","type":"page","link":"https:\/\/www.laresidenceabano.it\/fr\/vie-active\/","title":{"rendered":"Vie active"},"content":{"rendered":"<div  class=\"grids-section animated fadeInUp grids-is-advanced alignwide\" style=\"--_gs-gap-desktop:0px 0px;--_gs-m-desktop:0 0 0 0;--_gs-p-desktop:0 0 0 0;--_gs-bg-desktop:transparent none;--_gs-bg-xp-desktop:0px;--_gs-zi-desktop:auto;--_gs-d-desktop:block;--_gs-mw-desktop:calc(100% - 0 - 0);--_gs-gap-tablet:0px 0px;--_gs-m-tablet:0 0 0 0;--_gs-p-tablet:0 0 0 0;--_gs-bg-tablet:transparent none;--_gs-bg-xp-tablet:0px;--_gs-zi-tablet:auto;--_gs-d-tablet:block;--_gs-mw-tablet:calc(100% - 0 - 0);--_gs-gap-mobile:0px 0px;--_gs-m-mobile:0 0 0 0;--_gs-p-mobile:0 0 0 0;--_gs-bg-mobile:transparent none;--_gs-bg-xp-mobile:0px;--_gs-zi-mobile:auto;--_gs-d-mobile:block;--_gs-mw-mobile:calc(100% - 0 - 0);--_gs-columns:12;--_gs-rows:6\"><div class=\"grids-s-w_i\">\n<div class=\"grids-area\" style=\"--_ga-column:1\/13;--_ga-row:1\/7;--_ga-m-desktop:0 0 0 0;--_ga-p-desktop:0 0 0 0;--_ga-bg-desktop:transparent none;--_ga-zi-desktop:auto;--_ga-d-desktop:flex;--_ga-mw-desktop:calc(100% - 0 - 0);--_ga-m-tablet:0 0 0 0;--_ga-p-tablet:0 0 0 0;--_ga-bg-tablet:transparent none;--_ga-zi-tablet:auto;--_ga-d-tablet:flex;--_ga-mw-tablet:calc(100% - 0 - 0);--_ga-m-mobile:0 0 0 0;--_ga-p-mobile:0 0 0 0;--_ga-bg-mobile:transparent none;--_ga-zi-mobile:auto;--_ga-d-mobile:flex;--_ga-mw-mobile:calc(100% - 0 - 0)\">\n\n<h2 class=\"wp-block-heading has-text-align-center decorated\">VIE ACTIVE<\/h2>\n\n\n\n<h6 class=\"wp-block-heading has-text-align-center\"><em>Style de vie et activit\u00e9 physique adapt\u00e9e<\/em><\/h6>\n\n\n\n<p class=\"has-text-align-center\">Une vie tr\u00e9pidante, des rythmes de travail intenses, <strong>peu de temps \u00e0 consacrer \u00e0 soi-m\u00eame<\/strong>, tels sont les \u00e9l\u00e9ments qui induisent le stress et enl\u00e8vent \u00e0 la personne sa s\u00e9r\u00e9nit\u00e9, g\u00e9n\u00e9rant divers maux et des habitudes pr\u00e9judiciables \u00e0 un \u00e9tat optimal de bien-\u00eatre psychophysique.<\/p>\n\n<\/div>\n<\/div><\/div><div  class=\"grids-section row-image-box-under grids-is-advanced alignfull\" style=\"--_gs-gap-desktop:0px 0px;--_gs-m-desktop:0 0 0 0;--_gs-p-desktop:0 0 0 0;--_gs-bg-desktop:transparent url(https:\/\/www.laresidenceabano.it\/wp-content\/uploads\/2023\/07\/Vita-Attiva-La-Residence.jpg) no-repeat 50% 50%  \/ cover;--_gs-bg-xp-desktop:0px;--_gs-zi-desktop:auto;--_gs-d-desktop:block;--_gs-mw-desktop:calc(100% - 0 - 0);--_gs-gap-tablet:0px 0px;--_gs-m-tablet:0 0 0 0;--_gs-p-tablet:0 0 0 0;--_gs-bg-tablet:transparent url(https:\/\/www.laresidenceabano.it\/wp-content\/uploads\/2023\/07\/Vita-Attiva-La-Residence.jpg) no-repeat 50% 50%  \/ cover;--_gs-bg-xp-tablet:0px;--_gs-zi-tablet:auto;--_gs-d-tablet:block;--_gs-mw-tablet:calc(100% - 0 - 0);--_gs-gap-mobile:0px 0px;--_gs-m-mobile:0 0 0 0;--_gs-p-mobile:0 0 0 0;--_gs-bg-mobile:transparent url(https:\/\/www.laresidenceabano.it\/wp-content\/uploads\/2023\/07\/Vita-Attiva-La-Residence.jpg) no-repeat 50% 50%  \/ cover;--_gs-bg-xp-mobile:0px;--_gs-zi-mobile:auto;--_gs-d-mobile:block;--_gs-mw-mobile:calc(100% - 0 - 0);--_gs-columns:12;--_gs-rows:6\"><div class=\"grids-s-w_i\">\n<div class=\"grids-area animated fadeInUp\" style=\"--_ga-column:3\/11;--_ga-row:3\/7;--_ga-m-desktop:0 0 0 0;--_ga-p-desktop:0 0 0 0;--_ga-bg-desktop:#f5faf4 none;--_ga-zi-desktop:auto;--_ga-d-desktop:flex;--_ga-mw-desktop:calc(100% - 0 - 0);--_ga-m-tablet:0 0 0 0;--_ga-p-tablet:0 0 0 0;--_ga-bg-tablet:#f5faf4 none;--_ga-zi-tablet:auto;--_ga-d-tablet:flex;--_ga-mw-tablet:calc(100% - 0 - 0);--_ga-m-mobile:0 0 0 0;--_ga-p-mobile:0 0 0 0;--_ga-bg-mobile:#f5faf4 none;--_ga-zi-mobile:auto;--_ga-d-mobile:flex;--_ga-mw-mobile:calc(100% - 0 - 0)\">\n\n<h3 class=\"wp-block-heading has-text-align-center has-text-color\" style=\"color:#6b9174\">NOS PROGRAMMES<\/h3>\n\n\n\n<h6 class=\"wp-block-heading has-text-align-center has-text-color\" style=\"color:#6b9174\">POUR UN STYLE DE VIE CORRECT<\/h6>\n\n\n\n<p class=\"has-text-align-center has-text-color\" style=\"color:#6b9174\">Gr\u00e2ce \u00e0 nos <strong>Programmes et Parcours cibl\u00e9s<\/strong>, il est possible de <strong>retrouver un mode de vie correct<\/strong> qui r\u00e9\u00e9quilibre le corps et l&rsquo;esprit par le <strong>mouvement<\/strong>, une bonne <strong>alimentation<\/strong> avec le r\u00e9gime m\u00e9diterran\u00e9en et une s\u00e9rie de <strong>traitements<\/strong> con\u00e7us \u00e0 cet effet.<\/p>\n\n\n\n<p class=\"has-text-align-center has-text-color\" style=\"color:#6b9174\">Les s\u00e9ances d&rsquo;<strong>entra\u00eenement avec un kin\u00e9siologue<\/strong> vous permettent de maximiser votre programme ou de calibrer votre entra\u00eenement en fonction de vos objectifs d&rsquo;entra\u00eenement.<\/p>\n\n<\/div>\n<\/div><\/div><div  id=\"massaggi\" class=\"grids-section row-text-gallery grids-is-advanced alignwide\" style=\"--_gs-gap-desktop:0px 0px;--_gs-m-desktop:0 0 0 0;--_gs-p-desktop:0 0 0 0;--_gs-bg-desktop:transparent none;--_gs-bg-xp-desktop:0px;--_gs-zi-desktop:auto;--_gs-d-desktop:block;--_gs-mw-desktop:calc(100% - 0 - 0);--_gs-gap-tablet:0px 0px;--_gs-m-tablet:0 0 0 0;--_gs-p-tablet:0 0 0 0;--_gs-bg-tablet:transparent none;--_gs-bg-xp-tablet:0px;--_gs-zi-tablet:auto;--_gs-d-tablet:block;--_gs-mw-tablet:calc(100% - 0 - 0);--_gs-gap-mobile:0px 0px;--_gs-m-mobile:0 0 0 0;--_gs-p-mobile:0 0 0 0;--_gs-bg-mobile:transparent none;--_gs-bg-xp-mobile:0px;--_gs-zi-mobile:auto;--_gs-d-mobile:block;--_gs-mw-mobile:calc(100% - 0 - 0);--_gs-columns:12;--_gs-rows:6\"><div class=\"grids-s-w_i\">\n<div class=\"grids-area animated fadeInLeft\" style=\"--_ga-column:8\/13;--_ga-row:1\/7;--_ga-va:center;--_ga-m-desktop:0 0 0 0;--_ga-p-desktop:0 0 0 0;--_ga-bg-desktop:transparent none;--_ga-zi-desktop:auto;--_ga-d-desktop:flex;--_ga-mw-desktop:calc(100% - 0 - 0);--_ga-m-tablet:0 0 0 0;--_ga-p-tablet:0 0 0 0;--_ga-bg-tablet:transparent none;--_ga-zi-tablet:auto;--_ga-d-tablet:flex;--_ga-mw-tablet:calc(100% - 0 - 0);--_ga-m-mobile:0 0 0 0;--_ga-p-mobile:0 0 25px 0;--_ga-bg-mobile:transparent none;--_ga-zi-mobile:auto;--_ga-d-mobile:flex;--_ga-mw-mobile:calc(100% - 0 - 0)\">\n\n<h3 class=\"wp-block-heading has-text-color\" style=\"color:#b7cbb8\">DE NOMBREUSES ACTIVIT\u00c9S POUR VOUS <\/h3>\n\n\n\n<p>Les activit\u00e9s peuvent \u00eatre infinies, chacune \u00e9tant calibr\u00e9e en fonction des besoins individuels\u00a0: <strong>r\u00e9veil musculaire<\/strong>, circuit de <strong>fitness<\/strong>, <strong>aquafit<\/strong>, circuit d&rsquo;<strong>a\u00e9robic<\/strong> dans la salle de sport, <strong>\u00e9tirements<\/strong>, gymnastique <strong>posturale<\/strong> et dorsale, mais aussi une balade \u00e0 v\u00e9lo dans nos merveilleuses <strong>Collines eugan\u00e9ennes<\/strong>\u00a0!<\/p>\n\n\n\n<div class=\"wp-block-buttons is-layout-flex wp-block-buttons-is-layout-flex\">\n<div class=\"wp-block-button\"><a class=\"wp-block-button__link wp-element-button\" href=\"https:\/\/www.laresidenceabano.it\/fr\/contacts\/\">DEMANDEZ DES INFORMATIONS<\/a><\/div>\n<\/div>\n\n<\/div>\n\n<div class=\"grids-area animated fadeInRight\" style=\"--_ga-column:1\/7;--_ga-row:1\/7;--_ga-va:center;--_ga-m-desktop:0 0 0 0;--_ga-p-desktop:0 0 0 0;--_ga-bg-desktop:transparent none;--_ga-zi-desktop:auto;--_ga-d-desktop:flex;--_ga-mw-desktop:calc(100% - 0 - 0);--_ga-m-tablet:0 0 0 0;--_ga-p-tablet:0 0 0 0;--_ga-bg-tablet:transparent none;--_ga-zi-tablet:auto;--_ga-d-tablet:flex;--_ga-mw-tablet:calc(100% - 0 - 0);--_ga-m-mobile:0 0 0 0;--_ga-p-mobile:0 0 0 0;--_ga-bg-mobile:transparent none;--_ga-zi-mobile:auto;--_ga-d-mobile:flex;--_ga-mw-mobile:calc(100% - 0 - 0)\">\n\n<figure class=\"wp-block-image size-large\"><img loading=\"lazy\" decoding=\"async\" width=\"1024\" height=\"683\" src=\"https:\/\/www.laresidenceabano.it\/wp-content\/uploads\/2023\/07\/palestra-hotela-la-residence-abano-terme-1024x683.jpg\" alt=\"\" class=\"wp-image-3307\" srcset=\"https:\/\/www.laresidenceabano.it\/wp-content\/uploads\/2023\/07\/palestra-hotela-la-residence-abano-terme-1024x683.jpg 1024w, https:\/\/www.laresidenceabano.it\/wp-content\/uploads\/2023\/07\/palestra-hotela-la-residence-abano-terme-300x200.jpg 300w, https:\/\/www.laresidenceabano.it\/wp-content\/uploads\/2023\/07\/palestra-hotela-la-residence-abano-terme-768x512.jpg 768w, https:\/\/www.laresidenceabano.it\/wp-content\/uploads\/2023\/07\/palestra-hotela-la-residence-abano-terme-1536x1024.jpg 1536w, https:\/\/www.laresidenceabano.it\/wp-content\/uploads\/2023\/07\/palestra-hotela-la-residence-abano-terme-1568x1045.jpg 1568w, https:\/\/www.laresidenceabano.it\/wp-content\/uploads\/2023\/07\/palestra-hotela-la-residence-abano-terme.jpg 1800w\" sizes=\"auto, (max-width: 1024px) 100vw, 1024px\" \/><\/figure>\n\n<\/div>\n<\/div><\/div>\n<hr class=\"wp-block-separator has-alpha-channel-opacity\"\/>\n<div  class=\"grids-section row-offers-list grids-is-advanced alignwide\" style=\"--_gs-gap-desktop:0px 0px;--_gs-m-desktop:0 0 0 0;--_gs-p-desktop:0 0 0 0;--_gs-bg-desktop:transparent none;--_gs-bg-xp-desktop:0px;--_gs-zi-desktop:auto;--_gs-d-desktop:block;--_gs-mw-desktop:calc(100% - 0 - 0);--_gs-gap-tablet:0px 0px;--_gs-m-tablet:0 0 0 0;--_gs-p-tablet:0 0 0 0;--_gs-bg-tablet:transparent none;--_gs-bg-xp-tablet:0px;--_gs-zi-tablet:auto;--_gs-d-tablet:block;--_gs-mw-tablet:calc(100% - 0 - 0);--_gs-gap-mobile:0px 0px;--_gs-m-mobile:0 0 0 0;--_gs-p-mobile:0 0 0 0;--_gs-bg-mobile:transparent none;--_gs-bg-xp-mobile:0px;--_gs-zi-mobile:auto;--_gs-d-mobile:block;--_gs-mw-mobile:calc(100% - 0 - 0);--_gs-columns:12;--_gs-rows:6\"><div class=\"grids-s-w_i\">\n<div class=\"grids-area animated fadeInLeft\" style=\"--_ga-column:1\/8;--_ga-row:1\/3;--_ga-m-desktop:0 0 0 0;--_ga-p-desktop:0 0 0 0;--_ga-bg-desktop:transparent none;--_ga-zi-desktop:auto;--_ga-d-desktop:flex;--_ga-mw-desktop:calc(100% - 0 - 0);--_ga-m-tablet:0 0 0 0;--_ga-p-tablet:0 0 0 0;--_ga-bg-tablet:transparent none;--_ga-zi-tablet:auto;--_ga-d-tablet:flex;--_ga-mw-tablet:calc(100% - 0 - 0);--_ga-m-mobile:0 0 0 0;--_ga-p-mobile:0 0 0 0;--_ga-bg-mobile:transparent none;--_ga-zi-mobile:auto;--_ga-d-mobile:flex;--_ga-mw-mobile:calc(100% - 0 - 0)\">\n\n<h3 class=\"wp-block-heading\">NOS OFFRES INCONTOURNABLES<\/h3>\n\n\n\n<p><em>Offrez-vous une exp\u00e9rience inoubliable<\/em><\/p>\n\n<\/div>\n\n<div class=\"grids-area animated fadeInUp\" style=\"--_ga-column:1\/13;--_ga-row:4\/7;--_ga-m-desktop:0 0 0 0;--_ga-p-desktop:0 0 0 0;--_ga-bg-desktop:transparent none;--_ga-zi-desktop:auto;--_ga-d-desktop:flex;--_ga-mw-desktop:calc(100% - 0 - 0);--_ga-m-tablet:0 0 0 0;--_ga-p-tablet:0 0 0 0;--_ga-bg-tablet:transparent none;--_ga-zi-tablet:auto;--_ga-d-tablet:flex;--_ga-mw-tablet:calc(100% - 0 - 0);--_ga-m-mobile:0 0 0 0;--_ga-p-mobile:0 0 0 0;--_ga-bg-mobile:transparent none;--_ga-zi-mobile:auto;--_ga-d-mobile:flex;--_ga-mw-mobile:calc(100% - 0 - 0)\">\n\n<div class=\"offers-list-container\" style=\"--offers-list-container-columns: 3\">\n\t\t\t\t<div class=\"offers-list-container-single \" onclick=\"location.href='https:\/\/www.laresidenceabano.it\/fr\/offer\/sejour-thalasso-spa-sante-plus-6-seances\/'\">\n\t\t\t\t<a href=\"https:\/\/www.laresidenceabano.it\/fr\/offer\/sejour-thalasso-spa-sante-plus-6-seances\/\" class=\"offers-list-container-single-img \" title=\"S\u00e9jour Thalasso &#038; SPA Sant\u00e9 Plus &#8211; 6 s\u00e9ances\">\n\t\t\t\t\t\t\t\t\t\t\t<figure class=\"full-width\">\n\t\t\t\t\t\t\t<img decoding=\"async\" src=\"https:\/\/www.laresidenceabano.it\/wp-content\/uploads\/2023\/07\/Fango-salute-piu-6-sedute.jpg\" \/>\n\t\t\t\t\t\t<\/figure>\n\t\t\t\t\t\t\t\t\t<\/a>\n\t\t\t\t\n\t\t\t\t<a href=\"https:\/\/www.laresidenceabano.it\/fr\/offer\/sejour-thalasso-spa-sante-plus-6-seances\/\" class=\"offers-list-container-single-title\" title=\"S\u00e9jour Thalasso &#038; SPA Sant\u00e9 Plus &#8211; 6 s\u00e9ances\">\n\t\t\t\t\t<h5>S\u00e9jour Thalasso &#038; SPA Sant\u00e9 Plus &#8211; 6 s\u00e9ances<\/h5>\n\n\t\t\t\t\t\t\t\t\t<\/a>\n\n\t\t\t\t<div class=\"offers-list-container-single-short-description\">\n\t\t\t\t\t\t\t\t\t<\/div>\n\n\t\t\t\t<a href=\"https:\/\/www.laresidenceabano.it\/fr\/offer\/sejour-thalasso-spa-sante-plus-6-seances\/\" title=\"S\u00e9jour Thalasso &#038; SPA Sant\u00e9 Plus &#8211; 6 s\u00e9ances\" class=\"btn offers-list-container-single-button\">\n\t\t\t\t\tEn savoir plus\t\t\t\t<\/a>\n\t\t\t<\/div>\n\t\t\t\t\t\t<div class=\"offers-list-container-single \" onclick=\"location.href='https:\/\/www.laresidenceabano.it\/fr\/offer\/remise-en-forme\/'\">\n\t\t\t\t<a href=\"https:\/\/www.laresidenceabano.it\/fr\/offer\/remise-en-forme\/\" class=\"offers-list-container-single-img \" title=\"Remise en Forme\">\n\t\t\t\t\t\t\t\t\t\t\t<figure class=\"full-width\">\n\t\t\t\t\t\t\t<img decoding=\"async\" src=\"https:\/\/www.laresidenceabano.it\/wp-content\/uploads\/2023\/07\/Remise-en-Forme.jpg\" \/>\n\t\t\t\t\t\t<\/figure>\n\t\t\t\t\t\t\t\t\t<\/a>\n\t\t\t\t\n\t\t\t\t<a href=\"https:\/\/www.laresidenceabano.it\/fr\/offer\/remise-en-forme\/\" class=\"offers-list-container-single-title\" title=\"Remise en Forme\">\n\t\t\t\t\t<h5>Remise en Forme<\/h5>\n\n\t\t\t\t\t\t\t\t\t<\/a>\n\n\t\t\t\t<div class=\"offers-list-container-single-short-description\">\n\t\t\t\t\t\t\t\t\t<\/div>\n\n\t\t\t\t<a href=\"https:\/\/www.laresidenceabano.it\/fr\/offer\/remise-en-forme\/\" title=\"Remise en Forme\" class=\"btn offers-list-container-single-button\">\n\t\t\t\t\tEn savoir plus\t\t\t\t<\/a>\n\t\t\t<\/div>\n\t\t\t\t\t\t<div class=\"offers-list-container-single \" onclick=\"location.href='https:\/\/www.laresidenceabano.it\/fr\/offer\/sejour-thalasso-spa-10-seances\/'\">\n\t\t\t\t<a href=\"https:\/\/www.laresidenceabano.it\/fr\/offer\/sejour-thalasso-spa-10-seances\/\" class=\"offers-list-container-single-img \" title=\"S\u00e9jour Thalasso &#038; Spa Sant\u00e9 Plus 10 s\u00e9ances\">\n\t\t\t\t\t\t\t\t\t\t\t<figure class=\"full-width\">\n\t\t\t\t\t\t\t<img decoding=\"async\" src=\"https:\/\/www.laresidenceabano.it\/wp-content\/uploads\/2023\/07\/fango-salute-piu-10-sedute.jpg\" \/>\n\t\t\t\t\t\t<\/figure>\n\t\t\t\t\t\t\t\t\t<\/a>\n\t\t\t\t\n\t\t\t\t<a href=\"https:\/\/www.laresidenceabano.it\/fr\/offer\/sejour-thalasso-spa-10-seances\/\" class=\"offers-list-container-single-title\" title=\"S\u00e9jour Thalasso &#038; Spa Sant\u00e9 Plus 10 s\u00e9ances\">\n\t\t\t\t\t<h5>S\u00e9jour Thalasso &#038; Spa Sant\u00e9 Plus 10 s\u00e9ances<\/h5>\n\n\t\t\t\t\t\t\t\t\t<\/a>\n\n\t\t\t\t<div class=\"offers-list-container-single-short-description\">\n\t\t\t\t\t\t\t\t\t<\/div>\n\n\t\t\t\t<a href=\"https:\/\/www.laresidenceabano.it\/fr\/offer\/sejour-thalasso-spa-10-seances\/\" title=\"S\u00e9jour Thalasso &#038; Spa Sant\u00e9 Plus 10 s\u00e9ances\" class=\"btn offers-list-container-single-button\">\n\t\t\t\t\tEn savoir plus\t\t\t\t<\/a>\n\t\t\t<\/div>\n\t\t\t\n\t<\/div>\n\n\n\n<\/div>\n\n<div class=\"grids-area animated fadeInRight\" style=\"--_ga-column:9\/13;--_ga-row:1\/3;--_ga-m-desktop:0 0 0 0;--_ga-p-desktop:0 0 0 0;--_ga-bg-desktop:transparent none;--_ga-zi-desktop:auto;--_ga-d-desktop:flex;--_ga-mw-desktop:calc(100% - 0 - 0);--_ga-m-tablet:0 0 0 0;--_ga-p-tablet:0 0 0 0;--_ga-bg-tablet:transparent none;--_ga-zi-tablet:auto;--_ga-d-tablet:flex;--_ga-mw-tablet:calc(100% - 0 - 0);--_ga-m-mobile:0 0 0 0;--_ga-p-mobile:0 0 0 0;--_ga-bg-mobile:transparent none;--_ga-zi-mobile:auto;--_ga-d-mobile:flex;--_ga-mw-mobile:calc(100% - 0 - 0)\">\n\n<div class=\"wp-block-buttons is-content-justification-right is-layout-flex wp-container-core-buttons-is-layout-765c4724 wp-block-buttons-is-layout-flex\">\n<div class=\"wp-block-button is-style-outline is-style-outline--2\"><a class=\"wp-block-button__link wp-element-button\" href=\"https:\/\/www.laresidenceabano.it\/fr\/offres\/\">D\u00c9COUVREZ NOS OFFRES<\/a><\/div>\n<\/div>\n\n<\/div>\n<\/div><\/div><div  class=\"grids-section grids-is-advanced alignwide\" style=\"--_gs-gap-desktop:0px 0px;--_gs-m-desktop:0 0 0 0;--_gs-p-desktop:0 0 0 0;--_gs-bg-desktop:transparent none;--_gs-bg-xp-desktop:0px;--_gs-zi-desktop:auto;--_gs-d-desktop:block;--_gs-mw-desktop:calc(100% - 0 - 0);--_gs-gap-tablet:0px 0px;--_gs-m-tablet:0 0 0 0;--_gs-p-tablet:0 0 0 0;--_gs-bg-tablet:transparent none;--_gs-bg-xp-tablet:0px;--_gs-zi-tablet:auto;--_gs-d-tablet:block;--_gs-mw-tablet:calc(100% - 0 - 0);--_gs-gap-mobile:0px 0px;--_gs-m-mobile:0 0 0 0;--_gs-p-mobile:0 0 0 0;--_gs-bg-mobile:transparent none;--_gs-bg-xp-mobile:0px;--_gs-zi-mobile:auto;--_gs-d-mobile:block;--_gs-mw-mobile:calc(100% - 0 - 0);--_gs-columns:12;--_gs-rows:6\"><div class=\"grids-s-w_i\">\n<div class=\"grids-area\" style=\"--_ga-column:1\/13;--_ga-row:1\/7;--_ga-m-desktop:0 0 0 0;--_ga-p-desktop:0 0 0 0;--_ga-bg-desktop:transparent none;--_ga-zi-desktop:auto;--_ga-d-desktop:flex;--_ga-mw-desktop:calc(100% - 0 - 0);--_ga-m-tablet:0 0 0 0;--_ga-p-tablet:0 0 0 0;--_ga-bg-tablet:transparent none;--_ga-zi-tablet:auto;--_ga-d-tablet:flex;--_ga-mw-tablet:calc(100% - 0 - 0);--_ga-m-mobile:0 0 0 0;--_ga-p-mobile:0 0 0 0;--_ga-bg-mobile:transparent none;--_ga-zi-mobile:auto;--_ga-d-mobile:flex;--_ga-mw-mobile:calc(100% - 0 - 0)\">\n\n<h3 class=\"wp-block-heading has-text-align-center decorated\">VOUS POURRIEZ AUSSI \u00caTRE INT\u00c9RESS\u00c9 PAR:<\/h3>\n\n\n\n\n\n\n<\/div>\n<\/div><\/div>","protected":false},"excerpt":{"rendered":"","protected":false},"author":11,"featured_media":5509,"parent":0,"menu_order":0,"comment_status":"closed","ping_status":"closed","template":"","meta":{"_acf_changed":false,"advgb_blocks_editor_width":"","advgb_blocks_columns_visual_guide":"","footnotes":""},"class_list":["post-6323","page","type-page","status-publish","has-post-thumbnail","hentry","entry"],"acf":[],"yoast_head":"<!-- This site is optimized with the Yoast SEO plugin v25.6 - https:\/\/yoast.com\/wordpress\/plugins\/seo\/ -->\n<title>Vie active - Hotel La Residence<\/title>\n<meta name=\"description\" content=\"D\u00e9couvrez les programmes et les itin\u00e9raires de l&#039;h\u00f4tel La Residence d&#039;Abano Terme con\u00e7us pour le bien-\u00eatre physique et mental.\" \/>\n<meta name=\"robots\" content=\"index, follow, max-snippet:-1, max-image-preview:large, max-video-preview:-1\" \/>\n<link rel=\"canonical\" href=\"https:\/\/www.laresidenceabano.it\/fr\/vie-active\/\" \/>\n<meta property=\"og:locale\" content=\"fr_FR\" \/>\n<meta property=\"og:type\" content=\"article\" \/>\n<meta property=\"og:title\" content=\"Vie active - Hotel La Residence\" \/>\n<meta property=\"og:description\" content=\"D\u00e9couvrez les programmes et les itin\u00e9raires de l&#039;h\u00f4tel La Residence d&#039;Abano Terme con\u00e7us pour le bien-\u00eatre physique et mental.\" \/>\n<meta property=\"og:url\" content=\"https:\/\/www.laresidenceabano.it\/fr\/vie-active\/\" \/>\n<meta property=\"og:site_name\" content=\"Hotel La Residence\" \/>\n<meta property=\"article:modified_time\" content=\"2024-04-04T16:03:16+00:00\" \/>\n<meta property=\"og:image\" content=\"https:\/\/www.laresidenceabano.it\/wp-content\/uploads\/2023\/07\/Hotel-La-Residence-attivita-in-piscina-esterna.jpg\" \/>\n\t<meta property=\"og:image:width\" content=\"1800\" \/>\n\t<meta property=\"og:image:height\" content=\"1200\" \/>\n\t<meta property=\"og:image:type\" content=\"image\/jpeg\" \/>\n<meta name=\"twitter:card\" content=\"summary_large_image\" \/>\n<meta name=\"twitter:label1\" content=\"Dur\u00e9e de lecture estim\u00e9e\" \/>\n\t<meta name=\"twitter:data1\" content=\"1 minute\" \/>\n<script type=\"application\/ld+json\" class=\"yoast-schema-graph\">{\"@context\":\"https:\/\/schema.org\",\"@graph\":[{\"@type\":\"WebPage\",\"@id\":\"https:\/\/www.laresidenceabano.it\/fr\/vie-active\/\",\"url\":\"https:\/\/www.laresidenceabano.it\/fr\/vie-active\/\",\"name\":\"Vie active - Hotel La Residence\",\"isPartOf\":{\"@id\":\"https:\/\/www.laresidenceabano.it\/fr\/#website\"},\"primaryImageOfPage\":{\"@id\":\"https:\/\/www.laresidenceabano.it\/fr\/vie-active\/#primaryimage\"},\"image\":{\"@id\":\"https:\/\/www.laresidenceabano.it\/fr\/vie-active\/#primaryimage\"},\"thumbnailUrl\":\"https:\/\/www.laresidenceabano.it\/wp-content\/uploads\/2023\/07\/Hotel-La-Residence-attivita-in-piscina-esterna.jpg\",\"datePublished\":\"2023-09-18T14:26:51+00:00\",\"dateModified\":\"2024-04-04T16:03:16+00:00\",\"description\":\"D\u00e9couvrez les programmes et les itin\u00e9raires de l'h\u00f4tel La Residence d'Abano Terme con\u00e7us pour le bien-\u00eatre physique et mental.\",\"breadcrumb\":{\"@id\":\"https:\/\/www.laresidenceabano.it\/fr\/vie-active\/#breadcrumb\"},\"inLanguage\":\"fr-FR\",\"potentialAction\":[{\"@type\":\"ReadAction\",\"target\":[\"https:\/\/www.laresidenceabano.it\/fr\/vie-active\/\"]}]},{\"@type\":\"ImageObject\",\"inLanguage\":\"fr-FR\",\"@id\":\"https:\/\/www.laresidenceabano.it\/fr\/vie-active\/#primaryimage\",\"url\":\"https:\/\/www.laresidenceabano.it\/wp-content\/uploads\/2023\/07\/Hotel-La-Residence-attivita-in-piscina-esterna.jpg\",\"contentUrl\":\"https:\/\/www.laresidenceabano.it\/wp-content\/uploads\/2023\/07\/Hotel-La-Residence-attivita-in-piscina-esterna.jpg\",\"width\":1800,\"height\":1200},{\"@type\":\"BreadcrumbList\",\"@id\":\"https:\/\/www.laresidenceabano.it\/fr\/vie-active\/#breadcrumb\",\"itemListElement\":[{\"@type\":\"ListItem\",\"position\":1,\"name\":\"Home\",\"item\":\"https:\/\/www.laresidenceabano.it\/fr\/\"},{\"@type\":\"ListItem\",\"position\":2,\"name\":\"Vie active\"}]},{\"@type\":\"WebSite\",\"@id\":\"https:\/\/www.laresidenceabano.it\/fr\/#website\",\"url\":\"https:\/\/www.laresidenceabano.it\/fr\/\",\"name\":\"Hotel La Residence\",\"description\":\"\",\"publisher\":{\"@id\":\"https:\/\/www.laresidenceabano.it\/fr\/#organization\"},\"potentialAction\":[{\"@type\":\"SearchAction\",\"target\":{\"@type\":\"EntryPoint\",\"urlTemplate\":\"https:\/\/www.laresidenceabano.it\/fr\/?s={search_term_string}\"},\"query-input\":{\"@type\":\"PropertyValueSpecification\",\"valueRequired\":true,\"valueName\":\"search_term_string\"}}],\"inLanguage\":\"fr-FR\"},{\"@type\":\"Organization\",\"@id\":\"https:\/\/www.laresidenceabano.it\/fr\/#organization\",\"name\":\"Hotel La Residence\",\"url\":\"https:\/\/www.laresidenceabano.it\/fr\/\",\"logo\":{\"@type\":\"ImageObject\",\"inLanguage\":\"fr-FR\",\"@id\":\"https:\/\/www.laresidenceabano.it\/fr\/#\/schema\/logo\/image\/\",\"url\":\"https:\/\/www.laresidenceabano.it\/wp-content\/uploads\/2023\/07\/Logo-hotel-la-residence.svg\",\"contentUrl\":\"https:\/\/www.laresidenceabano.it\/wp-content\/uploads\/2023\/07\/Logo-hotel-la-residence.svg\",\"caption\":\"Hotel La Residence\"},\"image\":{\"@id\":\"https:\/\/www.laresidenceabano.it\/fr\/#\/schema\/logo\/image\/\"}}]}<\/script>\n<!-- \/ Yoast SEO plugin. -->","yoast_head_json":{"title":"Vie active - Hotel La Residence","description":"D\u00e9couvrez les programmes et les itin\u00e9raires de l'h\u00f4tel La Residence d'Abano Terme con\u00e7us pour le bien-\u00eatre physique et mental.","robots":{"index":"index","follow":"follow","max-snippet":"max-snippet:-1","max-image-preview":"max-image-preview:large","max-video-preview":"max-video-preview:-1"},"canonical":"https:\/\/www.laresidenceabano.it\/fr\/vie-active\/","og_locale":"fr_FR","og_type":"article","og_title":"Vie active - Hotel La Residence","og_description":"D\u00e9couvrez les programmes et les itin\u00e9raires de l'h\u00f4tel La Residence d'Abano Terme con\u00e7us pour le bien-\u00eatre physique et mental.","og_url":"https:\/\/www.laresidenceabano.it\/fr\/vie-active\/","og_site_name":"Hotel La Residence","article_modified_time":"2024-04-04T16:03:16+00:00","og_image":[{"width":1800,"height":1200,"url":"https:\/\/www.laresidenceabano.it\/wp-content\/uploads\/2023\/07\/Hotel-La-Residence-attivita-in-piscina-esterna.jpg","type":"image\/jpeg"}],"twitter_card":"summary_large_image","twitter_misc":{"Dur\u00e9e de lecture estim\u00e9e":"1 minute"},"schema":{"@context":"https:\/\/schema.org","@graph":[{"@type":"WebPage","@id":"https:\/\/www.laresidenceabano.it\/fr\/vie-active\/","url":"https:\/\/www.laresidenceabano.it\/fr\/vie-active\/","name":"Vie active - Hotel La Residence","isPartOf":{"@id":"https:\/\/www.laresidenceabano.it\/fr\/#website"},"primaryImageOfPage":{"@id":"https:\/\/www.laresidenceabano.it\/fr\/vie-active\/#primaryimage"},"image":{"@id":"https:\/\/www.laresidenceabano.it\/fr\/vie-active\/#primaryimage"},"thumbnailUrl":"https:\/\/www.laresidenceabano.it\/wp-content\/uploads\/2023\/07\/Hotel-La-Residence-attivita-in-piscina-esterna.jpg","datePublished":"2023-09-18T14:26:51+00:00","dateModified":"2024-04-04T16:03:16+00:00","description":"D\u00e9couvrez les programmes et les itin\u00e9raires de l'h\u00f4tel La Residence d'Abano Terme con\u00e7us pour le bien-\u00eatre physique et mental.","breadcrumb":{"@id":"https:\/\/www.laresidenceabano.it\/fr\/vie-active\/#breadcrumb"},"inLanguage":"fr-FR","potentialAction":[{"@type":"ReadAction","target":["https:\/\/www.laresidenceabano.it\/fr\/vie-active\/"]}]},{"@type":"ImageObject","inLanguage":"fr-FR","@id":"https:\/\/www.laresidenceabano.it\/fr\/vie-active\/#primaryimage","url":"https:\/\/www.laresidenceabano.it\/wp-content\/uploads\/2023\/07\/Hotel-La-Residence-attivita-in-piscina-esterna.jpg","contentUrl":"https:\/\/www.laresidenceabano.it\/wp-content\/uploads\/2023\/07\/Hotel-La-Residence-attivita-in-piscina-esterna.jpg","width":1800,"height":1200},{"@type":"BreadcrumbList","@id":"https:\/\/www.laresidenceabano.it\/fr\/vie-active\/#breadcrumb","itemListElement":[{"@type":"ListItem","position":1,"name":"Home","item":"https:\/\/www.laresidenceabano.it\/fr\/"},{"@type":"ListItem","position":2,"name":"Vie active"}]},{"@type":"WebSite","@id":"https:\/\/www.laresidenceabano.it\/fr\/#website","url":"https:\/\/www.laresidenceabano.it\/fr\/","name":"Hotel La Residence","description":"","publisher":{"@id":"https:\/\/www.laresidenceabano.it\/fr\/#organization"},"potentialAction":[{"@type":"SearchAction","target":{"@type":"EntryPoint","urlTemplate":"https:\/\/www.laresidenceabano.it\/fr\/?s={search_term_string}"},"query-input":{"@type":"PropertyValueSpecification","valueRequired":true,"valueName":"search_term_string"}}],"inLanguage":"fr-FR"},{"@type":"Organization","@id":"https:\/\/www.laresidenceabano.it\/fr\/#organization","name":"Hotel La Residence","url":"https:\/\/www.laresidenceabano.it\/fr\/","logo":{"@type":"ImageObject","inLanguage":"fr-FR","@id":"https:\/\/www.laresidenceabano.it\/fr\/#\/schema\/logo\/image\/","url":"https:\/\/www.laresidenceabano.it\/wp-content\/uploads\/2023\/07\/Logo-hotel-la-residence.svg","contentUrl":"https:\/\/www.laresidenceabano.it\/wp-content\/uploads\/2023\/07\/Logo-hotel-la-residence.svg","caption":"Hotel La Residence"},"image":{"@id":"https:\/\/www.laresidenceabano.it\/fr\/#\/schema\/logo\/image\/"}}]}},"coauthors":[],"author_meta":{"author_link":"https:\/\/www.laresidenceabano.it\/fr\/author\/fede\/","display_name":"Fede"},"relative_dates":{"created":"Publi\u00e9 3 ans il y a","modified":"Mis \u00e0 jour 2 ans il y a"},"absolute_dates":{"created":"Publi\u00e9 le 18\/09\/2023","modified":"Mise \u00e0 jour le 04\/04\/2024"},"absolute_dates_time":{"created":"Publi\u00e9 le 18\/09\/2023 16:26","modified":"Mise \u00e0 jour le 04\/04\/2024 18:03"},"featured_img_caption":"","featured_img":"https:\/\/www.laresidenceabano.it\/wp-content\/uploads\/2023\/07\/Hotel-La-Residence-attivita-in-piscina-esterna-1568x1045.jpg","series_order":"","_links":{"self":[{"href":"https:\/\/www.laresidenceabano.it\/fr\/wp-json\/wp\/v2\/pages\/6323","targetHints":{"allow":["GET"]}}],"collection":[{"href":"https:\/\/www.laresidenceabano.it\/fr\/wp-json\/wp\/v2\/pages"}],"about":[{"href":"https:\/\/www.laresidenceabano.it\/fr\/wp-json\/wp\/v2\/types\/page"}],"author":[{"embeddable":true,"href":"https:\/\/www.laresidenceabano.it\/fr\/wp-json\/wp\/v2\/users\/11"}],"replies":[{"embeddable":true,"href":"https:\/\/www.laresidenceabano.it\/fr\/wp-json\/wp\/v2\/comments?post=6323"}],"version-history":[{"count":2,"href":"https:\/\/www.laresidenceabano.it\/fr\/wp-json\/wp\/v2\/pages\/6323\/revisions"}],"predecessor-version":[{"id":7163,"href":"https:\/\/www.laresidenceabano.it\/fr\/wp-json\/wp\/v2\/pages\/6323\/revisions\/7163"}],"wp:featuredmedia":[{"embeddable":true,"href":"https:\/\/www.laresidenceabano.it\/fr\/wp-json\/wp\/v2\/media\/5509"}],"wp:attachment":[{"href":"https:\/\/www.laresidenceabano.it\/fr\/wp-json\/wp\/v2\/media?parent=6323"}],"curies":[{"name":"wp","href":"https:\/\/api.w.org\/{rel}","templated":true}]}}