{"id":3490,"date":"2023-07-06T17:15:28","date_gmt":"2023-07-06T15:15:28","guid":{"rendered":"https:\/\/www.laresidenceabano.it\/?page_id=3490"},"modified":"2023-10-17T14:20:31","modified_gmt":"2023-10-17T12:20:31","slug":"ristorante-e-bar","status":"publish","type":"page","link":"https:\/\/www.laresidenceabano.it\/it\/ristorante-e-bar\/","title":{"rendered":"Ristorante e bar"},"content":{"rendered":"<div  class=\"grids-section animated fadeInUp grids-is-advanced alignwide\" style=\"--_gs-gap-desktop:0px 0px;--_gs-m-desktop:0 0 0 0;--_gs-p-desktop:0 0 0 0;--_gs-bg-desktop:transparent none;--_gs-bg-xp-desktop:0px;--_gs-zi-desktop:auto;--_gs-d-desktop:block;--_gs-mw-desktop:calc(100% - 0 - 0);--_gs-gap-tablet:0px 0px;--_gs-m-tablet:0 0 0 0;--_gs-p-tablet:0 0 0 0;--_gs-bg-tablet:transparent none;--_gs-bg-xp-tablet:0px;--_gs-zi-tablet:auto;--_gs-d-tablet:block;--_gs-mw-tablet:calc(100% - 0 - 0);--_gs-gap-mobile:0px 0px;--_gs-m-mobile:0 0 0 0;--_gs-p-mobile:0 0 0 0;--_gs-bg-mobile:transparent none;--_gs-bg-xp-mobile:0px;--_gs-zi-mobile:auto;--_gs-d-mobile:block;--_gs-mw-mobile:calc(100% - 0 - 0);--_gs-columns:12;--_gs-rows:6\"><div class=\"grids-s-w_i\">\n<div class=\"grids-area\" style=\"--_ga-column:1\/13;--_ga-row:1\/7;--_ga-m-desktop:0 0 0 0;--_ga-p-desktop:0 0 0 0;--_ga-bg-desktop:transparent none;--_ga-zi-desktop:auto;--_ga-d-desktop:flex;--_ga-mw-desktop:calc(100% - 0 - 0);--_ga-m-tablet:0 0 0 0;--_ga-p-tablet:0 0 0 0;--_ga-bg-tablet:transparent none;--_ga-zi-tablet:auto;--_ga-d-tablet:flex;--_ga-mw-tablet:calc(100% - 0 - 0);--_ga-m-mobile:0 0 0 0;--_ga-p-mobile:0 0 0 0;--_ga-bg-mobile:transparent none;--_ga-zi-mobile:auto;--_ga-d-mobile:flex;--_ga-mw-mobile:calc(100% - 0 - 0)\">\n\n<h2 class=\"wp-block-heading has-text-align-center decorated\">Una sinfonia di gusti e profumi<\/h2>\n\n\n\n<p class=\"has-text-align-center\">Al <strong>Garden Restaurant<\/strong>, <strong>dal buffet della colazione alla cena<\/strong> \u00e8 un susseguirsi di fresche specialit\u00e0 della cucina italiana. E durante la giornata, niente di meglio di un momento di gusto al <strong>Bellevue Bar<\/strong>: pu\u00f2 essere un cappuccino o una tisana, un succo di frutta o un cocktail, l\u2019importante \u00e8 goderselo rilassandosi sulle poltroncine con vista sul parco.<\/p>\n\n<\/div>\n<\/div><\/div>\n\n<div  class=\"grids-section grids-is-advanced alignwide\" style=\"--_gs-gap-desktop:0px 0px;--_gs-m-desktop:0 0 0 0;--_gs-p-desktop:0 0 0 0;--_gs-bg-desktop:transparent none;--_gs-bg-xp-desktop:0px;--_gs-zi-desktop:auto;--_gs-d-desktop:block;--_gs-mw-desktop:calc(100% - 0 - 0);--_gs-gap-tablet:0px 0px;--_gs-m-tablet:0 0 0 0;--_gs-p-tablet:0 0 0 0;--_gs-bg-tablet:transparent none;--_gs-bg-xp-tablet:0px;--_gs-zi-tablet:auto;--_gs-d-tablet:block;--_gs-mw-tablet:calc(100% - 0 - 0);--_gs-gap-mobile:0px 0px;--_gs-m-mobile:0 0 0 0;--_gs-p-mobile:0 0 0 0;--_gs-bg-mobile:transparent none;--_gs-bg-xp-mobile:0px;--_gs-zi-mobile:auto;--_gs-d-mobile:block;--_gs-mw-mobile:calc(100% - 0 - 0);--_gs-columns:12;--_gs-rows:6\"><div class=\"grids-s-w_i\">\n<div class=\"grids-area animated fadeInRight\" style=\"--_ga-column:8\/12;--_ga-row:2\/6;--_ga-va:center;--_ga-m-desktop:0 0 0 0;--_ga-p-desktop:0 0 0 0;--_ga-bg-desktop:transparent none;--_ga-zi-desktop:auto;--_ga-d-desktop:flex;--_ga-mw-desktop:calc(100% - 0 - 0);--_ga-m-tablet:0 0 0 0;--_ga-p-tablet:0 0 0 0;--_ga-bg-tablet:transparent none;--_ga-zi-tablet:auto;--_ga-d-tablet:flex;--_ga-mw-tablet:calc(100% - 0 - 0);--_ga-m-mobile:0 0 0 0;--_ga-p-mobile:0 0 0 0;--_ga-bg-mobile:transparent none;--_ga-zi-mobile:auto;--_ga-d-mobile:flex;--_ga-mw-mobile:calc(100% - 0 - 0)\">\n\n<p>\u201cLa cucina per me \u00e8 un&#8217;arte che va oltre il semplice nutrimento, \u00e8 una forma di comunicazione che mi permette di esprimere la mia passione e creativit\u00e0.\u201d<\/p>\n\n\n\n<hr class=\"wp-block-separator has-alpha-channel-opacity\"\/>\n\n\n\n<p class=\"has-text-color\" style=\"color:#b7cbb8\"><em>Gianluca Scalabrin<\/em><\/p>\n\n<\/div>\n\n<div class=\"grids-area animated fadeInLeft\" style=\"--_ga-column:2\/7;--_ga-row:2\/6;--_ga-va:center;--_ga-m-desktop:0 0 0 0;--_ga-p-desktop:0 0 0 0;--_ga-bg-desktop:transparent none;--_ga-zi-desktop:auto;--_ga-d-desktop:flex;--_ga-mw-desktop:calc(100% - 0 - 0);--_ga-m-tablet:0 0 0 0;--_ga-p-tablet:0 0 0 0;--_ga-bg-tablet:transparent none;--_ga-zi-tablet:auto;--_ga-d-tablet:flex;--_ga-mw-tablet:calc(100% - 0 - 0);--_ga-m-mobile:0 0 0 0;--_ga-p-mobile:0 0 0 0;--_ga-bg-mobile:transparent none;--_ga-zi-mobile:auto;--_ga-d-mobile:flex;--_ga-mw-mobile:calc(100% - 0 - 0)\">\n<div class=\"wp-block-image\">\n<figure class=\"aligncenter size-large\"><img loading=\"lazy\" decoding=\"async\" width=\"1024\" height=\"1024\" src=\"https:\/\/www.laresidenceabano.it\/wp-content\/uploads\/2023\/07\/chef-hotel-la-residence-abano-terme-1024x1024.jpg\" alt=\"\" class=\"wp-image-3492\" srcset=\"https:\/\/www.laresidenceabano.it\/wp-content\/uploads\/2023\/07\/chef-hotel-la-residence-abano-terme-1024x1024.jpg 1024w, https:\/\/www.laresidenceabano.it\/wp-content\/uploads\/2023\/07\/chef-hotel-la-residence-abano-terme-300x300.jpg 300w, https:\/\/www.laresidenceabano.it\/wp-content\/uploads\/2023\/07\/chef-hotel-la-residence-abano-terme-150x150.jpg 150w, https:\/\/www.laresidenceabano.it\/wp-content\/uploads\/2023\/07\/chef-hotel-la-residence-abano-terme-768x768.jpg 768w, https:\/\/www.laresidenceabano.it\/wp-content\/uploads\/2023\/07\/chef-hotel-la-residence-abano-terme.jpg 1200w\" sizes=\"auto, (max-width: 1024px) 100vw, 1024px\" \/><\/figure><\/div>\n<\/div>\n<\/div><\/div>\n\n<div  class=\"grids-section row-text-gallery grids-is-advanced alignwide\" style=\"--_gs-gap-desktop:0px 0px;--_gs-m-desktop:0 0 0 0;--_gs-p-desktop:0 0 0 0;--_gs-bg-desktop:transparent none;--_gs-bg-xp-desktop:0px;--_gs-zi-desktop:auto;--_gs-d-desktop:block;--_gs-mw-desktop:calc(100% - 0 - 0);--_gs-gap-tablet:0px 0px;--_gs-m-tablet:0 0 0 0;--_gs-p-tablet:0 0 0 0;--_gs-bg-tablet:transparent none;--_gs-bg-xp-tablet:0px;--_gs-zi-tablet:auto;--_gs-d-tablet:block;--_gs-mw-tablet:calc(100% - 0 - 0);--_gs-gap-mobile:0px 0px;--_gs-m-mobile:0 0 0 0;--_gs-p-mobile:0 0 0 0;--_gs-bg-mobile:transparent none;--_gs-bg-xp-mobile:0px;--_gs-zi-mobile:auto;--_gs-d-mobile:block;--_gs-mw-mobile:calc(100% - 0 - 0);--_gs-columns:12;--_gs-rows:6\"><div class=\"grids-s-w_i\">\n<div class=\"grids-area animated fadeInLeft\" style=\"--_ga-column:1\/6;--_ga-row:1\/7;--_ga-va:center;--_ga-m-desktop:0 0 0 0;--_ga-p-desktop:0 0 0 0;--_ga-bg-desktop:transparent none;--_ga-zi-desktop:auto;--_ga-d-desktop:flex;--_ga-mw-desktop:calc(100% - 0 - 0);--_ga-m-tablet:0 0 0 0;--_ga-p-tablet:0 0 0 0;--_ga-bg-tablet:transparent none;--_ga-zi-tablet:auto;--_ga-d-tablet:flex;--_ga-mw-tablet:calc(100% - 0 - 0);--_ga-m-mobile:0 0 0 0;--_ga-p-mobile:0 0 0 0;--_ga-bg-mobile:transparent none;--_ga-zi-mobile:auto;--_ga-d-mobile:flex;--_ga-mw-mobile:calc(100% - 0 - 0)\">\n\n<h3 class=\"wp-block-heading has-text-color\" style=\"color:#b7cbb8\">UNA RICCA COLAZIONE<\/h3>\n\n\n\n<h6 class=\"wp-block-heading\">Dolce e salata per tutti i gusti<\/h6>\n\n\n\n<hr class=\"wp-block-separator has-alpha-channel-opacity\"\/>\n\n\n\n<p>I <strong>profumi<\/strong> invitanti, i <strong>colori<\/strong> vivaci e i <strong>sapori<\/strong> deliziosi si fondono armoniosamente per creare un&#8217;esperienza che risveglia i sensi e ti prepara ad affrontare la giornata con energia e serenit\u00e0.<\/p>\n\n\n\n<div class=\"wp-block-buttons is-layout-flex wp-block-buttons-is-layout-flex\">\n<div class=\"wp-block-button\"><a class=\"wp-block-button__link wp-element-button\" href=\"https:\/\/www.laresidenceabano.it\/it\/colazione\/\">SCOPRI DI PI\u00d9<\/a><\/div>\n<\/div>\n\n<\/div>\n\n<div class=\"grids-area animated fadeInRight\" style=\"--_ga-column:7\/13;--_ga-row:1\/7;--_ga-va:center;--_ga-m-desktop:0 0 0 0;--_ga-p-desktop:0 0 0 0;--_ga-bg-desktop:transparent none;--_ga-zi-desktop:auto;--_ga-d-desktop:flex;--_ga-mw-desktop:calc(100% - 0 - 0);--_ga-m-tablet:0 0 0 0;--_ga-p-tablet:0 0 0 0;--_ga-bg-tablet:transparent none;--_ga-zi-tablet:auto;--_ga-d-tablet:flex;--_ga-mw-tablet:calc(100% - 0 - 0);--_ga-m-mobile:0 0 0 0;--_ga-p-mobile:0 0 0 0;--_ga-bg-mobile:transparent none;--_ga-zi-mobile:auto;--_ga-d-mobile:flex;--_ga-mw-mobile:calc(100% - 0 - 0)\">\n\n    <div class=\"custom-gallery-wrapper custom-gallery-wrapper-grid custom-gallery-wrapper-column-2\" id=\"customGallery_2\">\n        \n                                <span class=\"enable-fullscreen\" onclick=\"showHideFotorama('custom-gallery_1', 0);\">\n                <i class=\"far fa-expand\"><\/i>\n            <\/span>\n        \n                                        <div class=\"gallery-wrapper-image gallery-wrapper-image-0\">\n                <figure class=\"full-width\" onclick=\"showHideFotorama('custom-gallery_1', 0);\">\n                    <img decoding=\"async\" class=\"gallery-wrapper-image-small\" src=\"https:\/\/www.laresidenceabano.it\/wp-content\/uploads\/2023\/07\/Hotel-La-Residence-colazione-48.jpg\">\n                <\/figure>\n            <\/div>\n                                            <div class=\"gallery-wrapper-image gallery-wrapper-image-1\">\n                <figure class=\"full-width\" onclick=\"showHideFotorama('custom-gallery_1', 1);\">\n                    <img decoding=\"async\" class=\"gallery-wrapper-image-small\" src=\"https:\/\/www.laresidenceabano.it\/wp-content\/uploads\/2023\/07\/Hotel-La-Residence-colazione-45.jpg\">\n                <\/figure>\n            <\/div>\n                                            <div class=\"gallery-wrapper-image gallery-wrapper-image-2\">\n                <figure class=\"full-width\" onclick=\"showHideFotorama('custom-gallery_1', 2);\">\n                    <img decoding=\"async\" class=\"gallery-wrapper-image-small\" src=\"https:\/\/www.laresidenceabano.it\/wp-content\/uploads\/2023\/07\/Hotel-La-Residence-colazione-34.jpg\">\n                <\/figure>\n            <\/div>\n                                \n            <\/div>\n\n    <div style=\"width:1px;height:1px;position:absolute;\" name=\"fotorama\" id=\"custom-gallery_1\" class=\"fotorama\" data-width=\"100%\"  data-nav=\"thumbs\"  data-allowfullscreen=\"true\" >\n                    <img decoding=\"async\" src=\"https:\/\/www.laresidenceabano.it\/wp-content\/uploads\/2023\/07\/Hotel-La-Residence-colazione-48.jpg\" class=\"attachment-full skip-lazy\" \/>\n                    <img decoding=\"async\" src=\"https:\/\/www.laresidenceabano.it\/wp-content\/uploads\/2023\/07\/Hotel-La-Residence-colazione-45.jpg\" class=\"attachment-full skip-lazy\" \/>\n                    <img decoding=\"async\" src=\"https:\/\/www.laresidenceabano.it\/wp-content\/uploads\/2023\/07\/Hotel-La-Residence-colazione-34.jpg\" class=\"attachment-full skip-lazy\" \/>\n                    <img decoding=\"async\" src=\"https:\/\/www.laresidenceabano.it\/wp-content\/uploads\/2023\/07\/Hotel-La-Residence-colazione-22.jpg\" class=\"attachment-full skip-lazy\" \/>\n                    <img decoding=\"async\" src=\"https:\/\/www.laresidenceabano.it\/wp-content\/uploads\/2023\/07\/Hotel-La-Residence-colazione-20.jpg\" class=\"attachment-full skip-lazy\" \/>\n                    <img decoding=\"async\" src=\"https:\/\/www.laresidenceabano.it\/wp-content\/uploads\/2023\/07\/Hotel-La-Residence-colazione-17.jpg\" class=\"attachment-full skip-lazy\" \/>\n                    <img decoding=\"async\" src=\"https:\/\/www.laresidenceabano.it\/wp-content\/uploads\/2023\/07\/Hotel-La-Residence-colazione-16.jpg\" class=\"attachment-full skip-lazy\" \/>\n                    <img decoding=\"async\" src=\"https:\/\/www.laresidenceabano.it\/wp-content\/uploads\/2023\/07\/Hotel-La-Residence-colazione-7.jpg\" class=\"attachment-full skip-lazy\" \/>\n                    <img decoding=\"async\" src=\"https:\/\/www.laresidenceabano.it\/wp-content\/uploads\/2023\/07\/Hotel-La-Residence-colazione-5.jpg\" class=\"attachment-full skip-lazy\" \/>\n                    <img decoding=\"async\" src=\"https:\/\/www.laresidenceabano.it\/wp-content\/uploads\/2023\/07\/Hotel-La-Residence-colazione-1.jpg\" class=\"attachment-full skip-lazy\" \/>\n            <\/div>\n\n\n\n<\/div>\n<\/div><\/div>\n\n<div  class=\"grids-section row-text-gallery grids-is-advanced alignwide\" style=\"--_gs-gap-desktop:0px 0px;--_gs-m-desktop:0 0 0 0;--_gs-p-desktop:0 0 0 0;--_gs-bg-desktop:transparent none;--_gs-bg-xp-desktop:0px;--_gs-zi-desktop:auto;--_gs-d-desktop:block;--_gs-mw-desktop:calc(100% - 0 - 0);--_gs-gap-tablet:0px 0px;--_gs-m-tablet:0 0 0 0;--_gs-p-tablet:0 0 0 0;--_gs-bg-tablet:transparent none;--_gs-bg-xp-tablet:0px;--_gs-zi-tablet:auto;--_gs-d-tablet:block;--_gs-mw-tablet:calc(100% - 0 - 0);--_gs-gap-mobile:0px 0px;--_gs-m-mobile:0 0 0 0;--_gs-p-mobile:0 0 0 0;--_gs-bg-mobile:transparent none;--_gs-bg-xp-mobile:0px;--_gs-zi-mobile:auto;--_gs-d-mobile:block;--_gs-mw-mobile:calc(100% - 0 - 0);--_gs-columns:12;--_gs-rows:6\"><div class=\"grids-s-w_i\">\n<div class=\"grids-area animated fadeInRight\" style=\"--_ga-column:8\/13;--_ga-row:1\/7;--_ga-va:center;--_ga-m-desktop:0 0 0 0;--_ga-p-desktop:0 0 0 0;--_ga-bg-desktop:transparent none;--_ga-zi-desktop:auto;--_ga-d-desktop:flex;--_ga-mw-desktop:calc(100% - 0 - 0);--_ga-m-tablet:0 0 0 0;--_ga-p-tablet:0 0 0 0;--_ga-bg-tablet:transparent none;--_ga-zi-tablet:auto;--_ga-d-tablet:flex;--_ga-mw-tablet:calc(100% - 0 - 0);--_ga-m-mobile:0 0 0 0;--_ga-p-mobile:0 0 0 0;--_ga-bg-mobile:transparent none;--_ga-zi-mobile:auto;--_ga-d-mobile:flex;--_ga-mw-mobile:calc(100% - 0 - 0)\">\n\n<h3 class=\"wp-block-heading has-text-color\" style=\"color:#b7cbb8\">RISTORANTE GARDEN<\/h3>\n\n\n\n<h6 class=\"wp-block-heading\">Un connubio di sapori sorprendenti<\/h6>\n\n\n\n<hr class=\"wp-block-separator has-alpha-channel-opacity\"\/>\n\n\n\n<p>La <strong>cucina italiana<\/strong>, con gusto e leggerezza, \u00e8 protagonista nei men\u00f9 dello <strong>chef Gianluca Scalabrin<\/strong>. <strong>Un\u2019esperienza sensoriale unica<\/strong> basata sull&#8217;utilizzo di ingredienti di alta qualit\u00e0, combinati con maestria per creare piatti che siano un vero e proprio tripudio di sapori.<\/p>\n\n\n\n<div class=\"wp-block-buttons is-layout-flex wp-block-buttons-is-layout-flex\">\n<div class=\"wp-block-button\"><a class=\"wp-block-button__link wp-element-button\" href=\"https:\/\/www.laresidenceabano.it\/it\/ristorante\/\">SCOPRI DI PI\u00d9<\/a><\/div>\n<\/div>\n\n<\/div>\n\n<div class=\"grids-area animated fadeInLeft\" style=\"--_ga-column:1\/7;--_ga-row:1\/7;--_ga-va:center;--_ga-m-desktop:0 0 0 0;--_ga-p-desktop:0 0 0 0;--_ga-bg-desktop:transparent none;--_ga-zi-desktop:auto;--_ga-d-desktop:flex;--_ga-mw-desktop:calc(100% - 0 - 0);--_ga-m-tablet:0 0 0 0;--_ga-p-tablet:0 0 0 0;--_ga-bg-tablet:transparent none;--_ga-zi-tablet:auto;--_ga-d-tablet:flex;--_ga-mw-tablet:calc(100% - 0 - 0);--_ga-m-mobile:0 0 0 0;--_ga-p-mobile:0 0 0 0;--_ga-bg-mobile:transparent none;--_ga-zi-mobile:auto;--_ga-d-mobile:flex;--_ga-mw-mobile:calc(100% - 0 - 0)\">\n\n    <div class=\"custom-gallery-wrapper custom-gallery-wrapper-grid custom-gallery-wrapper-column-2\" id=\"customGallery_3\">\n        \n                                <span class=\"enable-fullscreen\" onclick=\"showHideFotorama('custom-gallery_2', 0);\">\n                <i class=\"far fa-expand\"><\/i>\n            <\/span>\n        \n                                        <div class=\"gallery-wrapper-image gallery-wrapper-image-0\">\n                <figure class=\"full-width\" onclick=\"showHideFotorama('custom-gallery_2', 0);\">\n                    <img decoding=\"async\" class=\"gallery-wrapper-image-small\" src=\"https:\/\/www.laresidenceabano.it\/wp-content\/uploads\/2023\/07\/Garden-Ristorante.jpg\">\n                <\/figure>\n            <\/div>\n                                            <div class=\"gallery-wrapper-image gallery-wrapper-image-1\">\n                <figure class=\"full-width\" onclick=\"showHideFotorama('custom-gallery_2', 1);\">\n                    <img decoding=\"async\" class=\"gallery-wrapper-image-small\" src=\"https:\/\/www.laresidenceabano.it\/wp-content\/uploads\/2023\/07\/Ristorante-Garden-Residence.jpg\">\n                <\/figure>\n            <\/div>\n                                            <div class=\"gallery-wrapper-image gallery-wrapper-image-2\">\n                <figure class=\"full-width\" onclick=\"showHideFotorama('custom-gallery_2', 2);\">\n                    <img decoding=\"async\" class=\"gallery-wrapper-image-small\" src=\"https:\/\/www.laresidenceabano.it\/wp-content\/uploads\/2023\/07\/Hotel-La-Residence-pranzo-4-1.jpg\">\n                <\/figure>\n            <\/div>\n                    \n            <\/div>\n\n    <div style=\"width:1px;height:1px;position:absolute;\" name=\"fotorama\" id=\"custom-gallery_2\" class=\"fotorama\" data-width=\"100%\"  data-nav=\"thumbs\"  data-allowfullscreen=\"true\" >\n                    <img decoding=\"async\" src=\"https:\/\/www.laresidenceabano.it\/wp-content\/uploads\/2023\/07\/Garden-Ristorante.jpg\" class=\"attachment-full skip-lazy\" \/>\n                    <img decoding=\"async\" src=\"https:\/\/www.laresidenceabano.it\/wp-content\/uploads\/2023\/07\/Ristorante-Garden-Residence.jpg\" class=\"attachment-full skip-lazy\" \/>\n                    <img decoding=\"async\" src=\"https:\/\/www.laresidenceabano.it\/wp-content\/uploads\/2023\/07\/Hotel-La-Residence-pranzo-4-1.jpg\" class=\"attachment-full skip-lazy\" \/>\n            <\/div>\n\n\n\n<\/div>\n<\/div><\/div>\n\n<div  class=\"grids-section row-text-gallery grids-is-advanced alignwide\" style=\"--_gs-gap-desktop:0px 0px;--_gs-m-desktop:0 0 0 0;--_gs-p-desktop:0 0 0 0;--_gs-bg-desktop:transparent none;--_gs-bg-xp-desktop:0px;--_gs-zi-desktop:auto;--_gs-d-desktop:block;--_gs-mw-desktop:calc(100% - 0 - 0);--_gs-gap-tablet:0px 0px;--_gs-m-tablet:0 0 0 0;--_gs-p-tablet:0 0 0 0;--_gs-bg-tablet:transparent none;--_gs-bg-xp-tablet:0px;--_gs-zi-tablet:auto;--_gs-d-tablet:block;--_gs-mw-tablet:calc(100% - 0 - 0);--_gs-gap-mobile:0px 0px;--_gs-m-mobile:0 0 0 0;--_gs-p-mobile:0 0 0 0;--_gs-bg-mobile:transparent none;--_gs-bg-xp-mobile:0px;--_gs-zi-mobile:auto;--_gs-d-mobile:block;--_gs-mw-mobile:calc(100% - 0 - 0);--_gs-columns:12;--_gs-rows:6\"><div class=\"grids-s-w_i\">\n<div class=\"grids-area animated fadeInLeft\" style=\"--_ga-column:1\/6;--_ga-row:1\/7;--_ga-va:center;--_ga-m-desktop:0 0 0 0;--_ga-p-desktop:0 0 0 0;--_ga-bg-desktop:transparent none;--_ga-zi-desktop:auto;--_ga-d-desktop:flex;--_ga-mw-desktop:calc(100% - 0 - 0);--_ga-m-tablet:0 0 0 0;--_ga-p-tablet:0 0 0 0;--_ga-bg-tablet:transparent none;--_ga-zi-tablet:auto;--_ga-d-tablet:flex;--_ga-mw-tablet:calc(100% - 0 - 0);--_ga-m-mobile:0 0 0 0;--_ga-p-mobile:0 0 0 0;--_ga-bg-mobile:transparent none;--_ga-zi-mobile:auto;--_ga-d-mobile:flex;--_ga-mw-mobile:calc(100% - 0 - 0)\">\n\n<h3 class=\"wp-block-heading has-text-color\" style=\"color:#b7cbb8\">BAR BELLEVUE<\/h3>\n\n\n\n<h6 class=\"wp-block-heading\">Per piacevoli momenti di relax<\/h6>\n\n\n\n<hr class=\"wp-block-separator has-alpha-channel-opacity\"\/>\n\n\n\n<p>Il <strong>bar nella hall<\/strong> \u00e8 il luogo in cui degustare aperitivi, snack, rilassanti tisane e digestivi o colorati cocktail, tutto armoniosamente accompagnato da <strong>musica live alla sera<\/strong>.<\/p>\n\n\n\n<div class=\"wp-block-buttons is-layout-flex wp-block-buttons-is-layout-flex\">\n<div class=\"wp-block-button\"><a class=\"wp-block-button__link wp-element-button\" href=\"https:\/\/www.laresidenceabano.it\/it\/bar-bellevue\/\">SCOPRI DI PI\u00d9<\/a><\/div>\n<\/div>\n\n<\/div>\n\n<div class=\"grids-area animated fadeInRight\" style=\"--_ga-column:7\/13;--_ga-row:1\/7;--_ga-va:center;--_ga-m-desktop:0 0 0 0;--_ga-p-desktop:0 0 0 0;--_ga-bg-desktop:transparent none;--_ga-zi-desktop:auto;--_ga-d-desktop:flex;--_ga-mw-desktop:calc(100% - 0 - 0);--_ga-m-tablet:0 0 0 0;--_ga-p-tablet:0 0 0 0;--_ga-bg-tablet:transparent none;--_ga-zi-tablet:auto;--_ga-d-tablet:flex;--_ga-mw-tablet:calc(100% - 0 - 0);--_ga-m-mobile:0 0 0 0;--_ga-p-mobile:0 0 0 0;--_ga-bg-mobile:transparent none;--_ga-zi-mobile:auto;--_ga-d-mobile:flex;--_ga-mw-mobile:calc(100% - 0 - 0)\">\n\n    <div class=\"custom-gallery-wrapper custom-gallery-wrapper-grid custom-gallery-wrapper-column-2\" id=\"customGallery_4\">\n        \n                                <span class=\"enable-fullscreen\" onclick=\"showHideFotorama('custom-gallery_3', 0);\">\n                <i class=\"far fa-expand\"><\/i>\n            <\/span>\n        \n                                        <div class=\"gallery-wrapper-image gallery-wrapper-image-0\">\n                <figure class=\"full-width\" onclick=\"showHideFotorama('custom-gallery_3', 0);\">\n                    <img decoding=\"async\" class=\"gallery-wrapper-image-small\" src=\"https:\/\/www.laresidenceabano.it\/wp-content\/uploads\/2023\/07\/Ristorante-i-sapori-de-La-Residence.jpg\">\n                <\/figure>\n            <\/div>\n                                            <div class=\"gallery-wrapper-image gallery-wrapper-image-1\">\n                <figure class=\"full-width\" onclick=\"showHideFotorama('custom-gallery_3', 1);\">\n                    <img decoding=\"async\" class=\"gallery-wrapper-image-small\" src=\"https:\/\/www.laresidenceabano.it\/wp-content\/uploads\/2023\/07\/Hotel-La-Residence-tea-time-1.jpg\">\n                <\/figure>\n            <\/div>\n                                            <div class=\"gallery-wrapper-image gallery-wrapper-image-2\">\n                <figure class=\"full-width\" onclick=\"showHideFotorama('custom-gallery_3', 2);\">\n                    <img decoding=\"async\" class=\"gallery-wrapper-image-small\" src=\"https:\/\/www.laresidenceabano.it\/wp-content\/uploads\/2023\/07\/bellevue-bar-hotel-la-residence-abano-terme.jpg\">\n                <\/figure>\n            <\/div>\n                                \n            <\/div>\n\n    <div style=\"width:1px;height:1px;position:absolute;\" name=\"fotorama\" id=\"custom-gallery_3\" class=\"fotorama\" data-width=\"100%\"  data-nav=\"thumbs\"  data-allowfullscreen=\"true\" >\n                    <img decoding=\"async\" src=\"https:\/\/www.laresidenceabano.it\/wp-content\/uploads\/2023\/07\/Ristorante-i-sapori-de-La-Residence.jpg\" class=\"attachment-full skip-lazy\" \/>\n                    <img decoding=\"async\" src=\"https:\/\/www.laresidenceabano.it\/wp-content\/uploads\/2023\/07\/Hotel-La-Residence-tea-time-1.jpg\" class=\"attachment-full skip-lazy\" \/>\n                    <img decoding=\"async\" src=\"https:\/\/www.laresidenceabano.it\/wp-content\/uploads\/2023\/07\/bellevue-bar-hotel-la-residence-abano-terme.jpg\" class=\"attachment-full skip-lazy\" \/>\n                    <img decoding=\"async\" src=\"https:\/\/www.laresidenceabano.it\/wp-content\/uploads\/2023\/07\/Hotel-La-Residence-tea-time-14.jpg\" class=\"attachment-full skip-lazy\" \/>\n                    <img decoding=\"async\" src=\"https:\/\/www.laresidenceabano.it\/wp-content\/uploads\/2023\/07\/Hotel-La-Residence-tea-time-26.jpg\" class=\"attachment-full skip-lazy\" \/>\n            <\/div>\n\n\n\n<\/div>\n<\/div><\/div>\n\n<div  class=\"grids-section row-text-gallery grids-is-advanced alignwide\" style=\"--_gs-gap-desktop:0px 0px;--_gs-m-desktop:0 0 0 0;--_gs-p-desktop:0 0 0 0;--_gs-bg-desktop:transparent none;--_gs-bg-xp-desktop:0px;--_gs-zi-desktop:auto;--_gs-d-desktop:block;--_gs-mw-desktop:calc(100% - 0 - 0);--_gs-gap-tablet:0px 0px;--_gs-m-tablet:0 0 0 0;--_gs-p-tablet:0 0 0 0;--_gs-bg-tablet:transparent none;--_gs-bg-xp-tablet:0px;--_gs-zi-tablet:auto;--_gs-d-tablet:block;--_gs-mw-tablet:calc(100% - 0 - 0);--_gs-gap-mobile:0px 0px;--_gs-m-mobile:0 0 0 0;--_gs-p-mobile:0 0 0 0;--_gs-bg-mobile:transparent none;--_gs-bg-xp-mobile:0px;--_gs-zi-mobile:auto;--_gs-d-mobile:block;--_gs-mw-mobile:calc(100% - 0 - 0);--_gs-columns:12;--_gs-rows:6\"><div class=\"grids-s-w_i\">\n<div class=\"grids-area animated fadeInRight\" style=\"--_ga-column:8\/13;--_ga-row:1\/7;--_ga-va:center;--_ga-m-desktop:0 0 0 0;--_ga-p-desktop:0 0 0 0;--_ga-bg-desktop:transparent none;--_ga-zi-desktop:auto;--_ga-d-desktop:flex;--_ga-mw-desktop:calc(100% - 0 - 0);--_ga-m-tablet:0 0 0 0;--_ga-p-tablet:0 0 0 0;--_ga-bg-tablet:transparent none;--_ga-zi-tablet:auto;--_ga-d-tablet:flex;--_ga-mw-tablet:calc(100% - 0 - 0);--_ga-m-mobile:0 0 0 0;--_ga-p-mobile:0 0 0 0;--_ga-bg-mobile:transparent none;--_ga-zi-mobile:auto;--_ga-d-mobile:flex;--_ga-mw-mobile:calc(100% - 0 - 0)\">\n\n<h3 class=\"wp-block-heading has-text-color\" style=\"color:#b7cbb8\">SCOPRI IL MEN\u00d9 DEL GIORNO<\/h3>\n\n\n\n<hr class=\"wp-block-separator has-alpha-channel-opacity\"\/>\n\n\n\n<p>Ogni giorno, il nostro chef e il suo team lavorano con passione e creativit\u00e0 per selezionare ingredienti freschi di stagione e trasformarli in piatti unici e gustosi. Il men\u00f9 del giorno \u00e8 un&#8217;opportunit\u00e0 per <strong>assaporare una variet\u00e0 di sapori eccezionali<\/strong>.<\/p>\n\n\n\n<\/div>\n\n<div class=\"grids-area animated fadeInLeft\" style=\"--_ga-column:1\/7;--_ga-row:1\/7;--_ga-va:center;--_ga-m-desktop:0 0 0 0;--_ga-p-desktop:0 0 0 0;--_ga-bg-desktop:transparent none;--_ga-zi-desktop:auto;--_ga-d-desktop:flex;--_ga-mw-desktop:calc(100% - 0 - 0);--_ga-m-tablet:0 0 0 0;--_ga-p-tablet:0 0 0 0;--_ga-bg-tablet:transparent none;--_ga-zi-tablet:auto;--_ga-d-tablet:flex;--_ga-mw-tablet:calc(100% - 0 - 0);--_ga-m-mobile:0 0 0 0;--_ga-p-mobile:0 0 0 0;--_ga-bg-mobile:transparent none;--_ga-zi-mobile:auto;--_ga-d-mobile:flex;--_ga-mw-mobile:calc(100% - 0 - 0)\">\n\n    <div class=\"custom-gallery-wrapper custom-gallery-wrapper-grid custom-gallery-wrapper-column-2\" id=\"customGallery_5\">\n        \n                                <span class=\"enable-fullscreen\" onclick=\"showHideFotorama('custom-gallery_4', 0);\">\n                <i class=\"far fa-expand\"><\/i>\n            <\/span>\n        \n                                        <div class=\"gallery-wrapper-image gallery-wrapper-image-0\">\n                <figure class=\"full-width\" onclick=\"showHideFotorama('custom-gallery_4', 0);\">\n                    <img decoding=\"async\" class=\"gallery-wrapper-image-small\" src=\"https:\/\/www.laresidenceabano.it\/wp-content\/uploads\/2023\/07\/Ristorante-La-residence-2.jpg\">\n                <\/figure>\n            <\/div>\n                                            <div class=\"gallery-wrapper-image gallery-wrapper-image-1\">\n                <figure class=\"full-width\" onclick=\"showHideFotorama('custom-gallery_4', 1);\">\n                    <img decoding=\"async\" class=\"gallery-wrapper-image-small\" src=\"https:\/\/www.laresidenceabano.it\/wp-content\/uploads\/2023\/07\/Ristorante-La-residence-3.jpg\">\n                <\/figure>\n            <\/div>\n                                            <div class=\"gallery-wrapper-image gallery-wrapper-image-2\">\n                <figure class=\"full-width\" onclick=\"showHideFotorama('custom-gallery_4', 2);\">\n                    <img decoding=\"async\" class=\"gallery-wrapper-image-small\" src=\"https:\/\/www.laresidenceabano.it\/wp-content\/uploads\/2023\/07\/Ristorante-La-residence-1.jpg\">\n                <\/figure>\n            <\/div>\n                                \n            <\/div>\n\n    <div style=\"width:1px;height:1px;position:absolute;\" name=\"fotorama\" id=\"custom-gallery_4\" class=\"fotorama\" data-width=\"100%\"  data-nav=\"thumbs\"  data-allowfullscreen=\"true\" >\n                    <img decoding=\"async\" src=\"https:\/\/www.laresidenceabano.it\/wp-content\/uploads\/2023\/07\/Ristorante-La-residence-2.jpg\" class=\"attachment-full skip-lazy\" \/>\n                    <img decoding=\"async\" src=\"https:\/\/www.laresidenceabano.it\/wp-content\/uploads\/2023\/07\/Ristorante-La-residence-3.jpg\" class=\"attachment-full skip-lazy\" \/>\n                    <img decoding=\"async\" src=\"https:\/\/www.laresidenceabano.it\/wp-content\/uploads\/2023\/07\/Ristorante-La-residence-1.jpg\" class=\"attachment-full skip-lazy\" \/>\n                    <img decoding=\"async\" src=\"https:\/\/www.laresidenceabano.it\/wp-content\/uploads\/2023\/07\/Hotel-La-Residence-pranzo-17.jpg\" class=\"attachment-full skip-lazy\" \/>\n                    <img decoding=\"async\" src=\"https:\/\/www.laresidenceabano.it\/wp-content\/uploads\/2023\/07\/Hotel-La-Residence-pranzo-18.jpg\" class=\"attachment-full skip-lazy\" \/>\n                    <img decoding=\"async\" src=\"https:\/\/www.laresidenceabano.it\/wp-content\/uploads\/2023\/07\/Hotel-La-Residence-pranzo-4-1.jpg\" class=\"attachment-full skip-lazy\" \/>\n            <\/div>\n\n\n\n<\/div>\n<\/div><\/div>\n\n<div  id=\"spa\" class=\"grids-section row-green grids-is-advanced alignwide\" style=\"--_gs-gap-desktop:0px 0px;--_gs-m-desktop:0 0 0 0;--_gs-p-desktop:0 0 0 0;--_gs-bg-desktop:#f5faf4 none;--_gs-bg-xp-desktop:0px;--_gs-zi-desktop:auto;--_gs-d-desktop:block;--_gs-mw-desktop:calc(100% - 0 - 0);--_gs-gap-tablet:0px 0px;--_gs-m-tablet:0 0 0 0;--_gs-p-tablet:0 0 0 0;--_gs-bg-tablet:#f5faf4 none;--_gs-bg-xp-tablet:0px;--_gs-zi-tablet:auto;--_gs-d-tablet:block;--_gs-mw-tablet:calc(100% - 0 - 0);--_gs-gap-mobile:0px 0px;--_gs-m-mobile:0 0 0 0;--_gs-p-mobile:0 0 0 0;--_gs-bg-mobile:#f5faf4 none;--_gs-bg-xp-mobile:0px;--_gs-zi-mobile:auto;--_gs-d-mobile:block;--_gs-mw-mobile:calc(100% - 0 - 0);--_gs-columns:12;--_gs-rows:6\"><div class=\"grids-s-w_i\">\n<div class=\"grids-area animated fadeInLeft\" style=\"--_ga-column:1\/6;--_ga-row:1\/7;--_ga-va:center;--_ga-m-desktop:0 0 0 0;--_ga-p-desktop:0 0 0 0;--_ga-bg-desktop:transparent none;--_ga-zi-desktop:auto;--_ga-d-desktop:flex;--_ga-mw-desktop:calc(100% - 0 - 0);--_ga-m-tablet:0 0 0 0;--_ga-p-tablet:0 0 0 0;--_ga-bg-tablet:transparent none;--_ga-zi-tablet:auto;--_ga-d-tablet:flex;--_ga-mw-tablet:calc(100% - 0 - 0);--_ga-m-mobile:0 0 0 0;--_ga-p-mobile:0 0 0 0;--_ga-bg-mobile:transparent none;--_ga-zi-mobile:auto;--_ga-d-mobile:flex;--_ga-mw-mobile:calc(100% - 0 - 0)\">\n\n<h3 class=\"wp-block-heading has-text-color\" style=\"color:#6b9174\">I TALENTI DELLA NOSTRA CUCINA<\/h3>\n\n\n\n<p class=\"has-text-color\" style=\"color:#6b9174\">Una squadra unita con una visione in comune, quella di offrire un&#8217;esperienza culinaria straordinaria.<\/p>\n\n<\/div>\n\n<div class=\"grids-area image-column animated fadeInRight\" style=\"--_ga-column:7\/13;--_ga-row:1\/7;--_ga-va:center;--_ga-m-desktop:0 0 0 0;--_ga-p-desktop:0 0 0 0;--_ga-bg-desktop:transparent none;--_ga-zi-desktop:auto;--_ga-d-desktop:flex;--_ga-mw-desktop:calc(100% - 0 - 0);--_ga-m-tablet:0 0 0 0;--_ga-p-tablet:0 0 0 0;--_ga-bg-tablet:transparent none;--_ga-zi-tablet:auto;--_ga-d-tablet:flex;--_ga-mw-tablet:calc(100% - 0 - 0);--_ga-m-mobile:0 0 0 0;--_ga-p-mobile:0 0 0 0;--_ga-bg-mobile:transparent none;--_ga-zi-mobile:auto;--_ga-d-mobile:flex;--_ga-mw-mobile:calc(100% - 0 - 0)\">\n<div class=\"wp-block-image full-width\">\n<figure class=\"aligncenter size-large is-resized advgb-dyn-70635461\"><img loading=\"lazy\" decoding=\"async\" width=\"1024\" height=\"683\" src=\"https:\/\/www.laresidenceabano.it\/wp-content\/uploads\/2023\/07\/Hotel-La-Residence-27-1024x683.jpg\" alt=\"\" class=\"wp-image-4501\" style=\"width:1024px;height:683px\" srcset=\"https:\/\/www.laresidenceabano.it\/wp-content\/uploads\/2023\/07\/Hotel-La-Residence-27-1024x683.jpg 1024w, https:\/\/www.laresidenceabano.it\/wp-content\/uploads\/2023\/07\/Hotel-La-Residence-27-300x200.jpg 300w, https:\/\/www.laresidenceabano.it\/wp-content\/uploads\/2023\/07\/Hotel-La-Residence-27-768x512.jpg 768w, https:\/\/www.laresidenceabano.it\/wp-content\/uploads\/2023\/07\/Hotel-La-Residence-27-1536x1024.jpg 1536w, https:\/\/www.laresidenceabano.it\/wp-content\/uploads\/2023\/07\/Hotel-La-Residence-27-1568x1045.jpg 1568w, https:\/\/www.laresidenceabano.it\/wp-content\/uploads\/2023\/07\/Hotel-La-Residence-27.jpg 1800w\" sizes=\"auto, (max-width: 1024px) 100vw, 1024px\" \/><\/figure><\/div>\n<\/div>\n<\/div><\/div>\n\n<div  class=\"grids-section grids-is-advanced alignwide\" style=\"--_gs-gap-desktop:0px 0px;--_gs-m-desktop:0 0 0 0;--_gs-p-desktop:0 0 0 0;--_gs-bg-desktop:transparent none;--_gs-bg-xp-desktop:0px;--_gs-zi-desktop:auto;--_gs-d-desktop:block;--_gs-mw-desktop:calc(100% - 0 - 0);--_gs-gap-tablet:0px 0px;--_gs-m-tablet:0 0 0 0;--_gs-p-tablet:0 0 0 0;--_gs-bg-tablet:transparent none;--_gs-bg-xp-tablet:0px;--_gs-zi-tablet:auto;--_gs-d-tablet:block;--_gs-mw-tablet:calc(100% - 0 - 0);--_gs-gap-mobile:0px 0px;--_gs-m-mobile:0 0 0 0;--_gs-p-mobile:0 0 0 0;--_gs-bg-mobile:transparent none;--_gs-bg-xp-mobile:0px;--_gs-zi-mobile:auto;--_gs-d-mobile:block;--_gs-mw-mobile:calc(100% - 0 - 0);--_gs-columns:12;--_gs-rows:6\"><div class=\"grids-s-w_i\">\n<div class=\"grids-area\" style=\"--_ga-column:1\/13;--_ga-row:1\/7;--_ga-m-desktop:0 0 0 0;--_ga-p-desktop:0 0 0 0;--_ga-bg-desktop:transparent none;--_ga-zi-desktop:auto;--_ga-d-desktop:flex;--_ga-mw-desktop:calc(100% - 0 - 0);--_ga-m-tablet:0 0 0 0;--_ga-p-tablet:0 0 0 0;--_ga-bg-tablet:transparent none;--_ga-zi-tablet:auto;--_ga-d-tablet:flex;--_ga-mw-tablet:calc(100% - 0 - 0);--_ga-m-mobile:0 0 0 0;--_ga-p-mobile:0 0 0 0;--_ga-bg-mobile:transparent none;--_ga-zi-mobile:auto;--_ga-d-mobile:flex;--_ga-mw-mobile:calc(100% - 0 - 0)\">\n\n<h3 class=\"wp-block-heading has-text-align-center decorated\">POTREBBERO INTERESSARTI ANCHE\u2026<\/h3>\n\n\n\n    <div class=\"related-pages-container\" id=\"relatedPages_6\">\n\n                                                                <div class=\"related-pages-single swiper-slide\">\n                        <a href=\"https:\/\/www.laresidenceabano.it\/it\/piscine-e-spa\/\">\n                            <figure class=\"full-width\">\n                                <img decoding=\"async\" src=\"https:\/\/www.laresidenceabano.it\/wp-content\/uploads\/2023\/07\/Apollo-1.jpg\" title=\"Piscina-apollo-hotel-la-residence\" alt=\"Piscina Apollo\" \/>\n                            <\/figure>\n                            <h4>Piscine &#038; SPA<\/h4>\n                        <\/a>\n                    <\/div>\n                                                        <div class=\"related-pages-single swiper-slide\">\n                        <a href=\"https:\/\/www.laresidenceabano.it\/it\/camere-suites\/\">\n                            <figure class=\"full-width\">\n                                <img decoding=\"async\" src=\"https:\/\/www.laresidenceabano.it\/wp-content\/uploads\/2023\/07\/Camere-e-Suites.jpg\" title=\"Junior-Suite-Executive-hotel-4-stelle-con-piscina\" alt=\"Lussuosa e tranquilla Junior Suite Executive\" \/>\n                            <\/figure>\n                            <h4>Camere &#038; Suites<\/h4>\n                        <\/a>\n                    <\/div>\n                                                        <div class=\"related-pages-single swiper-slide\">\n                        <a href=\"https:\/\/www.laresidenceabano.it\/it\/spa-a-la-carte-trattamenti-termali\/\">\n                            <figure class=\"full-width\">\n                                <img decoding=\"async\" src=\"https:\/\/www.laresidenceabano.it\/wp-content\/uploads\/2023\/07\/Hotel-La-Residence-spa-57.jpg\" title=\"Hotel La Residence &#8211; spa\" alt=\"rituale di benessere\" \/>\n                            <\/figure>\n                            <h4>SPA \u00e0 la carte<\/h4>\n                        <\/a>\n                    <\/div>\n                            <\/div>\n\n\n\n<\/div>\n<\/div><\/div>","protected":false},"excerpt":{"rendered":"","protected":false},"author":11,"featured_media":3502,"parent":0,"menu_order":0,"comment_status":"closed","ping_status":"closed","template":"","meta":{"_acf_changed":false,"advgb_blocks_editor_width":"","advgb_blocks_columns_visual_guide":"","footnotes":""},"class_list":["post-3490","page","type-page","status-publish","has-post-thumbnail","hentry","entry"],"acf":[],"yoast_head":"<!-- This site is optimized with the Yoast SEO plugin v25.6 - https:\/\/yoast.com\/wordpress\/plugins\/seo\/ -->\n<title>Ristoranti e bar Abano Terme - Hotel La Residence<\/title>\n<meta name=\"description\" content=\"Scopri i ristoranti e bar dell&#039;Hotel La Residence Terme di Abano Terme: fresche specialit\u00e0 della cucina italiana per le tue esperienze gourmet!\" \/>\n<meta name=\"robots\" content=\"index, follow, max-snippet:-1, max-image-preview:large, max-video-preview:-1\" \/>\n<link rel=\"canonical\" href=\"https:\/\/www.laresidenceabano.it\/it\/ristorante-e-bar\/\" \/>\n<meta property=\"og:locale\" content=\"it_IT\" \/>\n<meta property=\"og:type\" content=\"article\" \/>\n<meta property=\"og:title\" content=\"Ristoranti e bar Abano Terme - Hotel La Residence\" \/>\n<meta property=\"og:description\" content=\"Scopri i ristoranti e bar dell&#039;Hotel La Residence Terme di Abano Terme: fresche specialit\u00e0 della cucina italiana per le tue esperienze gourmet!\" \/>\n<meta property=\"og:url\" content=\"https:\/\/www.laresidenceabano.it\/it\/ristorante-e-bar\/\" \/>\n<meta property=\"og:site_name\" content=\"Hotel La Residence\" \/>\n<meta property=\"article:modified_time\" content=\"2023-10-17T12:20:31+00:00\" \/>\n<meta property=\"og:image\" content=\"https:\/\/www.laresidenceabano.it\/wp-content\/uploads\/2023\/07\/Hotel-La-Residence-pranzo-4-1.jpg\" \/>\n\t<meta property=\"og:image:width\" content=\"1800\" \/>\n\t<meta property=\"og:image:height\" content=\"1200\" \/>\n\t<meta property=\"og:image:type\" content=\"image\/jpeg\" \/>\n<meta name=\"twitter:card\" content=\"summary_large_image\" \/>\n<meta name=\"twitter:label1\" content=\"Tempo di lettura stimato\" \/>\n\t<meta name=\"twitter:data1\" content=\"3 minuti\" \/>\n<script type=\"application\/ld+json\" class=\"yoast-schema-graph\">{\"@context\":\"https:\/\/schema.org\",\"@graph\":[{\"@type\":\"WebPage\",\"@id\":\"https:\/\/www.laresidenceabano.it\/it\/ristorante-e-bar\/\",\"url\":\"https:\/\/www.laresidenceabano.it\/it\/ristorante-e-bar\/\",\"name\":\"Ristoranti e bar Abano Terme - Hotel La Residence\",\"isPartOf\":{\"@id\":\"https:\/\/www.laresidenceabano.it\/it\/#website\"},\"primaryImageOfPage\":{\"@id\":\"https:\/\/www.laresidenceabano.it\/it\/ristorante-e-bar\/#primaryimage\"},\"image\":{\"@id\":\"https:\/\/www.laresidenceabano.it\/it\/ristorante-e-bar\/#primaryimage\"},\"thumbnailUrl\":\"https:\/\/www.laresidenceabano.it\/wp-content\/uploads\/2023\/07\/Hotel-La-Residence-pranzo-4-1.jpg\",\"datePublished\":\"2023-07-06T15:15:28+00:00\",\"dateModified\":\"2023-10-17T12:20:31+00:00\",\"description\":\"Scopri i ristoranti e bar dell'Hotel La Residence Terme di Abano Terme: fresche specialit\u00e0 della cucina italiana per le tue esperienze gourmet!\",\"breadcrumb\":{\"@id\":\"https:\/\/www.laresidenceabano.it\/it\/ristorante-e-bar\/#breadcrumb\"},\"inLanguage\":\"it-IT\",\"potentialAction\":[{\"@type\":\"ReadAction\",\"target\":[\"https:\/\/www.laresidenceabano.it\/it\/ristorante-e-bar\/\"]}]},{\"@type\":\"ImageObject\",\"inLanguage\":\"it-IT\",\"@id\":\"https:\/\/www.laresidenceabano.it\/it\/ristorante-e-bar\/#primaryimage\",\"url\":\"https:\/\/www.laresidenceabano.it\/wp-content\/uploads\/2023\/07\/Hotel-La-Residence-pranzo-4-1.jpg\",\"contentUrl\":\"https:\/\/www.laresidenceabano.it\/wp-content\/uploads\/2023\/07\/Hotel-La-Residence-pranzo-4-1.jpg\",\"width\":1800,\"height\":1200,\"caption\":\"Hotel La Residence - pranzo\"},{\"@type\":\"BreadcrumbList\",\"@id\":\"https:\/\/www.laresidenceabano.it\/it\/ristorante-e-bar\/#breadcrumb\",\"itemListElement\":[{\"@type\":\"ListItem\",\"position\":1,\"name\":\"Home\",\"item\":\"https:\/\/www.laresidenceabano.it\/it\/\"},{\"@type\":\"ListItem\",\"position\":2,\"name\":\"Ristorante e bar\"}]},{\"@type\":\"WebSite\",\"@id\":\"https:\/\/www.laresidenceabano.it\/it\/#website\",\"url\":\"https:\/\/www.laresidenceabano.it\/it\/\",\"name\":\"Hotel La Residence\",\"description\":\"\",\"publisher\":{\"@id\":\"https:\/\/www.laresidenceabano.it\/it\/#organization\"},\"potentialAction\":[{\"@type\":\"SearchAction\",\"target\":{\"@type\":\"EntryPoint\",\"urlTemplate\":\"https:\/\/www.laresidenceabano.it\/it\/?s={search_term_string}\"},\"query-input\":{\"@type\":\"PropertyValueSpecification\",\"valueRequired\":true,\"valueName\":\"search_term_string\"}}],\"inLanguage\":\"it-IT\"},{\"@type\":\"Organization\",\"@id\":\"https:\/\/www.laresidenceabano.it\/it\/#organization\",\"name\":\"Hotel La Residence\",\"url\":\"https:\/\/www.laresidenceabano.it\/it\/\",\"logo\":{\"@type\":\"ImageObject\",\"inLanguage\":\"it-IT\",\"@id\":\"https:\/\/www.laresidenceabano.it\/it\/#\/schema\/logo\/image\/\",\"url\":\"https:\/\/www.laresidenceabano.it\/wp-content\/uploads\/2023\/07\/Logo-hotel-la-residence.svg\",\"contentUrl\":\"https:\/\/www.laresidenceabano.it\/wp-content\/uploads\/2023\/07\/Logo-hotel-la-residence.svg\",\"caption\":\"Hotel La Residence\"},\"image\":{\"@id\":\"https:\/\/www.laresidenceabano.it\/it\/#\/schema\/logo\/image\/\"}}]}<\/script>\n<!-- \/ Yoast SEO plugin. -->","yoast_head_json":{"title":"Ristoranti e bar Abano Terme - Hotel La Residence","description":"Scopri i ristoranti e bar dell'Hotel La Residence Terme di Abano Terme: fresche specialit\u00e0 della cucina italiana per le tue esperienze gourmet!","robots":{"index":"index","follow":"follow","max-snippet":"max-snippet:-1","max-image-preview":"max-image-preview:large","max-video-preview":"max-video-preview:-1"},"canonical":"https:\/\/www.laresidenceabano.it\/it\/ristorante-e-bar\/","og_locale":"it_IT","og_type":"article","og_title":"Ristoranti e bar Abano Terme - Hotel La Residence","og_description":"Scopri i ristoranti e bar dell'Hotel La Residence Terme di Abano Terme: fresche specialit\u00e0 della cucina italiana per le tue esperienze gourmet!","og_url":"https:\/\/www.laresidenceabano.it\/it\/ristorante-e-bar\/","og_site_name":"Hotel La Residence","article_modified_time":"2023-10-17T12:20:31+00:00","og_image":[{"width":1800,"height":1200,"url":"https:\/\/www.laresidenceabano.it\/wp-content\/uploads\/2023\/07\/Hotel-La-Residence-pranzo-4-1.jpg","type":"image\/jpeg"}],"twitter_card":"summary_large_image","twitter_misc":{"Tempo di lettura stimato":"3 minuti"},"schema":{"@context":"https:\/\/schema.org","@graph":[{"@type":"WebPage","@id":"https:\/\/www.laresidenceabano.it\/it\/ristorante-e-bar\/","url":"https:\/\/www.laresidenceabano.it\/it\/ristorante-e-bar\/","name":"Ristoranti e bar Abano Terme - Hotel La Residence","isPartOf":{"@id":"https:\/\/www.laresidenceabano.it\/it\/#website"},"primaryImageOfPage":{"@id":"https:\/\/www.laresidenceabano.it\/it\/ristorante-e-bar\/#primaryimage"},"image":{"@id":"https:\/\/www.laresidenceabano.it\/it\/ristorante-e-bar\/#primaryimage"},"thumbnailUrl":"https:\/\/www.laresidenceabano.it\/wp-content\/uploads\/2023\/07\/Hotel-La-Residence-pranzo-4-1.jpg","datePublished":"2023-07-06T15:15:28+00:00","dateModified":"2023-10-17T12:20:31+00:00","description":"Scopri i ristoranti e bar dell'Hotel La Residence Terme di Abano Terme: fresche specialit\u00e0 della cucina italiana per le tue esperienze gourmet!","breadcrumb":{"@id":"https:\/\/www.laresidenceabano.it\/it\/ristorante-e-bar\/#breadcrumb"},"inLanguage":"it-IT","potentialAction":[{"@type":"ReadAction","target":["https:\/\/www.laresidenceabano.it\/it\/ristorante-e-bar\/"]}]},{"@type":"ImageObject","inLanguage":"it-IT","@id":"https:\/\/www.laresidenceabano.it\/it\/ristorante-e-bar\/#primaryimage","url":"https:\/\/www.laresidenceabano.it\/wp-content\/uploads\/2023\/07\/Hotel-La-Residence-pranzo-4-1.jpg","contentUrl":"https:\/\/www.laresidenceabano.it\/wp-content\/uploads\/2023\/07\/Hotel-La-Residence-pranzo-4-1.jpg","width":1800,"height":1200,"caption":"Hotel La Residence - pranzo"},{"@type":"BreadcrumbList","@id":"https:\/\/www.laresidenceabano.it\/it\/ristorante-e-bar\/#breadcrumb","itemListElement":[{"@type":"ListItem","position":1,"name":"Home","item":"https:\/\/www.laresidenceabano.it\/it\/"},{"@type":"ListItem","position":2,"name":"Ristorante e bar"}]},{"@type":"WebSite","@id":"https:\/\/www.laresidenceabano.it\/it\/#website","url":"https:\/\/www.laresidenceabano.it\/it\/","name":"Hotel La Residence","description":"","publisher":{"@id":"https:\/\/www.laresidenceabano.it\/it\/#organization"},"potentialAction":[{"@type":"SearchAction","target":{"@type":"EntryPoint","urlTemplate":"https:\/\/www.laresidenceabano.it\/it\/?s={search_term_string}"},"query-input":{"@type":"PropertyValueSpecification","valueRequired":true,"valueName":"search_term_string"}}],"inLanguage":"it-IT"},{"@type":"Organization","@id":"https:\/\/www.laresidenceabano.it\/it\/#organization","name":"Hotel La Residence","url":"https:\/\/www.laresidenceabano.it\/it\/","logo":{"@type":"ImageObject","inLanguage":"it-IT","@id":"https:\/\/www.laresidenceabano.it\/it\/#\/schema\/logo\/image\/","url":"https:\/\/www.laresidenceabano.it\/wp-content\/uploads\/2023\/07\/Logo-hotel-la-residence.svg","contentUrl":"https:\/\/www.laresidenceabano.it\/wp-content\/uploads\/2023\/07\/Logo-hotel-la-residence.svg","caption":"Hotel La Residence"},"image":{"@id":"https:\/\/www.laresidenceabano.it\/it\/#\/schema\/logo\/image\/"}}]}},"coauthors":[],"author_meta":{"author_link":"https:\/\/www.laresidenceabano.it\/it\/author\/fede\/","display_name":"Fede"},"relative_dates":{"created":"Pubblicato 3 anni fa","modified":"Aggiornato 3 anni fa"},"absolute_dates":{"created":"Pubblicato il 06\/07\/2023","modified":"Aggiornato il 17\/10\/2023"},"absolute_dates_time":{"created":"Pubblicato il 06\/07\/2023 17:15","modified":"Aggiornato il 17\/10\/2023 14:20"},"featured_img_caption":"","featured_img":"https:\/\/www.laresidenceabano.it\/wp-content\/uploads\/2023\/07\/Hotel-La-Residence-pranzo-4-1-1568x1045.jpg","series_order":"","_links":{"self":[{"href":"https:\/\/www.laresidenceabano.it\/it\/wp-json\/wp\/v2\/pages\/3490","targetHints":{"allow":["GET"]}}],"collection":[{"href":"https:\/\/www.laresidenceabano.it\/it\/wp-json\/wp\/v2\/pages"}],"about":[{"href":"https:\/\/www.laresidenceabano.it\/it\/wp-json\/wp\/v2\/types\/page"}],"author":[{"embeddable":true,"href":"https:\/\/www.laresidenceabano.it\/it\/wp-json\/wp\/v2\/users\/11"}],"replies":[{"embeddable":true,"href":"https:\/\/www.laresidenceabano.it\/it\/wp-json\/wp\/v2\/comments?post=3490"}],"version-history":[{"count":1,"href":"https:\/\/www.laresidenceabano.it\/it\/wp-json\/wp\/v2\/pages\/3490\/revisions"}],"predecessor-version":[{"id":6777,"href":"https:\/\/www.laresidenceabano.it\/it\/wp-json\/wp\/v2\/pages\/3490\/revisions\/6777"}],"wp:featuredmedia":[{"embeddable":true,"href":"https:\/\/www.laresidenceabano.it\/it\/wp-json\/wp\/v2\/media\/3502"}],"wp:attachment":[{"href":"https:\/\/www.laresidenceabano.it\/it\/wp-json\/wp\/v2\/media?parent=3490"}],"curies":[{"name":"wp","href":"https:\/\/api.w.org\/{rel}","templated":true}]}}